{"id":36118,"date":"2019-09-23T17:59:24","date_gmt":"2019-09-23T15:59:24","guid":{"rendered":"https:\/\/www.greenpeace.ch\/?post_type=gpch_event&#038;p=36118"},"modified":"2019-09-27T13:14:17","modified_gmt":"2019-09-27T11:14:17","slug":"faszination-erde-markus-mauthe-live","status":"publish","type":"gpch_event","link":"https:\/\/www.greenpeace.ch\/de\/event\/faszination-erde-markus-mauthe-live\/","title":{"rendered":"Fotoreportage \u00abFaszination Erde\u00bb"},"content":{"rendered":"\n<h2 class=\"wp-block-heading\">Markus Mauthe live \u00fcber die eindr\u00fccklichsten Lebensr\u00e4ume der Welt<\/h2>\n\n<p>Der Fotograf formuliert mit seinen Bildern eine Liebeserkl\u00e4rung an die Erde und begeistert sein Publikum f\u00fcr noch intakte Lebensr\u00e4ume und deren Bewohner. Er spricht \u00fcber die Bedrohungen durch den Menschen und regt an, wie sich jeder f\u00fcr eine nachhaltige Zukunft engagieren kann.<\/p>\n\n<h3 class=\"wp-block-heading\">Programm<\/h3>\n\n<table class=\"wp-block-table\"><tbody><tr><td> 18:30  <\/td><td>T\u00fcr\u00f6ffnung <\/td><\/tr><tr><td> 19:00   <\/td><td>Begr\u00fcssung durch Iris Menn, Gesch\u00e4ftsleiterin Greenpeace Schweiz <\/td><\/tr><tr><td><\/td><td> Bewegende Fotoreportage mit Markus Mauthe, Umweltaktivist  (inkl. Pause)<\/td><\/tr><tr><td> 21:30  <\/td><td> Ende der Veranstaltung   <\/td><\/tr><\/tbody><\/table>\n\n<h3 class=\"wp-block-heading\">Tickets<\/h3>\n\n<p>Wir empfehlen, die Tickets online \u00fcber die Plattform Ticketino zu kaufen. Eine beschr\u00e4nkte Anzahl Tickets ist an der Abendkasse erh\u00e4ltlich. <\/p>\n\n<p><strong>Eintritt:<\/strong> CHF 18.-, Greenpeace-Mitglieder CHF 12.-<\/p>\n\n<div class=\"wp-block-image\"><figure class=\"aligncenter\"><a href=\"https:\/\/www.ticketino.com\/de\/Event\/FOTOREPORTAGE-FASZINATION-ERDE\/89111\"><img decoding=\"async\" src=\"http:\/\/cockpit.ticketino.com\/imagesnew\/de\/button_kaufen_klein_03.2.png\" alt=\"Tickets bei TICKETINO\" \/><\/a><\/figure><\/div>\n\n<h3 class=\"wp-block-heading\"><strong>Informationen und Kontakt<\/strong><\/h3>\n\n<p><a href=\"mailto:schweiz@greenpeace.org\">schweiz@greenpeace.org<\/a> oder 044 447 41 41<\/p>\n\n<h3 class=\"wp-block-heading\"><strong>Anreise<\/strong><\/h3>\n\n<p>ab Basel SBB mit Tramlinie 8 bis Haltestelle Bl\u00e4siring (ca. 15 Minuten),  <a href=\"http:\/\/www.union-basel.ch\/fileadmin\/union-basel\/media\/static\/anfahrtsplan_union.pdf\">Lageplan<\/a><\/p>\n<div aria-hidden=\"true\" class=\"gpch-block-spacer\"><\/div>\n<p class=\"is-style-accent-1\"><em>Lassen Sie sich entf\u00fchren von wundersch\u00f6nen Fotografien und spannenden, live erz\u00e4hlten Geschichten. Wir freuen uns sehr, dass Markus Mauthe zu diesem Anlass nach Basel kommt.<\/em><\/p>\n\n<h2 class=\"wp-block-heading\">Mehr \u00fcber Markus Mauthe<\/h2>\n\n<p>Markus Mauthe kommt sehr fr\u00fch in Kontakt mit der Fotografie. Seine Eltern sind beide Fotografen. Durch sie entdeckt er die Freude am Bildermachen. Auch seine Begeisterung f\u00fcr die Natur erbt er von ihnen. Das Baumhaus im Wald fasziniert ihn mehr als der Fernseher. Mit siebzehn zieht es ihn hinaus in die Welt. Auf seinen Reisen lernt er fremde Kulturen und Landschaften kennen und sch\u00e4tzen. Nach seiner Ausbildung zum Fotografen arbeitet er haupts\u00e4chlich an Reisegeschichten. Mit zwanzig Jahren durchquert er mit dem Fahrrad Neuseeland. Die beeindruckende Natur pr\u00e4gt ihn sehr. Er entdeckt, dass f\u00fcr ihn Wildnis und Fotografie zusammengeh\u00f6ren. Seitdem ist Markus \u00fcberzeugter Naturfotograf. Wer wie Markus mit wachsamen Augen unsere Natur beobachtet, wird feststellen, dass es nicht nur sch\u00f6ne Dinge zu sehen gibt.<\/p>\n\n<blockquote class=\"wp-block-quote is-layout-flow wp-block-quote-is-layout-flow\"><p>\u00abWenn man mit offenen Augen die Welt wahrnimmt, sieht man viele wundersch\u00f6ne Dinge, die einem das Leben bereichern. Doch im Laufe der Jahre r\u00fcckte bei mir ein Thema in den Mittelpunkt &#8211; n\u00e4mlich wie wir Menschen mit dieser Erde umgehen. Das hat mir immer weniger gefallen, denn wohin sich mein Blick auch richtete, \u00fcberall sah ich Ver\u00e4nderungen zum Negativen.\u00bb<\/p><\/blockquote>\n\n<p>Markus entschliesst sich, seine F\u00e4higkeiten mit der Kamera in den Dienst des Naturschutzes zu stellen. Ausl\u00f6ser ist ein Bericht im Greenpeace Magazin in dem berichtet wird, dass bereits 80 Prozent aller Naturw\u00e4lder weltweit verschwunden sind. Angespornt von seiner Leidenschaft f\u00fcr Wildnis und W\u00e4lder erarbeitet er ein Medienkonzept zur Urwaldthematik. Mit diesem Konzept wendet er sich an Greenpeace. Im Laufe der Zeit entwickelt sich ein Vertrauensverh\u00e4ltnis zwischen ihm und der Umweltschutzorganisation. Mittlerweile ist er mehr als sieben Jahre in der Waldkampagne von Greenpeace t\u00e4tig.<\/p>\n\n<p>Durch seine Vortr\u00e4ge begeistert er die Menschen f\u00fcr die Natur. Mit seinen Geschichten ist er zu einem Botschafter f\u00fcr die Bewahrung unserer Lebensgrundlagen und der Ziele von Greenpeace geworden.<\/p>\n\n<p>Lesen Sie mehr \u00fcber Markus Mauthe auf&nbsp;<a href=\"https:\/\/www.markus-mauthe.de\/\">https:\/\/www.markus-mauthe.de\/<\/a><\/p>\n\n<figure class=\"wp-block-image\"><img loading=\"lazy\" decoding=\"async\" width=\"1024\" height=\"576\" src=\"https:\/\/www.greenpeace.ch\/static\/planet4-switzerland-stateless\/2019\/09\/b7fc403d-weit-drau\u251c\u0192en-vielfalt-ohne-schrift-1024x576.jpg\" alt=\"\" class=\"wp-image-36578\" srcset=\"https:\/\/www.greenpeace.ch\/static\/planet4-switzerland-stateless\/2019\/09\/b7fc403d-weit-drau\u251c\u0192en-vielfalt-ohne-schrift-1024x576.jpg 1024w, https:\/\/www.greenpeace.ch\/static\/planet4-switzerland-stateless\/2019\/09\/b7fc403d-weit-drau\u251c\u0192en-vielfalt-ohne-schrift-300x169.jpg 300w, https:\/\/www.greenpeace.ch\/static\/planet4-switzerland-stateless\/2019\/09\/b7fc403d-weit-drau\u251c\u0192en-vielfalt-ohne-schrift-768x432.jpg 768w, https:\/\/www.greenpeace.ch\/static\/planet4-switzerland-stateless\/2019\/09\/b7fc403d-weit-drau\u251c\u0192en-vielfalt-ohne-schrift-2048x1152.jpg 2048w, https:\/\/www.greenpeace.ch\/static\/planet4-switzerland-stateless\/2019\/09\/b7fc403d-weit-drau\u251c\u0192en-vielfalt-ohne-schrift-510x287.jpg 510w\" sizes=\"auto, (max-width: 1024px) 100vw, 1024px\" \/><figcaption> <strong>\u00a9 Markus Mauthe<\/strong> <\/figcaption><\/figure>\n","protected":false},"excerpt":{"rendered":"<p>Bewegende Fotoreportage von und mit dem bekannten Naturfotografen und Umweltaktivisten Markus Mauthe<\/p>\n","protected":false},"author":40,"featured_media":36579,"template":"","meta":{"_acf_changed":false,"_planet4_optimize_post_is_variant":false,"_planet4_optimize_experiment_name":"","_planet4_optimize_variant_name":"","ep_exclude_from_search":false,"footnotes":""},"tags":[],"class_list":["post-36118","gpch_event","type-gpch_event","status-publish","has-post-thumbnail","hentry"],"acf":[],"_links":{"self":[{"href":"https:\/\/www.greenpeace.ch\/de\/wp-json\/wp\/v2\/gpch_event\/36118","targetHints":{"allow":["GET"]}}],"collection":[{"href":"https:\/\/www.greenpeace.ch\/de\/wp-json\/wp\/v2\/gpch_event"}],"about":[{"href":"https:\/\/www.greenpeace.ch\/de\/wp-json\/wp\/v2\/types\/gpch_event"}],"author":[{"embeddable":true,"href":"https:\/\/www.greenpeace.ch\/de\/wp-json\/wp\/v2\/users\/40"}],"version-history":[{"count":0,"href":"https:\/\/www.greenpeace.ch\/de\/wp-json\/wp\/v2\/gpch_event\/36118\/revisions"}],"wp:featuredmedia":[{"embeddable":true,"href":"https:\/\/www.greenpeace.ch\/de\/wp-json\/wp\/v2\/media\/36579"}],"wp:attachment":[{"href":"https:\/\/www.greenpeace.ch\/de\/wp-json\/wp\/v2\/media?parent=36118"}],"wp:term":[{"taxonomy":"post_tag","embeddable":true,"href":"https:\/\/www.greenpeace.ch\/de\/wp-json\/wp\/v2\/tags?post=36118"}],"curies":[{"name":"wp","href":"https:\/\/api.w.org\/{rel}","templated":true}]}}