{"id":110684,"date":"2024-07-17T07:07:50","date_gmt":"2024-07-17T05:07:50","guid":{"rendered":"https:\/\/www.greenpeace.ch\/?page_id=110684"},"modified":"2026-05-11T16:24:16","modified_gmt":"2026-05-11T14:24:16","slug":"news-stories","status":"publish","type":"page","link":"https:\/\/www.greenpeace.ch\/de\/news-stories\/","title":{"rendered":"News &amp; Stories"},"content":{"rendered":"\n\n<div class=\"wp-block-group alignfull is-layout-flow wp-block-group-is-layout-flow\">\n<div class=\"wp-block-group container is-layout-flow wp-block-group-is-layout-flow\">\n<div class=\"wp-block-media-text alignfull has-media-on-the-right is-stacked-on-mobile is-pattern-p4-page-header is-style-parallax\"><div class=\"wp-block-media-text__content\">\n<div class=\"wp-block-group is-layout-flow wp-block-group-is-layout-flow\">\n<h1 class=\"wp-block-heading has-white-background-color has-background\">News &amp; Stories<\/h1>\n<\/div>\n\n\n\n<p class=\"wp-block-paragraph\" style=\"font-size:1.25rem\"><\/p>\n\n\n\n<div class=\"wp-block-buttons is-layout-flex wp-block-buttons-is-layout-flex\"><\/div>\n<\/div><figure class=\"wp-block-media-text__media\"><img decoding=\"async\" src=\"https:\/\/www.greenpeace.ch\/static\/planet4-switzerland-stateless-develop\/2024\/07\/c8413e4c-gp0s\u1b72_medium-res-with-credit-line-1200px-1024x767.jpg\" alt=\"\" sizes=\"(min-width: 601px) 50vw, 100vw\" srcset=\"https:\/\/www.greenpeace.ch\/static\/planet4-switzerland-stateless\/2024\/07\/c8413e4c-gp0su1b72_medium-res-with-credit-line-1200px.jpg 1200w, https:\/\/www.greenpeace.ch\/static\/planet4-switzerland-stateless\/2024\/07\/c8413e4c-gp0su1b72_medium-res-with-credit-line-1200px-300x225.jpg 300w, https:\/\/www.greenpeace.ch\/static\/planet4-switzerland-stateless\/2024\/07\/c8413e4c-gp0su1b72_medium-res-with-credit-line-1200px-1024x767.jpg 1024w, https:\/\/www.greenpeace.ch\/static\/planet4-switzerland-stateless\/2024\/07\/c8413e4c-gp0su1b72_medium-res-with-credit-line-1200px-768x575.jpg 768w, https:\/\/www.greenpeace.ch\/static\/planet4-switzerland-stateless\/2024\/07\/c8413e4c-gp0su1b72_medium-res-with-credit-line-1200px-454x340.jpg 454w\" class=\"wp-image-109909 size-full\"\/><\/figure><\/div>\n<\/div>\n<\/div>\n\n\n    <div class=\"wp-block-query posts-list p4-query-loop is-custom-layout-list is-layout-flow wp-block-query-is-layout-flow\">\n        <div class=\"wp-block-group is-content-justification-space-between is-layout-flex wp-container-core-group-is-layout-cfe5ce44 wp-block-group-is-layout-flex\"><h2 class=\"wp-block-heading\">Stories<\/h2>\n        <li class=\"wp-block-navigation-item see-all-link wp-block-navigation-link\"><a class=\"wp-block-navigation-item__content\"  href=\"http:\/\/www.greenpeace.ch\/de\/posts\/?post-type=story\"><span data-ga-category=\"Posts List\" data-ga-action=\"See More Link\" data-ga-label=\"n\/a\" class=\"wp-block-navigation-item__label\">See all stories<\/span><\/a><\/li>\n        \n        <\/div>\n        \n\n    <p class=\"wp-block-paragraph\" style=\"margin-top: 24px; margin-bottom: 36px;\"><\/p>\n\n    \n\n    <ul class=\"wp-block-post-template is-layout-flow wp-block-post-template-is-layout-flow\"><li class=\"wp-block-post post-135081 post type-post status-publish format-standard has-post-thumbnail hentry category-consommationpublications-2 tag-konsum p4-page-type-story\">\n            \n<div class=\"wp-block-columns is-layout-flex wp-container-core-columns-is-layout-8f761849 wp-block-columns-is-layout-flex\"><figure class=\"wp-block-post-featured-image\"><a href=\"https:\/\/www.greenpeace.ch\/de\/story\/135081\/micarnas-mega-schlachthof-wasserversorgung\/\" target=\"_self\"  ><img loading=\"lazy\" decoding=\"async\" data-ga-category=\"Posts List\" data-ga-action=\"Image\" data-ga-label=\"n\/a\" width=\"1200\" height=\"900\" src=\"https:\/\/www.greenpeace.ch\/static\/planet4-switzerland-stateless\/2026\/08\/b22bcd90-gp0su9l49_medium-res-with-credit-line-1200px.jpg\" class=\"attachment-post-thumbnail size-post-thumbnail wp-post-image wp-stateless-item\" alt=\"Micarnas Mega-Schlachthof gef\u00e4hrdet die Wasserversorgung der Broye-Region\" style=\"object-fit:cover;\" srcset=\"https:\/\/www.greenpeace.ch\/static\/planet4-switzerland-stateless\/2026\/08\/b22bcd90-gp0su9l49_medium-res-with-credit-line-1200px.jpg 1200w, https:\/\/www.greenpeace.ch\/static\/planet4-switzerland-stateless\/2026\/08\/b22bcd90-gp0su9l49_medium-res-with-credit-line-1200px-300x225.jpg 300w, https:\/\/www.greenpeace.ch\/static\/planet4-switzerland-stateless\/2026\/08\/b22bcd90-gp0su9l49_medium-res-with-credit-line-1200px-1024x768.jpg 1024w, https:\/\/www.greenpeace.ch\/static\/planet4-switzerland-stateless\/2026\/08\/b22bcd90-gp0su9l49_medium-res-with-credit-line-1200px-768x576.jpg 768w, https:\/\/www.greenpeace.ch\/static\/planet4-switzerland-stateless\/2026\/08\/b22bcd90-gp0su9l49_medium-res-with-credit-line-1200px-453x340.jpg 453w\" sizes=\"auto, (max-width: 1200px) 100vw, 1200px\" data-image-size=\"post-thumbnail\" data-stateless-media-bucket=\"planet4-switzerland-stateless\" data-stateless-media-name=\"2026\/08\/b22bcd90-gp0su9l49_medium-res-with-credit-line-1200px.jpg\" \/><\/a><\/figure>\n\n        <div class=\"wp-block-group is-layout-flow wp-block-group-is-layout-flow\">\n                <div class=\"wp-block-group is-layout-flex wp-block-group-is-layout-flex\"><div class=\"wp-block-post-terms\"><a data-ga-category=\"Posts List\" data-ga-action=\"Post Type Tag\" data-ga-label=\"n\/a\" href=\"https:\/\/www.greenpeace.ch\/de\/story\/\">Story<\/a><\/div>\n                <div class=\"wp-block-post-terms\"><a data-ga-category=\"Posts List\" data-ga-action=\"Post Type Tag\" data-ga-label=\"n\/a\" href=\"https:\/\/www.greenpeace.ch\/de\/story\/\">Story<\/a><\/div>\n                <div class=\"taxonomy-post_tag wp-block-post-terms\"><a data-ga-category=\"Posts List\" data-ga-action=\"Navigation Tag\" data-ga-label=\"n\/a\" href=\"https:\/\/www.greenpeace.ch\/de\/tag\/konsum\/\" rel=\"tag\">Konsum<\/a><\/div>\n                <\/div>\n                \n        <h3 class=\"wp-block-post-title\"><a data-ga-category=\"Posts List\" data-ga-action=\"Title\" data-ga-label=\"n\/a\" href=\"https:\/\/www.greenpeace.ch\/de\/story\/135081\/micarnas-mega-schlachthof-wasserversorgung\/\" target=\"_self\" >Micarnas Mega-Schlachthof gef\u00e4hrdet die Wasserversorgung der Broye-Region<\/a><\/h3>\n        <div class=\"wp-block-post-excerpt\"><p class=\"wp-block-post-excerpt__excerpt\">W\u00e4hrend das Kantonsgericht Freiburg die Beschwerden gegen die Baubewilligung f\u00fcr den Micarna-Schlachthof noch pr\u00fcft, ver\u00f6ffentlichen wir eine Analyse zum Wasserverbrauch des geplanten Schlachthofs. Die Migros agiert widerspr\u00fcchlich. <\/p><\/div>\n        \n        <div class=\"wp-block-group posts-list-meta is-layout-flow wp-block-group-is-layout-flow\"><span class='article-list-item-author'>Greenpeace Schweiz<\/span>\n        <div class=\"wp-block-post-date\"><time datetime=\"2026-08-26T07:00:00+02:00\">26. August 2026<\/time><\/div>\n        \n        <\/div>\n        <\/div>\n        <\/div>\n\n            <\/li><li class=\"wp-block-post post-134744 post type-post status-publish format-standard has-post-thumbnail hentry category-unkategorisiert tag-klima p4-page-type-story\">\n            \n<div class=\"wp-block-columns is-layout-flex wp-container-core-columns-is-layout-8f761849 wp-block-columns-is-layout-flex\"><figure class=\"wp-block-post-featured-image\"><a href=\"https:\/\/www.greenpeace.ch\/de\/story\/134744\/klimaerhitzung-was-wirklich-hilft\/\" target=\"_self\"  ><img loading=\"lazy\" decoding=\"async\" data-ga-category=\"Posts List\" data-ga-action=\"Image\" data-ga-label=\"n\/a\" width=\"2560\" height=\"1707\" src=\"https:\/\/www.greenpeace.ch\/static\/planet4-switzerland-stateless\/2026\/08\/14c015ea-markus-spiske-rn14pbitnnm-unsplash-scaled.jpg\" class=\"attachment-post-thumbnail size-post-thumbnail wp-post-image wp-stateless-item\" alt=\"Klimaerhitzung \u2013 was wirklich hilft\" style=\"object-fit:cover;\" srcset=\"https:\/\/www.greenpeace.ch\/static\/planet4-switzerland-stateless\/2026\/08\/14c015ea-markus-spiske-rn14pbitnnm-unsplash-scaled.jpg 2560w, https:\/\/www.greenpeace.ch\/static\/planet4-switzerland-stateless\/2026\/08\/14c015ea-markus-spiske-rn14pbitnnm-unsplash-300x200.jpg 300w, https:\/\/www.greenpeace.ch\/static\/planet4-switzerland-stateless\/2026\/08\/14c015ea-markus-spiske-rn14pbitnnm-unsplash-1024x683.jpg 1024w, https:\/\/www.greenpeace.ch\/static\/planet4-switzerland-stateless\/2026\/08\/14c015ea-markus-spiske-rn14pbitnnm-unsplash-768x512.jpg 768w, https:\/\/www.greenpeace.ch\/static\/planet4-switzerland-stateless\/2026\/08\/14c015ea-markus-spiske-rn14pbitnnm-unsplash-1536x1024.jpg 1536w, https:\/\/www.greenpeace.ch\/static\/planet4-switzerland-stateless\/2026\/08\/14c015ea-markus-spiske-rn14pbitnnm-unsplash-2048x1366.jpg 2048w, https:\/\/www.greenpeace.ch\/static\/planet4-switzerland-stateless\/2026\/08\/14c015ea-markus-spiske-rn14pbitnnm-unsplash-510x340.jpg 510w\" sizes=\"auto, (max-width: 2560px) 100vw, 2560px\" data-image-size=\"post-thumbnail\" data-stateless-media-bucket=\"planet4-switzerland-stateless\" data-stateless-media-name=\"2026\/08\/14c015ea-markus-spiske-rn14pbitnnm-unsplash-scaled.jpg\" \/><\/a><\/figure>\n\n        <div class=\"wp-block-group is-layout-flow wp-block-group-is-layout-flow\">\n                <div class=\"wp-block-group is-layout-flex wp-block-group-is-layout-flex\"><div class=\"wp-block-post-terms\"><a data-ga-category=\"Posts List\" data-ga-action=\"Post Type Tag\" data-ga-label=\"n\/a\" href=\"https:\/\/www.greenpeace.ch\/de\/story\/\">Story<\/a><\/div>\n                <div class=\"wp-block-post-terms\"><a data-ga-category=\"Posts List\" data-ga-action=\"Post Type Tag\" data-ga-label=\"n\/a\" href=\"https:\/\/www.greenpeace.ch\/de\/story\/\">Story<\/a><\/div>\n                <div class=\"taxonomy-post_tag wp-block-post-terms\"><a data-ga-category=\"Posts List\" data-ga-action=\"Navigation Tag\" data-ga-label=\"n\/a\" href=\"https:\/\/www.greenpeace.ch\/de\/tag\/klima\/\" rel=\"tag\">Klima<\/a><\/div>\n                <\/div>\n                \n        <h3 class=\"wp-block-post-title\"><a data-ga-category=\"Posts List\" data-ga-action=\"Title\" data-ga-label=\"n\/a\" href=\"https:\/\/www.greenpeace.ch\/de\/story\/134744\/klimaerhitzung-was-wirklich-hilft\/\" target=\"_self\" >Klimaerhitzung \u2013 was wirklich hilft<\/a><\/h3>\n        <div class=\"wp-block-post-excerpt\"><p class=\"wp-block-post-excerpt__excerpt\">Die Hitzewelle dominiert die Schlagzeilen. Wir baden im eigenen Schweiss, die Fische verenden in den B\u00e4chen und die Landwirt:innen beklagen Ernteeinbussen. Was ist zu tun? <\/p><\/div>\n        \n        <div class=\"wp-block-group posts-list-meta is-layout-flow wp-block-group-is-layout-flow\"><span class='article-list-item-author'>Greenpeace Schweiz<\/span>\n        <div class=\"wp-block-post-date\"><time datetime=\"2026-08-14T09:30:27+02:00\">14. August 2026<\/time><\/div>\n        \n        <\/div>\n        <\/div>\n        <\/div>\n\n            <\/li><li class=\"wp-block-post post-134719 post type-post status-publish format-standard has-post-thumbnail hentry category-unkategorisiert p4-page-type-story\">\n            \n<div class=\"wp-block-columns is-layout-flex wp-container-core-columns-is-layout-8f761849 wp-block-columns-is-layout-flex\"><figure class=\"wp-block-post-featured-image\"><a href=\"https:\/\/www.greenpeace.ch\/de\/story\/134719\/extreme-trockenheit-als-alarmsignal\/\" target=\"_self\"  ><img loading=\"lazy\" decoding=\"async\" data-ga-category=\"Posts List\" data-ga-action=\"Image\" data-ga-label=\"n\/a\" width=\"1200\" height=\"900\" src=\"https:\/\/www.greenpeace.ch\/static\/planet4-switzerland-stateless\/2026\/08\/3b223478-dji_20260813100840_0049_d_mm.jpg\" class=\"attachment-post-thumbnail size-post-thumbnail wp-post-image wp-stateless-item\" alt=\"Extreme Trockenheit als Alarmsignal\" style=\"object-fit:cover;\" srcset=\"https:\/\/www.greenpeace.ch\/static\/planet4-switzerland-stateless\/2026\/08\/3b223478-dji_20260813100840_0049_d_mm.jpg 1200w, https:\/\/www.greenpeace.ch\/static\/planet4-switzerland-stateless\/2026\/08\/3b223478-dji_20260813100840_0049_d_mm-300x225.jpg 300w, https:\/\/www.greenpeace.ch\/static\/planet4-switzerland-stateless\/2026\/08\/3b223478-dji_20260813100840_0049_d_mm-1024x768.jpg 1024w, https:\/\/www.greenpeace.ch\/static\/planet4-switzerland-stateless\/2026\/08\/3b223478-dji_20260813100840_0049_d_mm-768x576.jpg 768w, https:\/\/www.greenpeace.ch\/static\/planet4-switzerland-stateless\/2026\/08\/3b223478-dji_20260813100840_0049_d_mm-453x340.jpg 453w\" sizes=\"auto, (max-width: 1200px) 100vw, 1200px\" data-image-size=\"post-thumbnail\" data-stateless-media-bucket=\"planet4-switzerland-stateless\" data-stateless-media-name=\"2026\/08\/3b223478-dji_20260813100840_0049_d_mm.jpg\" \/><\/a><\/figure>\n\n        <div class=\"wp-block-group is-layout-flow wp-block-group-is-layout-flow\">\n                <div class=\"wp-block-group is-layout-flex wp-block-group-is-layout-flex\"><div class=\"wp-block-post-terms\"><a data-ga-category=\"Posts List\" data-ga-action=\"Post Type Tag\" data-ga-label=\"n\/a\" href=\"https:\/\/www.greenpeace.ch\/de\/story\/\">Story<\/a><\/div>\n                <div class=\"wp-block-post-terms\"><a data-ga-category=\"Posts List\" data-ga-action=\"Post Type Tag\" data-ga-label=\"n\/a\" href=\"https:\/\/www.greenpeace.ch\/de\/story\/\">Story<\/a><\/div>\n                \n                <\/div>\n                \n        <h3 class=\"wp-block-post-title\"><a data-ga-category=\"Posts List\" data-ga-action=\"Title\" data-ga-label=\"n\/a\" href=\"https:\/\/www.greenpeace.ch\/de\/story\/134719\/extreme-trockenheit-als-alarmsignal\/\" target=\"_self\" >Extreme Trockenheit als Alarmsignal<\/a><\/h3>\n        <div class=\"wp-block-post-excerpt\"><p class=\"wp-block-post-excerpt__excerpt\">Greenpeace-Aktivist:innen machen mit einem Banner auf einer verdorrten Wiese bei einem Bauernhof in Hinteregg ZH auf die anhaltende extreme Trockenheit aufmerksam. Politiker:innen m\u00fcssen die extreme Trockenheit als Alarmsignal anerkennen und endlich wirksame Klimamassnahmen ergreifen. Dazu geh\u00f6rt eine zukunftsf\u00e4hige Agrar- und Ern\u00e4hrungspolitik. <\/p><\/div>\n        \n        <div class=\"wp-block-group posts-list-meta is-layout-flow wp-block-group-is-layout-flow\"><span class='article-list-item-author'>Greenpeace Schweiz<\/span>\n        <div class=\"wp-block-post-date\"><time datetime=\"2026-08-13T14:32:42+02:00\">13. August 2026<\/time><\/div>\n        \n        <\/div>\n        <\/div>\n        <\/div>\n\n            <\/li><\/ul>\n\n    \n<div class=\"wp-block-buttons carousel-controls is-horizontal is-content-justification-space-between is-nowrap is-layout-flex wp-container-core-buttons-is-layout-358af4b1 wp-block-buttons-is-layout-flex\">\n            <div class=\"wp-block-button carousel-control-prev\"><button type=\"button\" class=\"wp-block-button__link wp-element-button\">Prev<\/button><\/div>\n        \n\n            <div class=\"wp-block-button carousel-control-next\"><button type=\"button\" class=\"wp-block-button__link wp-element-button\">N\u00e4chste<\/button><\/div>\n        <\/div>\n\n\n    <li class=\"wp-block-navigation-item see-all-link wp-block-navigation-link\"><a class=\"wp-block-navigation-item__content\"  href=\"http:\/\/www.greenpeace.ch\/de\/posts\/?post-type=story\"><span data-ga-category=\"Posts List\" data-ga-action=\"See More Link\" data-ga-label=\"n\/a\" class=\"wp-block-navigation-item__label\">See all stories<\/span><\/a><\/li><\/div>\n    \n    <div class=\"wp-block-query posts-list p4-query-loop is-custom-layout-list is-layout-flow wp-block-query-is-layout-flow\">\n        <div class=\"wp-block-group is-content-justification-space-between is-layout-flex wp-container-core-group-is-layout-cfe5ce44 wp-block-group-is-layout-flex\"><h2 class=\"wp-block-heading\">Medienmitteilungen<\/h2>\n        <li class=\"wp-block-navigation-item see-all-link wp-block-navigation-link\"><a class=\"wp-block-navigation-item__content\"  href=\"http:\/\/www.greenpeace.ch\/de\/posts\/?post-type=medienmitteilung\"><span data-ga-category=\"Posts List\" data-ga-action=\"See More Link\" data-ga-label=\"n\/a\" class=\"wp-block-navigation-item__label\">See all stories<\/span><\/a><\/li>\n        \n        <\/div>\n        \n\n    <p class=\"wp-block-paragraph\" style=\"margin-top: 24px; margin-bottom: 36px;\"><\/p>\n\n    \n\n    <ul class=\"wp-block-post-template is-layout-flow wp-block-post-template-is-layout-flow\"><li class=\"wp-block-post post-135105 post type-post status-publish format-standard has-post-thumbnail hentry category-zero-waste category-unkategorisiert tag-ernaehrung tag-konsum p4-page-type-medienmitteilung\">\n            \n<div class=\"wp-block-columns is-layout-flex wp-container-core-columns-is-layout-8f761849 wp-block-columns-is-layout-flex\"><figure class=\"wp-block-post-featured-image\"><a href=\"https:\/\/www.greenpeace.ch\/de\/medienmitteilung\/135105\/migros-mega-schlachthof-gefaehrdet-die-wasserversorgung-der-broye-region\/\" target=\"_self\"  ><img loading=\"lazy\" decoding=\"async\" data-ga-category=\"Posts List\" data-ga-action=\"Image\" data-ga-label=\"n\/a\" width=\"1200\" height=\"900\" src=\"https:\/\/www.greenpeace.ch\/static\/planet4-switzerland-stateless\/2026\/08\/832f5087-gp0su9kyg_medium-res-with-credit-line-1200px.jpg\" class=\"attachment-post-thumbnail size-post-thumbnail wp-post-image wp-stateless-item\" alt=\"Migros-Mega-Schlachthof gef\u00e4hrdet die Wasserversorgung der Broye-Region\" style=\"object-fit:cover;\" srcset=\"https:\/\/www.greenpeace.ch\/static\/planet4-switzerland-stateless\/2026\/08\/832f5087-gp0su9kyg_medium-res-with-credit-line-1200px.jpg 1200w, https:\/\/www.greenpeace.ch\/static\/planet4-switzerland-stateless\/2026\/08\/832f5087-gp0su9kyg_medium-res-with-credit-line-1200px-300x225.jpg 300w, https:\/\/www.greenpeace.ch\/static\/planet4-switzerland-stateless\/2026\/08\/832f5087-gp0su9kyg_medium-res-with-credit-line-1200px-1024x768.jpg 1024w, https:\/\/www.greenpeace.ch\/static\/planet4-switzerland-stateless\/2026\/08\/832f5087-gp0su9kyg_medium-res-with-credit-line-1200px-768x576.jpg 768w, https:\/\/www.greenpeace.ch\/static\/planet4-switzerland-stateless\/2026\/08\/832f5087-gp0su9kyg_medium-res-with-credit-line-1200px-453x340.jpg 453w\" sizes=\"auto, (max-width: 1200px) 100vw, 1200px\" data-image-size=\"post-thumbnail\" data-stateless-media-bucket=\"planet4-switzerland-stateless\" data-stateless-media-name=\"2026\/08\/832f5087-gp0su9kyg_medium-res-with-credit-line-1200px.jpg\" \/><\/a><\/figure>\n\n        <div class=\"wp-block-group is-layout-flow wp-block-group-is-layout-flow\">\n                <div class=\"wp-block-group is-layout-flex wp-block-group-is-layout-flex\"><div class=\"wp-block-post-terms\"><a data-ga-category=\"Posts List\" data-ga-action=\"Post Type Tag\" data-ga-label=\"n\/a\" href=\"https:\/\/www.greenpeace.ch\/de\/medienmitteilung\/\">Medienmitteilung<\/a><\/div>\n                <div class=\"wp-block-post-terms\"><a data-ga-category=\"Posts List\" data-ga-action=\"Post Type Tag\" data-ga-label=\"n\/a\" href=\"https:\/\/www.greenpeace.ch\/de\/medienmitteilung\/\">Medienmitteilung<\/a><\/div>\n                <div class=\"taxonomy-post_tag wp-block-post-terms\"><a data-ga-category=\"Posts List\" data-ga-action=\"Navigation Tag\" data-ga-label=\"n\/a\" href=\"https:\/\/www.greenpeace.ch\/de\/tag\/ernaehrung\/\" rel=\"tag\">Ern\u00e4hrung<\/a><span class=\"wp-block-post-terms__separator\"> <\/span><a data-ga-category=\"Posts List\" data-ga-action=\"Navigation Tag\" data-ga-label=\"n\/a\" href=\"https:\/\/www.greenpeace.ch\/de\/tag\/konsum\/\" rel=\"tag\">Konsum<\/a><\/div>\n                <\/div>\n                \n        <h3 class=\"wp-block-post-title\"><a data-ga-category=\"Posts List\" data-ga-action=\"Title\" data-ga-label=\"n\/a\" href=\"https:\/\/www.greenpeace.ch\/de\/medienmitteilung\/135105\/migros-mega-schlachthof-gefaehrdet-die-wasserversorgung-der-broye-region\/\" target=\"_self\" >Migros-Mega-Schlachthof gef\u00e4hrdet die Wasserversorgung der Broye-Region<\/a><\/h3>\n        <div class=\"wp-block-post-excerpt\"><p class=\"wp-block-post-excerpt__excerpt\">Greenpeace Schweiz ver\u00f6ffentlicht ein Factsheet zum Wasserverbrauch des geplanten Migros-Schlachthofs in St-Aubin. Die Migros agiert widerspr\u00fcchlich. Der Detailhandelriese k\u00fcndigt an, die Landwirt:innen aufgrund der extremen Trockenheit mit zwei Millionen Franken zu unterst\u00fctzen. Zugleich wird der geplante Schlachthof in St-Aubin t\u00e4glich rund 1,4 Millionen Liter Wasser ben\u00f6tigen. Die industrielle Tierproduktion mit ihren Klima- und Umweltauswirkungen ist&hellip; <\/p><\/div>\n        \n        <div class=\"wp-block-group posts-list-meta is-layout-flow wp-block-group-is-layout-flow\"><span class='article-list-item-author'>Greenpeace Schweiz<\/span>\n        <div class=\"wp-block-post-date\"><time datetime=\"2026-08-26T08:00:00+02:00\">26. August 2026<\/time><\/div>\n        \n        <\/div>\n        <\/div>\n        <\/div>\n\n            <\/li><li class=\"wp-block-post post-134984 post type-post status-publish format-standard has-post-thumbnail hentry category-unkategorisiert tag-energie tag-klima p4-page-type-medienmitteilung\">\n            \n<div class=\"wp-block-columns is-layout-flex wp-container-core-columns-is-layout-8f761849 wp-block-columns-is-layout-flex\"><figure class=\"wp-block-post-featured-image\"><a href=\"https:\/\/www.greenpeace.ch\/de\/medienmitteilung\/134984\/falsches-signal-staenderatskommission-setzt-sich-fuer-akw-ueberzeitbetrieb-ein\/\" target=\"_self\"  ><img loading=\"lazy\" decoding=\"async\" data-ga-category=\"Posts List\" data-ga-action=\"Image\" data-ga-label=\"n\/a\" width=\"800\" height=\"534\" src=\"https:\/\/www.greenpeace.ch\/static\/planet4-switzerland-stateless\/2026\/08\/c2ea04e3-gp0su854b_low-res-800px.jpg\" class=\"attachment-post-thumbnail size-post-thumbnail wp-post-image wp-stateless-item\" alt=\"Falsches Signal \u2013 St\u00e4nderatskommission setzt sich f\u00fcr AKW-\u00dcberzeitbetrieb ein\" style=\"object-fit:cover;\" srcset=\"https:\/\/www.greenpeace.ch\/static\/planet4-switzerland-stateless\/2026\/08\/c2ea04e3-gp0su854b_low-res-800px.jpg 800w, https:\/\/www.greenpeace.ch\/static\/planet4-switzerland-stateless\/2026\/08\/c2ea04e3-gp0su854b_low-res-800px-300x200.jpg 300w, https:\/\/www.greenpeace.ch\/static\/planet4-switzerland-stateless\/2026\/08\/c2ea04e3-gp0su854b_low-res-800px-768x513.jpg 768w, https:\/\/www.greenpeace.ch\/static\/planet4-switzerland-stateless\/2026\/08\/c2ea04e3-gp0su854b_low-res-800px-510x340.jpg 510w\" sizes=\"auto, (max-width: 800px) 100vw, 800px\" data-image-size=\"post-thumbnail\" data-stateless-media-bucket=\"planet4-switzerland-stateless\" data-stateless-media-name=\"2026\/08\/c2ea04e3-gp0su854b_low-res-800px.jpg\" \/><\/a><\/figure>\n\n        <div class=\"wp-block-group is-layout-flow wp-block-group-is-layout-flow\">\n                <div class=\"wp-block-group is-layout-flex wp-block-group-is-layout-flex\"><div class=\"wp-block-post-terms\"><a data-ga-category=\"Posts List\" data-ga-action=\"Post Type Tag\" data-ga-label=\"n\/a\" href=\"https:\/\/www.greenpeace.ch\/de\/medienmitteilung\/\">Medienmitteilung<\/a><\/div>\n                <div class=\"wp-block-post-terms\"><a data-ga-category=\"Posts List\" data-ga-action=\"Post Type Tag\" data-ga-label=\"n\/a\" href=\"https:\/\/www.greenpeace.ch\/de\/medienmitteilung\/\">Medienmitteilung<\/a><\/div>\n                <div class=\"taxonomy-post_tag wp-block-post-terms\"><a data-ga-category=\"Posts List\" data-ga-action=\"Navigation Tag\" data-ga-label=\"n\/a\" href=\"https:\/\/www.greenpeace.ch\/de\/tag\/energie\/\" rel=\"tag\">Energie<\/a><span class=\"wp-block-post-terms__separator\"> <\/span><a data-ga-category=\"Posts List\" data-ga-action=\"Navigation Tag\" data-ga-label=\"n\/a\" href=\"https:\/\/www.greenpeace.ch\/de\/tag\/klima\/\" rel=\"tag\">Klima<\/a><\/div>\n                <\/div>\n                \n        <h3 class=\"wp-block-post-title\"><a data-ga-category=\"Posts List\" data-ga-action=\"Title\" data-ga-label=\"n\/a\" href=\"https:\/\/www.greenpeace.ch\/de\/medienmitteilung\/134984\/falsches-signal-staenderatskommission-setzt-sich-fuer-akw-ueberzeitbetrieb-ein\/\" target=\"_self\" >Falsches Signal \u2013 St\u00e4nderatskommission setzt sich f\u00fcr AKW-\u00dcberzeitbetrieb ein<\/a><\/h3>\n        <div class=\"wp-block-post-excerpt\"><p class=\"wp-block-post-excerpt__excerpt\">Die Energiekommission des St\u00e4nderats will, dass die bestehenden Atomkraftwerke G\u00f6sgen und Leibstadt 80 Jahre lang laufen k\u00f6nnen. Sie verlangt vom Bundesrat, daf\u00fcr die rechtlichen Grundlagen zu schaffen und weitere n\u00f6tige Massnahmen zu treffen. Damit setzen die Parlamentarier:innen ein falsches Signal. Die Schweiz sollte ihre Kr\u00e4fte besser f\u00fcr den Ausbau erneuerbarer Energien nutzen.\u00a0 <\/p><\/div>\n        \n        <div class=\"wp-block-group posts-list-meta is-layout-flow wp-block-group-is-layout-flow\"><span class='article-list-item-author'>Greenpeace Schweiz<\/span>\n        <div class=\"wp-block-post-date\"><time datetime=\"2026-08-21T15:44:22+02:00\">21. August 2026<\/time><\/div>\n        \n        <\/div>\n        <\/div>\n        <\/div>\n\n            <\/li><li class=\"wp-block-post post-134723 post type-post status-publish format-standard has-post-thumbnail hentry category-zero-waste tag-ernaehrung tag-konsum p4-page-type-medienmitteilung\">\n            \n<div class=\"wp-block-columns is-layout-flex wp-container-core-columns-is-layout-8f761849 wp-block-columns-is-layout-flex\"><figure class=\"wp-block-post-featured-image\"><a href=\"https:\/\/www.greenpeace.ch\/de\/medienmitteilung\/134723\/greenpeace-protest-fuer-eine-zukunftsfaehige-agrarpolitik-extreme-trockenheit-als-alarmsignal\/\" target=\"_self\"  ><img loading=\"lazy\" decoding=\"async\" data-ga-category=\"Posts List\" data-ga-action=\"Image\" data-ga-label=\"n\/a\" width=\"1200\" height=\"900\" src=\"https:\/\/www.greenpeace.ch\/static\/planet4-switzerland-stateless\/2026\/08\/3b223478-dji_20260813100840_0049_d_mm.jpg\" class=\"attachment-post-thumbnail size-post-thumbnail wp-post-image wp-stateless-item\" alt=\"Greenpeace-Protest f\u00fcr eine zukunftsf\u00e4hige Agrarpolitik: Extreme Trockenheit als Alarmsignal\" style=\"object-fit:cover;\" srcset=\"https:\/\/www.greenpeace.ch\/static\/planet4-switzerland-stateless\/2026\/08\/3b223478-dji_20260813100840_0049_d_mm.jpg 1200w, https:\/\/www.greenpeace.ch\/static\/planet4-switzerland-stateless\/2026\/08\/3b223478-dji_20260813100840_0049_d_mm-300x225.jpg 300w, https:\/\/www.greenpeace.ch\/static\/planet4-switzerland-stateless\/2026\/08\/3b223478-dji_20260813100840_0049_d_mm-1024x768.jpg 1024w, https:\/\/www.greenpeace.ch\/static\/planet4-switzerland-stateless\/2026\/08\/3b223478-dji_20260813100840_0049_d_mm-768x576.jpg 768w, https:\/\/www.greenpeace.ch\/static\/planet4-switzerland-stateless\/2026\/08\/3b223478-dji_20260813100840_0049_d_mm-453x340.jpg 453w\" sizes=\"auto, (max-width: 1200px) 100vw, 1200px\" data-image-size=\"post-thumbnail\" data-stateless-media-bucket=\"planet4-switzerland-stateless\" data-stateless-media-name=\"2026\/08\/3b223478-dji_20260813100840_0049_d_mm.jpg\" \/><\/a><\/figure>\n\n        <div class=\"wp-block-group is-layout-flow wp-block-group-is-layout-flow\">\n                <div class=\"wp-block-group is-layout-flex wp-block-group-is-layout-flex\"><div class=\"wp-block-post-terms\"><a data-ga-category=\"Posts List\" data-ga-action=\"Post Type Tag\" data-ga-label=\"n\/a\" href=\"https:\/\/www.greenpeace.ch\/de\/medienmitteilung\/\">Medienmitteilung<\/a><\/div>\n                <div class=\"wp-block-post-terms\"><a data-ga-category=\"Posts List\" data-ga-action=\"Post Type Tag\" data-ga-label=\"n\/a\" href=\"https:\/\/www.greenpeace.ch\/de\/medienmitteilung\/\">Medienmitteilung<\/a><\/div>\n                <div class=\"taxonomy-post_tag wp-block-post-terms\"><a data-ga-category=\"Posts List\" data-ga-action=\"Navigation Tag\" data-ga-label=\"n\/a\" href=\"https:\/\/www.greenpeace.ch\/de\/tag\/ernaehrung\/\" rel=\"tag\">Ern\u00e4hrung<\/a><span class=\"wp-block-post-terms__separator\"> <\/span><a data-ga-category=\"Posts List\" data-ga-action=\"Navigation Tag\" data-ga-label=\"n\/a\" href=\"https:\/\/www.greenpeace.ch\/de\/tag\/konsum\/\" rel=\"tag\">Konsum<\/a><\/div>\n                <\/div>\n                \n        <h3 class=\"wp-block-post-title\"><a data-ga-category=\"Posts List\" data-ga-action=\"Title\" data-ga-label=\"n\/a\" href=\"https:\/\/www.greenpeace.ch\/de\/medienmitteilung\/134723\/greenpeace-protest-fuer-eine-zukunftsfaehige-agrarpolitik-extreme-trockenheit-als-alarmsignal\/\" target=\"_self\" >Greenpeace-Protest f\u00fcr eine zukunftsf\u00e4hige Agrarpolitik: Extreme Trockenheit als Alarmsignal<\/a><\/h3>\n        <div class=\"wp-block-post-excerpt\"><p class=\"wp-block-post-excerpt__excerpt\">Greenpeace-Aktivist:innen machen mit einem Banner auf einer verdorrten Wiese bei einem Bauernhof in Hinteregg ZH auf die anhaltende extreme Trockenheit aufmerksam. <\/p><\/div>\n        \n        <div class=\"wp-block-group posts-list-meta is-layout-flow wp-block-group-is-layout-flow\"><span class='article-list-item-author'>Greenpeace Schweiz<\/span>\n        <div class=\"wp-block-post-date\"><time datetime=\"2026-08-13T14:07:33+02:00\">13. August 2026<\/time><\/div>\n        \n        <\/div>\n        <\/div>\n        <\/div>\n\n            <\/li><\/ul>\n\n    \n<div class=\"wp-block-buttons carousel-controls is-horizontal is-content-justification-space-between is-nowrap is-layout-flex wp-container-core-buttons-is-layout-358af4b1 wp-block-buttons-is-layout-flex\">\n            <div class=\"wp-block-button carousel-control-prev\"><button type=\"button\" class=\"wp-block-button__link wp-element-button\">Prev<\/button><\/div>\n        \n\n            <div class=\"wp-block-button carousel-control-next\"><button type=\"button\" class=\"wp-block-button__link wp-element-button\">N\u00e4chste<\/button><\/div>\n        <\/div>\n\n\n    <li class=\"wp-block-navigation-item see-all-link wp-block-navigation-link\"><a class=\"wp-block-navigation-item__content\"  href=\"http:\/\/www.greenpeace.ch\/de\/posts\/?post-type=medienmitteilung\"><span data-ga-category=\"Posts List\" data-ga-action=\"See More Link\" data-ga-label=\"n\/a\" class=\"wp-block-navigation-item__label\">See all stories<\/span><\/a><\/li><\/div>\n    \n<div class=\"wp-block-query posts-list p4-query-loop is-custom-layout-grid is-layout-grid wp-container-core-query-is-layout-85a54dc3 wp-block-query-is-layout-grid\">\n<div class=\"wp-block-group is-content-justification-space-between is-layout-flex wp-container-core-group-is-layout-cfe5ce44 wp-block-group-is-layout-flex\">\n<h2 class=\"wp-block-heading\">Publikationen<\/h2>\n<\/div>\n\n\n\n<p class=\"wp-block-paragraph\" style=\"margin-top:24px;margin-bottom:36px\"><\/p>\n\n\n\n\n<ul class=\"wp-block-post-template is-layout-flow wp-block-post-template-is-layout-flow\"><li class=\"wp-block-post post-132517 post type-post status-publish format-standard has-post-thumbnail hentry category-consommationpublications-2 category-zero-waste tag-konsum tag-zero-waste p4-page-type-publikation\">\n\n<div class=\"wp-block-columns is-layout-flex wp-container-core-columns-is-layout-8f761849 wp-block-columns-is-layout-flex\"><figure class=\"wp-block-post-featured-image\"><a href=\"https:\/\/www.greenpeace.ch\/de\/publikation\/132517\/tiny-plastics-big-problem\/\" target=\"_self\"  ><img loading=\"lazy\" decoding=\"async\" data-ga-category=\"Posts List\" data-ga-action=\"Image\" data-ga-label=\"n\/a\" width=\"1068\" height=\"1512\" src=\"https:\/\/www.greenpeace.ch\/static\/planet4-switzerland-stateless\/2026\/05\/ffbaa65b-capture-decran-2026-05-20-a-07.26.51.png\" class=\"attachment-post-thumbnail size-post-thumbnail wp-post-image wp-stateless-item\" alt=\"Megaproblem Mikroplastik: versteckte Risiken in Plastik-Quetschies f\u00fcr Babynahrung\" style=\"object-fit:cover;\" srcset=\"https:\/\/www.greenpeace.ch\/static\/planet4-switzerland-stateless\/2026\/05\/ffbaa65b-capture-decran-2026-05-20-a-07.26.51.png 1068w, https:\/\/www.greenpeace.ch\/static\/planet4-switzerland-stateless\/2026\/05\/ffbaa65b-capture-decran-2026-05-20-a-07.26.51-212x300.png 212w, https:\/\/www.greenpeace.ch\/static\/planet4-switzerland-stateless\/2026\/05\/ffbaa65b-capture-decran-2026-05-20-a-07.26.51-723x1024.png 723w, https:\/\/www.greenpeace.ch\/static\/planet4-switzerland-stateless\/2026\/05\/ffbaa65b-capture-decran-2026-05-20-a-07.26.51-768x1087.png 768w, https:\/\/www.greenpeace.ch\/static\/planet4-switzerland-stateless\/2026\/05\/ffbaa65b-capture-decran-2026-05-20-a-07.26.51-965x1366.png 965w, https:\/\/www.greenpeace.ch\/static\/planet4-switzerland-stateless\/2026\/05\/ffbaa65b-capture-decran-2026-05-20-a-07.26.51-240x340.png 240w\" sizes=\"auto, (max-width: 1068px) 100vw, 1068px\" data-image-size=\"post-thumbnail\" data-stateless-media-bucket=\"planet4-switzerland-stateless\" data-stateless-media-name=\"2026\/05\/ffbaa65b-capture-decran-2026-05-20-a-07.26.51.png\" \/><\/a><\/figure>\n\n\n<div class=\"wp-block-group is-layout-flow wp-block-group-is-layout-flow\">\n                <div class=\"wp-block-group is-layout-flow wp-block-group-is-layout-flow\"><div class=\"wp-block-post-terms\"><a data-ga-category=\"Posts List\" data-ga-action=\"Post Type Tag\" data-ga-label=\"n\/a\" href=\"https:\/\/www.greenpeace.ch\/de\/publikation\/\">Publikation<\/a><\/div>\n                <div class=\"wp-block-post-terms\"><a data-ga-category=\"Posts List\" data-ga-action=\"Post Type Tag\" data-ga-label=\"n\/a\" href=\"https:\/\/www.greenpeace.ch\/de\/publikation\/\">Publikation<\/a><\/div>\n                <div class=\"taxonomy-post_tag wp-block-post-terms\"><a data-ga-category=\"Posts List\" data-ga-action=\"Navigation Tag\" data-ga-label=\"n\/a\" href=\"https:\/\/www.greenpeace.ch\/de\/tag\/konsum\/\" rel=\"tag\">Konsum<\/a><span class=\"wp-block-post-terms__separator\"> <\/span><a data-ga-category=\"Posts List\" data-ga-action=\"Navigation Tag\" data-ga-label=\"n\/a\" href=\"https:\/\/www.greenpeace.ch\/de\/tag\/zero-waste\/\" rel=\"tag\">ZeroWaste<\/a><\/div>\n                <\/div>\n                \n\n<h3 class=\"wp-block-post-title\"><a data-ga-category=\"Posts List\" data-ga-action=\"Title\" data-ga-label=\"n\/a\" href=\"https:\/\/www.greenpeace.ch\/de\/publikation\/132517\/tiny-plastics-big-problem\/\" target=\"_self\" >Megaproblem Mikroplastik: versteckte Risiken in Plastik-Quetschies f\u00fcr Babynahrung<\/a><\/h3>\n\n<div class=\"wp-block-post-excerpt\"><p class=\"wp-block-post-excerpt__excerpt\">Eine neue Studie im Auftrag von Greenpeace International hat Mikroplastik in Babynahrung aus Quetschbeuteln von Nestl\u00e9 und Danone nachgewiesen. Dies gibt Anlass zu Sorge hinsichtlich Produkten, die f\u00fcr Babys vermarktet werden. <\/p><\/div>\n\n\n<div class=\"wp-block-group posts-list-meta is-layout-flow wp-block-group-is-layout-flow\"><span class='article-list-item-author'>Greenpeace International<\/span>\n\n<div class=\"wp-block-post-date\"><time datetime=\"2026-05-21T00:05:00+02:00\">21. Mai 2026<\/time><\/div><\/div>\n<\/div>\n<\/div>\n\n<\/li><li class=\"wp-block-post post-131868 post type-post status-publish format-standard has-post-thumbnail hentry category-unkategorisiert tag-jahresbericht p4-page-type-publikation\">\n\n<div class=\"wp-block-columns is-layout-flex wp-container-core-columns-is-layout-8f761849 wp-block-columns-is-layout-flex\"><figure class=\"wp-block-post-featured-image\"><a href=\"https:\/\/www.greenpeace.ch\/de\/publikation\/131868\/greenpeace-schweiz-jahresbericht-2025\/\" target=\"_self\"  ><img loading=\"lazy\" decoding=\"async\" data-ga-category=\"Posts List\" data-ga-action=\"Image\" data-ga-label=\"n\/a\" width=\"1226\" height=\"1730\" src=\"https:\/\/www.greenpeace.ch\/static\/planet4-switzerland-stateless\/2026\/05\/f838e7e9-bildschirmfoto-2026-05-04-um-15.19.01.png\" class=\"attachment-post-thumbnail size-post-thumbnail wp-post-image wp-stateless-item\" alt=\"Greenpeace Schweiz Jahresbericht 2025\" style=\"object-fit:cover;\" srcset=\"https:\/\/www.greenpeace.ch\/static\/planet4-switzerland-stateless\/2026\/05\/f838e7e9-bildschirmfoto-2026-05-04-um-15.19.01.png 1226w, https:\/\/www.greenpeace.ch\/static\/planet4-switzerland-stateless\/2026\/05\/f838e7e9-bildschirmfoto-2026-05-04-um-15.19.01-213x300.png 213w, https:\/\/www.greenpeace.ch\/static\/planet4-switzerland-stateless\/2026\/05\/f838e7e9-bildschirmfoto-2026-05-04-um-15.19.01-726x1024.png 726w, https:\/\/www.greenpeace.ch\/static\/planet4-switzerland-stateless\/2026\/05\/f838e7e9-bildschirmfoto-2026-05-04-um-15.19.01-768x1084.png 768w, https:\/\/www.greenpeace.ch\/static\/planet4-switzerland-stateless\/2026\/05\/f838e7e9-bildschirmfoto-2026-05-04-um-15.19.01-1089x1536.png 1089w, https:\/\/www.greenpeace.ch\/static\/planet4-switzerland-stateless\/2026\/05\/f838e7e9-bildschirmfoto-2026-05-04-um-15.19.01-968x1366.png 968w, https:\/\/www.greenpeace.ch\/static\/planet4-switzerland-stateless\/2026\/05\/f838e7e9-bildschirmfoto-2026-05-04-um-15.19.01-241x340.png 241w\" sizes=\"auto, (max-width: 1226px) 100vw, 1226px\" data-image-size=\"post-thumbnail\" data-stateless-media-bucket=\"planet4-switzerland-stateless\" data-stateless-media-name=\"2026\/05\/f838e7e9-bildschirmfoto-2026-05-04-um-15.19.01.png\" \/><\/a><\/figure>\n\n\n<div class=\"wp-block-group is-layout-flow wp-block-group-is-layout-flow\">\n                <div class=\"wp-block-group is-layout-flow wp-block-group-is-layout-flow\"><div class=\"wp-block-post-terms\"><a data-ga-category=\"Posts List\" data-ga-action=\"Post Type Tag\" data-ga-label=\"n\/a\" href=\"https:\/\/www.greenpeace.ch\/de\/publikation\/\">Publikation<\/a><\/div>\n                <div class=\"wp-block-post-terms\"><a data-ga-category=\"Posts List\" data-ga-action=\"Post Type Tag\" data-ga-label=\"n\/a\" href=\"https:\/\/www.greenpeace.ch\/de\/publikation\/\">Publikation<\/a><\/div>\n                <div class=\"taxonomy-post_tag wp-block-post-terms\"><a data-ga-category=\"Posts List\" data-ga-action=\"Navigation Tag\" data-ga-label=\"n\/a\" href=\"https:\/\/www.greenpeace.ch\/de\/tag\/jahresbericht\/\" rel=\"tag\">Jahresbericht<\/a><\/div>\n                <\/div>\n                \n\n<h3 class=\"wp-block-post-title\"><a data-ga-category=\"Posts List\" data-ga-action=\"Title\" data-ga-label=\"n\/a\" href=\"https:\/\/www.greenpeace.ch\/de\/publikation\/131868\/greenpeace-schweiz-jahresbericht-2025\/\" target=\"_self\" >Greenpeace Schweiz Jahresbericht 2025<\/a><\/h3>\n\n<div class=\"wp-block-post-excerpt\"><p class=\"wp-block-post-excerpt__excerpt\">PDF herunterladen <\/p><\/div>\n\n\n<div class=\"wp-block-group posts-list-meta is-layout-flow wp-block-group-is-layout-flow\"><span class='article-list-item-author'><a data-ga-category=\"Posts List\" data-ga-action=\"Author\" data-ga-label=\"n\/a\" href='https:\/\/www.greenpeace.ch\/de\/author\/dmueller\/'>Danielle M\u00fcller<\/a><\/span>\n\n<div class=\"wp-block-post-date\"><time datetime=\"2026-05-04T15:34:06+02:00\">4. Mai 2026<\/time><\/div><\/div>\n<\/div>\n<\/div>\n\n<\/li><li class=\"wp-block-post post-130092 post type-post status-publish format-standard has-post-thumbnail hentry category-unkategorisiert tag-ernaehrung tag-konsum p4-page-type-publikation\">\n\n<div class=\"wp-block-columns is-layout-flex wp-container-core-columns-is-layout-8f761849 wp-block-columns-is-layout-flex\"><figure class=\"wp-block-post-featured-image\"><a href=\"https:\/\/www.greenpeace.ch\/de\/publikation\/130092\/plant-ernahrungssystem-zukunft\/\" target=\"_self\"  ><img loading=\"lazy\" decoding=\"async\" data-ga-category=\"Posts List\" data-ga-action=\"Image\" data-ga-label=\"n\/a\" width=\"926\" height=\"1210\" src=\"https:\/\/www.greenpeace.ch\/static\/planet4-switzerland-stateless\/2026\/03\/207665da-capture-decran-2026-03-11-a-16.12.01.png\" class=\"attachment-post-thumbnail size-post-thumbnail wp-post-image wp-stateless-item\" alt=\"PLANT: Das Ern\u00e4hrungssystem der Zukunft\" style=\"object-fit:cover;\" srcset=\"https:\/\/www.greenpeace.ch\/static\/planet4-switzerland-stateless\/2026\/03\/207665da-capture-decran-2026-03-11-a-16.12.01.png 926w, https:\/\/www.greenpeace.ch\/static\/planet4-switzerland-stateless\/2026\/03\/207665da-capture-decran-2026-03-11-a-16.12.01-230x300.png 230w, https:\/\/www.greenpeace.ch\/static\/planet4-switzerland-stateless\/2026\/03\/207665da-capture-decran-2026-03-11-a-16.12.01-784x1024.png 784w, https:\/\/www.greenpeace.ch\/static\/planet4-switzerland-stateless\/2026\/03\/207665da-capture-decran-2026-03-11-a-16.12.01-768x1004.png 768w, https:\/\/www.greenpeace.ch\/static\/planet4-switzerland-stateless\/2026\/03\/207665da-capture-decran-2026-03-11-a-16.12.01-260x340.png 260w\" sizes=\"auto, (max-width: 926px) 100vw, 926px\" data-image-size=\"post-thumbnail\" data-stateless-media-bucket=\"planet4-switzerland-stateless\" data-stateless-media-name=\"2026\/03\/207665da-capture-decran-2026-03-11-a-16.12.01.png\" \/><\/a><\/figure>\n\n\n<div class=\"wp-block-group is-layout-flow wp-block-group-is-layout-flow\">\n                <div class=\"wp-block-group is-layout-flow wp-block-group-is-layout-flow\"><div class=\"wp-block-post-terms\"><a data-ga-category=\"Posts List\" data-ga-action=\"Post Type Tag\" data-ga-label=\"n\/a\" href=\"https:\/\/www.greenpeace.ch\/de\/publikation\/\">Publikation<\/a><\/div>\n                <div class=\"wp-block-post-terms\"><a data-ga-category=\"Posts List\" data-ga-action=\"Post Type Tag\" data-ga-label=\"n\/a\" href=\"https:\/\/www.greenpeace.ch\/de\/publikation\/\">Publikation<\/a><\/div>\n                <div class=\"taxonomy-post_tag wp-block-post-terms\"><a data-ga-category=\"Posts List\" data-ga-action=\"Navigation Tag\" data-ga-label=\"n\/a\" href=\"https:\/\/www.greenpeace.ch\/de\/tag\/ernaehrung\/\" rel=\"tag\">Ern\u00e4hrung<\/a><span class=\"wp-block-post-terms__separator\"> <\/span><a data-ga-category=\"Posts List\" data-ga-action=\"Navigation Tag\" data-ga-label=\"n\/a\" href=\"https:\/\/www.greenpeace.ch\/de\/tag\/konsum\/\" rel=\"tag\">Konsum<\/a><\/div>\n                <\/div>\n                \n\n<h3 class=\"wp-block-post-title\"><a data-ga-category=\"Posts List\" data-ga-action=\"Title\" data-ga-label=\"n\/a\" href=\"https:\/\/www.greenpeace.ch\/de\/publikation\/130092\/plant-ernahrungssystem-zukunft\/\" target=\"_self\" >PLANT: Das Ern\u00e4hrungssystem der Zukunft<\/a><\/h3>\n\n<div class=\"wp-block-post-excerpt\"><p class=\"wp-block-post-excerpt__excerpt\">Wie sieht das Ern\u00e4hrungssystem der Zukunft aus? PLANT zeigt, was es braucht, damit wir uns haupts\u00e4chlich pflanzlich, lokal, ausgewogen, nachhaltig und tiergerecht ern\u00e4hren k\u00f6nnen. <\/p><\/div>\n\n\n<div class=\"wp-block-group posts-list-meta is-layout-flow wp-block-group-is-layout-flow\"><span class='article-list-item-author'>Greenpeace Schweiz<\/span>\n\n<div class=\"wp-block-post-date\"><time datetime=\"2026-03-23T00:01:00+01:00\">23. M\u00e4rz 2026<\/time><\/div><\/div>\n<\/div>\n<\/div>\n\n<\/li><li class=\"wp-block-post post-129580 post type-post status-publish format-standard has-post-thumbnail hentry category-unkategorisiert tag-zero-waste tag-konsum p4-page-type-publikation\">\n\n<div class=\"wp-block-columns is-layout-flex wp-container-core-columns-is-layout-8f761849 wp-block-columns-is-layout-flex\"><figure class=\"wp-block-post-featured-image\"><a href=\"https:\/\/www.greenpeace.ch\/de\/publikation\/129580\/schaem-dich-shein-2\/\" target=\"_self\"  ><img loading=\"lazy\" decoding=\"async\" data-ga-category=\"Posts List\" data-ga-action=\"Image\" data-ga-label=\"n\/a\" width=\"938\" height=\"1122\" src=\"https:\/\/www.greenpeace.ch\/static\/planet4-switzerland-stateless\/2026\/03\/2c255d1c-capture-decran-2026-03-04-a-10.52.00.png\" class=\"attachment-post-thumbnail size-post-thumbnail wp-post-image wp-stateless-item\" alt=\"Sch\u00e4m dich, Shein II\" style=\"object-fit:cover;\" srcset=\"https:\/\/www.greenpeace.ch\/static\/planet4-switzerland-stateless\/2026\/03\/2c255d1c-capture-decran-2026-03-04-a-10.52.00.png 938w, https:\/\/www.greenpeace.ch\/static\/planet4-switzerland-stateless\/2026\/03\/2c255d1c-capture-decran-2026-03-04-a-10.52.00-251x300.png 251w, https:\/\/www.greenpeace.ch\/static\/planet4-switzerland-stateless\/2026\/03\/2c255d1c-capture-decran-2026-03-04-a-10.52.00-856x1024.png 856w, https:\/\/www.greenpeace.ch\/static\/planet4-switzerland-stateless\/2026\/03\/2c255d1c-capture-decran-2026-03-04-a-10.52.00-768x919.png 768w, https:\/\/www.greenpeace.ch\/static\/planet4-switzerland-stateless\/2026\/03\/2c255d1c-capture-decran-2026-03-04-a-10.52.00-284x340.png 284w\" sizes=\"auto, (max-width: 938px) 100vw, 938px\" data-image-size=\"post-thumbnail\" data-stateless-media-bucket=\"planet4-switzerland-stateless\" data-stateless-media-name=\"2026\/03\/2c255d1c-capture-decran-2026-03-04-a-10.52.00.png\" \/><\/a><\/figure>\n\n\n<div class=\"wp-block-group is-layout-flow wp-block-group-is-layout-flow\">\n                <div class=\"wp-block-group is-layout-flow wp-block-group-is-layout-flow\"><div class=\"wp-block-post-terms\"><a data-ga-category=\"Posts List\" data-ga-action=\"Post Type Tag\" data-ga-label=\"n\/a\" href=\"https:\/\/www.greenpeace.ch\/de\/publikation\/\">Publikation<\/a><\/div>\n                <div class=\"wp-block-post-terms\"><a data-ga-category=\"Posts List\" data-ga-action=\"Post Type Tag\" data-ga-label=\"n\/a\" href=\"https:\/\/www.greenpeace.ch\/de\/publikation\/\">Publikation<\/a><\/div>\n                <div class=\"taxonomy-post_tag wp-block-post-terms\"><a data-ga-category=\"Posts List\" data-ga-action=\"Navigation Tag\" data-ga-label=\"n\/a\" href=\"https:\/\/www.greenpeace.ch\/de\/tag\/zero-waste\/\" rel=\"tag\">ZeroWaste<\/a><span class=\"wp-block-post-terms__separator\"> <\/span><a data-ga-category=\"Posts List\" data-ga-action=\"Navigation Tag\" data-ga-label=\"n\/a\" href=\"https:\/\/www.greenpeace.ch\/de\/tag\/konsum\/\" rel=\"tag\">Konsum<\/a><\/div>\n                <\/div>\n                \n\n<h3 class=\"wp-block-post-title\"><a data-ga-category=\"Posts List\" data-ga-action=\"Title\" data-ga-label=\"n\/a\" href=\"https:\/\/www.greenpeace.ch\/de\/publikation\/129580\/schaem-dich-shein-2\/\" target=\"_self\" >Sch\u00e4m dich, Shein II<\/a><\/h3>\n\n<div class=\"wp-block-post-excerpt\"><p class=\"wp-block-post-excerpt__excerpt\">Der Online-Modeh\u00e4ndler Shein ignoriert Warnungen zu gef\u00e4hrlichen Chemikalien in Kleidungsst\u00fccken. <\/p><\/div>\n\n\n<div class=\"wp-block-group posts-list-meta is-layout-flow wp-block-group-is-layout-flow\"><span class='article-list-item-author'>Greenpeace Deutschland<\/span>\n\n<div class=\"wp-block-post-date\"><time datetime=\"2026-03-05T12:50:00+01:00\">5. M\u00e4rz 2026<\/time><\/div><\/div>\n<\/div>\n<\/div>\n\n<\/li><\/ul>\n\n\n<div class=\"wp-block-buttons carousel-controls is-horizontal is-content-justification-space-between is-nowrap is-layout-flex wp-container-core-buttons-is-layout-358af4b1 wp-block-buttons-is-layout-flex\">\n<div class=\"wp-block-button carousel-control-prev\"><button type=\"button\" class=\"wp-block-button__link wp-element-button\">Prev<\/button><\/div>\n\n\n\n<div class=\"wp-block-button carousel-control-next\"><button type=\"button\" class=\"wp-block-button__link wp-element-button\">N\u00e4chste<\/button><\/div>\n<\/div>\n<\/div>\n","protected":false},"excerpt":{"rendered":"","protected":false},"author":23,"featured_media":109909,"parent":0,"menu_order":0,"comment_status":"closed","ping_status":"closed","template":"","meta":{"_acf_changed":false,"_planet4_optimize_post_is_variant":false,"_planet4_optimize_experiment_name":"","_planet4_optimize_variant_name":"","ep_exclude_from_search":false,"p4_hide_page_title_checkbox":"on","p4_title":"","p4_subtitle":"","p4_description":"","background_image_id":"","background_image":"","p4_button_title":"","p4_button_link":"","p4_button_link_checkbox":"","p4_og_title":"","p4_og_description":"","p4_og_image":"","p4_og_image_id":"","p4_seo_canonical_url":"","p4_campaign_name":"","p4_local_project":"","p4_basket_name":"","p4_department":"","footnotes":""},"categories":[],"tags":[],"class_list":["post-110684","page","type-page","status-publish","has-post-thumbnail","hentry"],"acf":[],"_links":{"self":[{"href":"https:\/\/www.greenpeace.ch\/de\/wp-json\/wp\/v2\/pages\/110684","targetHints":{"allow":["GET"]}}],"collection":[{"href":"https:\/\/www.greenpeace.ch\/de\/wp-json\/wp\/v2\/pages"}],"about":[{"href":"https:\/\/www.greenpeace.ch\/de\/wp-json\/wp\/v2\/types\/page"}],"author":[{"embeddable":true,"href":"https:\/\/www.greenpeace.ch\/de\/wp-json\/wp\/v2\/users\/23"}],"replies":[{"embeddable":true,"href":"https:\/\/www.greenpeace.ch\/de\/wp-json\/wp\/v2\/comments?post=110684"}],"version-history":[{"count":15,"href":"https:\/\/www.greenpeace.ch\/de\/wp-json\/wp\/v2\/pages\/110684\/revisions"}],"predecessor-version":[{"id":132094,"href":"https:\/\/www.greenpeace.ch\/de\/wp-json\/wp\/v2\/pages\/110684\/revisions\/132094"}],"wp:featuredmedia":[{"embeddable":true,"href":"https:\/\/www.greenpeace.ch\/de\/wp-json\/wp\/v2\/media\/109909"}],"wp:attachment":[{"href":"https:\/\/www.greenpeace.ch\/de\/wp-json\/wp\/v2\/media?parent=110684"}],"wp:term":[{"taxonomy":"category","embeddable":true,"href":"https:\/\/www.greenpeace.ch\/de\/wp-json\/wp\/v2\/categories?post=110684"},{"taxonomy":"post_tag","embeddable":true,"href":"https:\/\/www.greenpeace.ch\/de\/wp-json\/wp\/v2\/tags?post=110684"}],"curies":[{"name":"wp","href":"https:\/\/api.w.org\/{rel}","templated":true}]}}