{"id":40267,"date":"2019-12-17T12:52:46","date_gmt":"2019-12-17T10:52:46","guid":{"rendered":"https:\/\/www.greenpeace.ch\/?page_id=40267"},"modified":"2022-03-31T13:34:42","modified_gmt":"2022-03-31T11:34:42","slug":"fordere-deinen-supermarkt-zum-mitmachen-auf","status":"publish","type":"page","link":"https:\/\/www.greenpeace.ch\/de\/handeln\/fuer-eine-plastikfreie-zukunft\/fordere-deinen-supermarkt-zum-mitmachen-auf\/","title":{"rendered":"Fordere deinen Supermarkt zum mitmachen auf"},"content":{"rendered":"\n<div class=\"wp-block-columns is-layout-flex wp-container-core-columns-is-layout-9d6595d7 wp-block-columns-is-layout-flex\">\n<div class=\"wp-block-column is-layout-flow wp-block-column-is-layout-flow\">\n<p>Wirf mal einen Blick in deinen M\u00fclleimer. Geht\u2019s dir wie den meisten, h\u00e4ufen sich darin Lebensmittelverpackungen. Leider l\u00e4sst sich Plastik in Nahrungsmittell\u00e4den kaum umgehen. Fast alles ist von Kunststoff umh\u00fcllt. Und die meisten dieser Verpackungen sind \u00fcberfl\u00fcssig.<\/p>\n\n\n\n<p>Das k\u00f6nnen wir mit nur wenig Umgew\u00f6hnung \u00e4ndern. <strong>Stell dich der Mehrwegbeh\u00e4lter-Challenge und werde Teil der Bewegung, die unsere Einkaufsweise \u00e4ndert! Machen wir Mehrweg zur Norm.<br><\/strong><\/p>\n\n\n\n<h3 class=\"wp-block-heading\">Die Mehrwegbeh\u00e4lter-Challenge:<\/h3>\n\n\n\n<p>Deine wiederverwendbare Tasche hast du wom\u00f6glich bereits dabei. Nimm zus\u00e4tzlich Beh\u00e4lter mit, wenn es im Supermarkt ein Buffet oder andere Formen von Offenverkauf gibt. So verzichtest du auf weitere Plastikpackungen. <strong>Zahlreiche Menschen verzichten schon auf Einwegverpackungen.<\/strong><\/p>\n\n\n\n<p>Die meisten L\u00e4den bef\u00fcllen deinen Mehrwegbeh\u00e4lter gerne. Den \u00fcbrigen kannst du nachhelfen: Knips ein Foto vom vollen oder eben leeren Beh\u00e4lter, markiere den Supermarkt und teil es auf Social Media mit #ReuseRevolution und #BreakFreeFromPlastic <\/p>\n\n\n\n<p>Denke ans Motto: \u201eDer Kunde ist K\u00f6nig\u201c. Die L\u00e4den wollen, dass wir zufrieden sind und wiederkommen. <strong>Bring also zum Ausdruck, dass dir der Verzicht auf Einwegverpackungen am Herzen liegt.<\/strong> Gemeinsam k\u00f6nnen wir daf\u00fcr sorgen, dass Wegwerfverpackungen so \u00fcberholt sind wie Rauchen im Restaurant.&nbsp;<\/p>\n\n\n\n<p>Willst du noch mehr tun? Dann bitte darum, mit dem Gesch\u00e4ftsf\u00fchrer zu sprechen und erkl\u00e4re ihm dein Anliegen. <strong>Nutze zum Beispiel <a href=\"https:\/\/docs.google.com\/document\/d\/1q9sYT5l9XbmTDDK242RINMs6q33bwPWXRENIJDcVOoE\/edit?usp=sharing\">diese Briefvorlage,<\/a> die du herunterladen, bearbeiten, unterschreiben und den Verantwortlichen \u00fcberreichen kannst.<\/strong> Am besten l\u00e4sst du gleich deine ganze Familie oder WG unterschreiben. <br><\/p>\n<\/div>\n\n\n\n<div class=\"wp-block-column is-layout-flow wp-block-column-is-layout-flow\">\n<figure class=\"wp-block-image size-large caption-style-blue-overlay caption-alignment-center\"><img loading=\"lazy\" decoding=\"async\" width=\"768\" height=\"512\" src=\"https:\/\/www.greenpeace.ch\/static\/planet4-switzerland-stateless\/2019\/12\/d7d77dc8-gp0stoael-768x512.jpg\" alt=\"\" class=\"wp-image-40270\" srcset=\"https:\/\/www.greenpeace.ch\/static\/planet4-switzerland-stateless\/2019\/12\/d7d77dc8-gp0stoael-768x512.jpg 768w, https:\/\/www.greenpeace.ch\/static\/planet4-switzerland-stateless\/2019\/12\/d7d77dc8-gp0stoael-768x512-300x200.jpg 300w, https:\/\/www.greenpeace.ch\/static\/planet4-switzerland-stateless\/2019\/12\/d7d77dc8-gp0stoael-768x512-510x340.jpg 510w\" sizes=\"auto, (max-width: 768px) 100vw, 768px\" \/><figcaption>Markt mit offenem Gem\u00fcse- und Fr\u00fcchteverkauf<\/figcaption><\/figure>\n\n\n\n<figure class=\"wp-block-image size-large caption-style-blue-overlay caption-alignment-center\"><img loading=\"lazy\" decoding=\"async\" width=\"1024\" height=\"683\" src=\"https:\/\/www.greenpeace.ch\/static\/planet4-switzerland-stateless\/2019\/12\/822b2499-gp0stu71g_high_res-1024x683.jpg\" alt=\"\" class=\"wp-image-40268\" srcset=\"https:\/\/www.greenpeace.ch\/static\/planet4-switzerland-stateless\/2019\/12\/822b2499-gp0stu71g_high_res-1024x683.jpg 1024w, https:\/\/www.greenpeace.ch\/static\/planet4-switzerland-stateless\/2019\/12\/822b2499-gp0stu71g_high_res-300x200.jpg 300w, https:\/\/www.greenpeace.ch\/static\/planet4-switzerland-stateless\/2019\/12\/822b2499-gp0stu71g_high_res-768x512.jpg 768w, https:\/\/www.greenpeace.ch\/static\/planet4-switzerland-stateless\/2019\/12\/822b2499-gp0stu71g_high_res-1536x1024.jpg 1536w, https:\/\/www.greenpeace.ch\/static\/planet4-switzerland-stateless\/2019\/12\/822b2499-gp0stu71g_high_res-2048x1366.jpg 2048w, https:\/\/www.greenpeace.ch\/static\/planet4-switzerland-stateless\/2019\/12\/822b2499-gp0stu71g_high_res-510x340.jpg 510w\" sizes=\"auto, (max-width: 1024px) 100vw, 1024px\" \/><figcaption>Person, die mit ihrem Mehrwegbeh\u00e4lter einkauft<\/figcaption><\/figure>\n<\/div>\n<\/div>\n\n<div class=\"wp-block-columns is-layout-flex wp-container-core-columns-is-layout-9d6595d7 wp-block-columns-is-layout-flex\">\n<div class=\"wp-block-column is-layout-flow wp-block-column-is-layout-flow\"><\/div>\n\n\n\n<div class=\"wp-block-column is-layout-flow wp-block-column-is-layout-flow\"><\/div>\n<\/div>\n<div data-render=\"planet4-blocks\/columns\" data-attributes=\"{&quot;attributes&quot;:{&quot;columns_block_style&quot;:&quot;image&quot;,&quot;columns_title&quot;:&quot;Mehr Handlungsm\\u00f6glichkeiten&quot;,&quot;columns&quot;:[{&quot;title&quot;:&quot;Informiere dich \\u00fcber Plastikverschmutzung&quot;,&quot;description&quot;:&quot;Plastik verschmutzt jeden Winkel der Erde. Ob Meeresgrund, entlegene Waldpfade, arktisches Eis oder Inselstr\\u00e4nde, an denen Riesenschildkr\\u00f6ten nisten: Plastikabfall ist \\u00fcberall.&quot;,&quot;attachment&quot;:&quot;https:\\\/\\\/www.greenpeace.ch\\\/static\\\/planet4-switzerland-stateless\\\/2019\\\/10\\\/e12d38b9-gp0stqs0e-510x340.jpg&quot;,&quot;cta_link&quot;:&quot;https:\\\/\\\/www.greenpeace.ch\\\/de\\\/handeln\\\/fuer-eine-plastikfreie-zukunft\\\/informiere-dich-ueber-plastikverschmutzung\\\/&quot;,&quot;link_new_tab&quot;:false,&quot;cta_text&quot;:&quot;Learn More&quot;,&quot;attachment_srcset&quot;:&quot;https:\\\/\\\/www.greenpeace.ch\\\/static\\\/planet4-switzerland-stateless\\\/2019\\\/10\\\/e12d38b9-gp0stqs0e-510x340.jpg 510w, https:\\\/\\\/www.greenpeace.ch\\\/static\\\/planet4-switzerland-stateless\\\/2019\\\/10\\\/e12d38b9-gp0stqs0e-300x200.jpg 300w, https:\\\/\\\/www.greenpeace.ch\\\/static\\\/planet4-switzerland-stateless\\\/2019\\\/10\\\/e12d38b9-gp0stqs0e-1024x683.jpg 1024w, https:\\\/\\\/www.greenpeace.ch\\\/static\\\/planet4-switzerland-stateless\\\/2019\\\/10\\\/e12d38b9-gp0stqs0e-768x512.jpg 768w, https:\\\/\\\/www.greenpeace.ch\\\/static\\\/planet4-switzerland-stateless\\\/2019\\\/10\\\/e12d38b9-gp0stqs0e.jpg 1200w&quot;},{&quot;title&quot;:&quot;Organisiere einen Zero-Waste-Event&quot;,&quot;description&quot;:&quot;Egal, ob Dinner, Picknick im Freien oder Treffen in grosser Runde: Der Verzicht auf Plastik bedeutet keinen Verzicht auf Spass. Ganz im Gegenteil: Er ist eine Einladung zu Kreativit\\u00e4t!&quot;,&quot;attachment&quot;:&quot;https:\\\/\\\/www.greenpeace.ch\\\/static\\\/planet4-switzerland-stateless\\\/2019\\\/10\\\/2cc46838-gp0sttm6m-510x340.jpg&quot;,&quot;cta_link&quot;:&quot;https:\\\/\\\/www.greenpeace.ch\\\/de\\\/handeln\\\/fuer-eine-plastikfreie-zukunft\\\/organisiere-einen-zero-waste-event\\\/&quot;,&quot;link_new_tab&quot;:false,&quot;cta_text&quot;:&quot;Jetzt Handeln&quot;,&quot;attachment_srcset&quot;:&quot;https:\\\/\\\/www.greenpeace.ch\\\/static\\\/planet4-switzerland-stateless\\\/2019\\\/10\\\/2cc46838-gp0sttm6m-510x340.jpg 510w, https:\\\/\\\/www.greenpeace.ch\\\/static\\\/planet4-switzerland-stateless\\\/2019\\\/10\\\/2cc46838-gp0sttm6m-300x200.jpg 300w, https:\\\/\\\/www.greenpeace.ch\\\/static\\\/planet4-switzerland-stateless\\\/2019\\\/10\\\/2cc46838-gp0sttm6m-1024x683.jpg 1024w, https:\\\/\\\/www.greenpeace.ch\\\/static\\\/planet4-switzerland-stateless\\\/2019\\\/10\\\/2cc46838-gp0sttm6m-768x512.jpg 768w, https:\\\/\\\/www.greenpeace.ch\\\/static\\\/planet4-switzerland-stateless\\\/2019\\\/10\\\/2cc46838-gp0sttm6m.jpg 1200w&quot;},{&quot;title&quot;:&quot;Fordere Take-aways zum Mitmachen auf&quot;,&quot;description&quot;:&quot;Stelle dich der Mehrwegbeh\\u00e4lter-Challenge und werde Teil der Bewegung, die unsere Einkaufsgewohnheit im Supermarkt \\u00e4ndert&quot;,&quot;attachment&quot;:&quot;https:\\\/\\\/www.greenpeace.ch\\\/static\\\/planet4-switzerland-stateless\\\/2019\\\/10\\\/adf7d427-gp0sttj65-510x340.jpg&quot;,&quot;cta_link&quot;:&quot;https:\\\/\\\/www.greenpeace.ch\\\/de\\\/handeln\\\/fuer-eine-plastikfreie-zukunft\\\/fordere-take-aways-zum-mitmachen-auf\\\/&quot;,&quot;link_new_tab&quot;:false,&quot;cta_text&quot;:&quot;Jetzt Handeln&quot;,&quot;attachment_srcset&quot;:&quot;https:\\\/\\\/www.greenpeace.ch\\\/static\\\/planet4-switzerland-stateless\\\/2019\\\/10\\\/adf7d427-gp0sttj65-510x340.jpg 510w, https:\\\/\\\/www.greenpeace.ch\\\/static\\\/planet4-switzerland-stateless\\\/2019\\\/10\\\/adf7d427-gp0sttj65-300x200.jpg 300w, https:\\\/\\\/www.greenpeace.ch\\\/static\\\/planet4-switzerland-stateless\\\/2019\\\/10\\\/adf7d427-gp0sttj65-1024x683.jpg 1024w, https:\\\/\\\/www.greenpeace.ch\\\/static\\\/planet4-switzerland-stateless\\\/2019\\\/10\\\/adf7d427-gp0sttj65-768x512.jpg 768w, https:\\\/\\\/www.greenpeace.ch\\\/static\\\/planet4-switzerland-stateless\\\/2019\\\/10\\\/adf7d427-gp0sttj65.jpg 1200w&quot;},{&quot;title&quot;:&quot;Mache mit beim weltweiten Brand Audit&quot;,&quot;description&quot;:&quot;Freiwillige s\\u00e4ubern lokale Ufer, Parks und Str\\u00e4nde und nutzen diese Ereignisse, um die Unternehmen zu identifizieren, die f\\u00fcr die Plastikverschmutzung verantwortlich sind&quot;,&quot;attachment&quot;:&quot;https:\\\/\\\/www.greenpeace.ch\\\/static\\\/planet4-switzerland-stateless\\\/2019\\\/12\\\/f96e4955-gp0sttylb-510x340-510x340.jpg&quot;,&quot;cta_link&quot;:&quot;https:\\\/\\\/www.greenpeace.ch\\\/de\\\/handeln\\\/fuer-eine-plastikfreie-zukunft\\\/mache-mit-beim-weltweiten-brand-audit\\\/&quot;,&quot;cta_text&quot;:&quot;Jetzt Handeln&quot;,&quot;link_new_tab&quot;:false,&quot;attachment_srcset&quot;:&quot;https:\\\/\\\/www.greenpeace.ch\\\/static\\\/planet4-switzerland-stateless\\\/2019\\\/12\\\/f96e4955-gp0sttylb-510x340.jpg 510w, https:\\\/\\\/www.greenpeace.ch\\\/static\\\/planet4-switzerland-stateless\\\/2019\\\/12\\\/f96e4955-gp0sttylb-510x340-300x200.jpg 300w&quot;}],&quot;className&quot;:&quot;is-style-image&quot;}}\"><\/div><div data-render=\"planet4-blocks\/columns\" data-attributes=\"{&quot;attributes&quot;:{&quot;columns_block_style&quot;:&quot;image&quot;,&quot;columns&quot;:[{&quot;title&quot;:&quot;&quot;,&quot;description&quot;:&quot;&quot;,&quot;attachment&quot;:&quot;https:\\\/\\\/www.greenpeace.ch\\\/static\\\/planet4-switzerland-stateless\\\/2019\\\/10\\\/20bc547b-gp0stqxo5-510x340.jpg&quot;,&quot;cta_link&quot;:&quot;&quot;,&quot;link_new_tab&quot;:false,&quot;cta_text&quot;:&quot;&quot;,&quot;attachment_srcset&quot;:&quot;https:\\\/\\\/www.greenpeace.ch\\\/static\\\/planet4-switzerland-stateless\\\/2019\\\/10\\\/20bc547b-gp0stqxo5-510x340.jpg 510w, https:\\\/\\\/www.greenpeace.ch\\\/static\\\/planet4-switzerland-stateless\\\/2019\\\/10\\\/20bc547b-gp0stqxo5-300x200.jpg 300w, https:\\\/\\\/www.greenpeace.ch\\\/static\\\/planet4-switzerland-stateless\\\/2019\\\/10\\\/20bc547b-gp0stqxo5-1024x683.jpg 1024w, https:\\\/\\\/www.greenpeace.ch\\\/static\\\/planet4-switzerland-stateless\\\/2019\\\/10\\\/20bc547b-gp0stqxo5-768x512.jpg 768w, https:\\\/\\\/www.greenpeace.ch\\\/static\\\/planet4-switzerland-stateless\\\/2019\\\/10\\\/20bc547b-gp0stqxo5.jpg 1200w&quot;},{&quot;title&quot;:&quot;&quot;,&quot;description&quot;:&quot;&quot;,&quot;attachment&quot;:&quot;https:\\\/\\\/www.greenpeace.ch\\\/static\\\/planet4-switzerland-stateless\\\/2019\\\/10\\\/f96e4955-gp0sttylb-510x340.jpg&quot;,&quot;cta_link&quot;:&quot;\\\/international\\\/campaign\\\/become-a-citizen-scientist\\\/&quot;,&quot;link_new_tab&quot;:false,&quot;cta_text&quot;:&quot;&quot;,&quot;attachment_srcset&quot;:&quot;https:\\\/\\\/www.greenpeace.ch\\\/static\\\/planet4-switzerland-stateless\\\/2019\\\/10\\\/f96e4955-gp0sttylb-510x340.jpg 510w, https:\\\/\\\/www.greenpeace.ch\\\/static\\\/planet4-switzerland-stateless\\\/2019\\\/10\\\/f96e4955-gp0sttylb-300x200.jpg 300w, https:\\\/\\\/www.greenpeace.ch\\\/static\\\/planet4-switzerland-stateless\\\/2019\\\/10\\\/f96e4955-gp0sttylb-1024x683.jpg 1024w, https:\\\/\\\/www.greenpeace.ch\\\/static\\\/planet4-switzerland-stateless\\\/2019\\\/10\\\/f96e4955-gp0sttylb-768x512.jpg 768w, https:\\\/\\\/www.greenpeace.ch\\\/static\\\/planet4-switzerland-stateless\\\/2019\\\/10\\\/f96e4955-gp0sttylb.jpg 1200w&quot;},{&quot;title&quot;:&quot;&quot;,&quot;link_new_tab&quot;:false,&quot;description&quot;:&quot;&quot;,&quot;attachment&quot;:&quot;https:\\\/\\\/www.greenpeace.ch\\\/static\\\/planet4-switzerland-stateless\\\/2019\\\/11\\\/dd239d7c-gp0stt4xm-510x340.jpg&quot;,&quot;cta_link&quot;:&quot;\\\/international\\\/campaign\\\/tools-for-teachers\\\/&quot;,&quot;cta_text&quot;:&quot;&quot;,&quot;attachment_srcset&quot;:&quot;https:\\\/\\\/www.greenpeace.ch\\\/static\\\/planet4-switzerland-stateless\\\/2019\\\/11\\\/dd239d7c-gp0stt4xm-510x340.jpg 510w, https:\\\/\\\/www.greenpeace.ch\\\/static\\\/planet4-switzerland-stateless\\\/2019\\\/11\\\/dd239d7c-gp0stt4xm-300x200.jpg 300w, https:\\\/\\\/www.greenpeace.ch\\\/static\\\/planet4-switzerland-stateless\\\/2019\\\/11\\\/dd239d7c-gp0stt4xm-1024x683.jpg 1024w, https:\\\/\\\/www.greenpeace.ch\\\/static\\\/planet4-switzerland-stateless\\\/2019\\\/11\\\/dd239d7c-gp0stt4xm-768x512.jpg 768w, https:\\\/\\\/www.greenpeace.ch\\\/static\\\/planet4-switzerland-stateless\\\/2019\\\/11\\\/dd239d7c-gp0stt4xm.jpg 1200w&quot;}],&quot;className&quot;:&quot;is-style-image&quot;}}\"><\/div>","protected":false},"excerpt":{"rendered":"<p>Stell dich der Mehrwegbeh\u00e4lter-Challenge und werde Teil der Bewegung, die unsere Einkaufsweise \u00e4ndert!<\/p>\n","protected":false},"author":50,"featured_media":0,"parent":2166,"menu_order":0,"comment_status":"closed","ping_status":"closed","template":"","meta":{"_acf_changed":false,"_planet4_optimize_post_is_variant":false,"_planet4_optimize_experiment_name":"","_planet4_optimize_variant_name":"","ep_exclude_from_search":false,"p4_hide_page_title_checkbox":"","p4_title":"","p4_subtitle":"","p4_description":"","background_image_id":"","background_image":"","p4_button_title":"","p4_button_link":"","p4_button_link_checkbox":"","p4_og_title":"","p4_og_description":"","p4_og_image":"","p4_og_image_id":"","p4_seo_canonical_url":"","p4_campaign_name":"not set","p4_local_project":"not set","p4_basket_name":"not set","p4_department":"","footnotes":""},"categories":[],"tags":[37],"class_list":["post-40267","page","type-page","status-publish","hentry","tag-zero-waste"],"acf":[],"_links":{"self":[{"href":"https:\/\/www.greenpeace.ch\/de\/wp-json\/wp\/v2\/pages\/40267","targetHints":{"allow":["GET"]}}],"collection":[{"href":"https:\/\/www.greenpeace.ch\/de\/wp-json\/wp\/v2\/pages"}],"about":[{"href":"https:\/\/www.greenpeace.ch\/de\/wp-json\/wp\/v2\/types\/page"}],"author":[{"embeddable":true,"href":"https:\/\/www.greenpeace.ch\/de\/wp-json\/wp\/v2\/users\/50"}],"replies":[{"embeddable":true,"href":"https:\/\/www.greenpeace.ch\/de\/wp-json\/wp\/v2\/comments?post=40267"}],"version-history":[{"count":0,"href":"https:\/\/www.greenpeace.ch\/de\/wp-json\/wp\/v2\/pages\/40267\/revisions"}],"up":[{"embeddable":true,"href":"https:\/\/www.greenpeace.ch\/de\/wp-json\/wp\/v2\/pages\/2166"}],"wp:attachment":[{"href":"https:\/\/www.greenpeace.ch\/de\/wp-json\/wp\/v2\/media?parent=40267"}],"wp:term":[{"taxonomy":"category","embeddable":true,"href":"https:\/\/www.greenpeace.ch\/de\/wp-json\/wp\/v2\/categories?post=40267"},{"taxonomy":"post_tag","embeddable":true,"href":"https:\/\/www.greenpeace.ch\/de\/wp-json\/wp\/v2\/tags?post=40267"}],"curies":[{"name":"wp","href":"https:\/\/api.w.org\/{rel}","templated":true}]}}