{"id":493,"date":"2019-04-09T15:46:49","date_gmt":"2019-04-09T15:46:49","guid":{"rendered":"https:\/\/master.greenpeace.ch\/?page_id=493"},"modified":"2025-06-26T09:54:43","modified_gmt":"2025-06-26T07:54:43","slug":"erkunden","status":"publish","type":"page","link":"https:\/\/www.greenpeace.ch\/de\/erkunden\/","title":{"rendered":"Klima, Konsum, Change und weitere Themen"},"content":{"rendered":"\n\n<div class=\"wp-block-group alignfull is-layout-flow wp-block-group-is-layout-flow\">\n<div class=\"wp-block-group container is-layout-flow wp-block-group-is-layout-flow\">\n<div class=\"wp-block-media-text alignfull is-stacked-on-mobile is-pattern-p4-page-header is-style-parallax\"><figure class=\"wp-block-media-text__media\"><img loading=\"lazy\" decoding=\"async\" width=\"1200\" height=\"800\" src=\"https:\/\/www.greenpeace.ch\/static\/planet4-switzerland-stateless\/2024\/12\/420230f6-gp0stqx0a.jpg\" alt=\"&quot;Planet Earth First&quot; Hot Air Balloon Drifts over Hamburg. \u00a9 Daniel M\u00fcller \/ Greenpeace\" sizes=\"auto, (min-width: 601px) 50vw, 100vw\" srcset=\"https:\/\/www.greenpeace.ch\/static\/planet4-switzerland-stateless\/2024\/12\/420230f6-gp0stqx0a.jpg 1200w, https:\/\/www.greenpeace.ch\/static\/planet4-switzerland-stateless\/2024\/12\/420230f6-gp0stqx0a-300x200.jpg 300w, https:\/\/www.greenpeace.ch\/static\/planet4-switzerland-stateless\/2024\/12\/420230f6-gp0stqx0a-1024x683.jpg 1024w, https:\/\/www.greenpeace.ch\/static\/planet4-switzerland-stateless\/2024\/12\/420230f6-gp0stqx0a-768x512.jpg 768w, https:\/\/www.greenpeace.ch\/static\/planet4-switzerland-stateless\/2024\/12\/420230f6-gp0stqx0a-510x340.jpg 510w\" class=\"wp-image-115672 size-full\"\/><\/figure><div class=\"wp-block-media-text__content\">\n<div class=\"wp-block-group is-layout-flow wp-block-group-is-layout-flow\">\n<h1 class=\"wp-block-heading has-white-background-color has-background\">Unsere Themen<\/h1>\n<\/div>\n\n\n\n<p class=\"has-text-align-left\" style=\"font-size:1.25rem\">Greenpeace setzt sich f\u00fcr eine gerechte Welt im Einklang mit der Natur und den planetaren Grenzen ein, mit Fokus auf Biodiversit\u00e4t und Klimaschutz<\/p>\n\n\n\n<div class=\"wp-block-buttons is-layout-flex wp-block-buttons-is-layout-flex\"><\/div>\n<\/div><\/div>\n<\/div>\n<\/div>\n\n\n\n<div class=\"wp-block-group alignfull block has-beige-100-background-color has-background is-layout-flow wp-block-group-is-layout-flow\">\n<div class=\"wp-block-group container is-layout-flow wp-block-group-is-layout-flow\">\n<div style=\"height:24px\" aria-hidden=\"true\" class=\"wp-block-spacer\"><\/div>\n\n\n\n<h2 class=\"wp-block-heading is-style-no-underline\">Nach Themen erkunden<\/h2>\n\n\n\n<div class=\"wp-block-columns is-style-mobile-carousel is-layout-flex wp-container-core-columns-is-layout-9d6595d7 wp-block-columns-is-layout-flex\">\n<div class=\"wp-block-column is-layout-flow wp-block-column-is-layout-flow\">\n<div class=\"wp-block-group group-stretched-link is-layout-flow wp-block-group-is-layout-flow\">\n<figure class=\"wp-block-image aligncenter size-large is-resized force-no-lightbox force-no-caption mb-0 is-style-rounded-180\"><a href=\"#klima\"><img loading=\"lazy\" decoding=\"async\" width=\"1024\" height=\"642\" src=\"https:\/\/www.greenpeace.ch\/static\/planet4-switzerland-stateless-develop\/2023\/06\/2ce90d53-klimahauptbild-1024x642.jpeg\" alt=\"\" class=\"wp-image-99739\" srcset=\"https:\/\/www.greenpeace.ch\/static\/planet4-switzerland-stateless\/2023\/06\/2ce90d53-klimahauptbild-1024x642.jpeg 1024w, https:\/\/www.greenpeace.ch\/static\/planet4-switzerland-stateless\/2023\/06\/2ce90d53-klimahauptbild-300x188.jpeg 300w, https:\/\/www.greenpeace.ch\/static\/planet4-switzerland-stateless\/2023\/06\/2ce90d53-klimahauptbild-768x482.jpeg 768w, https:\/\/www.greenpeace.ch\/static\/planet4-switzerland-stateless\/2023\/06\/2ce90d53-klimahauptbild-1536x963.jpeg 1536w, https:\/\/www.greenpeace.ch\/static\/planet4-switzerland-stateless\/2023\/06\/2ce90d53-klimahauptbild-510x320.jpeg 510w, https:\/\/www.greenpeace.ch\/static\/planet4-switzerland-stateless\/2023\/06\/2ce90d53-klimahauptbild.jpeg 2048w\" sizes=\"auto, (max-width: 1024px) 100vw, 1024px\" \/><\/a><figcaption class=\"wp-element-caption\">The Oslo Climate March, the biggest in Norway&#8217;s history. 3400 People take to the streets, demanding Climate Justice, Climate Jobs and that our leaders take their responsibility in the COP21 meeting in Paris.<\/figcaption><\/figure>\n\n\n\n<div style=\"height:16px\" aria-hidden=\"true\" class=\"wp-block-spacer\"><\/div>\n\n\n\n<h3 class=\"wp-block-heading has-text-align-center\" style=\"font-size:1rem\"><a href=\"#klima\">Klima<\/a><\/h3>\n<\/div>\n<\/div>\n\n\n\n<div class=\"wp-block-column is-layout-flow wp-block-column-is-layout-flow\">\n<div class=\"wp-block-group group-stretched-link is-layout-flow wp-block-group-is-layout-flow\">\n<figure class=\"wp-block-image aligncenter size-full is-resized force-no-lightbox force-no-caption mb-0 is-style-rounded-180\"><a href=\"#konsum\"><img loading=\"lazy\" decoding=\"async\" width=\"992\" height=\"744\" src=\"https:\/\/www.greenpeace.ch\/static\/planet4-switzerland-stateless-develop\/2024\/10\/3747f446-suffizienz-minimalismus-7747.jpeg\" alt=\"\" class=\"wp-image-113876\" srcset=\"https:\/\/www.greenpeace.ch\/static\/planet4-switzerland-stateless\/2024\/10\/3747f446-suffizienz-minimalismus-7747.jpeg 992w, https:\/\/www.greenpeace.ch\/static\/planet4-switzerland-stateless\/2024\/10\/3747f446-suffizienz-minimalismus-7747-300x225.jpeg 300w, https:\/\/www.greenpeace.ch\/static\/planet4-switzerland-stateless\/2024\/10\/3747f446-suffizienz-minimalismus-7747-768x576.jpeg 768w, https:\/\/www.greenpeace.ch\/static\/planet4-switzerland-stateless\/2024\/10\/3747f446-suffizienz-minimalismus-7747-453x340.jpeg 453w\" sizes=\"auto, (max-width: 992px) 100vw, 992px\" \/><\/a><\/figure>\n\n\n\n<div style=\"height:16px\" aria-hidden=\"true\" class=\"wp-block-spacer\"><\/div>\n\n\n\n<h3 class=\"wp-block-heading has-text-align-center\" style=\"font-size:1rem\"><a href=\"#konsum\">Konsum<\/a><\/h3>\n<\/div>\n<\/div>\n\n\n\n<div class=\"wp-block-column is-layout-flow wp-block-column-is-layout-flow\">\n<div class=\"wp-block-group group-stretched-link is-layout-flow wp-block-group-is-layout-flow\">\n<figure class=\"wp-block-image aligncenter size-full is-resized force-no-lightbox force-no-caption mb-0 is-style-rounded-180\"><a href=\"#change\"><img loading=\"lazy\" decoding=\"async\" width=\"856\" height=\"471\" src=\"https:\/\/www.greenpeace.ch\/static\/planet4-switzerland-stateless-develop\/2022\/12\/500e04ad-change-bg-cropped.jpg\" alt=\"\" class=\"wp-image-92320\" srcset=\"https:\/\/www.greenpeace.ch\/static\/planet4-switzerland-stateless\/2022\/12\/500e04ad-change-bg-cropped.jpg 856w, https:\/\/www.greenpeace.ch\/static\/planet4-switzerland-stateless\/2022\/12\/500e04ad-change-bg-cropped-300x165.jpg 300w, https:\/\/www.greenpeace.ch\/static\/planet4-switzerland-stateless\/2022\/12\/500e04ad-change-bg-cropped-768x423.jpg 768w, https:\/\/www.greenpeace.ch\/static\/planet4-switzerland-stateless\/2022\/12\/500e04ad-change-bg-cropped-510x281.jpg 510w\" sizes=\"auto, (max-width: 856px) 100vw, 856px\" \/><\/a><\/figure>\n\n\n\n<div style=\"height:16px\" aria-hidden=\"true\" class=\"wp-block-spacer\"><\/div>\n\n\n\n<h3 class=\"wp-block-heading has-text-align-center\" style=\"font-size:1rem\"><a href=\"#change\">Change<\/a><\/h3>\n<\/div>\n<\/div>\n\n\n\n<div class=\"wp-block-column is-layout-flow wp-block-column-is-layout-flow\">\n<div class=\"wp-block-group group-stretched-link is-layout-flow wp-block-group-is-layout-flow\">\n<figure class=\"wp-block-image aligncenter size-large is-resized force-no-lightbox force-no-caption mb-0 is-style-rounded-180\"><a href=\"#weitere-themen\"><img loading=\"lazy\" decoding=\"async\" width=\"1024\" height=\"683\" src=\"https:\/\/www.greenpeace.ch\/static\/planet4-switzerland-stateless-develop\/2019\/05\/ee5730a9-gp04oet_pressmedia-1024x683.jpg\" alt=\"\" class=\"wp-image-1512\" srcset=\"https:\/\/www.greenpeace.ch\/static\/planet4-switzerland-stateless\/2019\/05\/ee5730a9-gp04oet_pressmedia-1024x683.jpg 1024w, https:\/\/www.greenpeace.ch\/static\/planet4-switzerland-stateless\/2019\/05\/ee5730a9-gp04oet_pressmedia-300x200.jpg 300w, https:\/\/www.greenpeace.ch\/static\/planet4-switzerland-stateless\/2019\/05\/ee5730a9-gp04oet_pressmedia-768x512.jpg 768w, https:\/\/www.greenpeace.ch\/static\/planet4-switzerland-stateless\/2019\/05\/ee5730a9-gp04oet_pressmedia-2048x1366.jpg 2048w, https:\/\/www.greenpeace.ch\/static\/planet4-switzerland-stateless\/2019\/05\/ee5730a9-gp04oet_pressmedia-510x340.jpg 510w\" sizes=\"auto, (max-width: 1024px) 100vw, 1024px\" \/><\/a><figcaption class=\"wp-element-caption\">A green sea turtle swims over the coral gardens of Apo Island. \nThis Marine Protected Area (MPA) was destroyed by Typhoon Pablo in December 2012. An increase in extreme weather events is one of the predicted effects of climate change. Greenpeace is in Apo island as part its Philippine leg of the \u201cOcean Defenders Tour of South East Asia&#187;.<\/figcaption><\/figure>\n\n\n\n<div style=\"height:16px\" aria-hidden=\"true\" class=\"wp-block-spacer\"><\/div>\n\n\n\n<h3 class=\"wp-block-heading has-text-align-center\" style=\"font-size:1rem\"><a href=\"#weitere-themen\">Weitere Themen<\/a><\/h3>\n<\/div>\n<\/div>\n<\/div>\n<\/div>\n<\/div>\n\n\n\n<div class=\"wp-block-media-text has-media-on-the-right is-stacked-on-mobile\"><div class=\"wp-block-media-text__content\">\n<h2 class=\"wp-block-heading is-style-no-underline\" id=\"klima\">Klima<\/h2>\n\n\n\n<p>Der Klimawandel ist die gr\u00f6sste Herausforderung, der sich die Menschheit derzeit stellen muss.<\/p>\n\n\n\n<div class=\"wp-block-buttons is-layout-flex wp-block-buttons-is-layout-flex\">\n<div class=\"wp-block-button is-style-secondary\"><a class=\"wp-block-button__link wp-element-button\" href=\"https:\/\/www.greenpeace.ch\/de\/erkunden\/klima\/\">Mehr zum Klima<\/a><\/div>\n<\/div>\n<\/div><figure class=\"wp-block-media-text__media\"><img loading=\"lazy\" decoding=\"async\" width=\"1024\" height=\"642\" src=\"https:\/\/www.greenpeace.ch\/static\/planet4-switzerland-stateless-develop\/2023\/06\/2ce90d53-klimahauptbild-1024x642.jpeg\" alt=\"\" sizes=\"auto, (min-width: 1600px) calc((1320px - 24px) \/ 2),(min-width: 1200px) calc((1140px - 24px) \/ 2),(min-width: 992px) calc((960px - 24px) \/ 2),(min-width: 768px) calc((720px - 24px) \/ 2),(min-width: 601px) calc((540px - 24px) \/ 2),(min-width: 577px) calc((540px - 24px) \/ 1), calc(100vw - 24px)\" srcset=\"https:\/\/www.greenpeace.ch\/static\/planet4-switzerland-stateless\/2023\/06\/2ce90d53-klimahauptbild.jpeg 2048w, https:\/\/www.greenpeace.ch\/static\/planet4-switzerland-stateless\/2023\/06\/2ce90d53-klimahauptbild-300x188.jpeg 300w, https:\/\/www.greenpeace.ch\/static\/planet4-switzerland-stateless\/2023\/06\/2ce90d53-klimahauptbild-1024x642.jpeg 1024w, https:\/\/www.greenpeace.ch\/static\/planet4-switzerland-stateless\/2023\/06\/2ce90d53-klimahauptbild-768x482.jpeg 768w, https:\/\/www.greenpeace.ch\/static\/planet4-switzerland-stateless\/2023\/06\/2ce90d53-klimahauptbild-1536x963.jpeg 1536w, https:\/\/www.greenpeace.ch\/static\/planet4-switzerland-stateless\/2023\/06\/2ce90d53-klimahauptbild-510x320.jpeg 510w\" class=\"wp-image-99739 size-full\"\/><\/figure><\/div>\n\n\n\n<div class=\"wp-block-group alignfull block has-beige-100-background-color has-background is-layout-flow wp-block-group-is-layout-flow\">\n<div class=\"wp-block-group container is-layout-flow wp-block-group-is-layout-flow\">\n<div style=\"height:24px\" aria-hidden=\"true\" class=\"wp-block-spacer\"><\/div>\n\n\n\n<h3 class=\"wp-block-heading has-text-align-left\">Klimakampagnen<\/h3>\n\n\n\n<div class=\"wp-block-columns is-layout-flex wp-container-core-columns-is-layout-9d6595d7 wp-block-columns-is-layout-flex\">\n<div class=\"wp-block-column is-layout-flow wp-block-column-is-layout-flow\">\n<div class=\"wp-block-group group-stretched-link is-layout-flow wp-block-group-is-layout-flow\">\n<figure class=\"wp-block-image aligncenter size-large is-resized force-no-lightbox force-no-caption is-style-rounded-180\"><a href=\"https:\/\/www.greenpeace.ch\/de\/tag\/energie\/\"><img loading=\"lazy\" decoding=\"async\" width=\"1024\" height=\"683\" src=\"https:\/\/www.greenpeace.ch\/static\/planet4-switzerland-stateless-develop\/2019\/06\/e5fec24b-gp0stt98h_pressmedia-compressor-1024x683.jpg\" alt=\"\" class=\"wp-image-30324\" srcset=\"https:\/\/www.greenpeace.ch\/static\/planet4-switzerland-stateless\/2019\/06\/e5fec24b-gp0stt98h_pressmedia-compressor-1024x683.jpg 1024w, https:\/\/www.greenpeace.ch\/static\/planet4-switzerland-stateless\/2019\/06\/e5fec24b-gp0stt98h_pressmedia-compressor-300x200.jpg 300w, https:\/\/www.greenpeace.ch\/static\/planet4-switzerland-stateless\/2019\/06\/e5fec24b-gp0stt98h_pressmedia-compressor-768x512.jpg 768w, https:\/\/www.greenpeace.ch\/static\/planet4-switzerland-stateless\/2019\/06\/e5fec24b-gp0stt98h_pressmedia-compressor-2048x1366.jpg 2048w, https:\/\/www.greenpeace.ch\/static\/planet4-switzerland-stateless\/2019\/06\/e5fec24b-gp0stt98h_pressmedia-compressor-510x340.jpg 510w\" sizes=\"auto, (max-width: 1024px) 100vw, 1024px\" \/><\/a><\/figure>\n\n\n\n<h4 class=\"wp-block-heading has-text-align-center is-style-chevron\" style=\"font-size:1rem\"><a href=\"https:\/\/www.greenpeace.ch\/de\/tag\/energie\/\">Energie<\/a><\/h4>\n\n\n\n<div style=\"height:16px\" aria-hidden=\"true\" class=\"wp-block-spacer\"><\/div>\n<\/div>\n<\/div>\n\n\n\n<div class=\"wp-block-column is-layout-flow wp-block-column-is-layout-flow\">\n<div class=\"wp-block-group group-stretched-link is-layout-flow wp-block-group-is-layout-flow\">\n<figure class=\"wp-block-image aligncenter size-large is-resized force-no-lightbox force-no-caption is-style-rounded-180\"><a href=\"https:\/\/www.greenpeace.ch\/de\/tag\/klimagerechtigkeit\/\"><img loading=\"lazy\" decoding=\"async\" width=\"1024\" height=\"486\" src=\"https:\/\/www.greenpeace.ch\/static\/planet4-switzerland-stateless-develop\/2019\/05\/1423a793-gp0stsxb0_pressmedia-e1558371813236-1024x486.jpg\" alt=\"\" class=\"wp-image-1237\" srcset=\"https:\/\/www.greenpeace.ch\/static\/planet4-switzerland-stateless\/2019\/05\/1423a793-gp0stsxb0_pressmedia-e1558371813236-1024x486.jpg 1024w, https:\/\/www.greenpeace.ch\/static\/planet4-switzerland-stateless\/2019\/05\/1423a793-gp0stsxb0_pressmedia-e1558371813236-300x142.jpg 300w, https:\/\/www.greenpeace.ch\/static\/planet4-switzerland-stateless\/2019\/05\/1423a793-gp0stsxb0_pressmedia-e1558371813236-768x364.jpg 768w, https:\/\/www.greenpeace.ch\/static\/planet4-switzerland-stateless\/2019\/05\/1423a793-gp0stsxb0_pressmedia-e1558371813236-2048x972.jpg 2048w, https:\/\/www.greenpeace.ch\/static\/planet4-switzerland-stateless\/2019\/05\/1423a793-gp0stsxb0_pressmedia-e1558371813236-510x242.jpg 510w\" sizes=\"auto, (max-width: 1024px) 100vw, 1024px\" \/><\/a><figcaption class=\"wp-element-caption\">The general assembly of the Swiss association &#171;senior women for climate protection&#187; (KlimaSeniorinnen). 65 Elder women vote to take their climate case to the federal supreme court. The appeal to the court will be filed on the 21st of January to the Federal Supreme Court in Lausanne.\nGeneralversammlung des Schweizer Verbandes &#171;Seniorinnen f\u00fcr den Klimaschutz&#187;: 65 \u00e4ltere Frauen stimmen daf\u00fcr, ihren Klimafall vor den Bundesgerichtshof zu bringen. Die Beschwerde beim Gericht wird am 21. Januar beim Bundesgericht in Lausanne eingereicht.<\/figcaption><\/figure>\n\n\n\n<h4 class=\"wp-block-heading has-text-align-center is-style-chevron\" style=\"font-size:1rem\"><a href=\"https:\/\/www.greenpeace.ch\/de\/tag\/klimagerechtigkeit\/\" data-type=\"link\" data-id=\"https:\/\/www.greenpeace.ch\/de\/tag\/klimagerechtigkeit\/\">Klimagerechtigkeit<\/a><\/h4>\n\n\n\n<div style=\"height:16px\" aria-hidden=\"true\" class=\"wp-block-spacer\"><\/div>\n<\/div>\n<\/div>\n\n\n\n<div class=\"wp-block-column is-layout-flow wp-block-column-is-layout-flow\">\n<div class=\"wp-block-group group-stretched-link is-layout-flow wp-block-group-is-layout-flow\">\n<figure class=\"wp-block-image aligncenter size-large is-resized force-no-lightbox force-no-caption is-style-rounded-180\"><a href=\"https:\/\/www.greenpeace.ch\/de\/tag\/nachhaltiger-finanzplatz\/\"><img loading=\"lazy\" decoding=\"async\" width=\"1024\" height=\"683\" src=\"https:\/\/www.greenpeace.ch\/static\/planet4-switzerland-stateless-develop\/2024\/06\/4a2efcb2-gp1svxka-1024x683.jpg\" alt=\"\" class=\"wp-image-108369\" srcset=\"https:\/\/www.greenpeace.ch\/static\/planet4-switzerland-stateless\/2024\/06\/4a2efcb2-gp1svxka-1024x683.jpg 1024w, https:\/\/www.greenpeace.ch\/static\/planet4-switzerland-stateless\/2024\/06\/4a2efcb2-gp1svxka-300x200.jpg 300w, https:\/\/www.greenpeace.ch\/static\/planet4-switzerland-stateless\/2024\/06\/4a2efcb2-gp1svxka-768x512.jpg 768w, https:\/\/www.greenpeace.ch\/static\/planet4-switzerland-stateless\/2024\/06\/4a2efcb2-gp1svxka-1536x1024.jpg 1536w, https:\/\/www.greenpeace.ch\/static\/planet4-switzerland-stateless\/2024\/06\/4a2efcb2-gp1svxka-2048x1366.jpg 2048w, https:\/\/www.greenpeace.ch\/static\/planet4-switzerland-stateless\/2024\/06\/4a2efcb2-gp1svxka-510x340.jpg 510w\" sizes=\"auto, (max-width: 1024px) 100vw, 1024px\" \/><\/a><\/figure>\n\n\n\n<h4 class=\"wp-block-heading has-text-align-center is-style-chevron\" style=\"font-size:1rem\"><a href=\"https:\/\/www.greenpeace.ch\/de\/tag\/nachhaltiger-finanzplatz\/\">Nachhaltiger Finanzplatz<\/a><\/h4>\n\n\n\n<div style=\"height:16px\" aria-hidden=\"true\" class=\"wp-block-spacer\"><\/div>\n<\/div>\n<\/div>\n<\/div>\n<\/div>\n<\/div>\n\n<div aria-hidden=\"true\" class=\"gpch-block-spacer\"><\/div>\n\n<div class=\"wp-block-media-text is-stacked-on-mobile\"><figure class=\"wp-block-media-text__media\"><img loading=\"lazy\" decoding=\"async\" width=\"992\" height=\"744\" src=\"https:\/\/www.greenpeace.ch\/static\/planet4-switzerland-stateless-develop\/2024\/10\/3747f446-suffizienz-minimalismus-7747.jpeg\" alt=\"\" sizes=\"auto, (min-width: 1600px) calc((1320px - 24px) \/ 2),(min-width: 1200px) calc((1140px - 24px) \/ 2),(min-width: 992px) calc((960px - 24px) \/ 2),(min-width: 768px) calc((720px - 24px) \/ 2),(min-width: 601px) calc((540px - 24px) \/ 2),(min-width: 577px) calc((540px - 24px) \/ 1), calc(100vw - 24px)\" srcset=\"https:\/\/www.greenpeace.ch\/static\/planet4-switzerland-stateless\/2024\/10\/3747f446-suffizienz-minimalismus-7747.jpeg 992w, https:\/\/www.greenpeace.ch\/static\/planet4-switzerland-stateless\/2024\/10\/3747f446-suffizienz-minimalismus-7747-300x225.jpeg 300w, https:\/\/www.greenpeace.ch\/static\/planet4-switzerland-stateless\/2024\/10\/3747f446-suffizienz-minimalismus-7747-768x576.jpeg 768w, https:\/\/www.greenpeace.ch\/static\/planet4-switzerland-stateless\/2024\/10\/3747f446-suffizienz-minimalismus-7747-453x340.jpeg 453w\" class=\"wp-image-113876 size-full\"\/><\/figure><div class=\"wp-block-media-text__content\">\n<h2 class=\"wp-block-heading is-style-no-underline\" id=\"konsum\">Konsum<\/h2>\n\n\n\n<p>Gemeinsam setzen wir uns f\u00fcr einen Konsum ein, der die Grenzen unseres Planeten respektiert.<\/p>\n\n\n\n<div class=\"wp-block-buttons is-layout-flex wp-block-buttons-is-layout-flex\">\n<div class=\"wp-block-button\"><a class=\"wp-block-button__link wp-element-button\" href=\"https:\/\/www.greenpeace.ch\/de\/erkunden\/konsum\/\">Mehr zu Konsum<\/a><\/div>\n<\/div>\n<\/div><\/div>\n\n\n\n<div class=\"wp-block-group alignfull block has-beige-100-background-color has-background is-layout-flow wp-block-group-is-layout-flow\">\n<div class=\"wp-block-group container is-layout-flow wp-block-group-is-layout-flow\">\n<div style=\"height:24px\" aria-hidden=\"true\" class=\"wp-block-spacer\"><\/div>\n\n\n\n<h3 class=\"wp-block-heading has-text-align-left is-style-no-underline\">Konsumkampagnen<\/h3>\n\n\n\n<div class=\"wp-block-columns is-layout-flex wp-container-core-columns-is-layout-9d6595d7 wp-block-columns-is-layout-flex\">\n<div class=\"wp-block-column is-layout-flow wp-block-column-is-layout-flow\">\n<div class=\"wp-block-group group-stretched-link is-layout-flow wp-block-group-is-layout-flow\">\n<figure class=\"wp-block-image aligncenter size-large is-resized force-no-lightbox force-no-caption is-style-rounded-180\"><a href=\"https:\/\/www.greenpeace.ch\/de\/tag\/ernaehrung\/\"><img decoding=\"async\" src=\"https:\/\/www.greenpeace.ch\/static\/planet4-switzerland-stateless\/2022\/09\/9c934c85-gp0strmec_.jpg\" alt=\"\"\/><\/a><figcaption class=\"wp-element-caption\">Illustration f\u00fcr Greenpeace Schweiz Mai 2022:\nWimmelbild; Schlachthof; H\u00fchnchen; H\u00fchner; Massentierhaltung; Umweltverschmutzung; Umweltschutz; \u00d6kologie; Greenwashing; Sustainability; Schweiz; Tourismus; Illustration; Suchbild;<\/figcaption><\/figure>\n\n\n\n<h4 class=\"wp-block-heading has-text-align-center is-style-chevron\" style=\"font-size:1rem\"><a href=\"https:\/\/www.greenpeace.ch\/de\/tag\/ernaehrung\/\">Ern\u00e4hrung<\/a><\/h4>\n\n\n\n<div style=\"height:16px\" aria-hidden=\"true\" class=\"wp-block-spacer\"><\/div>\n<\/div>\n<\/div>\n\n\n\n<div class=\"wp-block-column is-layout-flow wp-block-column-is-layout-flow\">\n<div class=\"wp-block-group group-stretched-link is-layout-flow wp-block-group-is-layout-flow\">\n<figure class=\"wp-block-image aligncenter size-large is-resized force-no-lightbox force-no-caption is-style-rounded-180\"><a href=\"https:\/\/www.greenpeace.ch\/de\/tag\/kreislaufwirtschaft\/\"><img loading=\"lazy\" decoding=\"async\" width=\"1024\" height=\"683\" src=\"https:\/\/www.greenpeace.ch\/static\/planet4-switzerland-stateless-develop\/2021\/11\/a5e72e4d-gp0stuc1b_high_res-1024x683.jpg\" alt=\"\" class=\"wp-image-77304\" srcset=\"https:\/\/www.greenpeace.ch\/static\/planet4-switzerland-stateless\/2021\/11\/a5e72e4d-gp0stuc1b_high_res-1024x683.jpg 1024w, https:\/\/www.greenpeace.ch\/static\/planet4-switzerland-stateless\/2021\/11\/a5e72e4d-gp0stuc1b_high_res-300x200.jpg 300w, https:\/\/www.greenpeace.ch\/static\/planet4-switzerland-stateless\/2021\/11\/a5e72e4d-gp0stuc1b_high_res-768x512.jpg 768w, https:\/\/www.greenpeace.ch\/static\/planet4-switzerland-stateless\/2021\/11\/a5e72e4d-gp0stuc1b_high_res-1536x1024.jpg 1536w, https:\/\/www.greenpeace.ch\/static\/planet4-switzerland-stateless\/2021\/11\/a5e72e4d-gp0stuc1b_high_res-2048x1366.jpg 2048w, https:\/\/www.greenpeace.ch\/static\/planet4-switzerland-stateless\/2021\/11\/a5e72e4d-gp0stuc1b_high_res-510x340.jpg 510w\" sizes=\"auto, (max-width: 1024px) 100vw, 1024px\" \/><\/a><figcaption class=\"wp-element-caption\">Greenpeace volunteers organize the Make Smthng Day as a day of workshops, talks and work stations with a focus on swapping, upcycling, making, DIY (Do it yourself), veganism and minimalism.\nThe MAKE SMTHNG Week is a worldwide initiative by Greenpeace about taking action to minimize consume &#8211; instead of buying: make something!\nGreenpeace Ehrenamtliche verwandeln das Atrium des Greenpeace Bueros fuer einen Tag in einen kreativen Ort rund um das Thema Nachhaltigkeit, alternativer Konsum und Selbermachen (DIY &#8211; Do it yourself). \nDie &#171;Make Smthng Week&#187; wird international von Greenpeace-Ehrenamtlichen veranstaltet, um in der Vorweihnachtszeit und rund um den &#171;Black Friday&#187; auf Konsumalternativen aufmerksam zu machen.<\/figcaption><\/figure>\n\n\n\n<h4 class=\"wp-block-heading has-text-align-center is-style-chevron\" style=\"font-size:1rem\"><a href=\"https:\/\/www.greenpeace.ch\/de\/tag\/kreislaufwirtschaft\/\">Kreislaufwirtschaft<\/a><\/h4>\n\n\n\n<div style=\"height:16px\" aria-hidden=\"true\" class=\"wp-block-spacer\"><\/div>\n<\/div>\n<\/div>\n\n\n\n<div class=\"wp-block-column is-layout-flow wp-block-column-is-layout-flow\">\n<div class=\"wp-block-group group-stretched-link is-layout-flow wp-block-group-is-layout-flow\">\n<figure class=\"wp-block-image aligncenter size-large is-resized force-no-lightbox force-no-caption is-style-rounded-180\"><a href=\"https:\/\/www.greenpeace.ch\/de\/tag\/zero-waste\/\"><img loading=\"lazy\" decoding=\"async\" width=\"1024\" height=\"683\" src=\"https:\/\/www.greenpeace.ch\/static\/planet4-switzerland-stateless-develop\/2019\/04\/1f3ef842-01_gp0stt80t_pressmedia-1024x683.jpg\" alt=\"\" class=\"wp-image-28976\" srcset=\"https:\/\/www.greenpeace.ch\/static\/planet4-switzerland-stateless\/2019\/04\/1f3ef842-01_gp0stt80t_pressmedia-1024x683.jpg 1024w, https:\/\/www.greenpeace.ch\/static\/planet4-switzerland-stateless\/2019\/04\/1f3ef842-01_gp0stt80t_pressmedia-300x200.jpg 300w, https:\/\/www.greenpeace.ch\/static\/planet4-switzerland-stateless\/2019\/04\/1f3ef842-01_gp0stt80t_pressmedia-768x512.jpg 768w, https:\/\/www.greenpeace.ch\/static\/planet4-switzerland-stateless\/2019\/04\/1f3ef842-01_gp0stt80t_pressmedia-2048x1366.jpg 2048w, https:\/\/www.greenpeace.ch\/static\/planet4-switzerland-stateless\/2019\/04\/1f3ef842-01_gp0stt80t_pressmedia-510x340.jpg 510w\" sizes=\"auto, (max-width: 1024px) 100vw, 1024px\" \/><\/a><figcaption class=\"wp-element-caption\">Greenpeace-Aktivisten \u00fcbergaben heute der Gesch\u00e4ftsleitung von Nestl\u00e9 im Schweizerischen Vevey ein besonderes Pr\u00e4sent&#8230;<\/figcaption><\/figure>\n\n\n\n<h4 class=\"wp-block-heading has-text-align-center is-style-chevron\" style=\"font-size:1rem\"><a href=\"https:\/\/www.greenpeace.ch\/de\/tag\/zero-waste\/\" data-type=\"link\" data-id=\"https:\/\/www.greenpeace.ch\/de\/tag\/zero-waste\/\">Zero Waste<\/a><\/h4>\n\n\n\n<div style=\"height:16px\" aria-hidden=\"true\" class=\"wp-block-spacer\"><\/div>\n<\/div>\n<\/div>\n<\/div>\n<\/div>\n<\/div>\n\n<div aria-hidden=\"true\" class=\"gpch-block-spacer\"><\/div>\n\n<div class=\"wp-block-media-text has-media-on-the-right is-stacked-on-mobile\"><div class=\"wp-block-media-text__content\">\n<h2 class=\"wp-block-heading is-style-no-underline\" id=\"change\">Change<\/h2>\n\n\n\n<p>Unsere derzeitige Wirtschafts- und Gesellschaftsordnung ist nicht zukunftsf\u00e4hig. Wir brauchen ein System f\u00fcr Mensch und Planet.<\/p>\n\n\n\n<div class=\"wp-block-buttons is-layout-flex wp-block-buttons-is-layout-flex\">\n<div class=\"wp-block-button\"><a class=\"wp-block-button__link wp-element-button\" href=\"https:\/\/www.greenpeace.ch\/de\/erkunden\/change\/\">Mehr zu Change<\/a><\/div>\n<\/div>\n<\/div><figure class=\"wp-block-media-text__media\"><img loading=\"lazy\" decoding=\"async\" width=\"856\" height=\"471\" src=\"https:\/\/www.greenpeace.ch\/static\/planet4-switzerland-stateless-develop\/2022\/12\/500e04ad-change-bg-cropped.jpg\" alt=\"\" sizes=\"auto, (min-width: 1600px) calc((1320px - 24px) \/ 2),(min-width: 1200px) calc((1140px - 24px) \/ 2),(min-width: 992px) calc((960px - 24px) \/ 2),(min-width: 768px) calc((720px - 24px) \/ 2),(min-width: 601px) calc((540px - 24px) \/ 2),(min-width: 577px) calc((540px - 24px) \/ 1), calc(100vw - 24px)\" srcset=\"https:\/\/www.greenpeace.ch\/static\/planet4-switzerland-stateless\/2022\/12\/500e04ad-change-bg-cropped.jpg 856w, https:\/\/www.greenpeace.ch\/static\/planet4-switzerland-stateless\/2022\/12\/500e04ad-change-bg-cropped-300x165.jpg 300w, https:\/\/www.greenpeace.ch\/static\/planet4-switzerland-stateless\/2022\/12\/500e04ad-change-bg-cropped-768x423.jpg 768w, https:\/\/www.greenpeace.ch\/static\/planet4-switzerland-stateless\/2022\/12\/500e04ad-change-bg-cropped-510x281.jpg 510w\" class=\"wp-image-92320 size-full\"\/><\/figure><\/div>\n\n<div aria-hidden=\"true\" class=\"gpch-block-spacer\"><\/div>\n\n<div class=\"wp-block-media-text is-stacked-on-mobile\"><figure class=\"wp-block-media-text__media\"><img loading=\"lazy\" decoding=\"async\" width=\"1024\" height=\"683\" src=\"https:\/\/www.greenpeace.ch\/static\/planet4-switzerland-stateless-develop\/2019\/05\/ee5730a9-gp04oet_pressmedia-1024x683.jpg\" alt=\"\" sizes=\"auto, (min-width: 1600px) calc((1320px - 24px) \/ 2),(min-width: 1200px) calc((1140px - 24px) \/ 2),(min-width: 992px) calc((960px - 24px) \/ 2),(min-width: 768px) calc((720px - 24px) \/ 2),(min-width: 601px) calc((540px - 24px) \/ 2),(min-width: 577px) calc((540px - 24px) \/ 1), calc(100vw - 24px)\" srcset=\"https:\/\/www.greenpeace.ch\/static\/planet4-switzerland-stateless\/2019\/05\/ee5730a9-gp04oet_pressmedia.jpg 2500w, https:\/\/www.greenpeace.ch\/static\/planet4-switzerland-stateless\/2019\/05\/ee5730a9-gp04oet_pressmedia-300x200.jpg 300w, https:\/\/www.greenpeace.ch\/static\/planet4-switzerland-stateless\/2019\/05\/ee5730a9-gp04oet_pressmedia-768x512.jpg 768w, https:\/\/www.greenpeace.ch\/static\/planet4-switzerland-stateless\/2019\/05\/ee5730a9-gp04oet_pressmedia-1024x683.jpg 1024w, https:\/\/www.greenpeace.ch\/static\/planet4-switzerland-stateless\/2019\/05\/ee5730a9-gp04oet_pressmedia-2048x1366.jpg 2048w, https:\/\/www.greenpeace.ch\/static\/planet4-switzerland-stateless\/2019\/05\/ee5730a9-gp04oet_pressmedia-510x340.jpg 510w\" class=\"wp-image-1512 size-full\"\/><\/figure><div class=\"wp-block-media-text__content\">\n<h2 class=\"wp-block-heading is-style-no-underline\" id=\"weitere-themen\">Weitere Themen<\/h2>\n\n\n\n<p>Greenpeace Schweiz setzt sich ausserdem f\u00fcr den Schutz des Meeres, des Waldes, f\u00fcr Frieden und f\u00fcr Konzernverantwortung ein.<\/p>\n\n\n\n<div class=\"wp-block-buttons is-layout-flex wp-block-buttons-is-layout-flex\"><\/div>\n<\/div><\/div>\n\n\n\n<div class=\"wp-block-group alignfull block has-beige-100-background-color has-background is-layout-flow wp-block-group-is-layout-flow\">\n<div class=\"wp-block-group container is-layout-flow wp-block-group-is-layout-flow\">\n<div style=\"height:24px\" aria-hidden=\"true\" class=\"wp-block-spacer\"><\/div>\n\n\n\n<h3 class=\"wp-block-heading has-text-align-left is-style-no-underline\">Weitere Kampagnen<\/h3>\n\n\n\n<div class=\"wp-block-columns is-layout-flex wp-container-core-columns-is-layout-9d6595d7 wp-block-columns-is-layout-flex\">\n<div class=\"wp-block-column is-layout-flow wp-block-column-is-layout-flow\">\n<div class=\"wp-block-group group-stretched-link is-layout-flow wp-block-group-is-layout-flow\">\n<figure class=\"wp-block-image aligncenter size-large is-resized force-no-lightbox force-no-caption is-style-rounded-180\"><a href=\"https:\/\/www.greenpeace.ch\/de\/tag\/konzernverantwortung\/\"><img loading=\"lazy\" decoding=\"async\" width=\"1024\" height=\"683\" src=\"https:\/\/www.greenpeace.ch\/static\/planet4-switzerland-stateless-develop\/2019\/07\/b42f5961-gp01ulo_pressmedia-1024x683.jpg\" alt=\"\" class=\"wp-image-31565\" srcset=\"https:\/\/www.greenpeace.ch\/static\/planet4-switzerland-stateless\/2019\/07\/b42f5961-gp01ulo_pressmedia-1024x683.jpg 1024w, https:\/\/www.greenpeace.ch\/static\/planet4-switzerland-stateless\/2019\/07\/b42f5961-gp01ulo_pressmedia-300x200.jpg 300w, https:\/\/www.greenpeace.ch\/static\/planet4-switzerland-stateless\/2019\/07\/b42f5961-gp01ulo_pressmedia-768x512.jpg 768w, https:\/\/www.greenpeace.ch\/static\/planet4-switzerland-stateless\/2019\/07\/b42f5961-gp01ulo_pressmedia-2048x1366.jpg 2048w, https:\/\/www.greenpeace.ch\/static\/planet4-switzerland-stateless\/2019\/07\/b42f5961-gp01ulo_pressmedia-510x340.jpg 510w\" sizes=\"auto, (max-width: 1024px) 100vw, 1024px\" \/><\/a><figcaption class=\"wp-element-caption\">Aerial view of Syncrude Aurora tar sands mine in the Boreal forest north of Fort McMurray.<\/figcaption><\/figure>\n\n\n\n<h5 class=\"wp-block-heading has-text-align-center is-style-chevron\" style=\"font-size:1rem\"><a href=\"https:\/\/www.greenpeace.ch\/de\/tag\/konzernverantwortung\/\" data-type=\"link\" data-id=\"https:\/\/www.greenpeace.ch\/de\/tag\/konzernverantwortung\/\">Konzernverantwortung<\/a><\/h5>\n\n\n\n<div style=\"height:16px\" aria-hidden=\"true\" class=\"wp-block-spacer\"><\/div>\n<\/div>\n<\/div>\n\n\n\n<div class=\"wp-block-column is-layout-flow wp-block-column-is-layout-flow\">\n<div class=\"wp-block-group group-stretched-link is-layout-flow wp-block-group-is-layout-flow\">\n<figure class=\"wp-block-image aligncenter size-large is-resized force-no-lightbox force-no-caption is-style-rounded-180\"><a href=\"https:\/\/www.greenpeace.ch\/de\/tag\/meer\/\"><img loading=\"lazy\" decoding=\"async\" width=\"1024\" height=\"404\" src=\"https:\/\/www.greenpeace.ch\/static\/planet4-switzerland-stateless-develop\/2019\/05\/ca181e77-gp0stpywj_pressmedia-e1562581433726-1024x404.jpg\" alt=\"\" class=\"wp-image-1508\" srcset=\"https:\/\/www.greenpeace.ch\/static\/planet4-switzerland-stateless\/2019\/05\/ca181e77-gp0stpywj_pressmedia-e1562581433726-1024x404.jpg 1024w, https:\/\/www.greenpeace.ch\/static\/planet4-switzerland-stateless\/2019\/05\/ca181e77-gp0stpywj_pressmedia-e1562581433726-300x118.jpg 300w, https:\/\/www.greenpeace.ch\/static\/planet4-switzerland-stateless\/2019\/05\/ca181e77-gp0stpywj_pressmedia-e1562581433726-768x303.jpg 768w, https:\/\/www.greenpeace.ch\/static\/planet4-switzerland-stateless\/2019\/05\/ca181e77-gp0stpywj_pressmedia-e1562581433726-2048x809.jpg 2048w, https:\/\/www.greenpeace.ch\/static\/planet4-switzerland-stateless\/2019\/05\/ca181e77-gp0stpywj_pressmedia-e1562581433726-510x201.jpg 510w\" sizes=\"auto, (max-width: 1024px) 100vw, 1024px\" \/><\/a><figcaption class=\"wp-element-caption\">Underwater image of a turtle with plastic on his head.<div class=\"credit icon-left\"> \u00a9 Troy Mayne \/ Oceanic Imagery Publications<\/div><\/figcaption><\/figure>\n\n\n\n<h5 class=\"wp-block-heading has-text-align-center is-style-chevron\" style=\"font-size:1rem\"><a href=\"https:\/\/www.greenpeace.ch\/de\/tag\/meer\/\">Meer<\/a><\/h5>\n\n\n\n<div style=\"height:16px\" aria-hidden=\"true\" class=\"wp-block-spacer\"><\/div>\n<\/div>\n<\/div>\n\n\n\n<div class=\"wp-block-column is-layout-flow wp-block-column-is-layout-flow\">\n<div class=\"wp-block-group group-stretched-link is-layout-flow wp-block-group-is-layout-flow\">\n<figure class=\"wp-block-image aligncenter size-large is-resized force-no-lightbox force-no-caption is-style-rounded-180\"><a href=\"https:\/\/www.greenpeace.ch\/de\/tag\/ukraine\/\"><img loading=\"lazy\" decoding=\"async\" width=\"1024\" height=\"684\" src=\"https:\/\/www.greenpeace.ch\/static\/planet4-switzerland-stateless-develop\/2022\/03\/4b611f69-gp1swyy4_medium_res-1024x684.jpg\" alt=\"\" class=\"wp-image-82560\" srcset=\"https:\/\/www.greenpeace.ch\/static\/planet4-switzerland-stateless\/2022\/03\/4b611f69-gp1swyy4_medium_res-1024x684.jpg 1024w, https:\/\/www.greenpeace.ch\/static\/planet4-switzerland-stateless\/2022\/03\/4b611f69-gp1swyy4_medium_res-300x200.jpg 300w, https:\/\/www.greenpeace.ch\/static\/planet4-switzerland-stateless\/2022\/03\/4b611f69-gp1swyy4_medium_res-768x513.jpg 768w, https:\/\/www.greenpeace.ch\/static\/planet4-switzerland-stateless\/2022\/03\/4b611f69-gp1swyy4_medium_res-510x340.jpg 510w, https:\/\/www.greenpeace.ch\/static\/planet4-switzerland-stateless\/2022\/03\/4b611f69-gp1swyy4_medium_res.jpg 1200w\" sizes=\"auto, (max-width: 1024px) 100vw, 1024px\" \/><\/a><\/figure>\n\n\n\n<h5 class=\"wp-block-heading has-text-align-center is-style-chevron\" style=\"font-size:1rem\"><a href=\"https:\/\/www.greenpeace.ch\/de\/tag\/ukraine\/\">Ukraine<\/a><\/h5>\n\n\n\n<div style=\"height:16px\" aria-hidden=\"true\" class=\"wp-block-spacer\"><\/div>\n<\/div>\n<\/div>\n\n\n\n<div class=\"wp-block-column is-layout-flow wp-block-column-is-layout-flow\">\n<div class=\"wp-block-group group-stretched-link is-layout-flow wp-block-group-is-layout-flow\">\n<figure class=\"wp-block-image aligncenter size-large is-resized force-no-lightbox force-no-caption is-style-rounded-180\"><a href=\"https:\/\/www.greenpeace.ch\/de\/tag\/wald\/\"><img loading=\"lazy\" decoding=\"async\" width=\"1024\" height=\"681\" src=\"https:\/\/www.greenpeace.ch\/static\/planet4-switzerland-stateless-develop\/2019\/05\/31c00b46-gp0sto5b2_high_res-1024x681.jpg\" alt=\"\" class=\"wp-image-1045\" srcset=\"https:\/\/www.greenpeace.ch\/static\/planet4-switzerland-stateless\/2019\/05\/31c00b46-gp0sto5b2_high_res-1024x681.jpg 1024w, https:\/\/www.greenpeace.ch\/static\/planet4-switzerland-stateless\/2019\/05\/31c00b46-gp0sto5b2_high_res-300x200.jpg 300w, https:\/\/www.greenpeace.ch\/static\/planet4-switzerland-stateless\/2019\/05\/31c00b46-gp0sto5b2_high_res-768x511.jpg 768w, https:\/\/www.greenpeace.ch\/static\/planet4-switzerland-stateless\/2019\/05\/31c00b46-gp0sto5b2_high_res-2048x1363.jpg 2048w, https:\/\/www.greenpeace.ch\/static\/planet4-switzerland-stateless\/2019\/05\/31c00b46-gp0sto5b2_high_res-510x340.jpg 510w\" sizes=\"auto, (max-width: 1024px) 100vw, 1024px\" \/><\/a><figcaption class=\"wp-element-caption\">Great Bear Rainforest in Canada. Trees with lichens.\nGreat Bear Regenwalds in Kanada. Baeume mit Flechten.<\/figcaption><\/figure>\n\n\n\n<h5 class=\"wp-block-heading has-text-align-center is-style-chevron\" style=\"font-size:1rem\"><a href=\"https:\/\/www.greenpeace.ch\/de\/tag\/wald\/\">Wald<\/a><\/h5>\n\n\n\n<div style=\"height:16px\" aria-hidden=\"true\" class=\"wp-block-spacer\"><\/div>\n<\/div>\n<\/div>\n<\/div>\n<\/div>\n<\/div>\n\n\n<div class=\"wp-block-query posts-list p4-query-loop is-custom-layout-list is-layout-flow wp-block-query-is-layout-flow\">\n<div class=\"wp-block-group is-content-justification-space-between is-layout-flex wp-container-core-group-is-layout-3d213aab wp-block-group-is-layout-flex\">\n<h2 class=\"wp-block-heading\">Aktuelle Beitr\u00e4ge<\/h2>\n\n\n<li class=\" wp-block-navigation-item see-all-link wp-block-navigation-link\"><a class=\"wp-block-navigation-item__content\"  href=\"https:\/\/www.greenpeace.ch\/de\/posts\/\"><span class=\"wp-block-navigation-item__label\">See all posts<\/span><\/a><\/li><\/div>\n\n\n\n<p style=\"margin-top:24px;margin-bottom:36px\"><\/p>\n\n\n\n\n<ul class=\"wp-block-post-template is-layout-flow wp-block-post-template-is-layout-flow\"><li class=\"wp-block-post post-131557 post type-post status-publish format-standard has-post-thumbnail hentry category-unkategorisiert tag-energie tag-klima p4-page-type-story\">\n\n<div class=\"wp-block-columns is-layout-flex wp-container-core-columns-is-layout-9d6595d7 wp-block-columns-is-layout-flex\"><figure class=\"wp-block-post-featured-image\"><a href=\"https:\/\/www.greenpeace.ch\/de\/story\/131557\/meine-reise-ins-herzen-von-tschornobyl-und-welche-lehren-fuer-die-schweiz-zu-ziehen-sind\/\" target=\"_self\"  ><img loading=\"lazy\" decoding=\"async\" width=\"2400\" height=\"1600\" src=\"https:\/\/www.greenpeace.ch\/static\/planet4-switzerland-stateless\/2026\/04\/d001464d-header-webstory.png\" class=\"attachment-post-thumbnail size-post-thumbnail wp-post-image wp-stateless-item\" alt=\"Meine Reise ins Herz von Tschornobyl und welche Lehren f\u00fcr die Schweiz zu ziehen sind\" style=\"object-fit:cover;\" srcset=\"https:\/\/www.greenpeace.ch\/static\/planet4-switzerland-stateless\/2026\/04\/d001464d-header-webstory.png 2400w, https:\/\/www.greenpeace.ch\/static\/planet4-switzerland-stateless\/2026\/04\/d001464d-header-webstory-300x200.png 300w, https:\/\/www.greenpeace.ch\/static\/planet4-switzerland-stateless\/2026\/04\/d001464d-header-webstory-1024x683.png 1024w, https:\/\/www.greenpeace.ch\/static\/planet4-switzerland-stateless\/2026\/04\/d001464d-header-webstory-768x512.png 768w, https:\/\/www.greenpeace.ch\/static\/planet4-switzerland-stateless\/2026\/04\/d001464d-header-webstory-1536x1024.png 1536w, https:\/\/www.greenpeace.ch\/static\/planet4-switzerland-stateless\/2026\/04\/d001464d-header-webstory-2048x1366.png 2048w, https:\/\/www.greenpeace.ch\/static\/planet4-switzerland-stateless\/2026\/04\/d001464d-header-webstory-510x340.png 510w\" sizes=\"auto, (max-width: 2400px) 100vw, 2400px\" data-image-size=\"post-thumbnail\" data-stateless-media-bucket=\"planet4-switzerland-stateless\" data-stateless-media-name=\"2026\/04\/d001464d-header-webstory.png\" \/><\/a><\/figure>\n\n\n<div class=\"wp-block-group is-layout-flow wp-block-group-is-layout-flow\">\n<div class=\"wp-block-group is-layout-flex wp-block-group-is-layout-flex\"><div class=\"wp-block-post-terms\"><a href=\"https:\/\/www.greenpeace.ch\/de\/story\/\">Story<\/a><\/div>\n\n<div class=\"taxonomy-post_tag wp-block-post-terms\"><a href=\"https:\/\/www.greenpeace.ch\/de\/tag\/energie\/\" rel=\"tag\">Energie<\/a><span class=\"wp-block-post-terms__separator\"> <\/span><a href=\"https:\/\/www.greenpeace.ch\/de\/tag\/klima\/\" rel=\"tag\">Klima<\/a><\/div><\/div>\n\n\n<h4 class=\"wp-block-post-title\"><a href=\"https:\/\/www.greenpeace.ch\/de\/story\/131557\/meine-reise-ins-herzen-von-tschornobyl-und-welche-lehren-fuer-die-schweiz-zu-ziehen-sind\/\" target=\"_self\" >Meine Reise ins Herz von Tschornobyl und welche Lehren f\u00fcr die Schweiz zu ziehen sind<\/a><\/h4>\n\n<div class=\"wp-block-post-excerpt\"><p class=\"wp-block-post-excerpt__excerpt\">Ein pers\u00f6nliches Tagebuch einer Reise, die ich nie vergessen werde: 40 Jahre nach der Tschornobyl-Katastrophe besichtige ich den havarierten Reaktor. <\/p><\/div>\n\n\n<div class=\"wp-block-group posts-list-meta is-layout-flow wp-block-group-is-layout-flow\"><span class='article-list-item-author'>Lukas B\u00fchler, Energieexperte Greenpeace Schweiz<\/span>\n\n<div class=\"wp-block-post-date\"><time datetime=\"2026-04-24T11:45:06+02:00\">24. April 2026<\/time><\/div><\/div>\n<\/div>\n<\/div>\n\n<\/li><li class=\"wp-block-post post-131140 post type-post status-publish format-standard has-post-thumbnail hentry category-unkategorisiert p4-page-type-story\">\n\n<div class=\"wp-block-columns is-layout-flex wp-container-core-columns-is-layout-9d6595d7 wp-block-columns-is-layout-flex\"><figure class=\"wp-block-post-featured-image\"><a href=\"https:\/\/www.greenpeace.ch\/de\/story\/131140\/fuenf-faszinierende-tiefseetiere-die-unseren-schutz-brauchen\/\" target=\"_self\"  ><img loading=\"lazy\" decoding=\"async\" width=\"1542\" height=\"820\" src=\"https:\/\/www.greenpeace.ch\/static\/planet4-switzerland-stateless\/2026\/04\/a4836684-2.new_ocean_quizz_header_site.png\" class=\"attachment-post-thumbnail size-post-thumbnail wp-post-image wp-stateless-item\" alt=\"F\u00fcnf faszinierende Tiefseetiere, die unseren Schutz brauchen\" style=\"object-fit:cover;\" srcset=\"https:\/\/www.greenpeace.ch\/static\/planet4-switzerland-stateless\/2026\/04\/a4836684-2.new_ocean_quizz_header_site.png 1542w, https:\/\/www.greenpeace.ch\/static\/planet4-switzerland-stateless\/2026\/04\/a4836684-2.new_ocean_quizz_header_site-300x160.png 300w, https:\/\/www.greenpeace.ch\/static\/planet4-switzerland-stateless\/2026\/04\/a4836684-2.new_ocean_quizz_header_site-1024x545.png 1024w, https:\/\/www.greenpeace.ch\/static\/planet4-switzerland-stateless\/2026\/04\/a4836684-2.new_ocean_quizz_header_site-768x408.png 768w, https:\/\/www.greenpeace.ch\/static\/planet4-switzerland-stateless\/2026\/04\/a4836684-2.new_ocean_quizz_header_site-1536x817.png 1536w, https:\/\/www.greenpeace.ch\/static\/planet4-switzerland-stateless\/2026\/04\/a4836684-2.new_ocean_quizz_header_site-510x271.png 510w\" sizes=\"auto, (max-width: 1542px) 100vw, 1542px\" data-image-size=\"post-thumbnail\" data-stateless-media-bucket=\"planet4-switzerland-stateless\" data-stateless-media-name=\"2026\/04\/a4836684-2.new_ocean_quizz_header_site.png\" \/><\/a><\/figure>\n\n\n<div class=\"wp-block-group is-layout-flow wp-block-group-is-layout-flow\">\n<div class=\"wp-block-group is-layout-flex wp-block-group-is-layout-flex\"><div class=\"wp-block-post-terms\"><a href=\"https:\/\/www.greenpeace.ch\/de\/story\/\">Story<\/a><\/div>\n\n<\/div>\n\n\n<h4 class=\"wp-block-post-title\"><a href=\"https:\/\/www.greenpeace.ch\/de\/story\/131140\/fuenf-faszinierende-tiefseetiere-die-unseren-schutz-brauchen\/\" target=\"_self\" >F\u00fcnf faszinierende Tiefseetiere, die unseren Schutz brauchen<\/a><\/h4>\n\n<div class=\"wp-block-post-excerpt\"><p class=\"wp-block-post-excerpt__excerpt\">In v\u00f6lliger Dunkelheit und bei eisigen Temperaturen leben Wesen, die wirken, als k\u00e4men sie aus einer anderen Welt. Doch diese fragile und einzigartige Welt ist bedroht, unter anderem durch den geplanten Tiefseebergbau. Wir stellen dir f\u00fcnf aussergew\u00f6hnliche Tiefseetiere vor und zeigen, warum wir ihren Lebensraum sch\u00fctzen m\u00fcssen. <\/p><\/div>\n\n\n<div class=\"wp-block-group posts-list-meta is-layout-flow wp-block-group-is-layout-flow\"><span class='article-list-item-author'>Greenpeace Schweiz<\/span>\n\n<div class=\"wp-block-post-date\"><time datetime=\"2026-04-15T13:06:45+02:00\">15. April 2026<\/time><\/div><\/div>\n<\/div>\n<\/div>\n\n<\/li><li class=\"wp-block-post post-130986 post type-post status-publish format-standard has-post-thumbnail hentry category-unkategorisiert tag-klima p4-page-type-story\">\n\n<div class=\"wp-block-columns is-layout-flex wp-container-core-columns-is-layout-9d6595d7 wp-block-columns-is-layout-flex\"><figure class=\"wp-block-post-featured-image\"><a href=\"https:\/\/www.greenpeace.ch\/de\/story\/130986\/musik-trifft-auf-schmelzendes-eis\/\" target=\"_self\"  ><img loading=\"lazy\" decoding=\"async\" width=\"2048\" height=\"1365\" src=\"https:\/\/www.greenpeace.ch\/static\/planet4-switzerland-stateless\/2026\/04\/47b96d9d-dsc3741-1.jpg\" class=\"attachment-post-thumbnail size-post-thumbnail wp-post-image wp-stateless-item\" alt=\"Musik trifft auf schmelzendes Eis\" style=\"object-fit:cover;\" srcset=\"https:\/\/www.greenpeace.ch\/static\/planet4-switzerland-stateless\/2026\/04\/47b96d9d-dsc3741-1.jpg 2048w, https:\/\/www.greenpeace.ch\/static\/planet4-switzerland-stateless\/2026\/04\/47b96d9d-dsc3741-1-300x200.jpg 300w, https:\/\/www.greenpeace.ch\/static\/planet4-switzerland-stateless\/2026\/04\/47b96d9d-dsc3741-1-1024x683.jpg 1024w, https:\/\/www.greenpeace.ch\/static\/planet4-switzerland-stateless\/2026\/04\/47b96d9d-dsc3741-1-768x512.jpg 768w, https:\/\/www.greenpeace.ch\/static\/planet4-switzerland-stateless\/2026\/04\/47b96d9d-dsc3741-1-1536x1024.jpg 1536w, https:\/\/www.greenpeace.ch\/static\/planet4-switzerland-stateless\/2026\/04\/47b96d9d-dsc3741-1-510x340.jpg 510w\" sizes=\"auto, (max-width: 2048px) 100vw, 2048px\" data-image-size=\"post-thumbnail\" data-stateless-media-bucket=\"planet4-switzerland-stateless\" data-stateless-media-name=\"2026\/04\/47b96d9d-dsc3741-1.jpg\" \/><\/a><\/figure>\n\n\n<div class=\"wp-block-group is-layout-flow wp-block-group-is-layout-flow\">\n<div class=\"wp-block-group is-layout-flex wp-block-group-is-layout-flex\"><div class=\"wp-block-post-terms\"><a href=\"https:\/\/www.greenpeace.ch\/de\/story\/\">Story<\/a><\/div>\n\n<div class=\"taxonomy-post_tag wp-block-post-terms\"><a href=\"https:\/\/www.greenpeace.ch\/de\/tag\/klima\/\" rel=\"tag\">Klima<\/a><\/div><\/div>\n\n\n<h4 class=\"wp-block-post-title\"><a href=\"https:\/\/www.greenpeace.ch\/de\/story\/130986\/musik-trifft-auf-schmelzendes-eis\/\" target=\"_self\" >Musik trifft auf schmelzendes Eis<\/a><\/h4>\n\n<div class=\"wp-block-post-excerpt\"><p class=\"wp-block-post-excerpt__excerpt\">Die Welt ist wundersch\u00f6n \u2013 und zerbrechlich. An kaum einem anderen Ort zeigt sich das so gut wie in den Gletscherh\u00f6hlen des Morteratschgletschers im Oberengadin (GR). Der Gletscher war im M\u00e4rz 2026 Kulisse f\u00fcr eine aussergew\u00f6hnliche Auff\u00fchrung der Schweizer Musikerin To Athena und eines vierk\u00f6pfigen Ensembles. <\/p><\/div>\n\n\n<div class=\"wp-block-group posts-list-meta is-layout-flow wp-block-group-is-layout-flow\"><span class='article-list-item-author'>Greenpeace Schweiz<\/span>\n\n<div class=\"wp-block-post-date\"><time datetime=\"2026-04-11T06:00:00+02:00\">11. April 2026<\/time><\/div><\/div>\n<\/div>\n<\/div>\n\n<\/li><\/ul>\n\n\n<div class=\"wp-block-buttons carousel-controls is-horizontal is-content-justification-space-between is-nowrap is-layout-flex wp-container-core-buttons-is-layout-044bd602 wp-block-buttons-is-layout-flex\">\n<div class=\"wp-block-button carousel-control-prev\"><a class=\"wp-block-button__link wp-element-button\">Prev<\/a><\/div>\n\n\n\n<div class=\"wp-block-button carousel-control-next\"><a class=\"wp-block-button__link wp-element-button\">Next<\/a><\/div>\n<\/div>\n\n\n<li class=\" wp-block-navigation-item see-all-link wp-block-navigation-link\"><a class=\"wp-block-navigation-item__content\"  href=\"https:\/\/www.greenpeace.ch\/de\/posts\/?post-type=story\"><span class=\"wp-block-navigation-item__label\">Alle Beitr\u00e4ge anzeigen<\/span><\/a><\/li><\/div>\n\n<div class=\"wp-block-query posts-list p4-query-loop is-custom-layout-grid is-layout-grid wp-container-core-query-is-layout-b8bb0bd1 wp-block-query-is-layout-grid\">\n<div class=\"wp-block-group is-content-justification-space-between is-layout-flex wp-container-core-group-is-layout-3d213aab wp-block-group-is-layout-flex\">\n<h2 class=\"wp-block-heading\">Publikationen<\/h2>\n\n\n<li class=\" wp-block-navigation-item see-all-link wp-block-navigation-link\"><a class=\"wp-block-navigation-item__content\"  href=\"https:\/\/www.greenpeace.ch\/de\/posts\/\"><span class=\"wp-block-navigation-item__label\">See all posts<\/span><\/a><\/li><\/div>\n\n\n\n<p style=\"margin-top:24px;margin-bottom:36px\"><\/p>\n\n\n\n\n<ul class=\"wp-block-post-template is-layout-flow wp-block-post-template-is-layout-flow\"><li class=\"wp-block-post post-130092 post type-post status-publish format-standard has-post-thumbnail hentry category-unkategorisiert tag-ernaehrung tag-konsum p4-page-type-publikation\">\n\n<div class=\"wp-block-columns is-layout-flex wp-container-core-columns-is-layout-9d6595d7 wp-block-columns-is-layout-flex\"><figure class=\"wp-block-post-featured-image\"><a href=\"https:\/\/www.greenpeace.ch\/de\/publikation\/130092\/plant-ernahrungssystem-zukunft\/\" target=\"_self\"  ><img loading=\"lazy\" decoding=\"async\" width=\"926\" height=\"1210\" src=\"https:\/\/www.greenpeace.ch\/static\/planet4-switzerland-stateless\/2026\/03\/207665da-capture-decran-2026-03-11-a-16.12.01.png\" class=\"attachment-post-thumbnail size-post-thumbnail wp-post-image wp-stateless-item\" alt=\"PLANT: Das Ern\u00e4hrungssystem der Zukunft\" style=\"object-fit:cover;\" srcset=\"https:\/\/www.greenpeace.ch\/static\/planet4-switzerland-stateless\/2026\/03\/207665da-capture-decran-2026-03-11-a-16.12.01.png 926w, https:\/\/www.greenpeace.ch\/static\/planet4-switzerland-stateless\/2026\/03\/207665da-capture-decran-2026-03-11-a-16.12.01-230x300.png 230w, https:\/\/www.greenpeace.ch\/static\/planet4-switzerland-stateless\/2026\/03\/207665da-capture-decran-2026-03-11-a-16.12.01-784x1024.png 784w, https:\/\/www.greenpeace.ch\/static\/planet4-switzerland-stateless\/2026\/03\/207665da-capture-decran-2026-03-11-a-16.12.01-768x1004.png 768w, https:\/\/www.greenpeace.ch\/static\/planet4-switzerland-stateless\/2026\/03\/207665da-capture-decran-2026-03-11-a-16.12.01-260x340.png 260w\" sizes=\"auto, (max-width: 926px) 100vw, 926px\" data-image-size=\"post-thumbnail\" data-stateless-media-bucket=\"planet4-switzerland-stateless\" data-stateless-media-name=\"2026\/03\/207665da-capture-decran-2026-03-11-a-16.12.01.png\" \/><\/a><\/figure>\n\n\n<div class=\"wp-block-group is-layout-flow wp-block-group-is-layout-flow\">\n<div class=\"wp-block-group is-layout-flex wp-block-group-is-layout-flex\"><div class=\"wp-block-post-terms\"><a href=\"https:\/\/www.greenpeace.ch\/de\/publikation\/\">Publikation<\/a><\/div>\n\n<div class=\"taxonomy-post_tag wp-block-post-terms\"><a href=\"https:\/\/www.greenpeace.ch\/de\/tag\/ernaehrung\/\" rel=\"tag\">Ern\u00e4hrung<\/a><span class=\"wp-block-post-terms__separator\"> <\/span><a href=\"https:\/\/www.greenpeace.ch\/de\/tag\/konsum\/\" rel=\"tag\">Konsum<\/a><\/div><\/div>\n\n\n<h4 class=\"wp-block-post-title\"><a href=\"https:\/\/www.greenpeace.ch\/de\/publikation\/130092\/plant-ernahrungssystem-zukunft\/\" target=\"_self\" >PLANT: Das Ern\u00e4hrungssystem der Zukunft<\/a><\/h4>\n\n\n<div class=\"wp-block-group posts-list-meta is-layout-flow wp-block-group-is-layout-flow\"><div class=\"wp-block-post-date\"><time datetime=\"2026-03-23T00:01:00+01:00\">23. M\u00e4rz 2026<\/time><\/div><\/div>\n<\/div>\n<\/div>\n\n<\/li><li class=\"wp-block-post post-129580 post type-post status-publish format-standard has-post-thumbnail hentry category-unkategorisiert tag-zero-waste tag-konsum p4-page-type-publikation\">\n\n<div class=\"wp-block-columns is-layout-flex wp-container-core-columns-is-layout-9d6595d7 wp-block-columns-is-layout-flex\"><figure class=\"wp-block-post-featured-image\"><a href=\"https:\/\/www.greenpeace.ch\/de\/publikation\/129580\/schaem-dich-shein-2\/\" target=\"_self\"  ><img loading=\"lazy\" decoding=\"async\" width=\"938\" height=\"1122\" src=\"https:\/\/www.greenpeace.ch\/static\/planet4-switzerland-stateless\/2026\/03\/2c255d1c-capture-decran-2026-03-04-a-10.52.00.png\" class=\"attachment-post-thumbnail size-post-thumbnail wp-post-image wp-stateless-item\" alt=\"Sch\u00e4m dich, Shein II\" style=\"object-fit:cover;\" srcset=\"https:\/\/www.greenpeace.ch\/static\/planet4-switzerland-stateless\/2026\/03\/2c255d1c-capture-decran-2026-03-04-a-10.52.00.png 938w, https:\/\/www.greenpeace.ch\/static\/planet4-switzerland-stateless\/2026\/03\/2c255d1c-capture-decran-2026-03-04-a-10.52.00-251x300.png 251w, https:\/\/www.greenpeace.ch\/static\/planet4-switzerland-stateless\/2026\/03\/2c255d1c-capture-decran-2026-03-04-a-10.52.00-856x1024.png 856w, https:\/\/www.greenpeace.ch\/static\/planet4-switzerland-stateless\/2026\/03\/2c255d1c-capture-decran-2026-03-04-a-10.52.00-768x919.png 768w, https:\/\/www.greenpeace.ch\/static\/planet4-switzerland-stateless\/2026\/03\/2c255d1c-capture-decran-2026-03-04-a-10.52.00-284x340.png 284w\" sizes=\"auto, (max-width: 938px) 100vw, 938px\" data-image-size=\"post-thumbnail\" data-stateless-media-bucket=\"planet4-switzerland-stateless\" data-stateless-media-name=\"2026\/03\/2c255d1c-capture-decran-2026-03-04-a-10.52.00.png\" \/><\/a><\/figure>\n\n\n<div class=\"wp-block-group is-layout-flow wp-block-group-is-layout-flow\">\n<div class=\"wp-block-group is-layout-flex wp-block-group-is-layout-flex\"><div class=\"wp-block-post-terms\"><a href=\"https:\/\/www.greenpeace.ch\/de\/publikation\/\">Publikation<\/a><\/div>\n\n<div class=\"taxonomy-post_tag wp-block-post-terms\"><a href=\"https:\/\/www.greenpeace.ch\/de\/tag\/zero-waste\/\" rel=\"tag\">ZeroWaste<\/a><span class=\"wp-block-post-terms__separator\"> <\/span><a href=\"https:\/\/www.greenpeace.ch\/de\/tag\/konsum\/\" rel=\"tag\">Konsum<\/a><\/div><\/div>\n\n\n<h4 class=\"wp-block-post-title\"><a href=\"https:\/\/www.greenpeace.ch\/de\/publikation\/129580\/schaem-dich-shein-2\/\" target=\"_self\" >Sch\u00e4m dich, Shein II<\/a><\/h4>\n\n\n<div class=\"wp-block-group posts-list-meta is-layout-flow wp-block-group-is-layout-flow\"><div class=\"wp-block-post-date\"><time datetime=\"2026-03-05T12:50:00+01:00\">5. M\u00e4rz 2026<\/time><\/div><\/div>\n<\/div>\n<\/div>\n\n<\/li><li class=\"wp-block-post post-129070 post type-post status-publish format-standard has-post-thumbnail hentry category-consommationpublications-2 tag-ernaehrung tag-konsum p4-page-type-publikation\">\n\n<div class=\"wp-block-columns is-layout-flex wp-container-core-columns-is-layout-9d6595d7 wp-block-columns-is-layout-flex\"><figure class=\"wp-block-post-featured-image\"><a href=\"https:\/\/www.greenpeace.ch\/de\/publikation\/129070\/tierproteine-dominieren-supermarkte\/\" target=\"_self\"  ><img loading=\"lazy\" decoding=\"async\" width=\"940\" height=\"1216\" src=\"https:\/\/www.greenpeace.ch\/static\/planet4-switzerland-stateless\/2026\/02\/f3c0e941-capture-decran-2026-02-11-a-10.04.47.png\" class=\"attachment-post-thumbnail size-post-thumbnail wp-post-image wp-stateless-item\" alt=\"9 zu 1: Tierproteine dominieren das Angebot der Superm\u00e4rkte\" style=\"object-fit:cover;\" srcset=\"https:\/\/www.greenpeace.ch\/static\/planet4-switzerland-stateless\/2026\/02\/f3c0e941-capture-decran-2026-02-11-a-10.04.47.png 940w, https:\/\/www.greenpeace.ch\/static\/planet4-switzerland-stateless\/2026\/02\/f3c0e941-capture-decran-2026-02-11-a-10.04.47-232x300.png 232w, https:\/\/www.greenpeace.ch\/static\/planet4-switzerland-stateless\/2026\/02\/f3c0e941-capture-decran-2026-02-11-a-10.04.47-792x1024.png 792w, https:\/\/www.greenpeace.ch\/static\/planet4-switzerland-stateless\/2026\/02\/f3c0e941-capture-decran-2026-02-11-a-10.04.47-768x993.png 768w, https:\/\/www.greenpeace.ch\/static\/planet4-switzerland-stateless\/2026\/02\/f3c0e941-capture-decran-2026-02-11-a-10.04.47-263x340.png 263w\" sizes=\"auto, (max-width: 940px) 100vw, 940px\" data-image-size=\"post-thumbnail\" data-stateless-media-bucket=\"planet4-switzerland-stateless\" data-stateless-media-name=\"2026\/02\/f3c0e941-capture-decran-2026-02-11-a-10.04.47.png\" \/><\/a><\/figure>\n\n\n<div class=\"wp-block-group is-layout-flow wp-block-group-is-layout-flow\">\n<div class=\"wp-block-group is-layout-flex wp-block-group-is-layout-flex\"><div class=\"wp-block-post-terms\"><a href=\"https:\/\/www.greenpeace.ch\/de\/publikation\/\">Publikation<\/a><\/div>\n\n<div class=\"taxonomy-post_tag wp-block-post-terms\"><a href=\"https:\/\/www.greenpeace.ch\/de\/tag\/ernaehrung\/\" rel=\"tag\">Ern\u00e4hrung<\/a><span class=\"wp-block-post-terms__separator\"> <\/span><a href=\"https:\/\/www.greenpeace.ch\/de\/tag\/konsum\/\" rel=\"tag\">Konsum<\/a><\/div><\/div>\n\n\n<h4 class=\"wp-block-post-title\"><a href=\"https:\/\/www.greenpeace.ch\/de\/publikation\/129070\/tierproteine-dominieren-supermarkte\/\" target=\"_self\" >9 zu 1: Tierproteine dominieren das Angebot der Superm\u00e4rkte<\/a><\/h4>\n\n\n<div class=\"wp-block-group posts-list-meta is-layout-flow wp-block-group-is-layout-flow\"><div class=\"wp-block-post-date\"><time datetime=\"2026-02-19T00:01:00+01:00\">19. Februar 2026<\/time><\/div><\/div>\n<\/div>\n<\/div>\n\n<\/li><li class=\"wp-block-post post-127628 post type-post status-publish format-standard has-post-thumbnail hentry category-unkategorisiert tag-energie tag-klima p4-page-type-publikation\">\n\n<div class=\"wp-block-columns is-layout-flex wp-container-core-columns-is-layout-9d6595d7 wp-block-columns-is-layout-flex\"><figure class=\"wp-block-post-featured-image\"><a href=\"https:\/\/www.greenpeace.ch\/de\/publikation\/127628\/rock-solid-die-ungeloeste-atommuellfrage\/\" target=\"_self\"  ><img loading=\"lazy\" decoding=\"async\" width=\"774\" height=\"1098\" src=\"https:\/\/www.greenpeace.ch\/static\/planet4-switzerland-stateless\/2025\/11\/6141a254-rock-solid-2_titelbild.png\" class=\"attachment-post-thumbnail size-post-thumbnail wp-post-image wp-stateless-item\" alt=\"Rock Solid? Die ungel\u00f6ste Atomm\u00fcllfrage\" style=\"object-fit:cover;\" srcset=\"https:\/\/www.greenpeace.ch\/static\/planet4-switzerland-stateless\/2025\/11\/6141a254-rock-solid-2_titelbild.png 774w, https:\/\/www.greenpeace.ch\/static\/planet4-switzerland-stateless\/2025\/11\/6141a254-rock-solid-2_titelbild-211x300.png 211w, https:\/\/www.greenpeace.ch\/static\/planet4-switzerland-stateless\/2025\/11\/6141a254-rock-solid-2_titelbild-722x1024.png 722w, https:\/\/www.greenpeace.ch\/static\/planet4-switzerland-stateless\/2025\/11\/6141a254-rock-solid-2_titelbild-768x1089.png 768w, https:\/\/www.greenpeace.ch\/static\/planet4-switzerland-stateless\/2025\/11\/6141a254-rock-solid-2_titelbild-240x340.png 240w\" sizes=\"auto, (max-width: 774px) 100vw, 774px\" data-image-size=\"post-thumbnail\" data-stateless-media-bucket=\"planet4-switzerland-stateless\" data-stateless-media-name=\"2025\/11\/6141a254-rock-solid-2_titelbild.png\" \/><\/a><\/figure>\n\n\n<div class=\"wp-block-group is-layout-flow wp-block-group-is-layout-flow\">\n<div class=\"wp-block-group is-layout-flex wp-block-group-is-layout-flex\"><div class=\"wp-block-post-terms\"><a href=\"https:\/\/www.greenpeace.ch\/de\/publikation\/\">Publikation<\/a><\/div>\n\n<div class=\"taxonomy-post_tag wp-block-post-terms\"><a href=\"https:\/\/www.greenpeace.ch\/de\/tag\/energie\/\" rel=\"tag\">Energie<\/a><span class=\"wp-block-post-terms__separator\"> <\/span><a href=\"https:\/\/www.greenpeace.ch\/de\/tag\/klima\/\" rel=\"tag\">Klima<\/a><\/div><\/div>\n\n\n<h4 class=\"wp-block-post-title\"><a href=\"https:\/\/www.greenpeace.ch\/de\/publikation\/127628\/rock-solid-die-ungeloeste-atommuellfrage\/\" target=\"_self\" >Rock Solid? Die ungel\u00f6ste Atomm\u00fcllfrage<\/a><\/h4>\n\n\n<div class=\"wp-block-group posts-list-meta is-layout-flow wp-block-group-is-layout-flow\"><div class=\"wp-block-post-date\"><time datetime=\"2025-11-30T00:01:00+01:00\">30. November 2025<\/time><\/div><\/div>\n<\/div>\n<\/div>\n\n<\/li><\/ul>\n\n\n<div class=\"wp-block-buttons carousel-controls is-horizontal is-content-justification-space-between is-nowrap is-layout-flex wp-container-core-buttons-is-layout-044bd602 wp-block-buttons-is-layout-flex\">\n<div class=\"wp-block-button carousel-control-prev\"><a class=\"wp-block-button__link wp-element-button\">Prev<\/a><\/div>\n\n\n\n<div class=\"wp-block-button carousel-control-next\"><a class=\"wp-block-button__link wp-element-button\">Next<\/a><\/div>\n<\/div>\n\n\n<li class=\" wp-block-navigation-item see-all-link wp-block-navigation-link\"><a class=\"wp-block-navigation-item__content\"  href=\"https:\/\/www.greenpeace.ch\/de\/posts\/?post-type=publikation\"><span class=\"wp-block-navigation-item__label\">Alle Publikationen anzeigen<\/span><\/a><\/li><\/div>\n\n<p><\/p>\n","protected":false},"excerpt":{"rendered":"<p>Erkunde die Kampagnen Klima, Konsum, Meer und weitere Themen von Greenpeace<\/p>\n","protected":false},"author":25,"featured_media":109899,"parent":0,"menu_order":0,"comment_status":"closed","ping_status":"closed","template":"","meta":{"_acf_changed":false,"_planet4_optimize_post_is_variant":false,"_planet4_optimize_experiment_name":"","_planet4_optimize_variant_name":"","ep_exclude_from_search":false,"p4_hide_page_title_checkbox":"on","p4_title":"","p4_subtitle":"","p4_description":"","background_image_id":"","background_image":"","p4_button_title":"","p4_button_link":"","p4_button_link_checkbox":"","p4_og_title":"Klima, Konsum und weitere Themen","p4_og_description":"Erkunde die Kampagnen Klima, Konsum, Meer und weitere Themen von Greenpeace","p4_og_image":"","p4_og_image_id":"","p4_seo_canonical_url":"","p4_campaign_name":"not set","p4_local_project":"not set","p4_basket_name":"not set","p4_department":"","footnotes":""},"categories":[],"tags":[],"class_list":["post-493","page","type-page","status-publish","has-post-thumbnail","hentry"],"acf":[],"_links":{"self":[{"href":"https:\/\/www.greenpeace.ch\/de\/wp-json\/wp\/v2\/pages\/493","targetHints":{"allow":["GET"]}}],"collection":[{"href":"https:\/\/www.greenpeace.ch\/de\/wp-json\/wp\/v2\/pages"}],"about":[{"href":"https:\/\/www.greenpeace.ch\/de\/wp-json\/wp\/v2\/types\/page"}],"author":[{"embeddable":true,"href":"https:\/\/www.greenpeace.ch\/de\/wp-json\/wp\/v2\/users\/25"}],"replies":[{"embeddable":true,"href":"https:\/\/www.greenpeace.ch\/de\/wp-json\/wp\/v2\/comments?post=493"}],"version-history":[{"count":20,"href":"https:\/\/www.greenpeace.ch\/de\/wp-json\/wp\/v2\/pages\/493\/revisions"}],"predecessor-version":[{"id":122691,"href":"https:\/\/www.greenpeace.ch\/de\/wp-json\/wp\/v2\/pages\/493\/revisions\/122691"}],"wp:featuredmedia":[{"embeddable":true,"href":"https:\/\/www.greenpeace.ch\/de\/wp-json\/wp\/v2\/media\/109899"}],"wp:attachment":[{"href":"https:\/\/www.greenpeace.ch\/de\/wp-json\/wp\/v2\/media?parent=493"}],"wp:term":[{"taxonomy":"category","embeddable":true,"href":"https:\/\/www.greenpeace.ch\/de\/wp-json\/wp\/v2\/categories?post=493"},{"taxonomy":"post_tag","embeddable":true,"href":"https:\/\/www.greenpeace.ch\/de\/wp-json\/wp\/v2\/tags?post=493"}],"curies":[{"name":"wp","href":"https:\/\/api.w.org\/{rel}","templated":true}]}}