{"id":497,"date":"2019-04-09T15:48:38","date_gmt":"2019-04-09T15:48:38","guid":{"rendered":"https:\/\/master.greenpeace.ch\/?page_id=497"},"modified":"2026-04-21T11:30:31","modified_gmt":"2026-04-21T09:30:31","slug":"ueber-uns","status":"publish","type":"page","link":"https:\/\/www.greenpeace.ch\/de\/ueber-uns\/","title":{"rendered":"\u00dcber uns"},"content":{"rendered":"\n\n<div class=\"wp-block-group alignfull is-layout-flow wp-block-group-is-layout-flow\">\n<div class=\"wp-block-group container is-layout-flow wp-block-group-is-layout-flow\">\n<div class=\"wp-block-media-text alignfull has-media-on-the-right is-stacked-on-mobile is-pattern-p4-page-header is-style-parallax\"><div class=\"wp-block-media-text__content\">\n<div class=\"wp-block-group is-layout-flow wp-block-group-is-layout-flow\">\n<h1 class=\"wp-block-heading has-white-background-color has-background\">Greenpeace: \u00dcber uns <\/h1>\n<\/div>\n<\/div><figure class=\"wp-block-media-text__media\"><img loading=\"lazy\" decoding=\"async\" width=\"1199\" height=\"798\" src=\"https:\/\/www.greenpeace.ch\/static\/planet4-switzerland-stateless\/2022\/03\/0d498150-gp06w9_medium_res.jpg\" alt=\"\" sizes=\"auto, (min-width: 601px) 50vw, 100vw\" srcset=\"https:\/\/www.greenpeace.ch\/static\/planet4-switzerland-stateless\/2022\/03\/0d498150-gp06w9_medium_res.jpg 1199w, https:\/\/www.greenpeace.ch\/static\/planet4-switzerland-stateless\/2022\/03\/0d498150-gp06w9_medium_res-300x200.jpg 300w, https:\/\/www.greenpeace.ch\/static\/planet4-switzerland-stateless\/2022\/03\/0d498150-gp06w9_medium_res-1024x682.jpg 1024w, https:\/\/www.greenpeace.ch\/static\/planet4-switzerland-stateless\/2022\/03\/0d498150-gp06w9_medium_res-768x511.jpg 768w, https:\/\/www.greenpeace.ch\/static\/planet4-switzerland-stateless\/2022\/03\/0d498150-gp06w9_medium_res-510x340.jpg 510w\" class=\"wp-image-82397 size-full\"\/><\/figure><\/div>\n<\/div>\n<\/div>\n\n\n<h2 class=\"wp-block-heading is-style-underline\">Unabh\u00e4ngig, gewaltfrei, international<\/h2>\n\n<div class=\"wp-block-columns has-2-columns is-layout-flex wp-container-core-columns-is-layout-9d6595d7 wp-block-columns-is-layout-flex\">\n<div class=\"wp-block-column is-layout-flow wp-block-column-is-layout-flow\">\n<p>Greenpeace ist eine internationale Umweltorganisation, die sich weltweit f\u00fcr den Erhalt der nat\u00fcrlichen Lebensgrundlagen von Mensch und Natur und Gerechtigkeit f\u00fcr alle Lebewesen in Gegenwart und Zukunft einsetzt. Dabei geht sie Probleme hartn\u00e4ckig an &#8211; auch gegen Widerst\u00e4nde und \u00fcber l\u00e4ngere Zeitr\u00e4ume.&nbsp;<\/p>\n\n\n\n<p>Greenpeace wurde 1971 gegr\u00fcndet. <a href=\"https:\/\/www.greenpeace.ch\/de\/ueber-uns\/greenpeace-weltweit-und-ihre-gruender\/\">Internationalit\u00e4t <\/a>ist eine besondere St\u00e4rke der Organisation, die mittlerweile mit nationalen und regionalen B\u00fcros in 25 L\u00e4ndern vertreten und in mehr als 55 L\u00e4ndern aktiv ist. Die daf\u00fcr notwendige finanzielle Unterst\u00fctzung und politische Durchschlagskraft gew\u00e4hrleisten weltweit 2.8 Millionen Menschen, davon \u00fcber 118&#8217;000 Spender:innen in der Schweiz.<\/p>\n\n\n\n<p>Greenpeace Schweiz gr\u00fcndete sich 1984 als gemeinn\u00fctzige Stiftung mit dem Zweck, \u00abdie \u00f6ffentliche Wohlfahrt durch Bestrebungen im Natur-, Umwelt und Tierschutz zu f\u00f6rdern\u00bb. Wir sind Mitglied der Stiftung Greenpeace International und tragen zu ihrer Entwicklung und den globalen Kampagnen bei.<\/p>\n\n\n\n<p>Die Gemeinn\u00fctzigkeit ist ein wichtiger Aspekt unserer Arbeit: Wir verstehen uns als Anw\u00e4ltin der Natur, die sich f\u00fcr die Sicherung der Lebensgrundlagen von Mensch und Tier und Umwelt engagiert und damit dem Wohlergehen der Allgemeinheit dient.<\/p>\n\n\n\n<p>Die Brosch\u00fcre <strong>\u00abGreenpeace \u2013 ungemein n\u00fctzlich\u00bb<\/strong> zeigt, weshalb und vor allem wie Greenpeace sich gemeinn\u00fctzig f\u00fcr eine gr\u00fcne, gerechte und friedliche Welt einsetzt.&nbsp;<\/p>\n<\/div>\n\n\n\n<div class=\"wp-block-column is-layout-flow wp-block-column-is-layout-flow\">\n<figure class=\"wp-block-embed is-type-rich is-provider-issuu wp-block-embed-issuu\"><div class=\"wp-block-embed__wrapper\">\n<iframe title=\"Greenpeace \u2013 ungemein n\u00fctzlich\" src=\"https:\/\/e.issuu.com\/embed.html?u=greenpeace-switzerland&#038;d=gp_gemeinnu_tzigkeitsbroschu_re_de_221218\" style=\"border:none; width: 500px; height: 383px;\" allow=\"clipboard-write,allow-top-navigation,allow-top-navigation-by-user-activation,allow-downloads,allow-scripts,allow-same-origin,allow-popups,allow-modals,allow-popups-to-escape-sandbox,allow-forms\"  allowfullscreen=\"true\"><\/iframe>\n<\/div><\/figure>\n<\/div>\n<\/div>\n\n<h2 class=\"wp-block-heading is-style-underline\">Was Greenpeace einzigartig macht<\/h2>\n\n<div class=\"wp-block-columns has-2-columns is-layout-flex wp-container-core-columns-is-layout-9d6595d7 wp-block-columns-is-layout-flex\">\n<div class=\"wp-block-column is-layout-flow wp-block-column-is-layout-flow\">\n<p>Greenpeace steht f\u00fcr Unabh\u00e4ngigkeit. Wir arbeiten unabh\u00e4ngig von Regierungen, Parteien und wirtschaftlichen Interessengruppen und finanzieren uns ausschliesslich aus Spenden von Privatpersonen und Zuwendungen von ausgew\u00e4hlten Stiftungen. Greenpeace l\u00e4sst sich auch keine Projekte von der EU oder der UNO finanzieren. Das unterscheidet uns ganz wesentlich von vielen anderen Organisationen, die sich f\u00fcr Geld von Industrie oder Politik abh\u00e4ngig machen. Greenpeace legt sich auch mit den gr\u00f6ssten Konzernen an &#8211; wer traut sich das heute noch?<\/p>\n<\/div>\n\n\n\n<div class=\"wp-block-column is-layout-flow wp-block-column-is-layout-flow\">\n<figure class=\"wp-block-image size-full caption-style-medium caption-alignment-center\"><img loading=\"lazy\" decoding=\"async\" width=\"800\" height=\"533\" src=\"https:\/\/www.greenpeace.ch\/static\/planet4-switzerland-stateless\/2022\/03\/8035e445-gp0sttfcj_web_size.jpg\" alt=\"\" class=\"wp-image-82219\" srcset=\"https:\/\/www.greenpeace.ch\/static\/planet4-switzerland-stateless\/2022\/03\/8035e445-gp0sttfcj_web_size.jpg 800w, https:\/\/www.greenpeace.ch\/static\/planet4-switzerland-stateless\/2022\/03\/8035e445-gp0sttfcj_web_size-300x200.jpg 300w, https:\/\/www.greenpeace.ch\/static\/planet4-switzerland-stateless\/2022\/03\/8035e445-gp0sttfcj_web_size-768x512.jpg 768w, https:\/\/www.greenpeace.ch\/static\/planet4-switzerland-stateless\/2022\/03\/8035e445-gp0sttfcj_web_size-510x340.jpg 510w\" sizes=\"auto, (max-width: 800px) 100vw, 800px\" \/><\/figure>\n<\/div>\n<\/div>\n\n<h2 class=\"wp-block-heading is-style-underline\">Gewaltfreie Aktionen gegen Umweltverbrechen<\/h2>\n\n<div class=\"wp-block-columns has-2-columns is-layout-flex wp-container-core-columns-is-layout-9d6595d7 wp-block-columns-is-layout-flex\">\n<div class=\"wp-block-column is-layout-flow wp-block-column-is-layout-flow\">\n<p>Um Probleme aufzuzeigen, auf Missst\u00e4nde aufmerksam zu machen, sowie positive Ver\u00e4nderungen einzufordern und herbeizuf\u00fchren, ist f\u00fcr Greenpeace die gewaltfreie direkte Aktion neben anderen Formen der \u00d6ffentlichkeitsarbeit ein wichtiges Mittel. Greenpeace Aktivist:innen konfrontieren diejenigen, die Umweltsch\u00e4den verursachen oder zu verantworten haben &#8211; wenn m\u00f6glich am Ort des Umweltverbrechens. Immer wieder legen sie auf friedliche Weise Zeugnis \u00fcber Umweltzerst\u00f6rungen ab. Der provozierende, kraftvolle, manchmal freche und konfrontative Charakter, das \u00fcberraschende, kompromisslose, mutige und stets gewaltfreie Vorgehen unter vollem pers\u00f6nlichen Einsatz und Risiko ist das Ungew\u00f6hnliche an Greenpeace. Wir l\u00f6sen relevante, gesellschaftsver\u00e4ndernde Konflikte und Debatten aus und erzeugen Reibung, die es f\u00fcr Ver\u00e4nderung braucht.<\/p>\n<\/div>\n\n\n\n<div class=\"wp-block-column is-layout-flow wp-block-column-is-layout-flow\">\n<figure class=\"wp-block-image size-full caption-style-medium caption-alignment-center\"><img loading=\"lazy\" decoding=\"async\" width=\"800\" height=\"533\" src=\"https:\/\/www.greenpeace.ch\/static\/planet4-switzerland-stateless\/2022\/03\/54fcf6e3-gp0strj4j_web_size.jpg\" alt=\"\" class=\"wp-image-82212\" srcset=\"https:\/\/www.greenpeace.ch\/static\/planet4-switzerland-stateless\/2022\/03\/54fcf6e3-gp0strj4j_web_size.jpg 800w, https:\/\/www.greenpeace.ch\/static\/planet4-switzerland-stateless\/2022\/03\/54fcf6e3-gp0strj4j_web_size-300x200.jpg 300w, https:\/\/www.greenpeace.ch\/static\/planet4-switzerland-stateless\/2022\/03\/54fcf6e3-gp0strj4j_web_size-768x512.jpg 768w, https:\/\/www.greenpeace.ch\/static\/planet4-switzerland-stateless\/2022\/03\/54fcf6e3-gp0strj4j_web_size-510x340.jpg 510w\" sizes=\"auto, (max-width: 800px) 100vw, 800px\" \/><\/figure>\n<\/div>\n<\/div>\n\n<h2 class=\"wp-block-heading is-style-underline\">Recherchieren, Aufdecken, L\u00f6sungen entwickeln<\/h2>\n\n<div class=\"wp-block-columns has-2-columns is-layout-flex wp-container-core-columns-is-layout-9d6595d7 wp-block-columns-is-layout-flex\">\n<div class=\"wp-block-column is-layout-flow wp-block-column-is-layout-flow\">\n<p>Die Basis der Greenpeace-Arbeit ist sorgf\u00e4ltige Recherche. So k\u00f6nnen wir Umweltskandale ans Licht der \u00d6ffentlichkeit bringen &#8211; und auch die Alternativen benennen und L\u00f6sungen entwickeln, damit sie rechtzeitig beachtet und bew\u00e4ltigt werden k\u00f6nnen. Greenpeace beweist immer wieder, dass es anders geht &#8211; oftmals sehr zum \u00c4rger der Industrie. Drei von vielen Beispielen:<\/p>\n\n\n\n<ul class=\"wp-block-list\">\n<li>1993 zeigt der \u201e<a href=\"https:\/\/www.greenpeace.de\/klimaschutz\/klimakrise\/greenfreeze-feiert-20-geburtstag\">Greenfreeze<\/a>\u201c, dass sich K\u00fchlschr\u00e4nke FCKW- und FKW-frei und somit ozon- und klimaschonend herstellen lassen.<\/li>\n\n\n\n<li>1996 pr\u00e4sentiert Greenpeace den <a href=\"https:\/\/www.greenpeace.de\/node\/17864\">\u201eSmILE\u201c<\/a>, einen umgebauten serientauglichen Renault Twingo, mit einem Verbrauch von unter drei Litern auf 100 Kilometer.<\/li>\n\n\n\n<li>2013 pr\u00e4sentiert Greenpeace Schweiz mit der \u201cEnergy Revolution\u201d ein Energie- &amp; Strom-Szenario f\u00fcr die Schweiz, das mit 100 % erneuerbaren Energiequellen auskommt.<\/li>\n<\/ul>\n<\/div>\n\n\n\n<div class=\"wp-block-column is-layout-flow wp-block-column-is-layout-flow\">\n<figure class=\"wp-block-image size-full caption-style-medium caption-alignment-center\"><img loading=\"lazy\" decoding=\"async\" width=\"799\" height=\"533\" src=\"https:\/\/www.greenpeace.ch\/static\/planet4-switzerland-stateless\/2022\/03\/8b9781bf-gp0stob2v_web_size.jpg\" alt=\"\" class=\"wp-image-82215\" srcset=\"https:\/\/www.greenpeace.ch\/static\/planet4-switzerland-stateless\/2022\/03\/8b9781bf-gp0stob2v_web_size.jpg 799w, https:\/\/www.greenpeace.ch\/static\/planet4-switzerland-stateless\/2022\/03\/8b9781bf-gp0stob2v_web_size-300x200.jpg 300w, https:\/\/www.greenpeace.ch\/static\/planet4-switzerland-stateless\/2022\/03\/8b9781bf-gp0stob2v_web_size-768x512.jpg 768w, https:\/\/www.greenpeace.ch\/static\/planet4-switzerland-stateless\/2022\/03\/8b9781bf-gp0stob2v_web_size-510x340.jpg 510w\" sizes=\"auto, (max-width: 799px) 100vw, 799px\" \/><\/figure>\n<\/div>\n<\/div>\n\n<h2 class=\"wp-block-heading is-style-underline\">Bewusstseinswandel &amp; Ver\u00e4nderung der politischen, rechtlichen Rahmenbedingungen<\/h2>\n\n<div class=\"wp-block-columns has-2-columns is-layout-flex wp-container-core-columns-is-layout-9d6595d7 wp-block-columns-is-layout-flex\">\n<div class=\"wp-block-column is-layout-flow wp-block-column-is-layout-flow\">\n<p>Greenpeace leistet umfassende Aufkl\u00e4rungsarbeit in der breiten \u00d6ffentlichkeit und im parlamentarischen Bereich, sowie der politischen Verwaltung. Wir verm\u00f6gen unsere radikal ehrlichen Forderungen in die Gesellschaft einzubringen und verlangen politische Rahmenbedingungen und L\u00f6sungen. Greenpeace nutzt Rechtsmittel, wenn zum Schutz der Menschenrechte und des Umweltschutzes kein effektiver Rechtsschutz zur Verf\u00fcgung steht. Die Organisation inspiriert auf vielen Ebenen der Gesellschaft zu mehr Verantwortung f\u00fcr den Planeten. So treiben wir den Bewusstseinswandel voran, ebenso wie konkrete Ver\u00e4nderungen der politischen und rechtlichen Rahmenbedingungen f\u00fcr unsere Gesellschaft. Kooperationen mit Dritten sind dabei m\u00f6glich. Die Unabh\u00e4ngigkeit von Greenpeace darf dadurch jedoch nie ber\u00fchrt werden.<\/p>\n<\/div>\n\n\n\n<div class=\"wp-block-column is-layout-flow wp-block-column-is-layout-flow\">\n<figure class=\"wp-block-image size-full caption-style-medium caption-alignment-center\"><img loading=\"lazy\" decoding=\"async\" width=\"800\" height=\"552\" src=\"https:\/\/www.greenpeace.ch\/static\/planet4-switzerland-stateless\/2022\/03\/49b89dc3-gp1suiv5_web_size.jpg\" alt=\"\" class=\"wp-image-82206\" srcset=\"https:\/\/www.greenpeace.ch\/static\/planet4-switzerland-stateless\/2022\/03\/49b89dc3-gp1suiv5_web_size.jpg 800w, https:\/\/www.greenpeace.ch\/static\/planet4-switzerland-stateless\/2022\/03\/49b89dc3-gp1suiv5_web_size-300x207.jpg 300w, https:\/\/www.greenpeace.ch\/static\/planet4-switzerland-stateless\/2022\/03\/49b89dc3-gp1suiv5_web_size-768x530.jpg 768w, https:\/\/www.greenpeace.ch\/static\/planet4-switzerland-stateless\/2022\/03\/49b89dc3-gp1suiv5_web_size-493x340.jpg 493w\" sizes=\"auto, (max-width: 800px) 100vw, 800px\" \/><\/figure>\n<\/div>\n<\/div>\n\n<hr class=\"wp-block-separator has-css-opacity\"\/>\n\n<h2 class=\"wp-block-heading is-style-default\" id=\"jahresbericht\">Jahresberichte<\/h2>\n\n<div class=\"wp-block-query posts-list p4-query-loop is-custom-layout-grid is-layout-flow wp-block-query-is-layout-flow\"><ul class=\"wp-block-post-template is-layout-flow wp-block-post-template-is-layout-flow\"><li class=\"wp-block-post post-120275 post type-post status-publish format-standard has-post-thumbnail hentry category-unkategorisiert tag-jahresbericht tag-ueber-uns p4-page-type-publikation\">\n\n<div class=\"wp-block-columns is-layout-flex wp-container-core-columns-is-layout-9d6595d7 wp-block-columns-is-layout-flex\"><figure class=\"wp-block-post-featured-image\"><a href=\"https:\/\/www.greenpeace.ch\/de\/publikation\/120275\/greenpeace-schweiz-jahresbericht-2024\/\" target=\"_self\"  ><img loading=\"lazy\" decoding=\"async\" width=\"1228\" height=\"1728\" src=\"https:\/\/www.greenpeace.ch\/static\/planet4-switzerland-stateless\/2025\/05\/2ccb9b1b-bildschirmfoto-2025-05-14-um-14.29.31.png\" class=\"attachment-post-thumbnail size-post-thumbnail wp-post-image wp-stateless-item\" alt=\"Greenpeace Schweiz Jahresbericht 2024\" style=\"object-fit:cover;\" srcset=\"https:\/\/www.greenpeace.ch\/static\/planet4-switzerland-stateless\/2025\/05\/2ccb9b1b-bildschirmfoto-2025-05-14-um-14.29.31.png 1228w, https:\/\/www.greenpeace.ch\/static\/planet4-switzerland-stateless\/2025\/05\/2ccb9b1b-bildschirmfoto-2025-05-14-um-14.29.31-213x300.png 213w, https:\/\/www.greenpeace.ch\/static\/planet4-switzerland-stateless\/2025\/05\/2ccb9b1b-bildschirmfoto-2025-05-14-um-14.29.31-728x1024.png 728w, https:\/\/www.greenpeace.ch\/static\/planet4-switzerland-stateless\/2025\/05\/2ccb9b1b-bildschirmfoto-2025-05-14-um-14.29.31-768x1081.png 768w, https:\/\/www.greenpeace.ch\/static\/planet4-switzerland-stateless\/2025\/05\/2ccb9b1b-bildschirmfoto-2025-05-14-um-14.29.31-1092x1536.png 1092w, https:\/\/www.greenpeace.ch\/static\/planet4-switzerland-stateless\/2025\/05\/2ccb9b1b-bildschirmfoto-2025-05-14-um-14.29.31-971x1366.png 971w, https:\/\/www.greenpeace.ch\/static\/planet4-switzerland-stateless\/2025\/05\/2ccb9b1b-bildschirmfoto-2025-05-14-um-14.29.31-242x340.png 242w\" sizes=\"auto, (max-width: 1228px) 100vw, 1228px\" data-image-size=\"post-thumbnail\" data-stateless-media-bucket=\"planet4-switzerland-stateless\" data-stateless-media-name=\"2025\/05\/2ccb9b1b-bildschirmfoto-2025-05-14-um-14.29.31.png\" \/><\/a><\/figure>\n\n\n<div class=\"wp-block-group is-layout-flow wp-block-group-is-layout-flow\"><h4 class=\"wp-block-post-title\"><a href=\"https:\/\/www.greenpeace.ch\/de\/publikation\/120275\/greenpeace-schweiz-jahresbericht-2024\/\" target=\"_self\" >Greenpeace Schweiz Jahresbericht 2024<\/a><\/h4>\n\n\n<div class=\"wp-block-group posts-list-meta is-layout-flow wp-block-group-is-layout-flow\"><span class='article-list-item-author'><a href='https:\/\/www.greenpeace.ch\/de\/author\/dmueller\/'>Danielle M\u00fcller<\/a><\/span>\n\n<div class=\"wp-block-post-date\"><time datetime=\"2025-05-14T14:39:26+02:00\">14. Mai 2025<\/time><\/div><\/div>\n<\/div>\n<\/div>\n\n<\/li><li class=\"wp-block-post post-107916 post type-post status-publish format-standard has-post-thumbnail hentry category-unkategorisiert tag-ueber-uns tag-jahresbericht p4-page-type-publikation\">\n\n<div class=\"wp-block-columns is-layout-flex wp-container-core-columns-is-layout-9d6595d7 wp-block-columns-is-layout-flex\"><figure class=\"wp-block-post-featured-image\"><a href=\"https:\/\/www.greenpeace.ch\/de\/publikation\/107916\/greenpeace-schweiz-jahresbericht-2023\/\" target=\"_self\"  ><img loading=\"lazy\" decoding=\"async\" width=\"1134\" height=\"1588\" src=\"https:\/\/www.greenpeace.ch\/static\/planet4-switzerland-stateless\/2024\/05\/f568eea8-bildschirm\u00adfoto-2024-05-24-um-10.03.21.png\" class=\"attachment-post-thumbnail size-post-thumbnail wp-post-image wp-stateless-item\" alt=\"Greenpeace Schweiz Jahresbericht 2023\" style=\"object-fit:cover;\" srcset=\"https:\/\/www.greenpeace.ch\/static\/planet4-switzerland-stateless\/2024\/05\/f568eea8-bildschirm\u00adfoto-2024-05-24-um-10.03.21.png 1134w, https:\/\/www.greenpeace.ch\/static\/planet4-switzerland-stateless\/2024\/05\/f568eea8-bildschirm\u00adfoto-2024-05-24-um-10.03.21-214x300.png 214w, https:\/\/www.greenpeace.ch\/static\/planet4-switzerland-stateless\/2024\/05\/f568eea8-bildschirm\u00adfoto-2024-05-24-um-10.03.21-731x1024.png 731w, https:\/\/www.greenpeace.ch\/static\/planet4-switzerland-stateless\/2024\/05\/f568eea8-bildschirm\u00adfoto-2024-05-24-um-10.03.21-768x1075.png 768w, https:\/\/www.greenpeace.ch\/static\/planet4-switzerland-stateless\/2024\/05\/f568eea8-bildschirm\u00adfoto-2024-05-24-um-10.03.21-1097x1536.png 1097w, https:\/\/www.greenpeace.ch\/static\/planet4-switzerland-stateless\/2024\/05\/f568eea8-bildschirm\u00adfoto-2024-05-24-um-10.03.21-975x1366.png 975w, https:\/\/www.greenpeace.ch\/static\/planet4-switzerland-stateless\/2024\/05\/f568eea8-bildschirm\u00adfoto-2024-05-24-um-10.03.21-243x340.png 243w\" sizes=\"auto, (max-width: 1134px) 100vw, 1134px\" data-image-size=\"post-thumbnail\" data-stateless-media-bucket=\"planet4-switzerland-stateless\" data-stateless-media-name=\"2024\/05\/f568eea8-bildschirm\u00adfoto-2024-05-24-um-10.03.21.png\" \/><\/a><\/figure>\n\n\n<div class=\"wp-block-group is-layout-flow wp-block-group-is-layout-flow\"><h4 class=\"wp-block-post-title\"><a href=\"https:\/\/www.greenpeace.ch\/de\/publikation\/107916\/greenpeace-schweiz-jahresbericht-2023\/\" target=\"_self\" >Greenpeace Schweiz Jahresbericht 2023<\/a><\/h4>\n\n\n<div class=\"wp-block-group posts-list-meta is-layout-flow wp-block-group-is-layout-flow\"><span class='article-list-item-author'>Greenpeace Schweiz<\/span>\n\n<div class=\"wp-block-post-date\"><time datetime=\"2024-05-07T15:15:03+02:00\">7. Mai 2024<\/time><\/div><\/div>\n<\/div>\n<\/div>\n\n<\/li><li class=\"wp-block-post post-98202 post type-post status-publish format-standard has-post-thumbnail hentry category-unkategorisiert tag-ueber-uns tag-jahresbericht p4-page-type-publikation\">\n\n<div class=\"wp-block-columns is-layout-flex wp-container-core-columns-is-layout-9d6595d7 wp-block-columns-is-layout-flex\"><figure class=\"wp-block-post-featured-image\"><a href=\"https:\/\/www.greenpeace.ch\/de\/publikation\/98202\/greenpeace-schweiz-jahresbericht-2022\/\" target=\"_self\"  ><img loading=\"lazy\" decoding=\"async\" width=\"1232\" height=\"1726\" src=\"https:\/\/www.greenpeace.ch\/static\/planet4-switzerland-stateless\/2023\/05\/4606072d-bildschirmfoto-2023-05-15-um-17.01.44.png\" class=\"attachment-post-thumbnail size-post-thumbnail wp-post-image wp-stateless-item\" alt=\"Greenpeace Schweiz Jahresbericht 2022\" style=\"object-fit:cover;\" srcset=\"https:\/\/www.greenpeace.ch\/static\/planet4-switzerland-stateless\/2023\/05\/4606072d-bildschirmfoto-2023-05-15-um-17.01.44.png 1232w, https:\/\/www.greenpeace.ch\/static\/planet4-switzerland-stateless\/2023\/05\/4606072d-bildschirmfoto-2023-05-15-um-17.01.44-214x300.png 214w, https:\/\/www.greenpeace.ch\/static\/planet4-switzerland-stateless\/2023\/05\/4606072d-bildschirmfoto-2023-05-15-um-17.01.44-731x1024.png 731w, https:\/\/www.greenpeace.ch\/static\/planet4-switzerland-stateless\/2023\/05\/4606072d-bildschirmfoto-2023-05-15-um-17.01.44-768x1076.png 768w, https:\/\/www.greenpeace.ch\/static\/planet4-switzerland-stateless\/2023\/05\/4606072d-bildschirmfoto-2023-05-15-um-17.01.44-1096x1536.png 1096w, https:\/\/www.greenpeace.ch\/static\/planet4-switzerland-stateless\/2023\/05\/4606072d-bildschirmfoto-2023-05-15-um-17.01.44-975x1366.png 975w, https:\/\/www.greenpeace.ch\/static\/planet4-switzerland-stateless\/2023\/05\/4606072d-bildschirmfoto-2023-05-15-um-17.01.44-243x340.png 243w\" sizes=\"auto, (max-width: 1232px) 100vw, 1232px\" data-image-size=\"post-thumbnail\" data-stateless-media-bucket=\"planet4-switzerland-stateless\" data-stateless-media-name=\"2023\/05\/4606072d-bildschirmfoto-2023-05-15-um-17.01.44.png\" \/><\/a><\/figure>\n\n\n<div class=\"wp-block-group is-layout-flow wp-block-group-is-layout-flow\"><h4 class=\"wp-block-post-title\"><a href=\"https:\/\/www.greenpeace.ch\/de\/publikation\/98202\/greenpeace-schweiz-jahresbericht-2022\/\" target=\"_self\" >Greenpeace Schweiz Jahresbericht 2022<\/a><\/h4>\n\n\n<div class=\"wp-block-group posts-list-meta is-layout-flow wp-block-group-is-layout-flow\"><span class='article-list-item-author'>Greenpeace Schweiz<\/span>\n\n<div class=\"wp-block-post-date\"><time datetime=\"2023-05-15T17:21:26+02:00\">15. Mai 2023<\/time><\/div><\/div>\n<\/div>\n<\/div>\n\n<\/li><li class=\"wp-block-post post-85691 post type-post status-publish format-standard has-post-thumbnail hentry category-unkategorisiert tag-ueber-uns tag-jahresbericht p4-page-type-publikation\">\n\n<div class=\"wp-block-columns is-layout-flex wp-container-core-columns-is-layout-9d6595d7 wp-block-columns-is-layout-flex\"><figure class=\"wp-block-post-featured-image\"><a href=\"https:\/\/www.greenpeace.ch\/de\/publikation\/85691\/greenpeace-schweiz-jahresbericht-2021\/\" target=\"_self\"  ><img loading=\"lazy\" decoding=\"async\" width=\"600\" height=\"850\" src=\"https:\/\/www.greenpeace.ch\/static\/planet4-switzerland-stateless\/2022\/05\/64ebb3a8-bildschirmfoto-2022-05-09-um-16.23.53.png\" class=\"attachment-post-thumbnail size-post-thumbnail wp-post-image wp-stateless-item\" alt=\"Greenpeace Schweiz Jahresbericht 2021\" style=\"object-fit:cover;\" srcset=\"https:\/\/www.greenpeace.ch\/static\/planet4-switzerland-stateless\/2022\/05\/64ebb3a8-bildschirmfoto-2022-05-09-um-16.23.53.png 600w, https:\/\/www.greenpeace.ch\/static\/planet4-switzerland-stateless\/2022\/05\/64ebb3a8-bildschirmfoto-2022-05-09-um-16.23.53-212x300.png 212w, https:\/\/www.greenpeace.ch\/static\/planet4-switzerland-stateless\/2022\/05\/64ebb3a8-bildschirmfoto-2022-05-09-um-16.23.53-240x340.png 240w\" sizes=\"auto, (max-width: 600px) 100vw, 600px\" data-image-size=\"post-thumbnail\" data-stateless-media-bucket=\"planet4-switzerland-stateless\" data-stateless-media-name=\"2022\/05\/64ebb3a8-bildschirmfoto-2022-05-09-um-16.23.53.png\" \/><\/a><\/figure>\n\n\n<div class=\"wp-block-group is-layout-flow wp-block-group-is-layout-flow\"><h4 class=\"wp-block-post-title\"><a href=\"https:\/\/www.greenpeace.ch\/de\/publikation\/85691\/greenpeace-schweiz-jahresbericht-2021\/\" target=\"_self\" >Greenpeace Schweiz Jahresbericht 2021<\/a><\/h4>\n\n\n<div class=\"wp-block-group posts-list-meta is-layout-flow wp-block-group-is-layout-flow\"><span class='article-list-item-author'>Greenpeace Schweiz<\/span>\n\n<div class=\"wp-block-post-date\"><time datetime=\"2022-05-09T16:33:37+02:00\">9. Mai 2022<\/time><\/div><\/div>\n<\/div>\n<\/div>\n\n<\/li><\/ul>\n\n<nav class=\"wp-block-query-pagination is-layout-flex wp-block-query-pagination-is-layout-flex\" aria-label=\"Seitennummerierung\">\n<a href=\"\/\" class=\"wp-block-query-pagination-previous disabled\">Prev<\/a>\n\n<div class=\"wp-block-query-pagination-numbers\"><span aria-current=\"page\" class=\"page-numbers current\">1<\/span>\n<a class=\"page-numbers\" href=\"?query-10-page=2\">2<\/a>\n<a class=\"page-numbers\" href=\"?query-10-page=3\">3<\/a>\n<span class=\"page-numbers dots\">&hellip;<\/span>\n<a class=\"page-numbers\" href=\"?query-10-page=5\">5<\/a><\/div>\n\n<a href=\"\/de\/wp-json\/wp\/v2\/pages\/497?query-10-page=2\" class=\"wp-block-query-pagination-next\">N\u00e4chste<\/a>\n<\/nav>\n\n<\/div>\n\n<hr class=\"wp-block-separator has-css-opacity\"\/>\n\n<h2 class=\"wp-block-heading is-style-default\">Die Organisation<\/h2>\n\n<div class=\"wp-block-columns is-layout-flex wp-container-core-columns-is-layout-9d6595d7 wp-block-columns-is-layout-flex\">\n<div class=\"wp-block-column is-layout-flow wp-block-column-is-layout-flow\">\n<h3 class=\"wp-block-heading\">Selbstorganisiert, selbstverantwortlich<\/h3>\n\n\n\n<p>Greenpeace Schweiz arbeitet angepasst an die heutigen, sich laufend und schnell \u00e4ndernden Realit\u00e4ten und Anforderungen: Wir leben ein flexibles <strong>Modell der Selbstorganisation<\/strong> und betonen die <strong>Selbstverantwortung<\/strong> aller Mitarbeiter*innen. Dabei steht der Zweck &#8211; der sogenannte Purpose &#8211; von Greenpeace Schweiz immer im Vordergrund &#8211; sowohl in der Struktur, den Prozessen als auch in der Kultur der Organisation. In der allt\u00e4glichen Arbeit organisieren wir uns in selbst\u00e4ndigen, selbstverantwortlichen und interdisziplin\u00e4ren Kampagnen- und Fach-Kreisen, die alle dasselbe anstreben: <strong>Die <\/strong><a href=\"https:\/\/www.greenpeace.ch\/de\/erkunden\/\"><strong>Umweltziele<\/strong><\/a><strong> von Greenpeace Schweiz zu erreichen.<\/strong><\/p>\n<\/div>\n\n\n\n<div class=\"wp-block-column is-layout-flow wp-block-column-is-layout-flow\">\n<h3 class=\"wp-block-heading\">Bei Greenpeace arbeiten<\/h3>\n\n\n\n<p>Bei Greenpeace Schweiz erwartet dich eine sinnstiftende T\u00e4tigkeit in einer Organisation, die sich hartn\u00e4ckig und mutig f\u00fcr eine gr\u00fcne, gerechte und friedliche Welt einsetzt. Unsere Zusammenarbeit basiert auf Selbstorganisation und Vertrauen \u2013 Teilzeitarbeit sowie Homeoffice-M\u00f6glichkeiten sind f\u00fcr uns eine Selbstverst\u00e4ndlichkeit. Greenpeace Schweiz besch\u00e4ftigt rund 100 Mitarbeiter:innen, weltweit sind es mehr als 3000. Ein wichtiger Teil der Arbeit wird ausserhalb des Z\u00fcrcher und Genfer B\u00fcros von Freiwilligen geleistet, die sich regional in Gruppen&nbsp;organisieren.<\/p>\n<\/div>\n\n\n\n<div class=\"wp-block-column is-layout-flow wp-block-column-is-layout-flow\">\n<h3 class=\"wp-block-heading\">Gemeinwohlbilanz<\/h3>\n\n\n\n<p>Aus Sicht von Greenpeace ist die Gemeinwohl-\u00d6konomie ein zukunftsf\u00e4higes Wirtschaftsmodell, welches die Mehrung des Gemeinwohls, des guten Lebens Aller ins Zentrum stellt und nicht Kapitalgewinn, H\u00f6chstums\u00e4tze&nbsp; oder \u00e4hnliche finanzielle Massst\u00e4be. Deshalb erstellte Greenpeace Schweiz \u00fcber sich eine Gemeinwohlbilanz.<\/p>\n<\/div>\n<\/div>\n\n<div class=\"wp-block-columns is-layout-flex wp-container-core-columns-is-layout-9d6595d7 wp-block-columns-is-layout-flex\">\n<div class=\"wp-block-column is-layout-flow wp-block-column-is-layout-flow\">\n<div class=\"wp-block-buttons is-layout-flex wp-block-buttons-is-layout-flex\">\n<div class=\"wp-block-button\"><a class=\"wp-block-button__link wp-element-button\" href=\"https:\/\/www.greenpeace.ch\/de\/story\/53829\/greenpeace-schweiz-selbstorganisiert-in-die-zukunft\/\">Mehr erfahren<\/a><\/div>\n\n\n\n<div class=\"wp-block-button\"><a class=\"wp-block-button__link wp-element-button\" href=\"https:\/\/www.greenpeace.ch\/static\/planet4-switzerland-stateless\/2025\/01\/62b7e765-kreismodell-kurz_20250125.pptx.pdf\">Organigramm ansehen<\/a><\/div>\n<\/div>\n<\/div>\n\n\n\n<div class=\"wp-block-column is-layout-flow wp-block-column-is-layout-flow\">\n<div class=\"wp-block-buttons is-layout-flex wp-block-buttons-is-layout-flex\">\n<div class=\"wp-block-button is-style-default\"><a class=\"wp-block-button__link wp-element-button\" href=\"https:\/\/www.greenpeace.ch\/de\/jobs\/#arbeiten\">Mehr erfahren<\/a><\/div>\n<\/div>\n<\/div>\n\n\n\n<div class=\"wp-block-column is-layout-flow wp-block-column-is-layout-flow\">\n<div class=\"wp-block-buttons is-layout-flex wp-block-buttons-is-layout-flex\">\n<div class=\"wp-block-button\"><a class=\"wp-block-button__link wp-element-button\" href=\"https:\/\/www.greenpeace.ch\/de\/story\/78267\/greenpeace-schweiz-erstellt-ihre-erste-gemeinwohlbilanz\">Mehr erfahren<\/a><\/div>\n<\/div>\n<\/div>\n<\/div>\n\n<hr class=\"wp-block-separator has-css-opacity\"\/>\n\n<h2 class=\"wp-block-heading\" id=\"stiftungsrat\">Stiftungsrat<\/h2>\n\n<p>Das oberste Organ von Greenpeace Schweiz ist der Stiftungsrat. Er ist unter anderem daf\u00fcr zust\u00e4ndig, das Jahresbudget und die -planung abzunehmen, sowie die Gesch\u00e4ftsleitung einzusetzen.<\/p>\n\n<div class=\"wp-block-columns has-4-columns columns-portrait hide-legend is-layout-flex wp-container-core-columns-is-layout-9d6595d7 wp-block-columns-is-layout-flex\">\n<div class=\"wp-block-column is-layout-flow wp-block-column-is-layout-flow\">\n<figure class=\"wp-block-image size-large caption-style-medium caption-alignment-center\"><img loading=\"lazy\" decoding=\"async\" width=\"1024\" height=\"1024\" src=\"https:\/\/www.greenpeace.ch\/static\/planet4-switzerland-stateless\/2025\/04\/2a08e1c3-susannehochuli-1024x1024.jpg\" alt=\"\" class=\"wp-image-118866\" srcset=\"https:\/\/www.greenpeace.ch\/static\/planet4-switzerland-stateless\/2025\/04\/2a08e1c3-susannehochuli-1024x1024.jpg 1024w, https:\/\/www.greenpeace.ch\/static\/planet4-switzerland-stateless\/2025\/04\/2a08e1c3-susannehochuli-300x300.jpg 300w, https:\/\/www.greenpeace.ch\/static\/planet4-switzerland-stateless\/2025\/04\/2a08e1c3-susannehochuli-150x150.jpg 150w, https:\/\/www.greenpeace.ch\/static\/planet4-switzerland-stateless\/2025\/04\/2a08e1c3-susannehochuli-768x768.jpg 768w, https:\/\/www.greenpeace.ch\/static\/planet4-switzerland-stateless\/2025\/04\/2a08e1c3-susannehochuli-1366x1366.jpg 1366w, https:\/\/www.greenpeace.ch\/static\/planet4-switzerland-stateless\/2025\/04\/2a08e1c3-susannehochuli-340x340.jpg 340w, https:\/\/www.greenpeace.ch\/static\/planet4-switzerland-stateless\/2025\/04\/2a08e1c3-susannehochuli.jpg 1417w\" sizes=\"auto, (max-width: 1024px) 100vw, 1024px\" \/><figcaption class=\"wp-element-caption\"><strong>Susanne Hochuli<\/strong><br>Stiftungsratspr\u00e4sidentin<br><em>Lebt die Grundwerte von Greenpeace voll und ganz. Als Pr\u00e4sidentin der Schweizerischen Stiftung SPO Patientenschutz, Kolumnistin, Mitglied der Gr\u00fcnen Partei Schweiz, Gr\u00fcnderin des Startups \u00abweltweit essen\u00bb, ehemalige Regierungsr\u00e4tin, ehemalige Biob\u00e4uerin und Reittherapeutin engagiert sie sich daf\u00fcr ein, dass wir und unsere Nachkommen in einer intakten Natur und einer sozialen Gesellschaft leben.<\/em><\/figcaption><\/figure>\n<\/div>\n\n\n\n<div class=\"wp-block-column is-layout-flow wp-block-column-is-layout-flow\">\n<figure class=\"wp-block-image size-large caption-style-medium caption-alignment-center\"><img loading=\"lazy\" decoding=\"async\" width=\"1024\" height=\"1024\" src=\"https:\/\/www.greenpeace.ch\/static\/planet4-switzerland-stateless\/2025\/04\/bc75e906-lassekuenzer-1024x1024.jpg\" alt=\"\" class=\"wp-image-118860\" srcset=\"https:\/\/www.greenpeace.ch\/static\/planet4-switzerland-stateless\/2025\/04\/bc75e906-lassekuenzer-1024x1024.jpg 1024w, https:\/\/www.greenpeace.ch\/static\/planet4-switzerland-stateless\/2025\/04\/bc75e906-lassekuenzer-300x300.jpg 300w, https:\/\/www.greenpeace.ch\/static\/planet4-switzerland-stateless\/2025\/04\/bc75e906-lassekuenzer-150x150.jpg 150w, https:\/\/www.greenpeace.ch\/static\/planet4-switzerland-stateless\/2025\/04\/bc75e906-lassekuenzer-768x768.jpg 768w, https:\/\/www.greenpeace.ch\/static\/planet4-switzerland-stateless\/2025\/04\/bc75e906-lassekuenzer-340x340.jpg 340w, https:\/\/www.greenpeace.ch\/static\/planet4-switzerland-stateless\/2025\/04\/bc75e906-lassekuenzer.jpg 1181w\" sizes=\"auto, (max-width: 1024px) 100vw, 1024px\" \/><figcaption class=\"wp-element-caption\"><strong>Lasse Kuenzer<br><\/strong>Stiftungsrat<br><\/figcaption><\/figure>\n<\/div>\n\n\n\n<div class=\"wp-block-column is-layout-flow wp-block-column-is-layout-flow\">\n<figure class=\"wp-block-image size-large caption-style-medium caption-alignment-center\"><img loading=\"lazy\" decoding=\"async\" width=\"1024\" height=\"1024\" src=\"https:\/\/www.greenpeace.ch\/static\/planet4-switzerland-stateless\/2025\/04\/4100e33f-julimariemelichar-1024x1024.jpg\" alt=\"\" class=\"wp-image-118863\" srcset=\"https:\/\/www.greenpeace.ch\/static\/planet4-switzerland-stateless\/2025\/04\/4100e33f-julimariemelichar-1024x1024.jpg 1024w, https:\/\/www.greenpeace.ch\/static\/planet4-switzerland-stateless\/2025\/04\/4100e33f-julimariemelichar-300x300.jpg 300w, https:\/\/www.greenpeace.ch\/static\/planet4-switzerland-stateless\/2025\/04\/4100e33f-julimariemelichar-150x150.jpg 150w, https:\/\/www.greenpeace.ch\/static\/planet4-switzerland-stateless\/2025\/04\/4100e33f-julimariemelichar-768x768.jpg 768w, https:\/\/www.greenpeace.ch\/static\/planet4-switzerland-stateless\/2025\/04\/4100e33f-julimariemelichar-1536x1536.jpg 1536w, https:\/\/www.greenpeace.ch\/static\/planet4-switzerland-stateless\/2025\/04\/4100e33f-julimariemelichar-2048x2048.jpg 2048w, https:\/\/www.greenpeace.ch\/static\/planet4-switzerland-stateless\/2025\/04\/4100e33f-julimariemelichar-1366x1366.jpg 1366w, https:\/\/www.greenpeace.ch\/static\/planet4-switzerland-stateless\/2025\/04\/4100e33f-julimariemelichar-340x340.jpg 340w\" sizes=\"auto, (max-width: 1024px) 100vw, 1024px\" \/><figcaption class=\"wp-element-caption\"><strong>Julie Marie Melichar<\/strong><br>Stiftungsr\u00e4tin<br><em>Aktivistin und Juristin aus Neuenburg mit Abschl\u00fcssen in Geschichte, Journalismus und internationalen Beziehungen. Julie setzt sich f\u00fcr die Rechte von Menschen auf der Flucht und f\u00fcr Klimagerechtigkeit ein und ist Mitbegr\u00fcnderin mehrerer Organisationen, darunter SOS MEDITERRANEE Schweiz und Migration Initiative.<\/em><\/figcaption><\/figure>\n<\/div>\n<\/div>\n\n<div class=\"wp-block-columns has-4-columns columns-portrait hide-legend is-layout-flex wp-container-core-columns-is-layout-9d6595d7 wp-block-columns-is-layout-flex\">\n<div class=\"wp-block-column is-layout-flow wp-block-column-is-layout-flow\">\n<figure class=\"wp-block-image size-full\"><img loading=\"lazy\" decoding=\"async\" width=\"427\" height=\"427\" src=\"https:\/\/www.greenpeace.ch\/static\/planet4-switzerland-stateless\/2024\/08\/c49eb7c4-juanpablo_osornio_web_thumb.jpeg\" alt=\"\" class=\"wp-image-112454\" style=\"object-fit:cover\" srcset=\"https:\/\/www.greenpeace.ch\/static\/planet4-switzerland-stateless\/2024\/08\/c49eb7c4-juanpablo_osornio_web_thumb.jpeg 427w, https:\/\/www.greenpeace.ch\/static\/planet4-switzerland-stateless\/2024\/08\/c49eb7c4-juanpablo_osornio_web_thumb-300x300.jpeg 300w, https:\/\/www.greenpeace.ch\/static\/planet4-switzerland-stateless\/2024\/08\/c49eb7c4-juanpablo_osornio_web_thumb-150x150.jpeg 150w, https:\/\/www.greenpeace.ch\/static\/planet4-switzerland-stateless\/2024\/08\/c49eb7c4-juanpablo_osornio_web_thumb-340x340.jpeg 340w\" sizes=\"auto, (max-width: 427px) 100vw, 427px\" \/><figcaption class=\"wp-element-caption\"><strong>Juan Pablo Osornio<br><\/strong>Stiftungsrat<br><em>Juan Pablo Osornio verf\u00fcgt \u00fcber zwanzig Jahre Erfahrung in der internationalen Klimapolitik und hat in Mexiko, den USA, Ruanda, Chile, Gro\u00dfbritannien und Deutschland gearbeitet. Er lebt in Berlin, wo er f\u00fcr Greenpeace International die Climate Policy Task Force (2017-2022) leitete, bevor er zu E3G kam, um das Programm f\u00fcr Geopolitik, Klima und Sicherheit (2022-2024) zu leiten. Derzeit ist er Engagement Director bei Earth-Insight.&nbsp;<\/em><\/figcaption><\/figure>\n<\/div>\n\n\n\n<div class=\"wp-block-column is-layout-flow wp-block-column-is-layout-flow\">\n<figure class=\"wp-block-image caption-style-medium caption-alignment-center\"><img loading=\"lazy\" decoding=\"async\" width=\"1024\" height=\"1024\" src=\"https:\/\/storage.googleapis.com\/planet4-switzerland-stateless-develop\/2019\/05\/ce3c67e4-sarah_martin_thumb-1024x1024.jpg\" alt=\"\" class=\"wp-image-1438\" srcset=\"https:\/\/www.greenpeace.ch\/static\/planet4-switzerland-stateless\/2019\/05\/ce3c67e4-sarah_martin_thumb-1024x1024.jpg 1024w, https:\/\/www.greenpeace.ch\/static\/planet4-switzerland-stateless\/2019\/05\/ce3c67e4-sarah_martin_thumb-150x150.jpg 150w, https:\/\/www.greenpeace.ch\/static\/planet4-switzerland-stateless\/2019\/05\/ce3c67e4-sarah_martin_thumb-300x300.jpg 300w, https:\/\/www.greenpeace.ch\/static\/planet4-switzerland-stateless\/2019\/05\/ce3c67e4-sarah_martin_thumb-768x768.jpg 768w, https:\/\/www.greenpeace.ch\/static\/planet4-switzerland-stateless\/2019\/05\/ce3c67e4-sarah_martin_thumb-1366x1366.jpg 1366w, https:\/\/www.greenpeace.ch\/static\/planet4-switzerland-stateless\/2019\/05\/ce3c67e4-sarah_martin_thumb-340x340.jpg 340w, https:\/\/www.greenpeace.ch\/static\/planet4-switzerland-stateless\/2019\/05\/ce3c67e4-sarah_martin_thumb.jpg 1443w\" sizes=\"auto, (max-width: 1024px) 100vw, 1024px\" \/><figcaption class=\"wp-element-caption\"><strong>Sarah Martin<br><\/strong>Vizepr\u00e4sidentin Stiftungsrat<br><em>Selbst\u00e4ndig erwerbende Grafikerin und seit 2002 Aktivistin bei Greenpeace. Sie war 16 Jahre Vizepr\u00e4sidentin der Gr\u00fcnen Baselland sowie 7 Jahre Landr\u00e4tin und Mitglied der Umweltschutz- und Energiekommission. Sie steht aktiv f\u00fcr Umweltanliegen ein und bringt ihre Erfahrungen ein, damit Greenpeace auch weiterhin Menschen zusammenbringt, die sich f\u00fcr die Zukunft unseres Planeten engagieren.<\/em><\/figcaption><\/figure>\n<\/div>\n\n\n\n<div class=\"wp-block-column is-layout-flow wp-block-column-is-layout-flow\">\n<figure class=\"wp-block-image size-large caption-style-medium caption-alignment-center\"><img loading=\"lazy\" decoding=\"async\" width=\"1024\" height=\"1024\" src=\"https:\/\/www.greenpeace.ch\/static\/planet4-switzerland-stateless\/2025\/10\/6e13efd2-juliaherz-1024x1024.png\" alt=\"\" class=\"wp-image-127288\" srcset=\"https:\/\/www.greenpeace.ch\/static\/planet4-switzerland-stateless\/2025\/10\/6e13efd2-juliaherz-1024x1024.png 1024w, https:\/\/www.greenpeace.ch\/static\/planet4-switzerland-stateless\/2025\/10\/6e13efd2-juliaherz-300x300.png 300w, https:\/\/www.greenpeace.ch\/static\/planet4-switzerland-stateless\/2025\/10\/6e13efd2-juliaherz-150x150.png 150w, https:\/\/www.greenpeace.ch\/static\/planet4-switzerland-stateless\/2025\/10\/6e13efd2-juliaherz-768x768.png 768w, https:\/\/www.greenpeace.ch\/static\/planet4-switzerland-stateless\/2025\/10\/6e13efd2-juliaherz-1536x1536.png 1536w, https:\/\/www.greenpeace.ch\/static\/planet4-switzerland-stateless\/2025\/10\/6e13efd2-juliaherz-1366x1366.png 1366w, https:\/\/www.greenpeace.ch\/static\/planet4-switzerland-stateless\/2025\/10\/6e13efd2-juliaherz-340x340.png 340w, https:\/\/www.greenpeace.ch\/static\/planet4-switzerland-stateless\/2025\/10\/6e13efd2-juliaherz.png 1764w\" sizes=\"auto, (max-width: 1024px) 100vw, 1024px\" \/><figcaption class=\"wp-element-caption\"><strong>Julia Herz<\/strong><br>Stiftungsr\u00e4tin<br><em>Julia Herz arbeitet an der Schnittstelle von Digitalisierung, Bildung und gesellschaftlichem Nutzen. Ihre Schwerpunkte liegen auf KI-Strategien, digitaler Transformation und praxisnaher Kompetenzvermittlung. Als Stiftungsr\u00e4tin bringt sie Expertise ein, um Innovationen verantwortungsvoll f\u00fcr Umwelt- und Klimaziele zu nutzen.<\/em><\/figcaption><\/figure>\n<\/div>\n<\/div>\n\n<hr class=\"wp-block-separator has-css-opacity\"\/>\n\n<h2 class=\"wp-block-heading is-style-default\">Menschen bei Greenpeace Schweiz<\/h2>\n\n<div class=\"wp-block-columns has-4-columns columns-portrait is-layout-flex wp-container-core-columns-is-layout-9d6595d7 wp-block-columns-is-layout-flex\">\n<div class=\"wp-block-column is-layout-flow wp-block-column-is-layout-flow\">\n<figure class=\"wp-block-image size-large caption-style-medium caption-alignment-center\"><img decoding=\"async\" src=\"https:\/\/www.greenpeace.ch\/static\/planet4-switzerland-stateless\/2023\/09\/a4aafbcb-dsc05003-q-1024x1024.jpg\" alt=\"\"\/><figcaption class=\"wp-element-caption\"><strong>Iris Menn<br><\/strong>Lead Link Gesamtorganisation (Gesch\u00e4ftsleiterin)<\/figcaption><\/figure>\n<\/div>\n\n\n\n<div class=\"wp-block-column is-layout-flow wp-block-column-is-layout-flow\">\n<figure class=\"wp-block-image size-large caption-style-medium caption-alignment-center\"><img loading=\"lazy\" decoding=\"async\" width=\"1024\" height=\"1024\" src=\"https:\/\/www.greenpeace.ch\/static\/planet4-switzerland-stateless\/2025\/08\/cdc25c88-claudiaforcellini-1024x1024.jpg\" alt=\"\" class=\"wp-image-124440\" srcset=\"https:\/\/www.greenpeace.ch\/static\/planet4-switzerland-stateless\/2025\/08\/cdc25c88-claudiaforcellini-1024x1024.jpg 1024w, https:\/\/www.greenpeace.ch\/static\/planet4-switzerland-stateless\/2025\/08\/cdc25c88-claudiaforcellini-300x300.jpg 300w, https:\/\/www.greenpeace.ch\/static\/planet4-switzerland-stateless\/2025\/08\/cdc25c88-claudiaforcellini-150x150.jpg 150w, https:\/\/www.greenpeace.ch\/static\/planet4-switzerland-stateless\/2025\/08\/cdc25c88-claudiaforcellini-768x768.jpg 768w, https:\/\/www.greenpeace.ch\/static\/planet4-switzerland-stateless\/2025\/08\/cdc25c88-claudiaforcellini-340x340.jpg 340w, https:\/\/www.greenpeace.ch\/static\/planet4-switzerland-stateless\/2025\/08\/cdc25c88-claudiaforcellini.jpg 1365w\" sizes=\"auto, (max-width: 1024px) 100vw, 1024px\" \/><figcaption class=\"wp-element-caption\"><strong>Claudia Forcellini<\/strong><br>Fachkreis Public Fundraising<\/figcaption><\/figure>\n<\/div>\n\n\n\n<div class=\"wp-block-column is-layout-flow wp-block-column-is-layout-flow\">\n<figure class=\"wp-block-image size-large caption-style-medium caption-alignment-center\"><img loading=\"lazy\" decoding=\"async\" width=\"1024\" height=\"1024\" src=\"https:\/\/www.greenpeace.ch\/static\/planet4-switzerland-stateless\/2022\/03\/21aa7fd1-dsc01943-1-1024x1024.jpg\" alt=\"\" class=\"wp-image-82413\" srcset=\"https:\/\/www.greenpeace.ch\/static\/planet4-switzerland-stateless\/2022\/03\/21aa7fd1-dsc01943-1.jpg 1024w, https:\/\/www.greenpeace.ch\/static\/planet4-switzerland-stateless\/2022\/03\/21aa7fd1-dsc01943-1-300x300.jpg 300w, https:\/\/www.greenpeace.ch\/static\/planet4-switzerland-stateless\/2022\/03\/21aa7fd1-dsc01943-1-150x150.jpg 150w, https:\/\/www.greenpeace.ch\/static\/planet4-switzerland-stateless\/2022\/03\/21aa7fd1-dsc01943-1-768x768.jpg 768w, https:\/\/www.greenpeace.ch\/static\/planet4-switzerland-stateless\/2022\/03\/21aa7fd1-dsc01943-1-340x340.jpg 340w\" sizes=\"auto, (max-width: 1024px) 100vw, 1024px\" \/><figcaption class=\"wp-element-caption\"><strong>Urs Wittwer<\/strong><br>Fachkreis Kommunikation<\/figcaption><\/figure>\n<\/div>\n\n\n\n<div class=\"wp-block-column is-layout-flow wp-block-column-is-layout-flow\">\n<figure class=\"wp-block-image size-large caption-style-medium caption-alignment-center\"><img loading=\"lazy\" decoding=\"async\" width=\"1024\" height=\"1024\" src=\"https:\/\/www.greenpeace.ch\/static\/planet4-switzerland-stateless\/2022\/03\/9401aa25-dsc09675-1-1-1024x1024.jpg\" alt=\"\" class=\"wp-image-82417\" srcset=\"https:\/\/www.greenpeace.ch\/static\/planet4-switzerland-stateless\/2022\/03\/9401aa25-dsc09675-1-1.jpg 1024w, https:\/\/www.greenpeace.ch\/static\/planet4-switzerland-stateless\/2022\/03\/9401aa25-dsc09675-1-1-300x300.jpg 300w, https:\/\/www.greenpeace.ch\/static\/planet4-switzerland-stateless\/2022\/03\/9401aa25-dsc09675-1-1-150x150.jpg 150w, https:\/\/www.greenpeace.ch\/static\/planet4-switzerland-stateless\/2022\/03\/9401aa25-dsc09675-1-1-768x768.jpg 768w, https:\/\/www.greenpeace.ch\/static\/planet4-switzerland-stateless\/2022\/03\/9401aa25-dsc09675-1-1-340x340.jpg 340w\" sizes=\"auto, (max-width: 1024px) 100vw, 1024px\" \/><figcaption class=\"wp-element-caption\"><strong>Hina Str\u00fcver<\/strong><br>Fachkreis Daten &amp; Systeme<\/figcaption><\/figure>\n<\/div>\n<\/div>\n\n<div class=\"wp-block-columns has-4-columns columns-portrait is-layout-flex wp-container-core-columns-is-layout-9d6595d7 wp-block-columns-is-layout-flex\">\n<div class=\"wp-block-column is-layout-flow wp-block-column-is-layout-flow\">\n<figure class=\"wp-block-image size-large caption-style-medium caption-alignment-center\"><img decoding=\"async\" src=\"https:\/\/www.greenpeace.ch\/static\/planet4-switzerland-stateless\/2022\/03\/779ba71f-dsc03260-1-1024x1024.jpg\" alt=\"\"\/><figcaption class=\"wp-element-caption\"><strong>Helen Joss<\/strong><br>Fachkreis Projektspenden, Philanthropie und Erbschaften<\/figcaption><\/figure>\n<\/div>\n\n\n\n<div class=\"wp-block-column is-layout-flow wp-block-column-is-layout-flow\">\n<figure class=\"wp-block-image size-large caption-style-medium caption-alignment-center\"><img loading=\"lazy\" decoding=\"async\" width=\"1024\" height=\"1024\" src=\"https:\/\/www.greenpeace.ch\/static\/planet4-switzerland-stateless\/2022\/03\/2422baa3-dsc00556-1-1-1024x1024.jpg\" alt=\"\" class=\"wp-image-82432\" srcset=\"https:\/\/www.greenpeace.ch\/static\/planet4-switzerland-stateless\/2022\/03\/2422baa3-dsc00556-1-1.jpg 1024w, https:\/\/www.greenpeace.ch\/static\/planet4-switzerland-stateless\/2022\/03\/2422baa3-dsc00556-1-1-300x300.jpg 300w, https:\/\/www.greenpeace.ch\/static\/planet4-switzerland-stateless\/2022\/03\/2422baa3-dsc00556-1-1-150x150.jpg 150w, https:\/\/www.greenpeace.ch\/static\/planet4-switzerland-stateless\/2022\/03\/2422baa3-dsc00556-1-1-768x768.jpg 768w, https:\/\/www.greenpeace.ch\/static\/planet4-switzerland-stateless\/2022\/03\/2422baa3-dsc00556-1-1-340x340.jpg 340w\" sizes=\"auto, (max-width: 1024px) 100vw, 1024px\" \/><figcaption class=\"wp-element-caption\"><strong>Mathias Schlegel <br><\/strong>Kampagnenkreis Klima<\/figcaption><\/figure>\n<\/div>\n\n\n\n<div class=\"wp-block-column is-layout-flow wp-block-column-is-layout-flow\">\n<figure class=\"wp-block-image size-large caption-style-medium caption-alignment-center\"><img loading=\"lazy\" decoding=\"async\" width=\"1024\" height=\"1024\" src=\"https:\/\/www.greenpeace.ch\/static\/planet4-switzerland-stateless\/2022\/03\/d4a4ddeb-dsc00345-1-1-1024x1024.jpg\" alt=\"\" class=\"wp-image-82429\" srcset=\"https:\/\/www.greenpeace.ch\/static\/planet4-switzerland-stateless\/2022\/03\/d4a4ddeb-dsc00345-1-1.jpg 1024w, https:\/\/www.greenpeace.ch\/static\/planet4-switzerland-stateless\/2022\/03\/d4a4ddeb-dsc00345-1-1-300x300.jpg 300w, https:\/\/www.greenpeace.ch\/static\/planet4-switzerland-stateless\/2022\/03\/d4a4ddeb-dsc00345-1-1-150x150.jpg 150w, https:\/\/www.greenpeace.ch\/static\/planet4-switzerland-stateless\/2022\/03\/d4a4ddeb-dsc00345-1-1-768x768.jpg 768w, https:\/\/www.greenpeace.ch\/static\/planet4-switzerland-stateless\/2022\/03\/d4a4ddeb-dsc00345-1-1-340x340.jpg 340w\" sizes=\"auto, (max-width: 1024px) 100vw, 1024px\" \/><figcaption class=\"wp-element-caption\"><strong>Maja Gobeli<br><\/strong>Fachkreis Projektspenden, Philanthropie und Erbschaften<\/figcaption><\/figure>\n<\/div>\n\n\n\n<div class=\"wp-block-column is-layout-flow wp-block-column-is-layout-flow\">\n<figure class=\"wp-block-image size-large is-resized caption-style-medium caption-alignment-center\"><img loading=\"lazy\" decoding=\"async\" width=\"1024\" height=\"1024\" src=\"https:\/\/www.greenpeace.ch\/static\/planet4-switzerland-stateless\/2022\/03\/0db4ac79-dsc08910-1-1-1024x1024.jpg\" alt=\"\" class=\"wp-image-82426\" style=\"width:258px;height:auto\" srcset=\"https:\/\/www.greenpeace.ch\/static\/planet4-switzerland-stateless\/2022\/03\/0db4ac79-dsc08910-1-1.jpg 1024w, https:\/\/www.greenpeace.ch\/static\/planet4-switzerland-stateless\/2022\/03\/0db4ac79-dsc08910-1-1-300x300.jpg 300w, https:\/\/www.greenpeace.ch\/static\/planet4-switzerland-stateless\/2022\/03\/0db4ac79-dsc08910-1-1-150x150.jpg 150w, https:\/\/www.greenpeace.ch\/static\/planet4-switzerland-stateless\/2022\/03\/0db4ac79-dsc08910-1-1-768x768.jpg 768w, https:\/\/www.greenpeace.ch\/static\/planet4-switzerland-stateless\/2022\/03\/0db4ac79-dsc08910-1-1-340x340.jpg 340w\" sizes=\"auto, (max-width: 1024px) 100vw, 1024px\" \/><figcaption class=\"wp-element-caption\"><strong>Dimitri Fl\u00fcckiger <br><\/strong>Fachkreis Finanzen<\/figcaption><\/figure>\n<\/div>\n<\/div>\n\n<div class=\"wp-block-columns has-4-columns columns-portrait is-layout-flex wp-container-core-columns-is-layout-9d6595d7 wp-block-columns-is-layout-flex\">\n<div class=\"wp-block-column is-layout-flow wp-block-column-is-layout-flow\">\n<figure class=\"wp-block-image size-large caption-style-medium caption-alignment-center\"><img loading=\"lazy\" decoding=\"async\" width=\"1024\" height=\"1024\" src=\"https:\/\/www.greenpeace.ch\/static\/planet4-switzerland-stateless\/2022\/03\/27161290-dsc08378-1-1-1024x1024.jpg\" alt=\"\" class=\"wp-image-82435\" srcset=\"https:\/\/www.greenpeace.ch\/static\/planet4-switzerland-stateless\/2022\/03\/27161290-dsc08378-1-1.jpg 1024w, https:\/\/www.greenpeace.ch\/static\/planet4-switzerland-stateless\/2022\/03\/27161290-dsc08378-1-1-300x300.jpg 300w, https:\/\/www.greenpeace.ch\/static\/planet4-switzerland-stateless\/2022\/03\/27161290-dsc08378-1-1-150x150.jpg 150w, https:\/\/www.greenpeace.ch\/static\/planet4-switzerland-stateless\/2022\/03\/27161290-dsc08378-1-1-768x768.jpg 768w, https:\/\/www.greenpeace.ch\/static\/planet4-switzerland-stateless\/2022\/03\/27161290-dsc08378-1-1-340x340.jpg 340w\" sizes=\"auto, (max-width: 1024px) 100vw, 1024px\" \/><figcaption class=\"wp-element-caption\"><strong>Simon Kaiser<br><\/strong>Fachkreis Volunteer Network<\/figcaption><\/figure>\n<\/div>\n\n\n\n<div class=\"wp-block-column is-layout-flow wp-block-column-is-layout-flow\">\n<figure class=\"wp-block-image size-large caption-style-medium caption-alignment-center\"><img loading=\"lazy\" decoding=\"async\" width=\"1024\" height=\"1024\" src=\"https:\/\/www.greenpeace.ch\/static\/planet4-switzerland-stateless\/2022\/03\/e61c8d76-dsc04884_2-1-1024x1024.jpg\" alt=\"\" class=\"wp-image-82438\" srcset=\"https:\/\/www.greenpeace.ch\/static\/planet4-switzerland-stateless\/2022\/03\/e61c8d76-dsc04884_2-1.jpg 1024w, https:\/\/www.greenpeace.ch\/static\/planet4-switzerland-stateless\/2022\/03\/e61c8d76-dsc04884_2-1-300x300.jpg 300w, https:\/\/www.greenpeace.ch\/static\/planet4-switzerland-stateless\/2022\/03\/e61c8d76-dsc04884_2-1-150x150.jpg 150w, https:\/\/www.greenpeace.ch\/static\/planet4-switzerland-stateless\/2022\/03\/e61c8d76-dsc04884_2-1-768x768.jpg 768w, https:\/\/www.greenpeace.ch\/static\/planet4-switzerland-stateless\/2022\/03\/e61c8d76-dsc04884_2-1-340x340.jpg 340w\" sizes=\"auto, (max-width: 1024px) 100vw, 1024px\" \/><figcaption class=\"wp-element-caption\"><strong>Florian Kasser<\/strong><br>Kampagnenkreis Konsumsysteme<\/figcaption><\/figure>\n<\/div>\n\n\n\n<div class=\"wp-block-column is-layout-flow wp-block-column-is-layout-flow\"><\/div>\n\n\n\n<div class=\"wp-block-column is-layout-flow wp-block-column-is-layout-flow\">\n<p><\/p>\n<\/div>\n<\/div>\n\n<hr class=\"wp-block-separator has-css-opacity\"\/>\n\n<h2 class=\"wp-block-heading\">Club d&#8217;Inspiration<\/h2>\n\n<p>Der Club d\u2019Inspiration sind Pers\u00f6nlichkeiten aus unterschiedlichen Bereichen der Gesellschaft, die Greenpeace Schweiz durch R\u00fcckmeldung zu unserer Arbeit unterst\u00fctzen. Greenpeace Schweiz will sich durch diese Anst\u00f6sse inspirieren lassen.<\/p>\n\n<div class=\"wp-block-columns has-4-columns is-layout-flex wp-container-core-columns-is-layout-9d6595d7 wp-block-columns-is-layout-flex\">\n<div class=\"wp-block-column is-layout-flow wp-block-column-is-layout-flow\">\n<figure class=\"wp-block-image size-large caption-style-medium caption-alignment-center\"><img loading=\"lazy\" decoding=\"async\" width=\"1024\" height=\"1024\" src=\"https:\/\/www.greenpeace.ch\/static\/planet4-switzerland-stateless\/2023\/12\/f65f833e-thomas-meyer-1200x1200-1-1024x1024.png\" alt=\"\" class=\"wp-image-105197\" srcset=\"https:\/\/www.greenpeace.ch\/static\/planet4-switzerland-stateless\/2023\/12\/f65f833e-thomas-meyer-1200x1200-1-1024x1024.png 1024w, https:\/\/www.greenpeace.ch\/static\/planet4-switzerland-stateless\/2023\/12\/f65f833e-thomas-meyer-1200x1200-1-300x300.png 300w, https:\/\/www.greenpeace.ch\/static\/planet4-switzerland-stateless\/2023\/12\/f65f833e-thomas-meyer-1200x1200-1-150x150.png 150w, https:\/\/www.greenpeace.ch\/static\/planet4-switzerland-stateless\/2023\/12\/f65f833e-thomas-meyer-1200x1200-1-768x768.png 768w, https:\/\/www.greenpeace.ch\/static\/planet4-switzerland-stateless\/2023\/12\/f65f833e-thomas-meyer-1200x1200-1-340x340.png 340w, https:\/\/www.greenpeace.ch\/static\/planet4-switzerland-stateless\/2023\/12\/f65f833e-thomas-meyer-1200x1200-1.png 1200w\" sizes=\"auto, (max-width: 1024px) 100vw, 1024px\" \/><figcaption class=\"wp-element-caption\"><strong>Thomas Meyer<\/strong><br>Schriftsteller, Drehbuchautor, Podcaster, Aktionsk\u00fcnstler und Trennungsberater<\/figcaption><\/figure>\n<\/div>\n\n\n\n<div class=\"wp-block-column is-layout-flow wp-block-column-is-layout-flow\">\n<figure class=\"wp-block-image caption-style-medium caption-alignment-center\"><img loading=\"lazy\" decoding=\"async\" width=\"790\" height=\"790\" src=\"https:\/\/storage.googleapis.com\/planet4-switzerland-stateless-develop\/2019\/05\/1a22c29e-steff_la_cheffe_thumb.jpg\" alt=\"\" class=\"wp-image-1441\" srcset=\"https:\/\/www.greenpeace.ch\/static\/planet4-switzerland-stateless\/2019\/05\/1a22c29e-steff_la_cheffe_thumb.jpg 790w, https:\/\/www.greenpeace.ch\/static\/planet4-switzerland-stateless\/2019\/05\/1a22c29e-steff_la_cheffe_thumb-150x150.jpg 150w, https:\/\/www.greenpeace.ch\/static\/planet4-switzerland-stateless\/2019\/05\/1a22c29e-steff_la_cheffe_thumb-300x300.jpg 300w, https:\/\/www.greenpeace.ch\/static\/planet4-switzerland-stateless\/2019\/05\/1a22c29e-steff_la_cheffe_thumb-768x768.jpg 768w, https:\/\/www.greenpeace.ch\/static\/planet4-switzerland-stateless\/2019\/05\/1a22c29e-steff_la_cheffe_thumb-340x340.jpg 340w\" sizes=\"auto, (max-width: 790px) 100vw, 790px\" \/><figcaption class=\"wp-element-caption\"><strong>Steff la Cheffe<\/strong><br>Musikerin<\/figcaption><\/figure>\n<\/div>\n\n\n\n<div class=\"wp-block-column is-layout-flow wp-block-column-is-layout-flow\">\n<figure class=\"wp-block-image caption-style-medium caption-alignment-center\"><img loading=\"lazy\" decoding=\"async\" width=\"635\" height=\"635\" src=\"https:\/\/storage.googleapis.com\/planet4-switzerland-stateless-develop\/2019\/05\/eee255b6-reto_kestenholz_thumb.jpg\" alt=\"\" class=\"wp-image-1455\" srcset=\"https:\/\/www.greenpeace.ch\/static\/planet4-switzerland-stateless\/2019\/05\/eee255b6-reto_kestenholz_thumb.jpg 635w, https:\/\/www.greenpeace.ch\/static\/planet4-switzerland-stateless\/2019\/05\/eee255b6-reto_kestenholz_thumb-150x150.jpg 150w, https:\/\/www.greenpeace.ch\/static\/planet4-switzerland-stateless\/2019\/05\/eee255b6-reto_kestenholz_thumb-300x300.jpg 300w, https:\/\/www.greenpeace.ch\/static\/planet4-switzerland-stateless\/2019\/05\/eee255b6-reto_kestenholz_thumb-340x340.jpg 340w\" sizes=\"auto, (max-width: 635px) 100vw, 635px\" \/><figcaption class=\"wp-element-caption\"><strong>Reto Kestenholz<br><\/strong>Snowboarder<\/figcaption><\/figure>\n<\/div>\n\n\n\n<div class=\"wp-block-column is-layout-flow wp-block-column-is-layout-flow\">\n<figure class=\"wp-block-image caption-style-medium caption-alignment-center\"><img loading=\"lazy\" decoding=\"async\" width=\"1024\" height=\"1024\" src=\"https:\/\/storage.googleapis.com\/planet4-switzerland-stateless-develop\/2019\/05\/ef69a1d7-nils_althaus_thumb-1024x1024.jpg\" alt=\"\" class=\"wp-image-1433\" srcset=\"https:\/\/www.greenpeace.ch\/static\/planet4-switzerland-stateless\/2019\/05\/ef69a1d7-nils_althaus_thumb-1024x1024.jpg 1024w, https:\/\/www.greenpeace.ch\/static\/planet4-switzerland-stateless\/2019\/05\/ef69a1d7-nils_althaus_thumb-150x150.jpg 150w, https:\/\/www.greenpeace.ch\/static\/planet4-switzerland-stateless\/2019\/05\/ef69a1d7-nils_althaus_thumb-300x300.jpg 300w, https:\/\/www.greenpeace.ch\/static\/planet4-switzerland-stateless\/2019\/05\/ef69a1d7-nils_althaus_thumb-768x768.jpg 768w, https:\/\/www.greenpeace.ch\/static\/planet4-switzerland-stateless\/2019\/05\/ef69a1d7-nils_althaus_thumb-1366x1366.jpg 1366w, https:\/\/www.greenpeace.ch\/static\/planet4-switzerland-stateless\/2019\/05\/ef69a1d7-nils_althaus_thumb-340x340.jpg 340w, https:\/\/www.greenpeace.ch\/static\/planet4-switzerland-stateless\/2019\/05\/ef69a1d7-nils_althaus_thumb.jpg 1733w\" sizes=\"auto, (max-width: 1024px) 100vw, 1024px\" \/><figcaption class=\"wp-element-caption\"><strong>Nils Althaus<br><\/strong>Schauspieler, Musiker, Kabarettist<\/figcaption><\/figure>\n<\/div>\n<\/div>\n\n<div class=\"wp-block-columns has-4-columns is-layout-flex wp-container-core-columns-is-layout-9d6595d7 wp-block-columns-is-layout-flex\">\n<div class=\"wp-block-column is-layout-flow wp-block-column-is-layout-flow\">\n<figure class=\"wp-block-image caption-style-medium caption-alignment-center\"><img loading=\"lazy\" decoding=\"async\" width=\"300\" height=\"300\" src=\"https:\/\/storage.googleapis.com\/planet4-switzerland-stateless-develop\/2019\/05\/1cb47106-ruth_genner_thumb.jpg\" alt=\"\" class=\"wp-image-1436\" srcset=\"https:\/\/www.greenpeace.ch\/static\/planet4-switzerland-stateless\/2019\/05\/1cb47106-ruth_genner_thumb.jpg 300w, https:\/\/www.greenpeace.ch\/static\/planet4-switzerland-stateless\/2019\/05\/1cb47106-ruth_genner_thumb-150x150.jpg 150w\" sizes=\"auto, (max-width: 300px) 100vw, 300px\" \/><figcaption class=\"wp-element-caption\"><strong>Ruth Genner<\/strong><br>Alt-Stadtr\u00e4tin Z\u00fcrich<\/figcaption><\/figure>\n<\/div>\n\n\n\n<div class=\"wp-block-column is-layout-flow wp-block-column-is-layout-flow\">\n<figure class=\"wp-block-image size-large caption-style-medium caption-alignment-center\"><img loading=\"lazy\" decoding=\"async\" width=\"1024\" height=\"1024\" src=\"https:\/\/www.greenpeace.ch\/static\/planet4-switzerland-stateless\/2021\/06\/7eeff0f0-nathalie-rizotti-sq-1024x1024.jpg\" alt=\"\" class=\"wp-image-68470\" srcset=\"https:\/\/www.greenpeace.ch\/static\/planet4-switzerland-stateless\/2021\/06\/7eeff0f0-nathalie-rizotti-sq-1024x1024.jpg 1024w, https:\/\/www.greenpeace.ch\/static\/planet4-switzerland-stateless\/2021\/06\/7eeff0f0-nathalie-rizotti-sq-300x300.jpg 300w, https:\/\/www.greenpeace.ch\/static\/planet4-switzerland-stateless\/2021\/06\/7eeff0f0-nathalie-rizotti-sq-150x150.jpg 150w, https:\/\/www.greenpeace.ch\/static\/planet4-switzerland-stateless\/2021\/06\/7eeff0f0-nathalie-rizotti-sq-768x768.jpg 768w, https:\/\/www.greenpeace.ch\/static\/planet4-switzerland-stateless\/2021\/06\/7eeff0f0-nathalie-rizotti-sq-1536x1536.jpg 1536w, https:\/\/www.greenpeace.ch\/static\/planet4-switzerland-stateless\/2021\/06\/7eeff0f0-nathalie-rizotti-sq-1366x1366.jpg 1366w, https:\/\/www.greenpeace.ch\/static\/planet4-switzerland-stateless\/2021\/06\/7eeff0f0-nathalie-rizotti-sq-340x340.jpg 340w, https:\/\/www.greenpeace.ch\/static\/planet4-switzerland-stateless\/2021\/06\/7eeff0f0-nathalie-rizotti-sq.jpg 1662w\" sizes=\"auto, (max-width: 1024px) 100vw, 1024px\" \/><figcaption class=\"wp-element-caption\"><strong><strong>Nathalie<\/strong> Rizzotti<br><\/strong>Advisor in organization and sustainability, EnVoL conseils<\/figcaption><\/figure>\n\n\n\n<p><\/p>\n<\/div>\n\n\n\n<div class=\"wp-block-column is-layout-flow wp-block-column-is-layout-flow\">\n<figure class=\"wp-block-image caption-style-medium caption-alignment-center\"><img loading=\"lazy\" decoding=\"async\" width=\"428\" height=\"428\" src=\"https:\/\/storage.googleapis.com\/planet4-switzerland-stateless-develop\/2019\/07\/63a4bb34-cecile-bu\u0308hlman.jpg\" alt=\"\" class=\"wp-image-31189\" srcset=\"https:\/\/www.greenpeace.ch\/static\/planet4-switzerland-stateless\/2019\/07\/63a4bb34-cecile-bu\u0308hlman.jpg 428w, https:\/\/www.greenpeace.ch\/static\/planet4-switzerland-stateless\/2019\/07\/63a4bb34-cecile-bu\u0308hlman-150x150.jpg 150w, https:\/\/www.greenpeace.ch\/static\/planet4-switzerland-stateless\/2019\/07\/63a4bb34-cecile-bu\u0308hlman-300x300.jpg 300w, https:\/\/www.greenpeace.ch\/static\/planet4-switzerland-stateless\/2019\/07\/63a4bb34-cecile-bu\u0308hlman-340x340.jpg 340w\" sizes=\"auto, (max-width: 428px) 100vw, 428px\" \/><figcaption class=\"wp-element-caption\"><strong>C\u00e9cile B\u00fchlmann<\/strong><br>Alt Nationalr\u00e4tin und ehemalige Pr\u00e4sidentin des Stiftungsrats Greenpeace Schweiz<\/figcaption><\/figure>\n<\/div>\n\n\n\n<div class=\"wp-block-column is-layout-flow wp-block-column-is-layout-flow\">\n<figure class=\"wp-block-image caption-style-medium caption-alignment-center\"><img loading=\"lazy\" decoding=\"async\" width=\"300\" height=\"300\" src=\"https:\/\/storage.googleapis.com\/planet4-switzerland-stateless-develop\/2019\/05\/eb7d3f5a-stephan_baer_thumb.jpg\" alt=\"\" class=\"wp-image-1442\" srcset=\"https:\/\/www.greenpeace.ch\/static\/planet4-switzerland-stateless\/2019\/05\/eb7d3f5a-stephan_baer_thumb.jpg 300w, https:\/\/www.greenpeace.ch\/static\/planet4-switzerland-stateless\/2019\/05\/eb7d3f5a-stephan_baer_thumb-150x150.jpg 150w\" sizes=\"auto, (max-width: 300px) 100vw, 300px\" \/><figcaption class=\"wp-element-caption\"><strong>Stephan Baer<\/strong><br>Unternehmer und Berater<\/figcaption><\/figure>\n<\/div>\n<\/div>\n\n<div class=\"wp-block-columns has-4-columns is-layout-flex wp-container-core-columns-is-layout-9d6595d7 wp-block-columns-is-layout-flex\">\n<div class=\"wp-block-column is-layout-flow wp-block-column-is-layout-flow\">\n<figure class=\"wp-block-image caption-style-medium caption-alignment-center\"><img loading=\"lazy\" decoding=\"async\" width=\"1000\" height=\"1000\" src=\"https:\/\/storage.googleapis.com\/planet4-switzerland-stateless-develop\/2019\/05\/c8634ab0-laurin_buser_thumb.jpg\" alt=\"\" class=\"wp-image-1429\" srcset=\"https:\/\/www.greenpeace.ch\/static\/planet4-switzerland-stateless\/2019\/05\/c8634ab0-laurin_buser_thumb.jpg 1000w, https:\/\/www.greenpeace.ch\/static\/planet4-switzerland-stateless\/2019\/05\/c8634ab0-laurin_buser_thumb-150x150.jpg 150w, https:\/\/www.greenpeace.ch\/static\/planet4-switzerland-stateless\/2019\/05\/c8634ab0-laurin_buser_thumb-300x300.jpg 300w, https:\/\/www.greenpeace.ch\/static\/planet4-switzerland-stateless\/2019\/05\/c8634ab0-laurin_buser_thumb-768x768.jpg 768w, https:\/\/www.greenpeace.ch\/static\/planet4-switzerland-stateless\/2019\/05\/c8634ab0-laurin_buser_thumb-340x340.jpg 340w\" sizes=\"auto, (max-width: 1000px) 100vw, 1000px\" \/><figcaption class=\"wp-element-caption\"><strong>Laurin Buser<\/strong><br>Slam-Poet<\/figcaption><\/figure>\n<\/div>\n\n\n\n<div class=\"wp-block-column is-layout-flow wp-block-column-is-layout-flow\">\n<figure class=\"wp-block-image caption-style-medium caption-alignment-center\"><img loading=\"lazy\" decoding=\"async\" width=\"428\" height=\"428\" src=\"https:\/\/storage.googleapis.com\/planet4-switzerland-stateless-develop\/2019\/05\/d892a704-thomas_schaller_thumb.jpg\" alt=\"\" class=\"wp-image-1446\" srcset=\"https:\/\/www.greenpeace.ch\/static\/planet4-switzerland-stateless\/2019\/05\/d892a704-thomas_schaller_thumb.jpg 428w, https:\/\/www.greenpeace.ch\/static\/planet4-switzerland-stateless\/2019\/05\/d892a704-thomas_schaller_thumb-150x150.jpg 150w, https:\/\/www.greenpeace.ch\/static\/planet4-switzerland-stateless\/2019\/05\/d892a704-thomas_schaller_thumb-300x300.jpg 300w, https:\/\/www.greenpeace.ch\/static\/planet4-switzerland-stateless\/2019\/05\/d892a704-thomas_schaller_thumb-340x340.jpg 340w\" sizes=\"auto, (max-width: 428px) 100vw, 428px\" \/><figcaption class=\"wp-element-caption\"><strong>Thomas Schaller<br><\/strong>Kommunikationsexperte<\/figcaption><\/figure>\n<\/div>\n\n\n\n<div class=\"wp-block-column is-layout-flow wp-block-column-is-layout-flow\">\n<figure class=\"wp-block-image size-large is-resized caption-style-medium caption-alignment-center\"><img loading=\"lazy\" decoding=\"async\" width=\"1024\" height=\"1024\" src=\"https:\/\/www.greenpeace.ch\/static\/planet4-switzerland-stateless\/2023\/12\/8ee10104-patrick-schwarzenbach-1200x1200-1-1024x1024.png\" alt=\"\" class=\"wp-image-105194\" style=\"width:258px;height:auto\" srcset=\"https:\/\/www.greenpeace.ch\/static\/planet4-switzerland-stateless\/2023\/12\/8ee10104-patrick-schwarzenbach-1200x1200-1-1024x1024.png 1024w, https:\/\/www.greenpeace.ch\/static\/planet4-switzerland-stateless\/2023\/12\/8ee10104-patrick-schwarzenbach-1200x1200-1-300x300.png 300w, https:\/\/www.greenpeace.ch\/static\/planet4-switzerland-stateless\/2023\/12\/8ee10104-patrick-schwarzenbach-1200x1200-1-150x150.png 150w, https:\/\/www.greenpeace.ch\/static\/planet4-switzerland-stateless\/2023\/12\/8ee10104-patrick-schwarzenbach-1200x1200-1-768x768.png 768w, https:\/\/www.greenpeace.ch\/static\/planet4-switzerland-stateless\/2023\/12\/8ee10104-patrick-schwarzenbach-1200x1200-1-340x340.png 340w, https:\/\/www.greenpeace.ch\/static\/planet4-switzerland-stateless\/2023\/12\/8ee10104-patrick-schwarzenbach-1200x1200-1.png 1200w\" sizes=\"auto, (max-width: 1024px) 100vw, 1024px\" \/><figcaption class=\"wp-element-caption\"><strong>Patrick Schwarzenbach<\/strong><strong> <\/strong><br>Pfarrer<\/figcaption><\/figure>\n<\/div>\n\n\n\n<div class=\"wp-block-column is-layout-flow wp-block-column-is-layout-flow\">\n<figure class=\"wp-block-image size-large is-resized\"><img loading=\"lazy\" decoding=\"async\" width=\"1024\" height=\"1024\" src=\"https:\/\/www.greenpeace.ch\/static\/planet4-switzerland-stateless\/2024\/04\/f89d225f-beaalbermann-1024x1024.jpeg\" alt=\"\" class=\"wp-image-107451\" style=\"width:258px;height:auto\" srcset=\"https:\/\/www.greenpeace.ch\/static\/planet4-switzerland-stateless\/2024\/04\/f89d225f-beaalbermann-1024x1024.jpeg 1024w, https:\/\/www.greenpeace.ch\/static\/planet4-switzerland-stateless\/2024\/04\/f89d225f-beaalbermann-300x300.jpeg 300w, https:\/\/www.greenpeace.ch\/static\/planet4-switzerland-stateless\/2024\/04\/f89d225f-beaalbermann-150x150.jpeg 150w, https:\/\/www.greenpeace.ch\/static\/planet4-switzerland-stateless\/2024\/04\/f89d225f-beaalbermann-768x768.jpeg 768w, https:\/\/www.greenpeace.ch\/static\/planet4-switzerland-stateless\/2024\/04\/f89d225f-beaalbermann-340x340.jpeg 340w, https:\/\/www.greenpeace.ch\/static\/planet4-switzerland-stateless\/2024\/04\/f89d225f-beaalbermann.jpeg 1200w\" sizes=\"auto, (max-width: 1024px) 100vw, 1024px\" \/><figcaption class=\"wp-element-caption\">Bea Albermann<br>\u00c4rztin und Aktivistin<\/figcaption><\/figure>\n<\/div>\n<\/div>\n\n<div class=\"wp-block-columns has-4-columns is-layout-flex wp-container-core-columns-is-layout-9d6595d7 wp-block-columns-is-layout-flex\">\n<div class=\"wp-block-column is-layout-flow wp-block-column-is-layout-flow\"><\/div>\n\n\n\n<div class=\"wp-block-column is-layout-flow wp-block-column-is-layout-flow\"><\/div>\n\n\n\n<div class=\"wp-block-column is-layout-flow wp-block-column-is-layout-flow\"><\/div>\n\n\n\n<div class=\"wp-block-column is-layout-flow wp-block-column-is-layout-flow\"><\/div>\n<\/div>\n\n<hr class=\"wp-block-separator has-css-opacity\"\/>\n\n<h2 class=\"wp-block-heading is-style-default\" id=\"WeitereInfos\">Weitere Informationen<\/h2>\n\n<div class=\"wp-block-columns has-4-columns is-layout-flex wp-container-core-columns-is-layout-9d6595d7 wp-block-columns-is-layout-flex\">\n<div class=\"wp-block-column is-layout-flow wp-block-column-is-layout-flow\">\n<h3 class=\"wp-block-heading is-style-default\">Flotte<\/h3>\n\n\n\n<p>Die Schiffe begleiten die Greenpeace-Kampagnen an vorderster Front.<\/p>\n\n\n\n<div class=\"wp-block-button\"><a class=\"wp-block-button__link has-gp-traditional-green-2-background-color has-background no-border-radius wp-element-button\" href=\"https:\/\/www.greenpeace.ch\/de\/ueber-uns\/flotte\/\">Mehr erfahren<\/a><\/div>\n<\/div>\n\n\n\n<div class=\"wp-block-column is-layout-flow wp-block-column-is-layout-flow\">\n<h3 class=\"wp-block-heading\">Erfolge<\/h3>\n\n\n\n<p>Im Lauf der Jahrzehnte hat Greenpeace beachtliche Erfolge erzielt.<\/p>\n\n\n\n<div class=\"wp-block-button\"><a class=\"wp-block-button__link has-gp-traditional-green-2-background-color has-background no-border-radius wp-element-button\" href=\"https:\/\/www.greenpeace.ch\/de\/ueber-uns\/greenpeace-erfolge\/\">Mehr erfahren<\/a><\/div>\n<\/div>\n\n\n\n<div class=\"wp-block-column is-layout-flow wp-block-column-is-layout-flow\">\n<h3 class=\"wp-block-heading\">Nachhaltigkeit<\/h3>\n\n\n\n<p>Wir gehen mit gutem Beispiel voran und setzen auch im B\u00fcroalltag auf Nachhaltigkeit.<\/p>\n\n\n\n<div class=\"wp-block-button\"><a class=\"wp-block-button__link has-gp-traditional-green-2-background-color has-background no-border-radius wp-element-button\" href=\"https:\/\/www.greenpeace.ch\/de\/ueber-uns\/nachhaltigkeit\/\">Mehr erfahren<\/a><\/div>\n<\/div>\n\n\n\n<div class=\"wp-block-column is-layout-flow wp-block-column-is-layout-flow\">\n<h3 class=\"wp-block-heading\">Greenpeace weltweit<\/h3>\n\n\n\n<p>72 L\u00e4nder- und Regionalb\u00fcros in \u00fcber 55 L\u00e4ndern arbeiten zusammen f\u00fcr den Umweltschutz.<\/p>\n\n\n\n<div class=\"wp-block-button\"><a class=\"wp-block-button__link has-gp-traditional-green-2-background-color has-background no-border-radius wp-element-button\" href=\"https:\/\/www.greenpeace.ch\/de\/ueber-uns\/greenpeace-weltweit-und-ihre-gruender\/\">Mehr erfahren<\/a><\/div>\n<\/div>\n<\/div>\n\n<style>\n.hide-legend figcaption em {\ndisplay: none;\n}\n<\/style>\n","protected":false},"excerpt":{"rendered":"<p>Leitbild, Geschichte, Arbeitsweise, Jahresberichte: geb\u00fcndelte Informationen zu Greenpeace Schweiz. <\/p>\n","protected":false},"author":25,"featured_media":82400,"parent":0,"menu_order":0,"comment_status":"closed","ping_status":"closed","template":"","meta":{"_acf_changed":false,"_planet4_optimize_post_is_variant":false,"_planet4_optimize_experiment_name":"","_planet4_optimize_variant_name":"","ep_exclude_from_search":false,"p4_hide_page_title_checkbox":"on","p4_title":"","p4_subtitle":"","p4_description":"","background_image_id":"","background_image":"","p4_button_title":"","p4_button_link":"","p4_button_link_checkbox":"","p4_og_title":"","p4_og_description":"Leitbild, Geschichte, Versprechen, Jahresberichte: geb\u00fcndelte Informationen zu Greenpeace Schweiz. ","p4_og_image":"","p4_og_image_id":"","p4_seo_canonical_url":"","p4_campaign_name":"not set","p4_local_project":"not set","p4_basket_name":"not set","p4_department":"","footnotes":""},"categories":[],"tags":[],"class_list":["post-497","page","type-page","status-publish","has-post-thumbnail","hentry"],"acf":[],"_links":{"self":[{"href":"https:\/\/www.greenpeace.ch\/de\/wp-json\/wp\/v2\/pages\/497","targetHints":{"allow":["GET"]}}],"collection":[{"href":"https:\/\/www.greenpeace.ch\/de\/wp-json\/wp\/v2\/pages"}],"about":[{"href":"https:\/\/www.greenpeace.ch\/de\/wp-json\/wp\/v2\/types\/page"}],"author":[{"embeddable":true,"href":"https:\/\/www.greenpeace.ch\/de\/wp-json\/wp\/v2\/users\/25"}],"replies":[{"embeddable":true,"href":"https:\/\/www.greenpeace.ch\/de\/wp-json\/wp\/v2\/comments?post=497"}],"version-history":[{"count":20,"href":"https:\/\/www.greenpeace.ch\/de\/wp-json\/wp\/v2\/pages\/497\/revisions"}],"predecessor-version":[{"id":130908,"href":"https:\/\/www.greenpeace.ch\/de\/wp-json\/wp\/v2\/pages\/497\/revisions\/130908"}],"wp:featuredmedia":[{"embeddable":true,"href":"https:\/\/www.greenpeace.ch\/de\/wp-json\/wp\/v2\/media\/82400"}],"wp:attachment":[{"href":"https:\/\/www.greenpeace.ch\/de\/wp-json\/wp\/v2\/media?parent=497"}],"wp:term":[{"taxonomy":"category","embeddable":true,"href":"https:\/\/www.greenpeace.ch\/de\/wp-json\/wp\/v2\/categories?post=497"},{"taxonomy":"post_tag","embeddable":true,"href":"https:\/\/www.greenpeace.ch\/de\/wp-json\/wp\/v2\/tags?post=497"}],"curies":[{"name":"wp","href":"https:\/\/api.w.org\/{rel}","templated":true}]}}