{"id":501,"date":"2019-04-09T15:49:27","date_gmt":"2019-04-09T15:49:27","guid":{"rendered":"https:\/\/master.greenpeace.ch\/?page_id=501"},"modified":"2026-04-15T15:34:11","modified_gmt":"2026-04-15T13:34:11","slug":"medienstelle","status":"publish","type":"page","link":"https:\/\/www.greenpeace.ch\/de\/medienstelle\/","title":{"rendered":"Medien"},"content":{"rendered":"\n\n<div class=\"wp-block-group alignfull is-layout-flow wp-block-group-is-layout-flow\">\n<div class=\"wp-block-group container is-layout-flow wp-block-group-is-layout-flow\">\n<div class=\"wp-block-media-text alignfull has-media-on-the-right is-stacked-on-mobile is-pattern-p4-page-header is-style-parallax\"><div class=\"wp-block-media-text__content\">\n<div class=\"wp-block-group is-layout-flow wp-block-group-is-layout-flow\">\n<h1 class=\"wp-block-heading has-white-background-color has-background\">\n                            Medien\n                        <\/h1>\n<\/div>\n<\/div><figure class=\"wp-block-media-text__media\"><img loading=\"lazy\" decoding=\"async\" width=\"3543\" height=\"1364\" src=\"https:\/\/www.greenpeace.ch\/static\/planet4-switzerland-stateless\/2019\/05\/c9498454-gp0stt80m_high_res-e1558708719684.jpg\" alt=\"\" sizes=\"auto, (min-width: 601px) 50vw, 100vw\" srcset=\"https:\/\/www.greenpeace.ch\/static\/planet4-switzerland-stateless\/2019\/05\/c9498454-gp0stt80m_high_res-e1558708719684.jpg 3543w, https:\/\/www.greenpeace.ch\/static\/planet4-switzerland-stateless\/2019\/05\/c9498454-gp0stt80m_high_res-e1558708719684-300x115.jpg 300w, https:\/\/www.greenpeace.ch\/static\/planet4-switzerland-stateless\/2019\/05\/c9498454-gp0stt80m_high_res-e1558708719684-768x296.jpg 768w, https:\/\/www.greenpeace.ch\/static\/planet4-switzerland-stateless\/2019\/05\/c9498454-gp0stt80m_high_res-e1558708719684-1024x394.jpg 1024w, https:\/\/www.greenpeace.ch\/static\/planet4-switzerland-stateless\/2019\/05\/c9498454-gp0stt80m_high_res-e1558708719684-2048x788.jpg 2048w, https:\/\/www.greenpeace.ch\/static\/planet4-switzerland-stateless\/2019\/05\/c9498454-gp0stt80m_high_res-e1558708719684-510x196.jpg 510w\" class=\"wp-image-2268 size-full\"\/><\/figure><\/div>\n<\/div>\n<\/div>\n\n\n<h2 class=\"wp-block-heading is-style-underline\">Aktuelle Medienmitteilungen<\/h2>\n\n<div class=\"wp-block-columns has-2-columns is-layout-flex wp-container-core-columns-is-layout-9d6595d7 wp-block-columns-is-layout-flex\">\n<div class=\"wp-block-column is-layout-flow wp-block-column-is-layout-flow\">\n<p class=\"is-style-default\">Hier finden Sie unsere Medienmitteilungen. Tragen Sie sich in unseren Medienverteiler ein, um die neuesten Mitteilungen und Einladungen per E-Mail zu erhalten.<\/p>\n<\/div>\n\n\n\n<div class=\"wp-block-column is-layout-flow wp-block-column-is-layout-flow\">\n<div class=\"wp-block-button\"><a class=\"wp-block-button__link wp-element-button\" href=\"https:\/\/www.greenpeace.ch\/de\/medienstelle\/medienverteiler\/\">Medienverteiler abonnieren<\/a><\/div>\n<\/div>\n<\/div>\n\n<div class=\"wp-block-query posts-list p4-query-loop is-custom-layout-list is-layout-flow wp-block-query-is-layout-flow\">\n\n<ul class=\"wp-block-post-template is-layout-flow wp-block-post-template-is-layout-flow\"><li class=\"wp-block-post post-131541 post type-post status-publish format-standard has-post-thumbnail hentry category-zero-waste tag-ernaehrung tag-konsum p4-page-type-medienmitteilung\">\n\n<div class=\"wp-block-columns is-layout-flex wp-container-core-columns-is-layout-9d6595d7 wp-block-columns-is-layout-flex\"><figure class=\"wp-block-post-featured-image\"><a href=\"https:\/\/www.greenpeace.ch\/de\/medienmitteilung\/131541\/natur-zu-tisch-ueber-275-personen-lassen-sich-in-basel-von-veganem-essen-begeistern\/\" target=\"_self\"  ><img loading=\"lazy\" decoding=\"async\" width=\"1200\" height=\"800\" src=\"https:\/\/www.greenpeace.ch\/static\/planet4-switzerland-stateless\/2026\/04\/96e4ce41-natur_zu_tisch_13.jpg\" class=\"attachment-post-thumbnail size-post-thumbnail wp-post-image wp-stateless-item\" alt=\"Natur zu Tisch: \u00dcber 275 Personen lassen sich in Basel von veganem Essen begeistern\" style=\"object-fit:cover;\" srcset=\"https:\/\/www.greenpeace.ch\/static\/planet4-switzerland-stateless\/2026\/04\/96e4ce41-natur_zu_tisch_13.jpg 1200w, https:\/\/www.greenpeace.ch\/static\/planet4-switzerland-stateless\/2026\/04\/96e4ce41-natur_zu_tisch_13-300x200.jpg 300w, https:\/\/www.greenpeace.ch\/static\/planet4-switzerland-stateless\/2026\/04\/96e4ce41-natur_zu_tisch_13-1024x683.jpg 1024w, https:\/\/www.greenpeace.ch\/static\/planet4-switzerland-stateless\/2026\/04\/96e4ce41-natur_zu_tisch_13-768x512.jpg 768w, https:\/\/www.greenpeace.ch\/static\/planet4-switzerland-stateless\/2026\/04\/96e4ce41-natur_zu_tisch_13-510x340.jpg 510w\" sizes=\"auto, (max-width: 1200px) 100vw, 1200px\" data-image-size=\"post-thumbnail\" data-stateless-media-bucket=\"planet4-switzerland-stateless\" data-stateless-media-name=\"2026\/04\/96e4ce41-natur_zu_tisch_13.jpg\" \/><\/a><\/figure>\n\n\n<div class=\"wp-block-group is-layout-flow wp-block-group-is-layout-flow\">\n<div class=\"wp-block-group is-layout-flex wp-block-group-is-layout-flex\"><div class=\"wp-block-post-terms\"><a href=\"https:\/\/www.greenpeace.ch\/de\/medienmitteilung\/\">Medienmitteilung<\/a><\/div>\n\n<div class=\"taxonomy-post_tag wp-block-post-terms\"><a href=\"https:\/\/www.greenpeace.ch\/de\/tag\/ernaehrung\/\" rel=\"tag\">Ern\u00e4hrung<\/a><span class=\"wp-block-post-terms__separator\"> <\/span><a href=\"https:\/\/www.greenpeace.ch\/de\/tag\/konsum\/\" rel=\"tag\">Konsum<\/a><\/div><\/div>\n\n\n<h3 class=\"wp-block-post-title\"><a href=\"https:\/\/www.greenpeace.ch\/de\/medienmitteilung\/131541\/natur-zu-tisch-ueber-275-personen-lassen-sich-in-basel-von-veganem-essen-begeistern\/\" target=\"_self\" >Natur zu Tisch: \u00dcber 275 Personen lassen sich in Basel von veganem Essen begeistern<\/a><\/h3>\n\n<div class=\"wp-block-post-excerpt\"><p class=\"wp-block-post-excerpt__excerpt\">Vor dem Kollegienhaus der Universit\u00e4t Basel standen heute Mittag pflanzliche Proteine aus der Schweiz im Mittelpunkt. \u00dcber 275 Personen folgten der Einladung von Greenpeace Schweiz und Plant-Based Universities Basel, um die Vielfalt der pflanzlichen Proteine aus der Schweiz zu entdecken. <\/p><\/div>\n\n\n<div class=\"wp-block-group posts-list-meta is-layout-flow wp-block-group-is-layout-flow\"><span class='article-list-item-author'>Greenpeace Schweiz<\/span>\n\n<div class=\"wp-block-post-date\"><time datetime=\"2026-04-23T15:08:52+02:00\">23. April 2026<\/time><\/div><\/div>\n<\/div>\n<\/div>\n\n<\/li><li class=\"wp-block-post post-131410 post type-post status-publish format-standard has-post-thumbnail hentry category-unkategorisiert tag-nachhaltiger-finanzplatz tag-klima p4-page-type-medienmitteilung\">\n\n<div class=\"wp-block-columns is-layout-flex wp-container-core-columns-is-layout-9d6595d7 wp-block-columns-is-layout-flex\"><figure class=\"wp-block-post-featured-image\"><a href=\"https:\/\/www.greenpeace.ch\/de\/medienmitteilung\/131410\/finanzplatz-initiative-eingereicht\/\" target=\"_self\"  ><img loading=\"lazy\" decoding=\"async\" width=\"800\" height=\"533\" src=\"https:\/\/www.greenpeace.ch\/static\/planet4-switzerland-stateless\/2026\/04\/7a9a8b83-finanzplatz-initiative.jpg\" class=\"attachment-post-thumbnail size-post-thumbnail wp-post-image wp-stateless-item\" alt=\"Finanzplatz-Initiative eingereicht\" style=\"object-fit:cover;\" srcset=\"https:\/\/www.greenpeace.ch\/static\/planet4-switzerland-stateless\/2026\/04\/7a9a8b83-finanzplatz-initiative.jpg 800w, https:\/\/www.greenpeace.ch\/static\/planet4-switzerland-stateless\/2026\/04\/7a9a8b83-finanzplatz-initiative-300x200.jpg 300w, https:\/\/www.greenpeace.ch\/static\/planet4-switzerland-stateless\/2026\/04\/7a9a8b83-finanzplatz-initiative-768x512.jpg 768w, https:\/\/www.greenpeace.ch\/static\/planet4-switzerland-stateless\/2026\/04\/7a9a8b83-finanzplatz-initiative-510x340.jpg 510w\" sizes=\"auto, (max-width: 800px) 100vw, 800px\" data-image-size=\"post-thumbnail\" data-stateless-media-bucket=\"planet4-switzerland-stateless\" data-stateless-media-name=\"2026\/04\/7a9a8b83-finanzplatz-initiative.jpg\" \/><\/a><\/figure>\n\n\n<div class=\"wp-block-group is-layout-flow wp-block-group-is-layout-flow\">\n<div class=\"wp-block-group is-layout-flex wp-block-group-is-layout-flex\"><div class=\"wp-block-post-terms\"><a href=\"https:\/\/www.greenpeace.ch\/de\/medienmitteilung\/\">Medienmitteilung<\/a><\/div>\n\n<div class=\"taxonomy-post_tag wp-block-post-terms\"><a href=\"https:\/\/www.greenpeace.ch\/de\/tag\/nachhaltiger-finanzplatz\/\" rel=\"tag\">NachhaltigerFinanzplatz<\/a><span class=\"wp-block-post-terms__separator\"> <\/span><a href=\"https:\/\/www.greenpeace.ch\/de\/tag\/klima\/\" rel=\"tag\">Klima<\/a><\/div><\/div>\n\n\n<h3 class=\"wp-block-post-title\"><a href=\"https:\/\/www.greenpeace.ch\/de\/medienmitteilung\/131410\/finanzplatz-initiative-eingereicht\/\" target=\"_self\" >Finanzplatz-Initiative eingereicht<\/a><\/h3>\n\n<div class=\"wp-block-post-excerpt\"><p class=\"wp-block-post-excerpt__excerpt\">Ein breites B\u00fcndnis aus Finanzbranche, Politik und Zivilgesellschaft hat heute bei der Bundeskanzlei \u00fcber 145\u2019000 Unterschriften f\u00fcr die Volksinitiative \u00abF\u00fcr einen nachhaltigen und zukunftsgerichteten Finanzplatz Schweiz\u00bb eingereicht. <\/p><\/div>\n\n\n<div class=\"wp-block-group posts-list-meta is-layout-flow wp-block-group-is-layout-flow\"><span class='article-list-item-author'>Allianz f\u00fcr einen nachhaltigen und zukunftsgerichteten Finanzplatz Schweiz<\/span>\n\n<div class=\"wp-block-post-date\"><time datetime=\"2026-04-16T12:14:54+02:00\">16. April 2026<\/time><\/div><\/div>\n<\/div>\n<\/div>\n\n<\/li><li class=\"wp-block-post post-131363 post type-post status-publish format-standard has-post-thumbnail hentry category-zero-waste tag-ernaehrung tag-konsum p4-page-type-medienmitteilung\">\n\n<div class=\"wp-block-columns is-layout-flex wp-container-core-columns-is-layout-9d6595d7 wp-block-columns-is-layout-flex\"><figure class=\"wp-block-post-featured-image\"><a href=\"https:\/\/www.greenpeace.ch\/de\/medienmitteilung\/131363\/natur-zu-tisch-plant-based-universities-basel-und-greenpeace-schweiz-laden-zur-degustation-ein\/\" target=\"_self\"  ><img loading=\"lazy\" decoding=\"async\" width=\"640\" height=\"427\" src=\"https:\/\/www.greenpeace.ch\/static\/planet4-switzerland-stateless\/2026\/04\/c121b022-gp0strme7_medium-res-1200px.jpeg\" class=\"attachment-post-thumbnail size-post-thumbnail wp-post-image wp-stateless-item\" alt=\"Natur zu Tisch: Plant-Based Universities Basel und Greenpeace Schweiz laden zur Degustation ein\" style=\"object-fit:cover;\" srcset=\"https:\/\/www.greenpeace.ch\/static\/planet4-switzerland-stateless\/2026\/04\/c121b022-gp0strme7_medium-res-1200px.jpeg 640w, https:\/\/www.greenpeace.ch\/static\/planet4-switzerland-stateless\/2026\/04\/c121b022-gp0strme7_medium-res-1200px-300x200.jpeg 300w, https:\/\/www.greenpeace.ch\/static\/planet4-switzerland-stateless\/2026\/04\/c121b022-gp0strme7_medium-res-1200px-510x340.jpeg 510w\" sizes=\"auto, (max-width: 640px) 100vw, 640px\" data-image-size=\"post-thumbnail\" data-stateless-media-bucket=\"planet4-switzerland-stateless\" data-stateless-media-name=\"2026\/04\/c121b022-gp0strme7_medium-res-1200px.jpeg\" \/><\/a><\/figure>\n\n\n<div class=\"wp-block-group is-layout-flow wp-block-group-is-layout-flow\">\n<div class=\"wp-block-group is-layout-flex wp-block-group-is-layout-flex\"><div class=\"wp-block-post-terms\"><a href=\"https:\/\/www.greenpeace.ch\/de\/medienmitteilung\/\">Medienmitteilung<\/a><\/div>\n\n<div class=\"taxonomy-post_tag wp-block-post-terms\"><a href=\"https:\/\/www.greenpeace.ch\/de\/tag\/ernaehrung\/\" rel=\"tag\">Ern\u00e4hrung<\/a><span class=\"wp-block-post-terms__separator\"> <\/span><a href=\"https:\/\/www.greenpeace.ch\/de\/tag\/konsum\/\" rel=\"tag\">Konsum<\/a><\/div><\/div>\n\n\n<h3 class=\"wp-block-post-title\"><a href=\"https:\/\/www.greenpeace.ch\/de\/medienmitteilung\/131363\/natur-zu-tisch-plant-based-universities-basel-und-greenpeace-schweiz-laden-zur-degustation-ein\/\" target=\"_self\" >Natur zu Tisch: Plant-Based Universities Basel und Greenpeace Schweiz laden zur Degustation ein<\/a><\/h3>\n\n<div class=\"wp-block-post-excerpt\"><p class=\"wp-block-post-excerpt__excerpt\">Greenpeace Schweiz und die Projektgruppe \u00abPlant-Based Universities\u00bb aus Basel laden am Donnerstag, 23. April dazu ein, vor dem Kollegienhaus der Universit\u00e4t Basel die vielf\u00e4ltigen M\u00f6glichkeiten pflanzlicher Proteine zu entdecken. <\/p><\/div>\n\n\n<div class=\"wp-block-group posts-list-meta is-layout-flow wp-block-group-is-layout-flow\"><span class='article-list-item-author'>Greenpeace Schweiz<\/span>\n\n<div class=\"wp-block-post-date\"><time datetime=\"2026-04-14T14:44:51+02:00\">14. April 2026<\/time><\/div><\/div>\n<\/div>\n<\/div>\n\n<\/li><li class=\"wp-block-post post-130996 post type-post status-publish format-standard has-post-thumbnail hentry category-unkategorisiert tag-klima p4-page-type-medienmitteilung\">\n\n<div class=\"wp-block-columns is-layout-flex wp-container-core-columns-is-layout-9d6595d7 wp-block-columns-is-layout-flex\"><figure class=\"wp-block-post-featured-image\"><a href=\"https:\/\/www.greenpeace.ch\/de\/medienmitteilung\/130996\/die-musikerin-to-athena-tritt-auf-dem-morteratschgletscher-auf-und-macht-auf-die-schoenheit-der-natur-und-den-klimaschutz-aufmerksam\/\" target=\"_self\"  ><img loading=\"lazy\" decoding=\"async\" width=\"800\" height=\"533\" src=\"https:\/\/www.greenpeace.ch\/static\/planet4-switzerland-stateless\/2026\/04\/3bf0cc4d-gp_\u00a9david_buergisser_klein.jpg\" class=\"attachment-post-thumbnail size-post-thumbnail wp-post-image wp-stateless-item\" alt=\"Die Musikerin To Athena tritt auf dem Morteratschgletscher auf und macht auf die Sch\u00f6nheit der Natur und den Klimaschutz aufmerksam\u00a0\" style=\"object-fit:cover;\" srcset=\"https:\/\/www.greenpeace.ch\/static\/planet4-switzerland-stateless\/2026\/04\/3bf0cc4d-gp_\u00a9david_buergisser_klein.jpg 800w, https:\/\/www.greenpeace.ch\/static\/planet4-switzerland-stateless\/2026\/04\/3bf0cc4d-gp_\u00a9david_buergisser_klein-300x200.jpg 300w, https:\/\/www.greenpeace.ch\/static\/planet4-switzerland-stateless\/2026\/04\/3bf0cc4d-gp_\u00a9david_buergisser_klein-768x512.jpg 768w, https:\/\/www.greenpeace.ch\/static\/planet4-switzerland-stateless\/2026\/04\/3bf0cc4d-gp_\u00a9david_buergisser_klein-510x340.jpg 510w\" sizes=\"auto, (max-width: 800px) 100vw, 800px\" data-image-size=\"post-thumbnail\" data-stateless-media-bucket=\"planet4-switzerland-stateless\" data-stateless-media-name=\"2026\/04\/3bf0cc4d-gp_\u00a9david_buergisser_klein.jpg\" \/><\/a><\/figure>\n\n\n<div class=\"wp-block-group is-layout-flow wp-block-group-is-layout-flow\">\n<div class=\"wp-block-group is-layout-flex wp-block-group-is-layout-flex\"><div class=\"wp-block-post-terms\"><a href=\"https:\/\/www.greenpeace.ch\/de\/medienmitteilung\/\">Medienmitteilung<\/a><\/div>\n\n<div class=\"taxonomy-post_tag wp-block-post-terms\"><a href=\"https:\/\/www.greenpeace.ch\/de\/tag\/klima\/\" rel=\"tag\">Klima<\/a><\/div><\/div>\n\n\n<h3 class=\"wp-block-post-title\"><a href=\"https:\/\/www.greenpeace.ch\/de\/medienmitteilung\/130996\/die-musikerin-to-athena-tritt-auf-dem-morteratschgletscher-auf-und-macht-auf-die-schoenheit-der-natur-und-den-klimaschutz-aufmerksam\/\" target=\"_self\" >Die Musikerin To Athena tritt auf dem Morteratschgletscher auf und macht auf die Sch\u00f6nheit der Natur und den Klimaschutz aufmerksam\u00a0<\/a><\/h3>\n\n<div class=\"wp-block-post-excerpt\"><p class=\"wp-block-post-excerpt__excerpt\">To Athena ist mit einem vierk\u00f6pfigen Ensemble auf den Morteratschgletscher im Oberengadin (GR) gewandert. In einer der atemberaubenden Gletscherh\u00f6hlen f\u00fchrte sie ihren neuesten Song \u00abCollide\u00bb auf. Darin erz\u00e4hlt To Athena&hellip; <\/p><\/div>\n\n\n<div class=\"wp-block-group posts-list-meta is-layout-flow wp-block-group-is-layout-flow\"><span class='article-list-item-author'>Greenpeace Schweiz<\/span>\n\n<div class=\"wp-block-post-date\"><time datetime=\"2026-04-11T00:10:00+02:00\">11. April 2026<\/time><\/div><\/div>\n<\/div>\n<\/div>\n\n<\/li><\/ul>\n\n\n<div class=\"wp-block-buttons carousel-controls is-horizontal is-content-justification-space-between is-nowrap is-layout-flex wp-container-core-buttons-is-layout-044bd602 wp-block-buttons-is-layout-flex\">\n<div class=\"wp-block-button carousel-control-prev\"><button type=\"button\" class=\"wp-block-button__link wp-element-button\">Prev<\/button><\/div>\n\n\n\n<div class=\"wp-block-button carousel-control-next\"><button type=\"button\" class=\"wp-block-button__link wp-element-button\">Next<\/button><\/div>\n<\/div>\n\n\n<li class=\" wp-block-navigation-item see-all-link wp-block-navigation-link\"><a class=\"wp-block-navigation-item__content\"  href=\"http:\/\/www.greenpeace.ch\/de\/posts\/?post-type=medienmitteilung\"><span class=\"wp-block-navigation-item__label\">Alle Medienmitteilungen anzeigen<\/span><\/a><\/li><\/div>\n\n<hr class=\"wp-block-separator has-css-opacity\"\/>\n\n<h2 class=\"wp-block-heading\">Kontakt<\/h2>\n\n<div class=\"wp-block-columns has-3-columns is-layout-flex wp-container-core-columns-is-layout-9d6595d7 wp-block-columns-is-layout-flex\">\n<div class=\"wp-block-column is-layout-flow wp-block-column-is-layout-flow\">\n<figure class=\"wp-block-image size-full caption-style-medium caption-alignment-center\"><img decoding=\"async\" src=\"https:\/\/www.greenpeace.ch\/static\/planet4-switzerland-stateless\/2024\/01\/49b52180-michelle_2023_f0a7810.png.jpg\" alt=\"\" class=\"wp-image-105416\" style=\"object-fit:cover\"\/><\/figure>\n\n\n\n<h3 class=\"wp-block-heading\">Michelle Sandmeier<\/h3>\n\n\n\n<p>\u202d+41 77 205 66 70\u202c<br>Konsum, Ern\u00e4hrungswende, Plastik<\/p>\n<\/div>\n\n\n\n<div class=\"wp-block-column is-layout-flow wp-block-column-is-layout-flow\">\n<figure class=\"wp-block-image size-full caption-style-medium caption-alignment-center\"><img loading=\"lazy\" decoding=\"async\" width=\"887\" height=\"880\" src=\"https:\/\/www.greenpeace.ch\/static\/planet4-switzerland-stateless\/2022\/05\/c6a96d30-img_5373-4.jpg\" alt=\"\" class=\"wp-image-85864\" srcset=\"https:\/\/www.greenpeace.ch\/static\/planet4-switzerland-stateless\/2022\/05\/c6a96d30-img_5373-4.jpg 887w, https:\/\/www.greenpeace.ch\/static\/planet4-switzerland-stateless\/2022\/05\/c6a96d30-img_5373-4-300x298.jpg 300w, https:\/\/www.greenpeace.ch\/static\/planet4-switzerland-stateless\/2022\/05\/c6a96d30-img_5373-4-150x150.jpg 150w, https:\/\/www.greenpeace.ch\/static\/planet4-switzerland-stateless\/2022\/05\/c6a96d30-img_5373-4-768x762.jpg 768w, https:\/\/www.greenpeace.ch\/static\/planet4-switzerland-stateless\/2022\/05\/c6a96d30-img_5373-4-343x340.jpg 343w\" sizes=\"auto, (max-width: 887px) 100vw, 887px\" \/><\/figure>\n\n\n\n<h3 class=\"wp-block-heading\">Roland Gysin<\/h3>\n\n\n\n<p>+41 44 447 41 17 <br>Gesellschaftlicher Wandel, Meer, Frieden, Wald<\/p>\n<\/div>\n\n\n\n<div class=\"wp-block-column is-layout-flow wp-block-column-is-layout-flow\">\n<figure class=\"wp-block-image size-full\"><img loading=\"lazy\" decoding=\"async\" width=\"1000\" height=\"1000\" src=\"https:\/\/www.greenpeace.ch\/static\/planet4-switzerland-stateless\/2024\/09\/40e7ac5b-dsc03119-1-1.jpg\" alt=\"\" class=\"wp-image-112643\" srcset=\"https:\/\/www.greenpeace.ch\/static\/planet4-switzerland-stateless\/2024\/09\/40e7ac5b-dsc03119-1-1.jpg 1000w, https:\/\/www.greenpeace.ch\/static\/planet4-switzerland-stateless\/2024\/09\/40e7ac5b-dsc03119-1-1-300x300.jpg 300w, https:\/\/www.greenpeace.ch\/static\/planet4-switzerland-stateless\/2024\/09\/40e7ac5b-dsc03119-1-1-150x150.jpg 150w, https:\/\/www.greenpeace.ch\/static\/planet4-switzerland-stateless\/2024\/09\/40e7ac5b-dsc03119-1-1-768x768.jpg 768w, https:\/\/www.greenpeace.ch\/static\/planet4-switzerland-stateless\/2024\/09\/40e7ac5b-dsc03119-1-1-340x340.jpg 340w\" sizes=\"auto, (max-width: 1000px) 100vw, 1000px\" \/><\/figure>\n\n\n\n<h3 class=\"wp-block-heading\">Yvonne Anliker<\/h3>\n\n\n\n<p>+41 79 306 53 42<br>Klima, Klimaseniorinnen, Atom\/Energie<\/p>\n<\/div>\n<\/div>\n\n<div class=\"wp-block-columns has-3-columns is-layout-flex wp-container-core-columns-is-layout-9d6595d7 wp-block-columns-is-layout-flex\">\n<div class=\"wp-block-column is-layout-flow wp-block-column-is-layout-flow\">\n<h3 class=\"wp-block-heading\"><\/h3>\n<\/div>\n\n\n\n<div class=\"wp-block-column is-layout-flow wp-block-column-is-layout-flow\">\n<h3 class=\"wp-block-heading\"><\/h3>\n<\/div>\n\n\n\n<div class=\"wp-block-column is-layout-flow wp-block-column-is-layout-flow\">\n<h3 class=\"wp-block-heading\"><br><\/h3>\n<\/div>\n<\/div>\n\n<h2 class=\"wp-block-heading\">Kontakt Westschweiz<\/h2>\n\n<div class=\"wp-block-columns has-3-columns is-layout-flex wp-container-core-columns-is-layout-9d6595d7 wp-block-columns-is-layout-flex\">\n<div class=\"wp-block-column is-layout-flow wp-block-column-is-layout-flow\">\n<figure class=\"wp-block-image size-large caption-style-medium caption-alignment-center\"><img loading=\"lazy\" decoding=\"async\" width=\"1024\" height=\"1024\" src=\"https:\/\/www.greenpeace.ch\/static\/planet4-switzerland-stateless\/2022\/09\/2422baa3-dsc00556-1-1-1024x1024-1-1024x1024.jpeg\" alt=\"\" class=\"wp-image-90323\" srcset=\"https:\/\/www.greenpeace.ch\/static\/planet4-switzerland-stateless\/2022\/09\/2422baa3-dsc00556-1-1-1024x1024-1.jpeg 1024w, https:\/\/www.greenpeace.ch\/static\/planet4-switzerland-stateless\/2022\/09\/2422baa3-dsc00556-1-1-1024x1024-1-300x300.jpeg 300w, https:\/\/www.greenpeace.ch\/static\/planet4-switzerland-stateless\/2022\/09\/2422baa3-dsc00556-1-1-1024x1024-1-150x150.jpeg 150w, https:\/\/www.greenpeace.ch\/static\/planet4-switzerland-stateless\/2022\/09\/2422baa3-dsc00556-1-1-1024x1024-1-768x768.jpeg 768w, https:\/\/www.greenpeace.ch\/static\/planet4-switzerland-stateless\/2022\/09\/2422baa3-dsc00556-1-1-1024x1024-1-340x340.jpeg 340w\" sizes=\"auto, (max-width: 1024px) 100vw, 1024px\" \/><\/figure>\n\n\n\n<h3 class=\"wp-block-heading\">Mathias Schlegel<\/h3>\n\n\n\n<p>+41 79 794 61 23<br>Klima, Atom\/Energie<\/p>\n<\/div>\n\n\n\n<div class=\"wp-block-column is-layout-flow wp-block-column-is-layout-flow\">\n<figure class=\"wp-block-image size-large caption-style-medium caption-alignment-center\"><img loading=\"lazy\" decoding=\"async\" width=\"1024\" height=\"1024\" src=\"https:\/\/www.greenpeace.ch\/static\/planet4-switzerland-stateless\/2022\/09\/9cb8ff1c-media_fanny_1024-1024x1024-1-1024x1024.jpeg\" alt=\"\" class=\"wp-image-90326\" srcset=\"https:\/\/www.greenpeace.ch\/static\/planet4-switzerland-stateless\/2022\/09\/9cb8ff1c-media_fanny_1024-1024x1024-1.jpeg 1024w, https:\/\/www.greenpeace.ch\/static\/planet4-switzerland-stateless\/2022\/09\/9cb8ff1c-media_fanny_1024-1024x1024-1-300x300.jpeg 300w, https:\/\/www.greenpeace.ch\/static\/planet4-switzerland-stateless\/2022\/09\/9cb8ff1c-media_fanny_1024-1024x1024-1-150x150.jpeg 150w, https:\/\/www.greenpeace.ch\/static\/planet4-switzerland-stateless\/2022\/09\/9cb8ff1c-media_fanny_1024-1024x1024-1-768x768.jpeg 768w, https:\/\/www.greenpeace.ch\/static\/planet4-switzerland-stateless\/2022\/09\/9cb8ff1c-media_fanny_1024-1024x1024-1-340x340.jpeg 340w\" sizes=\"auto, (max-width: 1024px) 100vw, 1024px\" \/><\/figure>\n\n\n\n<h3 class=\"wp-block-heading\">Fanny Eternod<\/h3>\n\n\n\n<p>+41 78 662 07 31<br>Konsum, Ern\u00e4hrungswende, Plastik<\/p>\n<\/div>\n\n\n\n<div class=\"wp-block-column is-layout-flow wp-block-column-is-layout-flow\">\n<h3 class=\"wp-block-heading\"><\/h3>\n<\/div>\n<\/div>\n\n<h2 class=\"wp-block-heading\">Medienstelle<\/h2>\n\n<div class=\"wp-block-columns has-2-columns is-layout-flex wp-container-core-columns-is-layout-9d6595d7 wp-block-columns-is-layout-flex\">\n<div class=\"wp-block-column is-layout-flow wp-block-column-is-layout-flow\">\n<div class=\"wp-block-columns is-layout-flex wp-container-core-columns-is-layout-9d6595d7 wp-block-columns-is-layout-flex\">\n<div class=\"wp-block-column is-layout-flow wp-block-column-is-layout-flow\" style=\"flex-basis:100%\">\n<div class=\"wp-block-button is-style-secondary\"><a class=\"wp-block-button__link wp-element-button\" href=\"mailto:pressestelle.ch@greenpeace.org\">pressestelle.ch@greenpeace.org<\/a><\/div>\n<\/div>\n<\/div>\n\n\n\n<p class=\"is-style-accent-1\"><a href=\"tel:+41 44 447 41 11\">+41 44 447 41 11<\/a><\/p>\n\n\n\n<p>Montag bis Freitag, am Wochenende ist das Telefon nicht besetzt.<\/p>\n<\/div>\n\n\n\n<div class=\"wp-block-column is-layout-flow wp-block-column-is-layout-flow\"><\/div>\n<\/div>\n\n<p>Wenn die&nbsp;<strong>Medienstelle nicht besetzt&nbsp;<\/strong>ist, bieten wir Direktkontakte zu unseren Fachpersonen an:<\/p>\n\n<p><strong>Klima<\/strong>: Georg Klingler +41 79&nbsp;785 07 38<\/p>\n\n<p><strong>Konsum und Werbung: <\/strong>Nico Frommherz +41 44 447 41 64<\/p>\n\n<p><strong>Plastik: <\/strong>Jo\u00eblle H\u00e9rin <a href=\"tel:+41 79 256 32 65\" target=\"_blank\" rel=\"noreferrer noopener\">+41 79 256 32 65<\/a><\/p>\n\n<p><strong>Atom\/Energie<\/strong>: Florian Kasser +41 44 447 41 23; Nathan Solothurnmann +41 76 514 90 48<\/p>\n\n<p><strong>Gesellschaftlicher Wandel<\/strong>: Annina Aeberli <a href=\"tel:+41 79 128 58 73\" target=\"_blank\" rel=\"noreferrer noopener\">+41 79 128 58 73<\/a><\/p>\n\n<hr class=\"wp-block-separator has-css-opacity\"\/>\n\n<h2 class=\"wp-block-heading\" id=\"medienverteiler\">Medienverteiler<\/h2>\n\n<p>Tragen Sie sich in unseren Medienverteiler ein, um die aktuellsten Mitteilungen und Einladungen per E-Mail zu erhalten.<\/p>\n\n<div class=\"wp-block-buttons is-layout-flex wp-block-buttons-is-layout-flex\">\n<div class=\"wp-block-button is-style-secondary\"><a class=\"wp-block-button__link wp-element-button\" href=\"https:\/\/www.greenpeace.ch\/de\/medienstelle\/medienverteiler\/\">Jetzt abonnieren<\/a><\/div>\n<\/div>\n\n<hr class=\"wp-block-separator has-css-opacity\"\/>\n\n<h2 class=\"wp-block-heading\">Weitere Informationen<\/h2>\n\n<div class=\"wp-block-columns has-2-columns is-layout-flex wp-container-core-columns-is-layout-9d6595d7 wp-block-columns-is-layout-flex\">\n<div class=\"wp-block-column is-layout-flow wp-block-column-is-layout-flow\">\n<div class=\"wp-block-columns has-2-columns is-layout-flex wp-container-core-columns-is-layout-9d6595d7 wp-block-columns-is-layout-flex\">\n<div class=\"wp-block-column is-layout-flow wp-block-column-is-layout-flow\">\n<h3 class=\"wp-block-heading\">Mediendatenbank<\/h3>\n\n\n\n<p>Aktuelle und historische Fotos und Videos von Greenpeace zur freien Nutzung f\u00fcr Medienschaffende.<\/p>\n\n\n\n<div class=\"wp-block-button\"><a class=\"wp-block-button__link\" href=\"https:\/\/media.greenpeace.org\/C.aspx?VP3=CMS3&amp;VF=Home\" target=\"_blank\" rel=\"noopener noreferrer\">Zur Datenbank<\/a><\/div>\n<\/div>\n\n\n\n<div class=\"wp-block-column is-layout-flow wp-block-column-is-layout-flow\">\n<h3 class=\"wp-block-heading\">Publikationen<\/h3>\n\n\n\n<p>Aktuelle Berichte, Studien und Analysen zu unseren Kampagnenthemen.<\/p>\n\n\n\n<div class=\"wp-block-button\"><a class=\"wp-block-button__link\" href=\"https:\/\/www.greenpeace.ch\/publikation\/\" target=\"_blank\" rel=\"noopener noreferrer\">Zu den Publikationen<\/a><\/div>\n<\/div>\n<\/div>\n<\/div>\n\n\n\n<div class=\"wp-block-column is-layout-flow wp-block-column-is-layout-flow\">\n<div class=\"wp-block-columns has-2-columns is-layout-flex wp-container-core-columns-is-layout-9d6595d7 wp-block-columns-is-layout-flex\">\n<div class=\"wp-block-column is-layout-flow wp-block-column-is-layout-flow\">\n<h3 class=\"wp-block-heading\">F\u00fcllerinserate<\/h3>\n\n\n\n<p>Aktuelle Inserate zur Verwendung und Unterst\u00fctzung von Greenpeace-Kampagnen.<\/p>\n\n\n\n<div class=\"wp-block-button\"><a class=\"wp-block-button__link\" href=\"https:\/\/www.greenpeace.ch\/de\/medienstelle\/fuellerinserate\/\" target=\"_blank\" rel=\"noopener noreferrer\">Zu den F\u00fcllerinseraten<\/a><\/div>\n<\/div>\n\n\n\n<div class=\"wp-block-column is-layout-flow wp-block-column-is-layout-flow\"><\/div>\n<\/div>\n\n\n\n<p><\/p>\n<\/div>\n<\/div>\n","protected":false},"excerpt":{"rendered":"<p>Bei der Medienstelle findest du die Medienmitteilungen von Greenpeace, den Medienverteiler und Kontaktinformationen zu allen Bereichen. <\/p>\n","protected":false},"author":25,"featured_media":2268,"parent":0,"menu_order":0,"comment_status":"closed","ping_status":"closed","template":"","meta":{"_acf_changed":false,"_planet4_optimize_post_is_variant":false,"_planet4_optimize_experiment_name":"","_planet4_optimize_variant_name":"","ep_exclude_from_search":false,"p4_hide_page_title_checkbox":"on","p4_title":"","p4_subtitle":"","p4_description":"","background_image_id":"","background_image":"","p4_button_title":"","p4_button_link":"","p4_button_link_checkbox":"","p4_og_title":"","p4_og_description":"Bei der Medienstelle findest du die Medienmitteilungen von Greenpeace, den Medienverteiler und Kontaktinformationen zu allen Bereichen. ","p4_og_image":"","p4_og_image_id":"","p4_seo_canonical_url":"","p4_campaign_name":"not set","p4_local_project":"not set","p4_basket_name":"not set","p4_department":"","footnotes":""},"categories":[],"tags":[],"class_list":["post-501","page","type-page","status-publish","has-post-thumbnail","hentry"],"acf":[],"_links":{"self":[{"href":"https:\/\/www.greenpeace.ch\/de\/wp-json\/wp\/v2\/pages\/501","targetHints":{"allow":["GET"]}}],"collection":[{"href":"https:\/\/www.greenpeace.ch\/de\/wp-json\/wp\/v2\/pages"}],"about":[{"href":"https:\/\/www.greenpeace.ch\/de\/wp-json\/wp\/v2\/types\/page"}],"author":[{"embeddable":true,"href":"https:\/\/www.greenpeace.ch\/de\/wp-json\/wp\/v2\/users\/25"}],"replies":[{"embeddable":true,"href":"https:\/\/www.greenpeace.ch\/de\/wp-json\/wp\/v2\/comments?post=501"}],"version-history":[{"count":20,"href":"https:\/\/www.greenpeace.ch\/de\/wp-json\/wp\/v2\/pages\/501\/revisions"}],"predecessor-version":[{"id":131398,"href":"https:\/\/www.greenpeace.ch\/de\/wp-json\/wp\/v2\/pages\/501\/revisions\/131398"}],"wp:featuredmedia":[{"embeddable":true,"href":"https:\/\/www.greenpeace.ch\/de\/wp-json\/wp\/v2\/media\/2268"}],"wp:attachment":[{"href":"https:\/\/www.greenpeace.ch\/de\/wp-json\/wp\/v2\/media?parent=501"}],"wp:term":[{"taxonomy":"category","embeddable":true,"href":"https:\/\/www.greenpeace.ch\/de\/wp-json\/wp\/v2\/categories?post=501"},{"taxonomy":"post_tag","embeddable":true,"href":"https:\/\/www.greenpeace.ch\/de\/wp-json\/wp\/v2\/tags?post=501"}],"curies":[{"name":"wp","href":"https:\/\/api.w.org\/{rel}","templated":true}]}}