{"id":617,"date":"2019-04-11T17:00:42","date_gmt":"2019-04-11T15:00:42","guid":{"rendered":"https:\/\/master.greenpeace.ch\/?page_id=617"},"modified":"2025-05-05T12:07:51","modified_gmt":"2025-05-05T10:07:51","slug":"greenpeace-weltweit-und-ihre-gruender","status":"publish","type":"page","link":"https:\/\/www.greenpeace.ch\/de\/ueber-uns\/greenpeace-weltweit-und-ihre-gruender\/","title":{"rendered":"Greenpeace weltweit und ihre Gr\u00fcnder"},"content":{"rendered":"\n                \n                <div class=\"wp-block-group alignfull is-layout-flow wp-block-group-is-layout-flow\">\n                \n                <div class=\"wp-block-group container is-layout-flow wp-block-group-is-layout-flow\">\n                \n                <div class=\"wp-block-media-text alignfull has-media-on-the-right is-stacked-on-mobile is-pattern-p4-page-header is-style-parallax\">\n\n                <div class=\"wp-block-media-text__content\">\n                    <div class=\"wp-block-group is-layout-flow wp-block-group-is-layout-flow\">\n                    \n                        <h1 class=\"wp-block-heading has-white-background-color has-background\">\n                            Greenpeace weltweit\n                        <\/h1>\n                    <\/div>\n                \n\n                \n\n                \n\n                <\/div>\n                <figure class=\"wp-block-media-text__media\">\n                    <img loading=\"lazy\" decoding=\"async\" width=\"2600\" height=\"1076\"\n                        src=\"https:\/\/www.greenpeace.ch\/static\/planet4-switzerland-stateless\/2019\/05\/936cb9ca-header_gp_weltweit.jpg\"\n                        alt=\"\"\n                        sizes=\"auto, (min-width: 601px) 50vw, 100vw\" srcset=\"https:\/\/www.greenpeace.ch\/static\/planet4-switzerland-stateless\/2019\/05\/936cb9ca-header_gp_weltweit.jpg 2600w, https:\/\/www.greenpeace.ch\/static\/planet4-switzerland-stateless\/2019\/05\/936cb9ca-header_gp_weltweit-300x124.jpg 300w, https:\/\/www.greenpeace.ch\/static\/planet4-switzerland-stateless\/2019\/05\/936cb9ca-header_gp_weltweit-768x318.jpg 768w, https:\/\/www.greenpeace.ch\/static\/planet4-switzerland-stateless\/2019\/05\/936cb9ca-header_gp_weltweit-1024x424.jpg 1024w, https:\/\/www.greenpeace.ch\/static\/planet4-switzerland-stateless\/2019\/05\/936cb9ca-header_gp_weltweit-2048x848.jpg 2048w, https:\/\/www.greenpeace.ch\/static\/planet4-switzerland-stateless\/2019\/05\/936cb9ca-header_gp_weltweit-510x211.jpg 510w\" class=\"wp-image-1464 size-full\"\n                    \/>\n                <\/figure>\n                <\/div>\n                \n                <\/div>\n                \n                <\/div>\n                \n                \n<h2 class=\"is-style-underline wp-block-heading\">Allgemeine Infos<\/h2>\n\n<div class=\"wp-block-columns has-2-columns is-layout-flex wp-container-core-columns-is-layout-9d6595d7 wp-block-columns-is-layout-flex\">\n<div class=\"wp-block-column is-layout-flow wp-block-column-is-layout-flow\">\n<p>72 L\u00e4nder- und Regionalb\u00fcros in \u00fcber 55 L\u00e4ndern arbeiten zusammen f\u00fcr den Schutz unserer Umwelt. Gesamthaft hat Greenpeace rund 2500 Mitarbeitende und Tausende von Freiwilligen, ohne die der Erfolg der Organisation nicht m\u00f6glich w\u00e4re. Finanziert wird die Organisation durch die Spenden von \u00fcber 3 Millionen SpenderInnen und aus Stiftungszuwendungen.<\/p>\n\n\n\n<p>Einige L\u00e4nder, unter anderem die Schweiz, stellen f\u00fcr die weltweite Organisation sehr wichtige Geldgeber dar. Die Spendeneinnahmen werden unter den verschiedenen B\u00fcros so aufgeteilt, dass sie optimal f\u00fcr unsere Kampagnenziele genutzt werden. Neu entstandene B\u00fcros, wie zum Beispiel Greenpeace Afrika, erhalten so die Unterst\u00fctzung, die sie brauchen.<\/p>\n<\/div>\n\n\n\n<div class=\"wp-block-column is-layout-flow wp-block-column-is-layout-flow\">\n<figure class=\"wp-block-image\"><img loading=\"lazy\" decoding=\"async\" width=\"1024\" height=\"629\" src=\"https:\/\/www.greenpeace.ch\/static\/planet4-switzerland-stateless\/2019\/05\/738bcdec-greenpeace_weltkarte-1024x629.jpg\" alt=\"\" class=\"wp-image-1619\" srcset=\"https:\/\/www.greenpeace.ch\/static\/planet4-switzerland-stateless\/2019\/05\/738bcdec-greenpeace_weltkarte-1024x629.jpg 1024w, https:\/\/www.greenpeace.ch\/static\/planet4-switzerland-stateless\/2019\/05\/738bcdec-greenpeace_weltkarte-300x184.jpg 300w, https:\/\/www.greenpeace.ch\/static\/planet4-switzerland-stateless\/2019\/05\/738bcdec-greenpeace_weltkarte-768x472.jpg 768w, https:\/\/www.greenpeace.ch\/static\/planet4-switzerland-stateless\/2019\/05\/738bcdec-greenpeace_weltkarte-510x313.jpg 510w, https:\/\/www.greenpeace.ch\/static\/planet4-switzerland-stateless\/2019\/05\/738bcdec-greenpeace_weltkarte.jpg 1133w\" sizes=\"auto, (max-width: 1024px) 100vw, 1024px\" \/><\/figure>\n<\/div>\n<\/div>\n\n<div class=\"wp-block-columns has-2-columns is-layout-flex wp-container-core-columns-is-layout-9d6595d7 wp-block-columns-is-layout-flex\">\n<div class=\"wp-block-column is-layout-flow wp-block-column-is-layout-flow\">\n<h3 class=\"is-style-default wp-block-heading\">Gr\u00fcndung Greenpeace<\/h3>\n\n\n\n<p>\u00abEin Trip f\u00fcr&#8217;s Leben \u2013 und f\u00fcr den Frieden.\u00bb So hat Irving Stowe, Mitbegr\u00fcnder von Greenpeace, den Plan beschrieben, mit einem kleinen Schiff die Atombombentests auf den Aleuten zu stoppen. Er wusste damals nicht, dass der Trip Jahrzehnte dauern und die Welt ver\u00e4ndern w\u00fcrde: Aus der Reise wurde eine Bewegung.<\/p>\n\n\n\n<p>Es waren Qu\u00e4ker, Pazifisten, Umweltsch\u00fctzer, Journalisten und Hippies, die Greenpeace gr\u00fcndeten. Mit ihren Tr\u00e4umen steckten sie Tausende andere Menschen an. Der Beginn: Ein Konzert im Pacific Coliseum von Vancouver, auf dem unter anderem Joni Mitchell und James Taylor auftraten. Die K\u00fcnstler verzichteten auf ihre Gage, Tausende Menschen spendeten f\u00fcr die Fahrt nach Amchitka\/Aleuten. Das Schiff, die Phyllis Cormack, konnte ablegen und Greenpeace war geboren.<\/p>\n<\/div>\n\n\n\n<div class=\"wp-block-column is-layout-flow wp-block-column-is-layout-flow\">\n<h3 class=\"wp-block-heading\">Ein Gespr\u00e4ch zur Geschichte<\/h3>\n\n\n\n<p>Tauche ein in ein Gespr\u00e4ch zwischen Kumi Naidoo und Rex Wheeler \u00fcber die Geschichte von Greenpeace.<\/p>\n\n\n\n<figure class=\"wp-block-embed is-type-video is-provider-youtube wp-block-embed-youtube wp-embed-aspect-16-9 wp-has-aspect-ratio\"><div class=\"wp-block-embed__wrapper\">\n<lite-youtube style=\"background-image: url('https:\/\/i.ytimg.com\/vi\/PqIfnWfRnUg\/hqdefault.jpg');\" videoid=\"PqIfnWfRnUg\" params=\"rel=0&#038;enablejsapi=1&#038;origin=https%3A%2F%2F&#038;cc_load_policy=1\"><\/lite-youtube>\n<\/div><\/figure>\n\n\n\n<p><br><\/p>\n<\/div>\n<\/div>\n\n<hr class=\"wp-block-separator\"\/>\n\n<h2 class=\"wp-block-heading\">Die Gr\u00fcnder:innen<\/h2>\n\n<div class=\"wp-block-columns has-2-columns is-layout-flex wp-container-core-columns-is-layout-9d6595d7 wp-block-columns-is-layout-flex\">\n<div class=\"wp-block-column is-layout-flow wp-block-column-is-layout-flow\">\n<h3 class=\"wp-block-heading\"><strong>Dorothy und Irving Stowe<\/strong><\/h3>\n\n\n\n<p>Der Jurist und Anwalt Irving Stowe aus Rhode Island l\u00e4sst sich mit seiner Frau Dorothy Stowe in Vancouver nieder. Beide sind in der Friedensbewegung aktiv und Mitglieder der Qu\u00e4ker-Gemeinde. Als Sozialarbeiterin sorgt Dorothy f\u00fcr den Lebensunterhalt der Familie mit zwei Kindern. Irving erh\u00e4lt dadurch die M\u00f6glichkeit, seine ganze Kraft in politische Aktivit\u00e4ten zu stecken. Er veranstaltet das erste Solidarit\u00e4tskonzert f\u00fcr Greenpeace mit Joni Mitchell und James Taylor und legt damit das Fundament f\u00fcr das zuk\u00fcnftige Fundraising von Greenpeace. Irving scheidet 1973 aus der Greenpeace-Arbeit aus und stirbt 1974 an Krebs. Dorothy bleibt bis zu ihrem Tod 2010 in der Umwelt- und Friedensbewegung aktiv.<\/p>\n<\/div>\n\n\n\n<div class=\"wp-block-column is-layout-flow wp-block-column-is-layout-flow\">\n<h3 class=\"wp-block-heading\"><strong>Paul Cote<\/strong><\/h3>\n\n\n\n<p>W\u00e4hrend seines Jurastudiums engagiert sich Paul Cote in der Friedensbewegung. Seine Bef\u00fcrchtung, dass eine Atombombenexplosion im Fels des Sankt-Andreas-Grabens ein Seebeben und eine Flutwelle ausl\u00f6sen k\u00f6nnte, nimmt er zum Anlass, mit Irving Stowe und Jim Bohlen das \u00abDon\u2019t Make a Wave Committee\u00bb zu gr\u00fcnden. Der begeisterte Segler nimmt nicht an der Aktion gegen US-amerikanische Atomtests auf den Aleuten-Inseln teil, weil er sich f\u00fcr die Olympischen Spiele 1972 qualifiziert hatte. 1973 steigt er aus der Greenpeace-Arbeit aus und lebt als Immobilienmakler in Los Angeles. 2013 stirbt er.<\/p>\n<\/div>\n<\/div>\n\n<div class=\"wp-block-columns has-2-columns is-layout-flex wp-container-core-columns-is-layout-9d6595d7 wp-block-columns-is-layout-flex\">\n<div class=\"wp-block-column is-layout-flow wp-block-column-is-layout-flow\">\n<h3 class=\"wp-block-heading\"><strong>Marie und Jim Bohlen<\/strong><\/h3>\n\n\n\n<p>Der ehemalige Tiefseetaucher und Funker der US-Marine Jim Bohlen ist Anfang der Siebzigerjahre als Ingenieur bei der US-amerikanischen Regierung angestellt. Er lebt mit seiner Frau Marie Bohlen und den drei Kindern in Vancouver. Jim ist bei der ersten Greenpeace-Aktion gegen die US-amerikanischen Atomtests an Bord der Phyllis Cormack dabei. Nach seinem vorl\u00e4ufigen Ausstieg bei Greenpeace 1974 gr\u00fcndet er gemeinsam mit seiner Frau Marie die Greenpeace-Experimental-Farm auf Denman Island in Kanada. Sie suchen dort einen Weg zu einer energieunabh\u00e4ngigeren Lebensweise. 1979 kommt Jim als Abr\u00fcstungscampaigner zu Greenpeace zur\u00fcck. Von 1983 bis 1993 begleitet er als Vorstandsmitglied von Greenpeace Kanada die Aktivit\u00e4ten der Organisation. 2010 stirbt&nbsp;er im Alter von 84 Jahren.<\/p>\n<\/div>\n\n\n\n<div class=\"wp-block-column is-layout-flow wp-block-column-is-layout-flow\">\n<h3 class=\"wp-block-heading\"><strong>Bob Hunter<\/strong><\/h3>\n\n\n\n<p>Als Journalist der Vancouver Sun ist auch Bob Hunter mit an Bord der Phyllis Cormack. Er berichtet direkt von den Aktionen vor Ort. Sp\u00e4ter leitet er Greenpeace-Kampagnen gegen den kommerziellen Walfang und die Neufundland-Expedition zur Rettung der Robben. Zwischen 1975 und 1977 ist er Vorstandsvorsitzender von Greenpeace. In seinen letzten Jahren lebt er in Toronto und arbeitet als Schriftsteller und freier TV-Journalist. Im Laufe der Jahre ver\u00f6ffentlicht er etliche B\u00fccher, darunter auch \u00abWarriors of the Rainbow\u00bb und \u00abTo Save a Whale\u00bb zur Greenpeace-Geschichte. Bob Hunter stirbt am 2. Mai 2005.<\/p>\n\n\n\n<p><\/p>\n<\/div>\n<\/div>\n\n<div class=\"wp-block-columns has-2-columns is-layout-flex wp-container-core-columns-is-layout-9d6595d7 wp-block-columns-is-layout-flex\">\n<div class=\"wp-block-column is-layout-flow wp-block-column-is-layout-flow\">\n<h3 class=\"wp-block-heading\"><strong>Dorothy und Ben Metcalfe<\/strong><\/h3>\n\n\n\n<p>Der Journalist der Canadian Broadcasting Company (CBC) Ben Metcalfe organisiert gemeinsam mit seiner Frau Dorothy Metcalfe die Medienarbeit w\u00e4hrend der Aktion vor den Aleuten-Inseln. Dorothy ist die erste Greenpeace-Pressesprecherin. Sie etablieren w\u00e4hrend ihrer Arbeit wichtige Bestandteile der Greenpeace-Strategie: Einschreiten, Bekanntmachen und Skandalisieren. Auf diese Weise soll Druck auf die Verantwortlichen ausge\u00fcbt und Ver\u00e4nderungen herbeigef\u00fchrt werden. Einige Jahre lang arbeitet Ben noch als freier Journalist und Filmemacher auf Vancouver Island. 2003, im Alter von 83 Jahren, stirbt er an einem Herzinfarkt. Dorothy steigt 1973 bei Greenpeace aus und arbeitet bis zu ihrem Tod als Pressesprecherin und Dokumentarin der Vancouver Art Gallery.<\/p>\n<\/div>\n\n\n\n<div class=\"wp-block-column is-layout-flow wp-block-column-is-layout-flow\">\n<figure class=\"wp-block-image\"><img loading=\"lazy\" decoding=\"async\" width=\"1024\" height=\"830\" src=\"https:\/\/www.greenpeace.ch\/static\/planet4-switzerland-stateless\/2019\/05\/5b6a2e69-gp03ktq_high_res-1024x830.jpg\" alt=\"\" class=\"wp-image-28903\" srcset=\"https:\/\/www.greenpeace.ch\/static\/planet4-switzerland-stateless\/2019\/05\/5b6a2e69-gp03ktq_high_res-1024x830.jpg 1024w, https:\/\/www.greenpeace.ch\/static\/planet4-switzerland-stateless\/2019\/05\/5b6a2e69-gp03ktq_high_res-300x243.jpg 300w, https:\/\/www.greenpeace.ch\/static\/planet4-switzerland-stateless\/2019\/05\/5b6a2e69-gp03ktq_high_res-768x622.jpg 768w, https:\/\/www.greenpeace.ch\/static\/planet4-switzerland-stateless\/2019\/05\/5b6a2e69-gp03ktq_high_res-1686x1366.jpg 1686w, https:\/\/www.greenpeace.ch\/static\/planet4-switzerland-stateless\/2019\/05\/5b6a2e69-gp03ktq_high_res-420x340.jpg 420w\" sizes=\"auto, (max-width: 1024px) 100vw, 1024px\" \/><\/figure>\n<\/div>\n<\/div>\n\n<p><\/p>\n","protected":false},"excerpt":{"rendered":"<p>Allgemeine Infos 72 L\u00e4nder- und Regionalb\u00fcros in \u00fcber 55 L\u00e4ndern arbeiten zusammen f\u00fcr den Schutz unserer Umwelt. Gesamthaft hat Greenpeace rund 2500 Mitarbeitende und Tausende von Freiwilligen, ohne die der Erfolg der Organisation nicht m\u00f6glich w\u00e4re. Finanziert wird die Organisation durch die Spenden von \u00fcber 3 Millionen SpenderInnen und aus Stiftungszuwendungen. Einige L\u00e4nder, unter anderem [&hellip;]<\/p>\n","protected":false},"author":25,"featured_media":0,"parent":497,"menu_order":0,"comment_status":"closed","ping_status":"closed","template":"","meta":{"_acf_changed":false,"_planet4_optimize_post_is_variant":false,"_planet4_optimize_experiment_name":"","_planet4_optimize_variant_name":"","ep_exclude_from_search":false,"p4_hide_page_title_checkbox":"on","p4_title":"","p4_subtitle":"","p4_description":"","background_image_id":"","background_image":"","p4_button_title":"","p4_button_link":"","p4_button_link_checkbox":"","p4_og_title":"","p4_og_description":"","p4_og_image":"","p4_og_image_id":"","p4_seo_canonical_url":"","p4_campaign_name":"not set","p4_local_project":"not set","p4_basket_name":"not set","p4_department":"","footnotes":""},"categories":[],"tags":[],"class_list":["post-617","page","type-page","status-publish","hentry"],"acf":[],"_links":{"self":[{"href":"https:\/\/www.greenpeace.ch\/de\/wp-json\/wp\/v2\/pages\/617","targetHints":{"allow":["GET"]}}],"collection":[{"href":"https:\/\/www.greenpeace.ch\/de\/wp-json\/wp\/v2\/pages"}],"about":[{"href":"https:\/\/www.greenpeace.ch\/de\/wp-json\/wp\/v2\/types\/page"}],"author":[{"embeddable":true,"href":"https:\/\/www.greenpeace.ch\/de\/wp-json\/wp\/v2\/users\/25"}],"replies":[{"embeddable":true,"href":"https:\/\/www.greenpeace.ch\/de\/wp-json\/wp\/v2\/comments?post=617"}],"version-history":[{"count":2,"href":"https:\/\/www.greenpeace.ch\/de\/wp-json\/wp\/v2\/pages\/617\/revisions"}],"predecessor-version":[{"id":119900,"href":"https:\/\/www.greenpeace.ch\/de\/wp-json\/wp\/v2\/pages\/617\/revisions\/119900"}],"up":[{"embeddable":true,"href":"https:\/\/www.greenpeace.ch\/de\/wp-json\/wp\/v2\/pages\/497"}],"wp:attachment":[{"href":"https:\/\/www.greenpeace.ch\/de\/wp-json\/wp\/v2\/media?parent=617"}],"wp:term":[{"taxonomy":"category","embeddable":true,"href":"https:\/\/www.greenpeace.ch\/de\/wp-json\/wp\/v2\/categories?post=617"},{"taxonomy":"post_tag","embeddable":true,"href":"https:\/\/www.greenpeace.ch\/de\/wp-json\/wp\/v2\/tags?post=617"}],"curies":[{"name":"wp","href":"https:\/\/api.w.org\/{rel}","templated":true}]}}