{"id":80409,"date":"2022-02-01T08:47:33","date_gmt":"2022-02-01T07:47:33","guid":{"rendered":"https:\/\/www.greenpeace.ch\/?page_id=80409"},"modified":"2026-04-14T08:14:07","modified_gmt":"2026-04-14T06:14:07","slug":"konsum","status":"publish","type":"page","link":"https:\/\/www.greenpeace.ch\/de\/erkunden\/konsum\/","title":{"rendered":"Konsum"},"content":{"rendered":"\n\n<div class=\"wp-block-group alignfull is-layout-flow wp-block-group-is-layout-flow\">\n<div class=\"wp-block-group container is-layout-flow wp-block-group-is-layout-flow\">\n<div class=\"wp-block-media-text alignfull has-media-on-the-right is-stacked-on-mobile is-pattern-p4-page-header is-style-parallax\"><div class=\"wp-block-media-text__content\">\n<div class=\"wp-block-group is-layout-flow wp-block-group-is-layout-flow\">\n<h1 class=\"wp-block-heading has-white-background-color has-background\">Konsum<\/h1>\n<\/div>\n\n\n\n<p style=\"font-size:1.25rem\"><\/p>\n\n\n\n<div class=\"wp-block-buttons is-layout-flex wp-block-buttons-is-layout-flex\"><\/div>\n<\/div><figure class=\"wp-block-media-text__media\"><img loading=\"lazy\" decoding=\"async\" width=\"1024\" height=\"683\" src=\"https:\/\/www.greenpeace.ch\/static\/planet4-switzerland-stateless\/2024\/08\/b2c831b4-gp1swmmz_pressmedia-2500px-1024x683.jpg\" alt=\"\" sizes=\"auto, (min-width: 601px) 50vw, 100vw\" srcset=\"https:\/\/www.greenpeace.ch\/static\/planet4-switzerland-stateless\/2024\/08\/b2c831b4-gp1swmmz_pressmedia-2500px.jpg 2500w, https:\/\/www.greenpeace.ch\/static\/planet4-switzerland-stateless\/2024\/08\/b2c831b4-gp1swmmz_pressmedia-2500px-300x200.jpg 300w, https:\/\/www.greenpeace.ch\/static\/planet4-switzerland-stateless\/2024\/08\/b2c831b4-gp1swmmz_pressmedia-2500px-1024x683.jpg 1024w, https:\/\/www.greenpeace.ch\/static\/planet4-switzerland-stateless\/2024\/08\/b2c831b4-gp1swmmz_pressmedia-2500px-768x512.jpg 768w, https:\/\/www.greenpeace.ch\/static\/planet4-switzerland-stateless\/2024\/08\/b2c831b4-gp1swmmz_pressmedia-2500px-1536x1024.jpg 1536w, https:\/\/www.greenpeace.ch\/static\/planet4-switzerland-stateless\/2024\/08\/b2c831b4-gp1swmmz_pressmedia-2500px-2048x1366.jpg 2048w, https:\/\/www.greenpeace.ch\/static\/planet4-switzerland-stateless\/2024\/08\/b2c831b4-gp1swmmz_pressmedia-2500px-510x340.jpg 510w\" class=\"wp-image-111007 size-full\"\/><\/figure><\/div>\n<\/div>\n<\/div>\n\n\n<div class=\"wp-block-columns has-2-columns is-style-vertically-centered is-layout-flex wp-container-core-columns-is-layout-9d6595d7 wp-block-columns-is-layout-flex\">\n<div class=\"wp-block-column is-layout-flow wp-block-column-is-layout-flow\">\n<p><strong>Wir konsumieren zu viel: &nbsp;<\/strong>Mit dem \u00fcberm\u00e4ssigen Konsum beuten wir unsere Erde aus. <a href=\"https:\/\/www.resourcepanel.org\/reports\/global-resources-outlook\" target=\"_blank\" rel=\"noreferrer noopener\">Der globale Ressourcenverbrauch hat seit den 1970er Jahren um mehr als das dreifache zugenommen<\/a> und steigt weiter an. Gleichzeitig wachsen die Abfallberge.<\/p>\n\n\n\n<p><strong>Mit \u00fcber 700 kg pro Person produziert die Schweiz viel zu viel Abfall.<\/strong> Einwegverpackungen machen etwa einen Drittel dieser Abf\u00e4lle aus und sind damit ein wichtiger Aspekt unserer Konsum- und Wegwerfgesellschaft.<\/p>\n\n\n\n<p>Deshalb setzen wir auf <strong>\u00abZero Waste\u00bb<\/strong>. Unsere Vision \u00abZero Waste\u00bb bedingt ein Umdenken und mehr Achtsamkeit beim Einkaufen von uns allen <strong>(rethink)<\/strong>. Damit vermeiden wir alles wirklich Unn\u00f6tige <strong>(reduce)<\/strong>. F\u00fcr die restlichen Verpackungen steigen wir auf Mehrwegbeh\u00e4lter <strong>(reuse)<\/strong> um.<\/p>\n\n\n\n<p>Die Vermeidung von Verpackungen alleine l\u00f6st das Problem jedoch nicht. <strong>Wir kaufen viel zu viel und ersetzen unsere Sachen st\u00e4ndig durch Neues. <\/strong>Befeuert von&nbsp;Werbung, Tiefpreisstrategien und sich st\u00e4ndig wechselnden Trends, hat dieser \u00dcberkonsum enorme Abfallmengen zur Folge. Alleine der Elektroschrott betr\u00e4gt j\u00e4hrlich \u00fcber 23 kg pro Person. Damit verursachen wir weltweit am drittmeisten Elektroschrott! Der grosse Abfallberg widerspiegelt das lineare Denken unserer Wegwerfgesellschaft.<\/p>\n\n\n\n<p>Wenn wir so weiter konsumieren, br\u00e4uchten wir drei Erden. Um dies zu verhindern, <strong>fordern wir ein Umdenken des Konsumsystems. Daf\u00fcr braucht es eine echte Kreislaufwirtschaft<\/strong>. Reparaturen sind ein wichtiger Aspekt davon. Sie reduzieren unseren Ressourcenverbrauch und verl\u00e4ngern die Lebensdauer von Gegenst\u00e4nden. So sparen wir neue Ressourcen und reduzieren zugleich die Abfallberge.<\/p>\n\n\n\n<p><strong>Ein weiteres wichtiges Thema ist die Ern\u00e4hrung:<\/strong> \u00dcberm\u00e4ssiger Konsum richtet auch hier verheerende Sch\u00e4den an. Deshalb besch\u00e4ftigen wir uns damit, was auf unseren Tellern landet \u2013 genauer gesagt mit der Rolle der grossen Detailh\u00e4ndler:innen bei der Vermarktung von tierischen Produkten. Diese Werbung normalisiert und zementiert den \u00fcberm\u00e4ssigen Konsum von Fleisch, Eiern und Milchprodukten in unserer Gesellschaft. Diese schlechten Konsumgewohnheiten haben jedoch <strong>negative Auswirkungen auf die Gesundheit, das Klima und die biologische Vielfalt.<\/strong><\/p>\n\n\n\n<p>Gemeinsam setzen wir uns f\u00fcr einen Konsum ein, der die Grenzen unseres Planeten respektiert.<\/p>\n<\/div>\n\n\n\n<div class=\"wp-block-column is-layout-flow wp-block-column-is-layout-flow\"><div data-render=\"planet4-blocks\/submenu\" data-attributes=\"{&quot;attributes&quot;:{&quot;title&quot;:&quot;Inhalt&quot;,&quot;levels&quot;:[{&quot;heading&quot;:2,&quot;link&quot;:true,&quot;style&quot;:&quot;bullet&quot;}],&quot;className&quot;:&quot;is-style-sidebar&quot;,&quot;submenu_style&quot;:0}}\"><\/div>\n\n<div aria-hidden=\"true\" class=\"gpch-block-spacer\"><\/div>\n\n\n<figure class=\"wp-block-image size-large\"><img loading=\"lazy\" decoding=\"async\" width=\"1024\" height=\"683\" src=\"https:\/\/www.greenpeace.ch\/static\/planet4-switzerland-stateless\/2022\/02\/4c0706cb-gp1swmnp_medium_res_with_credit_line-1024x683.jpg\" alt=\"\" class=\"wp-image-80531\" srcset=\"https:\/\/www.greenpeace.ch\/static\/planet4-switzerland-stateless\/2022\/02\/4c0706cb-gp1swmnp_medium_res_with_credit_line-1024x683.jpg 1024w, https:\/\/www.greenpeace.ch\/static\/planet4-switzerland-stateless\/2022\/02\/4c0706cb-gp1swmnp_medium_res_with_credit_line-300x200.jpg 300w, https:\/\/www.greenpeace.ch\/static\/planet4-switzerland-stateless\/2022\/02\/4c0706cb-gp1swmnp_medium_res_with_credit_line-768x512.jpg 768w, https:\/\/www.greenpeace.ch\/static\/planet4-switzerland-stateless\/2022\/02\/4c0706cb-gp1swmnp_medium_res_with_credit_line-510x340.jpg 510w, https:\/\/www.greenpeace.ch\/static\/planet4-switzerland-stateless\/2022\/02\/4c0706cb-gp1swmnp_medium_res_with_credit_line.jpg 1200w\" sizes=\"auto, (max-width: 1024px) 100vw, 1024px\" \/><\/figure>\n\n\n\n<figure class=\"wp-block-image size-large\"><img loading=\"lazy\" decoding=\"async\" width=\"1024\" height=\"683\" src=\"https:\/\/www.greenpeace.ch\/static\/planet4-switzerland-stateless\/2022\/03\/13e8d4e1-gp0stuoag_medium_res_with_credit_line-1024x683.jpg\" alt=\"\" class=\"wp-image-82795\" srcset=\"https:\/\/www.greenpeace.ch\/static\/planet4-switzerland-stateless\/2022\/03\/13e8d4e1-gp0stuoag_medium_res_with_credit_line-1024x683.jpg 1024w, https:\/\/www.greenpeace.ch\/static\/planet4-switzerland-stateless\/2022\/03\/13e8d4e1-gp0stuoag_medium_res_with_credit_line-300x200.jpg 300w, https:\/\/www.greenpeace.ch\/static\/planet4-switzerland-stateless\/2022\/03\/13e8d4e1-gp0stuoag_medium_res_with_credit_line-768x512.jpg 768w, https:\/\/www.greenpeace.ch\/static\/planet4-switzerland-stateless\/2022\/03\/13e8d4e1-gp0stuoag_medium_res_with_credit_line-510x340.jpg 510w, https:\/\/www.greenpeace.ch\/static\/planet4-switzerland-stateless\/2022\/03\/13e8d4e1-gp0stuoag_medium_res_with_credit_line.jpg 1200w\" sizes=\"auto, (max-width: 1024px) 100vw, 1024px\" \/><\/figure>\n<\/div>\n<\/div>\n\n\n<div class=\"wp-block-group alignfull block has-beige-100-background-color has-background is-layout-flow wp-block-group-is-layout-flow\">\n<div class=\"wp-block-group container is-layout-flow wp-block-group-is-layout-flow\">\n<div style=\"height:24px\" aria-hidden=\"true\" class=\"wp-block-spacer\"><\/div>\n\n\n\n<h2 class=\"wp-block-heading has-text-align-left is-style-default\">Unsere Kampagnen<\/h2>\n\n\n\n<div class=\"wp-block-columns is-layout-flex wp-container-core-columns-is-layout-9d6595d7 wp-block-columns-is-layout-flex\">\n<div class=\"wp-block-column is-layout-flow wp-block-column-is-layout-flow\">\n<div class=\"wp-block-group group-stretched-link is-layout-flow wp-block-group-is-layout-flow\">\n<figure class=\"wp-block-image aligncenter size-large is-resized force-no-lightbox force-no-caption is-style-rounded-180\"><a href=\"https:\/\/www.greenpeace.ch\/de\/tag\/ernaehrung\/\"><img loading=\"lazy\" decoding=\"async\" width=\"1024\" height=\"640\" src=\"https:\/\/www.greenpeace.ch\/static\/planet4-switzerland-stateless-develop\/2022\/11\/bce7e687-de_20220511_schlachthof_1e-1024x640.jpg\" alt=\"\" class=\"wp-image-91432\" srcset=\"https:\/\/www.greenpeace.ch\/static\/planet4-switzerland-stateless\/2022\/11\/bce7e687-de_20220511_schlachthof_1e-1024x640.jpg 1024w, https:\/\/www.greenpeace.ch\/static\/planet4-switzerland-stateless\/2022\/11\/bce7e687-de_20220511_schlachthof_1e-300x187.jpg 300w, https:\/\/www.greenpeace.ch\/static\/planet4-switzerland-stateless\/2022\/11\/bce7e687-de_20220511_schlachthof_1e-768x480.jpg 768w, https:\/\/www.greenpeace.ch\/static\/planet4-switzerland-stateless\/2022\/11\/bce7e687-de_20220511_schlachthof_1e-1536x960.jpg 1536w, https:\/\/www.greenpeace.ch\/static\/planet4-switzerland-stateless\/2022\/11\/bce7e687-de_20220511_schlachthof_1e-2048x1280.jpg 2048w, https:\/\/www.greenpeace.ch\/static\/planet4-switzerland-stateless\/2022\/11\/bce7e687-de_20220511_schlachthof_1e-510x319.jpg 510w\" sizes=\"auto, (max-width: 1024px) 100vw, 1024px\" \/><\/a><figcaption class=\"wp-element-caption\">Illustration f\u00fcr Greenpeace Schweiz Mai 2022:\nWimmelbild; Schlachthof; H\u00fchnchen; H\u00fchner; Massentierhaltung; Umweltverschmutzung; Umweltschutz; \u00d6kologie; Greenwashing; Sustainability; Schweiz; Tourismus; Illustration; Suchbild;<\/figcaption><\/figure>\n\n\n\n<h4 class=\"wp-block-heading has-text-align-center is-style-chevron\" style=\"font-size:1rem\"><a href=\"https:\/\/www.greenpeace.ch\/de\/tag\/ernaehrung\/\">Ern\u00e4hrung<\/a><\/h4>\n\n\n\n<div style=\"height:16px\" aria-hidden=\"true\" class=\"wp-block-spacer\"><\/div>\n<\/div>\n<\/div>\n\n\n\n<div class=\"wp-block-column is-layout-flow wp-block-column-is-layout-flow\">\n<div class=\"wp-block-group group-stretched-link is-layout-flow wp-block-group-is-layout-flow\">\n<figure class=\"wp-block-image aligncenter size-large is-resized force-no-lightbox force-no-caption is-style-rounded-180\"><a href=\"https:\/\/www.greenpeace.ch\/de\/tag\/kreislaufwirtschaft\/\"><img loading=\"lazy\" decoding=\"async\" width=\"1024\" height=\"683\" src=\"https:\/\/www.greenpeace.ch\/static\/planet4-switzerland-stateless-develop\/2021\/11\/a5e72e4d-gp0stuc1b_high_res-1024x683.jpg\" alt=\"\" class=\"wp-image-77304\" srcset=\"https:\/\/www.greenpeace.ch\/static\/planet4-switzerland-stateless\/2021\/11\/a5e72e4d-gp0stuc1b_high_res-1024x683.jpg 1024w, https:\/\/www.greenpeace.ch\/static\/planet4-switzerland-stateless\/2021\/11\/a5e72e4d-gp0stuc1b_high_res-300x200.jpg 300w, https:\/\/www.greenpeace.ch\/static\/planet4-switzerland-stateless\/2021\/11\/a5e72e4d-gp0stuc1b_high_res-768x512.jpg 768w, https:\/\/www.greenpeace.ch\/static\/planet4-switzerland-stateless\/2021\/11\/a5e72e4d-gp0stuc1b_high_res-1536x1024.jpg 1536w, https:\/\/www.greenpeace.ch\/static\/planet4-switzerland-stateless\/2021\/11\/a5e72e4d-gp0stuc1b_high_res-2048x1366.jpg 2048w, https:\/\/www.greenpeace.ch\/static\/planet4-switzerland-stateless\/2021\/11\/a5e72e4d-gp0stuc1b_high_res-510x340.jpg 510w\" sizes=\"auto, (max-width: 1024px) 100vw, 1024px\" \/><\/a><figcaption class=\"wp-element-caption\">Greenpeace volunteers organize the Make Smthng Day as a day of workshops, talks and work stations with a focus on swapping, upcycling, making, DIY (Do it yourself), veganism and minimalism.\nThe MAKE SMTHNG Week is a worldwide initiative by Greenpeace about taking action to minimize consume &#8211; instead of buying: make something!\nGreenpeace Ehrenamtliche verwandeln das Atrium des Greenpeace Bueros fuer einen Tag in einen kreativen Ort rund um das Thema Nachhaltigkeit, alternativer Konsum und Selbermachen (DIY &#8211; Do it yourself). \nDie &#171;Make Smthng Week&#187; wird international von Greenpeace-Ehrenamtlichen veranstaltet, um in der Vorweihnachtszeit und rund um den &#171;Black Friday&#187; auf Konsumalternativen aufmerksam zu machen.<\/figcaption><\/figure>\n\n\n\n<h4 class=\"wp-block-heading has-text-align-center is-style-chevron\" style=\"font-size:1rem\"><a href=\"https:\/\/www.greenpeace.ch\/de\/tag\/kreislaufwirtschaft\/\">Kreislaufwirtschaft<\/a><\/h4>\n\n\n\n<div style=\"height:16px\" aria-hidden=\"true\" class=\"wp-block-spacer\"><\/div>\n<\/div>\n<\/div>\n\n\n\n<div class=\"wp-block-column is-layout-flow wp-block-column-is-layout-flow\">\n<div class=\"wp-block-group group-stretched-link is-layout-flow wp-block-group-is-layout-flow\">\n<figure class=\"wp-block-image aligncenter size-large is-resized force-no-lightbox force-no-caption is-style-rounded-180\"><a href=\"https:\/\/www.greenpeace.ch\/de\/tag\/zero-waste\/\"><img loading=\"lazy\" decoding=\"async\" width=\"1024\" height=\"683\" src=\"https:\/\/www.greenpeace.ch\/static\/planet4-switzerland-stateless-develop\/2019\/04\/1f3ef842-01_gp0stt80t_pressmedia-1024x683.jpg\" alt=\"\" class=\"wp-image-28976\" srcset=\"https:\/\/www.greenpeace.ch\/static\/planet4-switzerland-stateless\/2019\/04\/1f3ef842-01_gp0stt80t_pressmedia-1024x683.jpg 1024w, https:\/\/www.greenpeace.ch\/static\/planet4-switzerland-stateless\/2019\/04\/1f3ef842-01_gp0stt80t_pressmedia-300x200.jpg 300w, https:\/\/www.greenpeace.ch\/static\/planet4-switzerland-stateless\/2019\/04\/1f3ef842-01_gp0stt80t_pressmedia-768x512.jpg 768w, https:\/\/www.greenpeace.ch\/static\/planet4-switzerland-stateless\/2019\/04\/1f3ef842-01_gp0stt80t_pressmedia-2048x1366.jpg 2048w, https:\/\/www.greenpeace.ch\/static\/planet4-switzerland-stateless\/2019\/04\/1f3ef842-01_gp0stt80t_pressmedia-510x340.jpg 510w\" sizes=\"auto, (max-width: 1024px) 100vw, 1024px\" \/><\/a><figcaption class=\"wp-element-caption\">Greenpeace-Aktivisten \u00fcbergaben heute der Gesch\u00e4ftsleitung von Nestl\u00e9 im Schweizerischen Vevey ein besonderes Pr\u00e4sent&#8230;<\/figcaption><\/figure>\n\n\n\n<h4 class=\"wp-block-heading has-text-align-center is-style-chevron\" style=\"font-size:1rem\"><a href=\"https:\/\/www.greenpeace.ch\/de\/tag\/zero-waste\/\" data-type=\"link\" data-id=\"https:\/\/www.greenpeace.ch\/de\/tag\/zero-waste\/\">Zero Waste<\/a><\/h4>\n\n\n\n<div style=\"height:16px\" aria-hidden=\"true\" class=\"wp-block-spacer\"><\/div>\n<\/div>\n<\/div>\n<\/div>\n<\/div>\n<\/div>\n\n\n        <div class=\"wp-block-query actions-list p4-query-loop is-custom-layout-actions-list is-custom-layout-grid is-layout-flex wp-block-query-is-layout-flex\">\n<h2 class=\"wp-block-heading\">Was du tun kannst<\/h2>\n\n        \n<p style=\"margin-top:24px;margin-bottom:32px\"><\/p>\n\n        \n        <ul class=\"wp-block-post-template is-layout-flow wp-block-post-template-is-layout-flow\"><li class=\"wp-block-post post-129307 page type-page status-publish has-post-thumbnail hentry category-zero-waste tag-mach-mit tag-ernaehrung tag-klima\">\n<figure class=\"wp-block-post-featured-image\"><img loading=\"lazy\" decoding=\"async\" width=\"2500\" height=\"1667\" src=\"https:\/\/www.greenpeace.ch\/static\/planet4-switzerland-stateless\/2026\/04\/fc80f26c-design-ohne-titel.png\" class=\"attachment-post-thumbnail size-post-thumbnail wp-post-image wp-stateless-item\" alt=\"\" style=\"object-fit:cover;\" srcset=\"https:\/\/www.greenpeace.ch\/static\/planet4-switzerland-stateless\/2026\/04\/fc80f26c-design-ohne-titel.png 2500w, https:\/\/www.greenpeace.ch\/static\/planet4-switzerland-stateless\/2026\/04\/fc80f26c-design-ohne-titel-300x200.png 300w, https:\/\/www.greenpeace.ch\/static\/planet4-switzerland-stateless\/2026\/04\/fc80f26c-design-ohne-titel-1024x683.png 1024w, https:\/\/www.greenpeace.ch\/static\/planet4-switzerland-stateless\/2026\/04\/fc80f26c-design-ohne-titel-768x512.png 768w, https:\/\/www.greenpeace.ch\/static\/planet4-switzerland-stateless\/2026\/04\/fc80f26c-design-ohne-titel-1536x1024.png 1536w, https:\/\/www.greenpeace.ch\/static\/planet4-switzerland-stateless\/2026\/04\/fc80f26c-design-ohne-titel-2048x1366.png 2048w, https:\/\/www.greenpeace.ch\/static\/planet4-switzerland-stateless\/2026\/04\/fc80f26c-design-ohne-titel-510x340.png 510w\" sizes=\"auto, (max-width: 2500px) 100vw, 2500px\" data-image-size=\"post-thumbnail\" data-stateless-media-bucket=\"planet4-switzerland-stateless\" data-stateless-media-name=\"2026\/04\/fc80f26c-design-ohne-titel.png\" \/><\/figure>\n\n\n                <div class=\"wp-block-group group-stretched-link is-layout-flow wp-block-group-is-layout-flow\">\n                <h3 class=\"wp-block-post-title\"><a href=\"https:\/\/www.greenpeace.ch\/de\/handeln\/klimafussabdruck-ernaehrung\/\" target=\"_self\" >Wie tr\u00e4gt deine Ern\u00e4hrung zum Klimawandel bei?<\/a><\/h3>\n                <div class=\"wp-block-post-excerpt\"><p class=\"wp-block-post-excerpt__excerpt\">Vergleiche den Klima-Fussabdruck deiner Ern\u00e4hrung mit dem Rest der Schweizer Bev\u00f6lkerung. <\/p><\/div><\/div>\n                \n\n\n<div class=\"wp-block-group read-more-nav is-layout-flow wp-block-group-is-layout-flow\"><a href=\"https:\/\/www.greenpeace.ch\/de\/handeln\/klimafussabdruck-ernaehrung\/\" class=\"btn btn-primary btn-small\" aria-label=\"Mitmachen\">Mitmachen<\/a><\/div>\n\n<\/li><li class=\"wp-block-post post-128706 page type-page status-publish has-post-thumbnail hentry category-zero-waste tag-ernaehrung tag-konsum\">\n<figure class=\"wp-block-post-featured-image\"><img loading=\"lazy\" decoding=\"async\" width=\"2560\" height=\"1707\" src=\"https:\/\/www.greenpeace.ch\/static\/planet4-switzerland-stateless\/2026\/02\/3a137309-p1002142_fn-scaled.jpg\" class=\"attachment-post-thumbnail size-post-thumbnail wp-post-image wp-stateless-item\" alt=\"\" style=\"object-fit:cover;\" srcset=\"https:\/\/www.greenpeace.ch\/static\/planet4-switzerland-stateless\/2026\/02\/3a137309-p1002142_fn-scaled.jpg 2560w, https:\/\/www.greenpeace.ch\/static\/planet4-switzerland-stateless\/2026\/02\/3a137309-p1002142_fn-300x200.jpg 300w, https:\/\/www.greenpeace.ch\/static\/planet4-switzerland-stateless\/2026\/02\/3a137309-p1002142_fn-1024x683.jpg 1024w, https:\/\/www.greenpeace.ch\/static\/planet4-switzerland-stateless\/2026\/02\/3a137309-p1002142_fn-768x512.jpg 768w, https:\/\/www.greenpeace.ch\/static\/planet4-switzerland-stateless\/2026\/02\/3a137309-p1002142_fn-1536x1024.jpg 1536w, https:\/\/www.greenpeace.ch\/static\/planet4-switzerland-stateless\/2026\/02\/3a137309-p1002142_fn-2048x1366.jpg 2048w, https:\/\/www.greenpeace.ch\/static\/planet4-switzerland-stateless\/2026\/02\/3a137309-p1002142_fn-510x340.jpg 510w\" sizes=\"auto, (max-width: 2560px) 100vw, 2560px\" data-image-size=\"post-thumbnail\" data-stateless-media-bucket=\"planet4-switzerland-stateless\" data-stateless-media-name=\"2026\/02\/3a137309-p1002142_fn-scaled.jpg\" \/><\/figure>\n\n\n                <div class=\"wp-block-group group-stretched-link is-layout-flow wp-block-group-is-layout-flow\">\n                <h3 class=\"wp-block-post-title\"><a href=\"https:\/\/www.greenpeace.ch\/de\/handeln\/proteinshift-petition\/\" target=\"_self\" >Proteinshift Petition<\/a><\/h3>\n                <div class=\"wp-block-post-excerpt\"><p class=\"wp-block-post-excerpt__excerpt\">Fordere, dass bis 2035 mindestens 60 Prozent der verkauften Proteine pflanzlich sind <\/p><\/div><\/div>\n                \n\n\n<div class=\"wp-block-group read-more-nav is-layout-flow wp-block-group-is-layout-flow\"><a href=\"https:\/\/www.greenpeace.ch\/de\/handeln\/proteinshift-petition\/\" class=\"btn btn-primary btn-small\" aria-label=\"Mitmachen\">Mitmachen<\/a><\/div>\n\n<\/li><li class=\"wp-block-post post-128335 page type-page status-publish has-post-thumbnail hentry tag-unterstuetze-uns tag-ernaehrung tag-konsum\">\n<figure class=\"wp-block-post-featured-image\"><img loading=\"lazy\" decoding=\"async\" width=\"1440\" height=\"640\" src=\"https:\/\/www.greenpeace.ch\/static\/planet4-switzerland-stateless\/2026\/01\/bff09a18-8.png\" class=\"attachment-post-thumbnail size-post-thumbnail wp-post-image wp-stateless-item\" alt=\"\" style=\"object-fit:cover;\" srcset=\"https:\/\/www.greenpeace.ch\/static\/planet4-switzerland-stateless\/2026\/01\/bff09a18-8.png 1440w, https:\/\/www.greenpeace.ch\/static\/planet4-switzerland-stateless\/2026\/01\/bff09a18-8-300x133.png 300w, https:\/\/www.greenpeace.ch\/static\/planet4-switzerland-stateless\/2026\/01\/bff09a18-8-1024x455.png 1024w, https:\/\/www.greenpeace.ch\/static\/planet4-switzerland-stateless\/2026\/01\/bff09a18-8-768x341.png 768w, https:\/\/www.greenpeace.ch\/static\/planet4-switzerland-stateless\/2026\/01\/bff09a18-8-510x227.png 510w\" sizes=\"auto, (max-width: 1440px) 100vw, 1440px\" data-image-size=\"post-thumbnail\" data-stateless-media-bucket=\"planet4-switzerland-stateless\" data-stateless-media-name=\"2026\/01\/bff09a18-8.png\" \/><\/figure>\n\n\n                <div class=\"wp-block-group group-stretched-link is-layout-flow wp-block-group-is-layout-flow\">\n                <h3 class=\"wp-block-post-title\"><a href=\"https:\/\/www.greenpeace.ch\/de\/handeln\/protein-poster-bestellen\/\" target=\"_self\" >Ern\u00e4hrung mit Zukunft: Bestelle jetzt unser Poster<\/a><\/h3>\n                <div class=\"wp-block-post-excerpt\"><p class=\"wp-block-post-excerpt__excerpt\">Pflanzliche Proteine aus der Schweiz: unser Poster zeigt dir auf einen Blick, welche pflanzlichen Lebensmittel besonders viel Protein enthalten. <\/p><\/div><\/div>\n                \n\n\n<div class=\"wp-block-group read-more-nav is-layout-flow wp-block-group-is-layout-flow\"><a href=\"https:\/\/www.greenpeace.ch\/de\/handeln\/protein-poster-bestellen\/\" class=\"btn btn-primary btn-small\" aria-label=\"Mitmachen\">Mitmachen<\/a><\/div>\n\n<\/li><li class=\"wp-block-post post-113417 page type-page status-publish has-post-thumbnail hentry category-zero-waste tag-zero-waste tag-konsum\">\n<figure class=\"wp-block-post-featured-image\"><img loading=\"lazy\" decoding=\"async\" width=\"2560\" height=\"1707\" src=\"https:\/\/www.greenpeace.ch\/static\/planet4-switzerland-stateless\/2024\/10\/3a372a99-gp_plastik_web_3000x2000px-scaled.jpg\" class=\"attachment-post-thumbnail size-post-thumbnail wp-post-image wp-stateless-item\" alt=\"\" style=\"object-fit:cover;\" srcset=\"https:\/\/www.greenpeace.ch\/static\/planet4-switzerland-stateless\/2024\/10\/3a372a99-gp_plastik_web_3000x2000px-scaled.jpg 2560w, https:\/\/www.greenpeace.ch\/static\/planet4-switzerland-stateless\/2024\/10\/3a372a99-gp_plastik_web_3000x2000px-300x200.jpg 300w, https:\/\/www.greenpeace.ch\/static\/planet4-switzerland-stateless\/2024\/10\/3a372a99-gp_plastik_web_3000x2000px-1024x683.jpg 1024w, https:\/\/www.greenpeace.ch\/static\/planet4-switzerland-stateless\/2024\/10\/3a372a99-gp_plastik_web_3000x2000px-768x512.jpg 768w, https:\/\/www.greenpeace.ch\/static\/planet4-switzerland-stateless\/2024\/10\/3a372a99-gp_plastik_web_3000x2000px-1536x1024.jpg 1536w, https:\/\/www.greenpeace.ch\/static\/planet4-switzerland-stateless\/2024\/10\/3a372a99-gp_plastik_web_3000x2000px-2048x1366.jpg 2048w, https:\/\/www.greenpeace.ch\/static\/planet4-switzerland-stateless\/2024\/10\/3a372a99-gp_plastik_web_3000x2000px-510x340.jpg 510w\" sizes=\"auto, (max-width: 2560px) 100vw, 2560px\" data-image-size=\"post-thumbnail\" data-stateless-media-bucket=\"planet4-switzerland-stateless\" data-stateless-media-name=\"2024\/10\/3a372a99-gp_plastik_web_3000x2000px-scaled.jpg\" \/><\/figure>\n\n\n                <div class=\"wp-block-group group-stretched-link is-layout-flow wp-block-group-is-layout-flow\">\n                <h3 class=\"wp-block-post-title\"><a href=\"https:\/\/www.greenpeace.ch\/de\/handeln\/tipps-fuer-weniger-plastik\/\" target=\"_self\" >Tipps f\u00fcr weniger Plastik<\/a><\/h3>\n                <div class=\"wp-block-post-excerpt\"><p class=\"wp-block-post-excerpt__excerpt\">Reduziere deinen Plastikkonsum im Alltag. Damit Plastik nicht das Einzige bleibt, was wir unserem Universum hinterlassen. <\/p><\/div><\/div>\n                \n\n\n<div class=\"wp-block-group read-more-nav is-layout-flow wp-block-group-is-layout-flow\"><a href=\"https:\/\/www.greenpeace.ch\/de\/handeln\/tipps-fuer-weniger-plastik\/\" class=\"btn btn-primary btn-small\" aria-label=\"Mitmachen\">Mitmachen<\/a><\/div>\n\n<\/li><li class=\"wp-block-post post-2166 page type-page status-publish has-post-thumbnail hentry category-greenpeace tag-zero-waste\">\n<figure class=\"wp-block-post-featured-image\"><img loading=\"lazy\" decoding=\"async\" width=\"2500\" height=\"1667\" src=\"https:\/\/www.greenpeace.ch\/static\/planet4-switzerland-stateless\/2019\/06\/2f72cda2-gp0stqt4l_pressmedia.jpg\" class=\"attachment-post-thumbnail size-post-thumbnail wp-post-image wp-stateless-item\" alt=\"\" style=\"object-fit:cover;\" srcset=\"https:\/\/www.greenpeace.ch\/static\/planet4-switzerland-stateless\/2019\/06\/2f72cda2-gp0stqt4l_pressmedia.jpg 2500w, https:\/\/www.greenpeace.ch\/static\/planet4-switzerland-stateless\/2019\/06\/2f72cda2-gp0stqt4l_pressmedia-300x200.jpg 300w, https:\/\/www.greenpeace.ch\/static\/planet4-switzerland-stateless\/2019\/06\/2f72cda2-gp0stqt4l_pressmedia-768x512.jpg 768w, https:\/\/www.greenpeace.ch\/static\/planet4-switzerland-stateless\/2019\/06\/2f72cda2-gp0stqt4l_pressmedia-1024x683.jpg 1024w, https:\/\/www.greenpeace.ch\/static\/planet4-switzerland-stateless\/2019\/06\/2f72cda2-gp0stqt4l_pressmedia-2048x1366.jpg 2048w, https:\/\/www.greenpeace.ch\/static\/planet4-switzerland-stateless\/2019\/06\/2f72cda2-gp0stqt4l_pressmedia-510x340.jpg 510w\" sizes=\"auto, (max-width: 2500px) 100vw, 2500px\" data-image-size=\"post-thumbnail\" data-stateless-media-bucket=\"planet4-switzerland-stateless\" data-stateless-media-name=\"2019\/06\/2f72cda2-gp0stqt4l_pressmedia.jpg\" \/><\/figure>\n\n\n                <div class=\"wp-block-group group-stretched-link is-layout-flow wp-block-group-is-layout-flow\">\n                <h3 class=\"wp-block-post-title\"><a href=\"https:\/\/www.greenpeace.ch\/de\/handeln\/fuer-eine-plastikfreie-zukunft\/\" target=\"_self\" >F\u00fcr eine plastikfreie Zukunft<\/a><\/h3>\n                <div class=\"wp-block-post-excerpt\"><p class=\"wp-block-post-excerpt__excerpt\">Umweltsch\u00e4dlicher Plastik ist \u00fcberall und befeuert die Klimakrise. Erfahre, was du dagegen tun kannst. <\/p><\/div><\/div>\n                \n\n\n<div class=\"wp-block-group read-more-nav is-layout-flow wp-block-group-is-layout-flow\"><a href=\"https:\/\/www.greenpeace.ch\/de\/handeln\/fuer-eine-plastikfreie-zukunft\/\" class=\"btn btn-primary btn-small\" aria-label=\"Mitmachen\">Mitmachen<\/a><\/div>\n\n<\/li><li class=\"wp-block-post post-2023 page type-page status-publish has-post-thumbnail hentry category-klima tag-ernaehrung tag-klima\">\n<figure class=\"wp-block-post-featured-image\"><img loading=\"lazy\" decoding=\"async\" width=\"1200\" height=\"423\" src=\"https:\/\/www.greenpeace.ch\/static\/planet4-switzerland-stateless\/2019\/05\/0791a3a4-gp0strmec_medium_res-e1558425934353.jpg\" class=\"attachment-post-thumbnail size-post-thumbnail wp-post-image wp-stateless-item\" alt=\"\" style=\"object-fit:cover;\" srcset=\"https:\/\/www.greenpeace.ch\/static\/planet4-switzerland-stateless\/2019\/05\/0791a3a4-gp0strmec_medium_res-e1558425934353.jpg 1200w, https:\/\/www.greenpeace.ch\/static\/planet4-switzerland-stateless\/2019\/05\/0791a3a4-gp0strmec_medium_res-e1558425934353-300x106.jpg 300w, https:\/\/www.greenpeace.ch\/static\/planet4-switzerland-stateless\/2019\/05\/0791a3a4-gp0strmec_medium_res-e1558425934353-768x271.jpg 768w, https:\/\/www.greenpeace.ch\/static\/planet4-switzerland-stateless\/2019\/05\/0791a3a4-gp0strmec_medium_res-e1558425934353-1024x361.jpg 1024w, https:\/\/www.greenpeace.ch\/static\/planet4-switzerland-stateless\/2019\/05\/0791a3a4-gp0strmec_medium_res-e1558425934353-510x180.jpg 510w\" sizes=\"auto, (max-width: 1200px) 100vw, 1200px\" data-image-size=\"post-thumbnail\" data-stateless-media-bucket=\"planet4-switzerland-stateless\" data-stateless-media-name=\"2019\/05\/0791a3a4-gp0strmec_medium_res-e1558425934353.jpg\" \/><\/figure>\n\n\n                <div class=\"wp-block-group group-stretched-link is-layout-flow wp-block-group-is-layout-flow\">\n                <h3 class=\"wp-block-post-title\"><a href=\"https:\/\/www.greenpeace.ch\/de\/handeln\/rezepte-fuer-das-klima\/\" target=\"_self\" >Umweltfreundliche Rezepte<\/a><\/h3>\n                <div class=\"wp-block-post-excerpt\"><p class=\"wp-block-post-excerpt__excerpt\">Wie kannst du dich umweltfreundlich und nachhaltig ern\u00e4hren? Hier findest du Rezepte f\u00fcr das Klima! <\/p><\/div><\/div>\n                \n\n\n<div class=\"wp-block-group read-more-nav is-layout-flow wp-block-group-is-layout-flow\"><a href=\"https:\/\/www.greenpeace.ch\/de\/handeln\/rezepte-fuer-das-klima\/\" class=\"btn btn-primary btn-small\" aria-label=\"Mitmachen\">Mitmachen<\/a><\/div>\n\n<\/li><\/ul>\n        \n<div class=\"wp-block-buttons carousel-controls is-horizontal is-content-justification-space-between is-nowrap is-layout-flex wp-container-core-buttons-is-layout-044bd602 wp-block-buttons-is-layout-flex\">\n<div class=\"wp-block-button carousel-control-prev\"><button type=\"button\" class=\"wp-block-button__link wp-element-button\">Prev<\/button><\/div>\n\n\n\n<div class=\"wp-block-button carousel-control-next\"><button type=\"button\" class=\"wp-block-button__link wp-element-button\">Next<\/button><\/div>\n<\/div>\n\n        \n<div class=\"wp-block-buttons load-more-actions-container is-content-justification-center is-layout-flex wp-container-core-buttons-is-layout-16018d1d wp-block-buttons-is-layout-flex\">\n                <div class=\"wp-block-button is-style-secondary\"><button type=\"button\" class=\"wp-block-button__link wp-element-button\">Weitere laden<\/button><\/div>\n            \n<\/div>\n<\/div>\n            \n\n<h2 class=\"wp-block-heading\" id=\"newsletter\">Newsletter abonnieren<\/h2>\n\n<p>Du bleibst \u00fcber unsere Konsum-Kampagne auf dem Laufenden. Dein Abo kannst du jederzeit anpassun oder k\u00fcndigen.<\/p>\n\n<div class=\"wp-block-group is-style-background-1 is-layout-constrained wp-block-group-is-layout-constrained\"><script type=\"text\/javascript\">\n\/* <![CDATA[ *\/\nvar gform;gform||(document.addEventListener(\"gform_main_scripts_loaded\",function(){gform.scriptsLoaded=!0}),document.addEventListener(\"gform\/theme\/scripts_loaded\",function(){gform.themeScriptsLoaded=!0}),window.addEventListener(\"DOMContentLoaded\",function(){gform.domLoaded=!0}),gform={domLoaded:!1,scriptsLoaded:!1,themeScriptsLoaded:!1,isFormEditor:()=>\"function\"==typeof InitializeEditor,callIfLoaded:function(o){return!(!gform.domLoaded||!gform.scriptsLoaded||!gform.themeScriptsLoaded&&!gform.isFormEditor()||(gform.isFormEditor()&&console.warn(\"The use of gform.initializeOnLoaded() is deprecated in the form editor context and will be removed in Gravity Forms 3.1.\"),o(),0))},initializeOnLoaded:function(o){gform.callIfLoaded(o)||(document.addEventListener(\"gform_main_scripts_loaded\",()=>{gform.scriptsLoaded=!0,gform.callIfLoaded(o)}),document.addEventListener(\"gform\/theme\/scripts_loaded\",()=>{gform.themeScriptsLoaded=!0,gform.callIfLoaded(o)}),window.addEventListener(\"DOMContentLoaded\",()=>{gform.domLoaded=!0,gform.callIfLoaded(o)}))},hooks:{action:{},filter:{}},addAction:function(o,r,e,t){gform.addHook(\"action\",o,r,e,t)},addFilter:function(o,r,e,t){gform.addHook(\"filter\",o,r,e,t)},doAction:function(o){gform.doHook(\"action\",o,arguments)},applyFilters:function(o){return gform.doHook(\"filter\",o,arguments)},removeAction:function(o,r){gform.removeHook(\"action\",o,r)},removeFilter:function(o,r,e){gform.removeHook(\"filter\",o,r,e)},addHook:function(o,r,e,t,n){null==gform.hooks[o][r]&&(gform.hooks[o][r]=[]);var d=gform.hooks[o][r];null==n&&(n=r+\"_\"+d.length),gform.hooks[o][r].push({tag:n,callable:e,priority:t=null==t?10:t})},doHook:function(r,o,e){var t;if(e=Array.prototype.slice.call(e,1),null!=gform.hooks[r][o]&&((o=gform.hooks[r][o]).sort(function(o,r){return o.priority-r.priority}),o.forEach(function(o){\"function\"!=typeof(t=o.callable)&&(t=window[t]),\"action\"==r?t.apply(null,e):e[0]=t.apply(null,e)})),\"filter\"==r)return e[0]},removeHook:function(o,r,t,n){var e;null!=gform.hooks[o][r]&&(e=(e=gform.hooks[o][r]).filter(function(o,r,e){return!!(null!=n&&n!=o.tag||null!=t&&t!=o.priority)}),gform.hooks[o][r]=e)}});\n\/* ]]> *\/\n<\/script>\n\n                <div class='gf_browser_gecko gform_wrapper gravity-theme gform-theme--no-framework' data-form-theme='gravity-theme' data-form-index='0' id='gform_wrapper_433' style='display:none'><div id='gf_433' class='gform_anchor' tabindex='-1'><\/div>\n                        <div class='gform_heading'>\n\t\t\t\t\t\t\t<p class='gform_required_legend'>&quot;<span class=\"gfield_required gfield_required_asterisk\">*<\/span>&quot; kennzeichnet Pflichtfelder <\/p>\n                        <\/div><form method='post' enctype='multipart\/form-data' target='gform_ajax_frame_433' id='gform_433'  action='\/de\/wp-json\/wp\/v2\/pages\/80409#gf_433' data-formid='433' novalidate>\n                        <div class='gform-body gform_body'><div id='gform_fields_433' class='gform_fields top_label form_sublabel_below description_below validation_below'><div id=\"field_433_6\" class=\"gfield gfield--type-email gfield--input-type-email gfield--width-full gfield_contains_required field_sublabel_below gfield--no-description field_description_below field_validation_below gfield_visibility_visible\"  ><label class='gfield_label gform-field-label' for='input_433_6'>E-Mail<span class=\"gfield_required\"><span class=\"gfield_required gfield_required_asterisk\">*<\/span><\/span><\/label><div class='ginput_container ginput_container_email'>\n                            <input name='input_6' id='input_433_6' type='email' value='' class='large'    aria-required=\"true\" aria-invalid=\"false\"  autocomplete=\"email\"\/>\n                        <\/div><\/div><div id=\"field_433_3\" class=\"gfield gfield--type-select gfield--input-type-select gfield_contains_required field_sublabel_below gfield--no-description field_description_below field_validation_below gfield_visibility_visible\"  ><label class='gfield_label gform-field-label' for='input_433_3'>Anrede<span class=\"gfield_required\"><span class=\"gfield_required gfield_required_asterisk\">*<\/span><\/span><\/label><div class='ginput_container ginput_container_select'><select name='input_3' id='input_433_3' class='large gfield_select'    aria-required=\"true\" aria-invalid=\"false\" ><option value='Neutrale Anrede' >Neutrale Anrede<\/option><option value='Frau' >Frau<\/option><option value='Herr' >Herr<\/option><\/select><\/div><\/div><div id=\"field_433_4\" class=\"gfield gfield--type-text gfield--input-type-text gfield_contains_required field_sublabel_below gfield--no-description field_description_below field_validation_below gfield_visibility_visible\"  ><label class='gfield_label gform-field-label' for='input_433_4'>Vorname<span class=\"gfield_required\"><span class=\"gfield_required gfield_required_asterisk\">*<\/span><\/span><\/label><div class='ginput_container ginput_container_text'><input name='input_4' id='input_433_4' type='text' value='' class='large'     aria-required=\"true\" aria-invalid=\"false\"  autocomplete=\"given-name\" \/><\/div><\/div><div id=\"field_433_5\" class=\"gfield gfield--type-text gfield--input-type-text gfield_contains_required field_sublabel_below gfield--no-description field_description_below field_validation_below gfield_visibility_visible\"  ><label class='gfield_label gform-field-label' for='input_433_5'>Nachname<span class=\"gfield_required\"><span class=\"gfield_required gfield_required_asterisk\">*<\/span><\/span><\/label><div class='ginput_container ginput_container_text'><input name='input_5' id='input_433_5' type='text' value='' class='large'     aria-required=\"true\" aria-invalid=\"false\"  autocomplete=\"family-name\" \/><\/div><\/div><fieldset id=\"field_433_20\" class=\"gfield gfield--type-checkbox gfield--type-choice gfield--input-type-checkbox privacy-field gfield_contains_required field_sublabel_below gfield--no-description field_description_below field_validation_below gfield_visibility_visible custom-control\"  data-field-class=\"custom-control\" ><legend class='gfield_label gform-field-label screen-reader-text gfield_label_before_complex' ><span class=\"gfield_required\"><span class=\"gfield_required gfield_required_asterisk\">*<\/span><\/span><\/legend><div class='ginput_container ginput_container_checkbox'><div class='gfield_checkbox ' id='input_433_20'><div class='gchoice gchoice_433_20_1'>\n\t\t\t\t\t\t\t\t<input class='gfield-choice-input' name='input_20.1' type='checkbox'  value='Ich akzeptiere die Bestimmungen zum &lt;a href=&quot;https:\/\/www.greenpeace.ch\/de\/datenschutz\/&quot; target=&quot;_blank&quot;&gt;Datenschutz&lt;\/a&gt; von Greenpeace Schweiz' checked='checked' id='choice_433_20_1'   \/>\n\t\t\t\t\t\t\t\t<label for='choice_433_20_1' id='label_433_20_1' class='gform-field-label gform-field-label--type-inline'>Ich akzeptiere die Bestimmungen zum <a href=\"https:\/\/www.greenpeace.ch\/de\/datenschutz\/\" target=\"_blank\">Datenschutz<\/a> von Greenpeace Schweiz<\/label>\n\t\t\t\t\t\t\t<\/div><\/div><\/div><\/fieldset><div id=\"field_433_12\" class=\"gfield gfield--type-hidden gfield--input-type-hidden gform_hidden field_sublabel_below gfield--no-description field_description_below field_validation_below gfield_visibility_visible\"  ><div class='ginput_container ginput_container_text'><input name='input_12' id='input_433_12' type='hidden' class='gform_hidden'  aria-invalid=\"false\" value='' \/><\/div><\/div><div id=\"field_433_13\" class=\"gfield gfield--type-hidden gfield--input-type-hidden gform_hidden field_sublabel_below gfield--no-description field_description_below field_validation_below gfield_visibility_visible\"  ><div class='ginput_container ginput_container_text'><input name='input_13' id='input_433_13' type='hidden' class='gform_hidden'  aria-invalid=\"false\" value='' \/><\/div><\/div><div id=\"field_433_14\" class=\"gfield gfield--type-hidden gfield--input-type-hidden gform_hidden field_sublabel_below gfield--no-description field_description_below field_validation_below gfield_visibility_visible\"  ><div class='ginput_container ginput_container_text'><input name='input_14' id='input_433_14' type='hidden' class='gform_hidden'  aria-invalid=\"false\" value='' \/><\/div><\/div><div id=\"field_433_15\" class=\"gfield gfield--type-hidden gfield--input-type-hidden gform_hidden field_sublabel_below gfield--no-description field_description_below field_validation_below gfield_visibility_visible\"  ><div class='ginput_container ginput_container_text'><input name='input_15' id='input_433_15' type='hidden' class='gform_hidden'  aria-invalid=\"false\" value='' \/><\/div><\/div><div id=\"field_433_16\" class=\"gfield gfield--type-hidden gfield--input-type-hidden gform_hidden field_sublabel_below gfield--no-description field_description_below field_validation_below gfield_visibility_visible\"  ><div class='ginput_container ginput_container_text'><input name='input_16' id='input_433_16' type='hidden' class='gform_hidden'  aria-invalid=\"false\" value='' \/><\/div><\/div><div id=\"field_433_23\" class=\"gfield gfield--type-hidden gfield--input-type-hidden gfield--width-full gform_hidden field_sublabel_below gfield--no-description field_description_below field_validation_below gfield_visibility_visible\"  ><div class='ginput_container ginput_container_text'><input name='input_23' id='input_433_23' type='hidden' class='gform_hidden'  aria-invalid=\"false\" value='subscription' \/><\/div><\/div><div id=\"field_433_25\" class=\"gfield gfield--type-hidden gfield--input-type-hidden gform_hidden field_sublabel_below gfield--no-description field_description_below field_validation_below gfield_visibility_visible\"  ><div class='ginput_container ginput_container_text'><input name='input_25' id='input_433_25' type='hidden' class='gform_hidden'  aria-invalid=\"false\" value='701090000005g7fAAA' \/><\/div><\/div><div id=\"field_433_26\" class=\"gfield gfield--type-hidden gfield--input-type-hidden gfield--width-full gform_hidden field_sublabel_below gfield--no-description field_description_below field_validation_below gfield_visibility_visible\"  ><div class='ginput_container ginput_container_text'><input name='input_26' id='input_433_26' type='hidden' class='gform_hidden'  aria-invalid=\"false\" value='zerowaste' \/><\/div><\/div><\/div><\/div>\n        <div class='gform-footer gform_footer top_label'> <input type='submit' id='gform_submit_button_433' class='gform_button button' onclick='gform.submission.handleButtonClick(this);' data-submission-type='submit' value='Jetzt Newsletter abonnieren'  \/> <input type='hidden' name='gform_ajax' value='form_id=433&amp;title=&amp;description=&amp;tabindex=0&amp;theme=gravity-theme&amp;styles={&quot;inputPrimaryColor&quot;:&quot;#204ce5&quot;}&amp;hash=ac7eaa1fce7bb164dd725dfb500c0141' \/>\n            <input type='hidden' class='gform_hidden' name='gform_submission_method' data-js='gform_submission_method_433' value='iframe' \/>\n            <input type='hidden' class='gform_hidden' name='gform_theme' data-js='gform_theme_433' id='gform_theme_433' value='gravity-theme' \/>\n            <input type='hidden' class='gform_hidden' name='gform_style_settings' data-js='gform_style_settings_433' id='gform_style_settings_433' value='{&quot;inputPrimaryColor&quot;:&quot;#204ce5&quot;}' \/>\n            <input type='hidden' class='gform_hidden' name='is_submit_433' value='1' \/>\n            <input type='hidden' class='gform_hidden' name='gform_submit' value='433' \/>\n            \n            <input type='hidden' class='gform_hidden' name='gform_currency' data-currency='CHF' value='rXFEB1yDPHzyt1GrY+85LeiJqZQrQl4oXPqChTsg1yjwku3G\/XLA\/ocWCt7SRH6UlfjqfB+YfS+EfhPVb\/OISVMTBiveGVpCABZkeffAkf1+VbE=' \/>\n            <input type='hidden' class='gform_hidden' name='gform_unique_id' value='' \/>\n            <input type='hidden' class='gform_hidden' name='state_433' value='WyJbXSIsIjAyYTRhYjNlYmQ4MDQ2NmNkNDhhYmQ4MGQwMjNjMDZjIl0=' \/>\n            <input type='hidden' autocomplete='off' class='gform_hidden' name='gform_target_page_number_433' id='gform_target_page_number_433' value='0' \/>\n            <input type='hidden' autocomplete='off' class='gform_hidden' name='gform_source_page_number_433' id='gform_source_page_number_433' value='1' \/>\n            <input type='hidden' name='gform_field_values' value='' \/>\n            \n        <\/div>\n                        <\/form>\n                        <\/div>\n\t\t                <iframe style='display:none;width:0px;height:0px;' src='about:blank' name='gform_ajax_frame_433' id='gform_ajax_frame_433' title='This iframe contains the logic required to handle Ajax powered Gravity Forms.'><\/iframe>\n\t\t                <script type=\"text\/javascript\">\n\/* <![CDATA[ *\/\n gform.initializeOnLoaded( function() {gformInitSpinner( 433, 'https:\/\/www.greenpeace.ch\/wp-content\/plugins\/gravityforms\/images\/spinner.svg', true );jQuery('#gform_ajax_frame_433').on('load',function(){var contents = jQuery(this).contents().find('*').html();var is_postback = contents.indexOf('GF_AJAX_POSTBACK') >= 0;if(!is_postback){return;}var form_content = jQuery(this).contents().find('#gform_wrapper_433');var is_confirmation = jQuery(this).contents().find('#gform_confirmation_wrapper_433').length > 0;var is_redirect = contents.indexOf('gformRedirect(){') >= 0;var is_form = form_content.length > 0 && ! is_redirect && ! is_confirmation;var mt = parseInt(jQuery('html').css('margin-top'), 10) + parseInt(jQuery('body').css('margin-top'), 10) + 100;if(is_form){form_content.find('form').css('opacity', 0);jQuery('#gform_wrapper_433').html(form_content.html());if(form_content.hasClass('gform_validation_error')){jQuery('#gform_wrapper_433').addClass('gform_validation_error');} else {jQuery('#gform_wrapper_433').removeClass('gform_validation_error');}setTimeout( function() { \/* delay the scroll by 50 milliseconds to fix a bug in chrome *\/ jQuery(document).scrollTop(jQuery('#gform_wrapper_433').offset().top - mt); }, 50 );if(window['gformInitDatepicker']) {gformInitDatepicker();}if(window['gformInitPriceFields']) {gformInitPriceFields();}var current_page = jQuery('#gform_source_page_number_433').val();gformInitSpinner( 433, 'https:\/\/www.greenpeace.ch\/wp-content\/plugins\/gravityforms\/images\/spinner.svg', true );jQuery(document).trigger('gform_page_loaded', [433, current_page]);window['gf_submitting_433'] = false;}else if(!is_redirect){var confirmation_content = jQuery(this).contents().find('.GF_AJAX_POSTBACK').html();if(!confirmation_content){confirmation_content = contents;}jQuery('#gform_wrapper_433').replaceWith(confirmation_content);jQuery(document).scrollTop(jQuery('#gf_433').offset().top - mt);jQuery(document).trigger('gform_confirmation_loaded', [433]);window['gf_submitting_433'] = false;wp.a11y.speak(jQuery('#gform_confirmation_message_433').text());}else{jQuery('#gform_433').append(contents);if(window['gformRedirect']) {gformRedirect();}}jQuery(document).trigger(\"gform_pre_post_render\", [{ formId: \"433\", currentPage: \"current_page\", abort: function() { this.preventDefault(); } }]);        if (event && event.defaultPrevented) {                return;        }        const gformWrapperDiv = document.getElementById( \"gform_wrapper_433\" );        if ( gformWrapperDiv ) {            const visibilitySpan = document.createElement( \"span\" );            visibilitySpan.id = \"gform_visibility_test_433\";            gformWrapperDiv.insertAdjacentElement( \"afterend\", visibilitySpan );        }        const visibilityTestDiv = document.getElementById( \"gform_visibility_test_433\" );        let postRenderFired = false;        function triggerPostRender() {            if ( postRenderFired ) {                return;            }            postRenderFired = true;            gform.core.triggerPostRenderEvents( 433, current_page );            if ( visibilityTestDiv ) {                visibilityTestDiv.parentNode.removeChild( visibilityTestDiv );            }        }        function debounce( func, wait, immediate ) {            var timeout;            return function() {                var context = this, args = arguments;                var later = function() {                    timeout = null;                    if ( !immediate ) func.apply( context, args );                };                var callNow = immediate && !timeout;                clearTimeout( timeout );                timeout = setTimeout( later, wait );                if ( callNow ) func.apply( context, args );            };        }        const debouncedTriggerPostRender = debounce( function() {            triggerPostRender();        }, 200 );        if ( visibilityTestDiv && visibilityTestDiv.offsetParent === null ) {            const observer = new MutationObserver( ( mutations ) => {                mutations.forEach( ( mutation ) => {                    if ( mutation.type === 'attributes' && visibilityTestDiv.offsetParent !== null ) {                        debouncedTriggerPostRender();                        observer.disconnect();                    }                });            });            observer.observe( document.body, {                attributes: true,                childList: false,                subtree: true,                attributeFilter: [ 'style', 'class' ],            });        } else {            triggerPostRender();        }    } );} ); \n\/* ]]> *\/\n<\/script>\n<\/div>\n\n<div class=\"wp-block-query posts-list p4-query-loop is-custom-layout-list is-layout-flow wp-block-query-is-layout-flow\">\n<div class=\"wp-block-group is-content-justification-space-between is-layout-flex wp-container-core-group-is-layout-3d213aab wp-block-group-is-layout-flex\">\n<h2 class=\"wp-block-heading\">Aktuelle Beitr\u00e4ge<\/h2>\n\n\n<li class=\" wp-block-navigation-item see-all-link wp-block-navigation-link\"><a class=\"wp-block-navigation-item__content\"  href=\"http:\/\/www.greenpeace.ch\/de\/posts\/?tag=konsum&#038;post-type=story\"><span class=\"wp-block-navigation-item__label\">See all posts<\/span><\/a><\/li><\/div>\n\n\n\n<p style=\"margin-top:24px;margin-bottom:36px\"><\/p>\n\n\n\n\n<ul class=\"wp-block-post-template is-layout-flow wp-block-post-template-is-layout-flow\"><li class=\"wp-block-post post-130147 post type-post status-publish format-standard has-post-thumbnail hentry category-zero-waste tag-ernaehrung tag-klima tag-konsum p4-page-type-story\">\n\n<div class=\"wp-block-columns is-layout-flex wp-container-core-columns-is-layout-9d6595d7 wp-block-columns-is-layout-flex\"><figure class=\"wp-block-post-featured-image\"><a href=\"https:\/\/www.greenpeace.ch\/de\/story\/130147\/ernaehrung-mit-zukunft-mehr-pflanzen-weniger-abhaengigkeit\/\" target=\"_self\"  ><img loading=\"lazy\" decoding=\"async\" width=\"2560\" height=\"1707\" src=\"https:\/\/www.greenpeace.ch\/static\/planet4-switzerland-stateless\/2026\/03\/e63a4de3-p1002077_copyright-marcmeier_greenpeace-scaled.jpg\" class=\"attachment-post-thumbnail size-post-thumbnail wp-post-image wp-stateless-item\" alt=\"Ern\u00e4hrung mit Zukunft: mehr Pflanzen, weniger Abh\u00e4ngigkeit\u00a0\" style=\"object-fit:cover;\" srcset=\"https:\/\/www.greenpeace.ch\/static\/planet4-switzerland-stateless\/2026\/03\/e63a4de3-p1002077_copyright-marcmeier_greenpeace-scaled.jpg 2560w, https:\/\/www.greenpeace.ch\/static\/planet4-switzerland-stateless\/2026\/03\/e63a4de3-p1002077_copyright-marcmeier_greenpeace-300x200.jpg 300w, https:\/\/www.greenpeace.ch\/static\/planet4-switzerland-stateless\/2026\/03\/e63a4de3-p1002077_copyright-marcmeier_greenpeace-1024x683.jpg 1024w, https:\/\/www.greenpeace.ch\/static\/planet4-switzerland-stateless\/2026\/03\/e63a4de3-p1002077_copyright-marcmeier_greenpeace-768x512.jpg 768w, https:\/\/www.greenpeace.ch\/static\/planet4-switzerland-stateless\/2026\/03\/e63a4de3-p1002077_copyright-marcmeier_greenpeace-1536x1024.jpg 1536w, https:\/\/www.greenpeace.ch\/static\/planet4-switzerland-stateless\/2026\/03\/e63a4de3-p1002077_copyright-marcmeier_greenpeace-2048x1366.jpg 2048w, https:\/\/www.greenpeace.ch\/static\/planet4-switzerland-stateless\/2026\/03\/e63a4de3-p1002077_copyright-marcmeier_greenpeace-510x340.jpg 510w\" sizes=\"auto, (max-width: 2560px) 100vw, 2560px\" data-image-size=\"post-thumbnail\" data-stateless-media-bucket=\"planet4-switzerland-stateless\" data-stateless-media-name=\"2026\/03\/e63a4de3-p1002077_copyright-marcmeier_greenpeace-scaled.jpg\" \/><\/a><\/figure>\n\n\n<div class=\"wp-block-group is-layout-flow wp-block-group-is-layout-flow\">\n<div class=\"wp-block-group is-layout-flex wp-block-group-is-layout-flex\"><div class=\"wp-block-post-terms\"><a href=\"https:\/\/www.greenpeace.ch\/de\/story\/\">Story<\/a><\/div>\n\n<div class=\"taxonomy-post_tag wp-block-post-terms\"><a href=\"https:\/\/www.greenpeace.ch\/de\/tag\/ernaehrung\/\" rel=\"tag\">Ern\u00e4hrung<\/a><span class=\"wp-block-post-terms__separator\"> <\/span><a href=\"https:\/\/www.greenpeace.ch\/de\/tag\/klima\/\" rel=\"tag\">Klima<\/a><span class=\"wp-block-post-terms__separator\"> <\/span><a href=\"https:\/\/www.greenpeace.ch\/de\/tag\/konsum\/\" rel=\"tag\">Konsum<\/a><\/div><\/div>\n\n\n<h3 class=\"wp-block-post-title\"><a href=\"https:\/\/www.greenpeace.ch\/de\/story\/130147\/ernaehrung-mit-zukunft-mehr-pflanzen-weniger-abhaengigkeit\/\" target=\"_self\" >Ern\u00e4hrung mit Zukunft: mehr Pflanzen, weniger Abh\u00e4ngigkeit\u00a0<\/a><\/h3>\n\n<div class=\"wp-block-post-excerpt\"><p class=\"wp-block-post-excerpt__excerpt\">Wir haben eine Vision f\u00fcr das Ern\u00e4hrungssystem der Schweiz publiziert. DAmit fordern wir eine mutige und wirkungsvolle Agrar- und Ern\u00e4hrungspolitik, welche die Natur, Klima und Gesundheit sch\u00fctzt. <\/p><\/div>\n\n\n<div class=\"wp-block-group posts-list-meta is-layout-flow wp-block-group-is-layout-flow\"><span class='article-list-item-author'>Greenpeace Schweiz<\/span>\n\n<div class=\"wp-block-post-date\"><time datetime=\"2026-03-23T00:02:00+01:00\">23. M\u00e4rz 2026<\/time><\/div><\/div>\n<\/div>\n<\/div>\n\n<\/li><li class=\"wp-block-post post-129213 post type-post status-publish format-standard has-post-thumbnail hentry category-zero-waste tag-ernaehrung tag-klima p4-page-type-story\">\n\n<div class=\"wp-block-columns is-layout-flex wp-container-core-columns-is-layout-9d6595d7 wp-block-columns-is-layout-flex\"><figure class=\"wp-block-post-featured-image\"><a href=\"https:\/\/www.greenpeace.ch\/de\/story\/129213\/alles-wurst-coop-und-migros-verkaufen-90-prozent-tierproteine-2\/\" target=\"_self\"  ><img loading=\"lazy\" decoding=\"async\" width=\"1668\" height=\"1045\" src=\"https:\/\/www.greenpeace.ch\/static\/planet4-switzerland-stateless\/2026\/02\/48117d71-proteinsplit_grafik_1_de.jpg\" class=\"attachment-post-thumbnail size-post-thumbnail wp-post-image wp-stateless-item\" alt=\"Alles Wurst! Coop und Migros verkaufen 90 Prozent Tierproteine\" style=\"object-fit:cover;\" srcset=\"https:\/\/www.greenpeace.ch\/static\/planet4-switzerland-stateless\/2026\/02\/48117d71-proteinsplit_grafik_1_de.jpg 1668w, https:\/\/www.greenpeace.ch\/static\/planet4-switzerland-stateless\/2026\/02\/48117d71-proteinsplit_grafik_1_de-300x188.jpg 300w, https:\/\/www.greenpeace.ch\/static\/planet4-switzerland-stateless\/2026\/02\/48117d71-proteinsplit_grafik_1_de-1024x642.jpg 1024w, https:\/\/www.greenpeace.ch\/static\/planet4-switzerland-stateless\/2026\/02\/48117d71-proteinsplit_grafik_1_de-768x481.jpg 768w, https:\/\/www.greenpeace.ch\/static\/planet4-switzerland-stateless\/2026\/02\/48117d71-proteinsplit_grafik_1_de-1536x962.jpg 1536w, https:\/\/www.greenpeace.ch\/static\/planet4-switzerland-stateless\/2026\/02\/48117d71-proteinsplit_grafik_1_de-510x320.jpg 510w\" sizes=\"auto, (max-width: 1668px) 100vw, 1668px\" data-image-size=\"post-thumbnail\" data-stateless-media-bucket=\"planet4-switzerland-stateless\" data-stateless-media-name=\"2026\/02\/48117d71-proteinsplit_grafik_1_de.jpg\" \/><\/a><\/figure>\n\n\n<div class=\"wp-block-group is-layout-flow wp-block-group-is-layout-flow\">\n<div class=\"wp-block-group is-layout-flex wp-block-group-is-layout-flex\"><div class=\"wp-block-post-terms\"><a href=\"https:\/\/www.greenpeace.ch\/de\/story\/\">Story<\/a><\/div>\n\n<div class=\"taxonomy-post_tag wp-block-post-terms\"><a href=\"https:\/\/www.greenpeace.ch\/de\/tag\/ernaehrung\/\" rel=\"tag\">Ern\u00e4hrung<\/a><span class=\"wp-block-post-terms__separator\"> <\/span><a href=\"https:\/\/www.greenpeace.ch\/de\/tag\/klima\/\" rel=\"tag\">Klima<\/a><\/div><\/div>\n\n\n<h3 class=\"wp-block-post-title\"><a href=\"https:\/\/www.greenpeace.ch\/de\/story\/129213\/alles-wurst-coop-und-migros-verkaufen-90-prozent-tierproteine-2\/\" target=\"_self\" >Alles Wurst! Coop und Migros verkaufen 90 Prozent Tierproteine<\/a><\/h3>\n\n<div class=\"wp-block-post-excerpt\"><p class=\"wp-block-post-excerpt__excerpt\">Wir haben eine Analyse \u00fcber die Proteinverteilung bei Coop und Migros ver\u00f6ffentlicht. 90 Prozent der Proteine stammen von Tieren, 10 Prozent von Pflanzen. Identische Ergebnisse zeigen sich bei den Sonderangeboten:&hellip; <\/p><\/div>\n\n\n<div class=\"wp-block-group posts-list-meta is-layout-flow wp-block-group-is-layout-flow\"><span class='article-list-item-author'>Greenpeace Schweiz<\/span>\n\n<div class=\"wp-block-post-date\"><time datetime=\"2026-02-19T06:00:00+01:00\">19. Februar 2026<\/time><\/div><\/div>\n<\/div>\n<\/div>\n\n<\/li><\/ul>\n\n\n<div class=\"wp-block-buttons carousel-controls is-horizontal is-content-justification-space-between is-nowrap is-layout-flex wp-container-core-buttons-is-layout-044bd602 wp-block-buttons-is-layout-flex\">\n<div class=\"wp-block-button carousel-control-prev\"><button type=\"button\" class=\"wp-block-button__link wp-element-button\">Prev<\/button><\/div>\n\n\n\n<div class=\"wp-block-button carousel-control-next\"><button type=\"button\" class=\"wp-block-button__link wp-element-button\">Next<\/button><\/div>\n<\/div>\n\n\n<li class=\" wp-block-navigation-item see-all-link wp-block-navigation-link\"><a class=\"wp-block-navigation-item__content\"  href=\"http:\/\/www.greenpeace.ch\/de\/posts\/?tag=konsum&#038;post-type=story\"><span class=\"wp-block-navigation-item__label\">Alle Beitr\u00e4ge anzeigen<\/span><\/a><\/li><\/div>\n\n<div class=\"wp-block-query posts-list p4-query-loop is-custom-layout-grid is-layout-grid wp-container-core-query-is-layout-b8bb0bd1 wp-block-query-is-layout-grid\">\n<div class=\"wp-block-group is-content-justification-space-between is-layout-flex wp-container-core-group-is-layout-3d213aab wp-block-group-is-layout-flex\">\n<h2 class=\"wp-block-heading\">Publikationen<\/h2>\n\n\n<li class=\" wp-block-navigation-item see-all-link wp-block-navigation-link\"><a class=\"wp-block-navigation-item__content\"  href=\"http:\/\/www.greenpeace.ch\/de\/posts\/?tag=konsum&#038;post-type=publikation\"><span class=\"wp-block-navigation-item__label\">See all posts<\/span><\/a><\/li><\/div>\n\n\n\n<p style=\"margin-top:24px;margin-bottom:36px\"><\/p>\n\n\n\n\n<ul class=\"wp-block-post-template is-layout-flow wp-block-post-template-is-layout-flow\"><li class=\"wp-block-post post-130092 post type-post status-publish format-standard has-post-thumbnail hentry category-unkategorisiert tag-ernaehrung tag-konsum p4-page-type-publikation\">\n\n<div class=\"wp-block-columns is-layout-flex wp-container-core-columns-is-layout-9d6595d7 wp-block-columns-is-layout-flex\"><figure class=\"wp-block-post-featured-image\"><a href=\"https:\/\/www.greenpeace.ch\/de\/publikation\/130092\/plant-ernahrungssystem-zukunft\/\" target=\"_self\"  ><img loading=\"lazy\" decoding=\"async\" width=\"926\" height=\"1210\" src=\"https:\/\/www.greenpeace.ch\/static\/planet4-switzerland-stateless\/2026\/03\/207665da-capture-decran-2026-03-11-a-16.12.01.png\" class=\"attachment-post-thumbnail size-post-thumbnail wp-post-image wp-stateless-item\" alt=\"PLANT: Das Ern\u00e4hrungssystem der Zukunft\" style=\"object-fit:cover;\" srcset=\"https:\/\/www.greenpeace.ch\/static\/planet4-switzerland-stateless\/2026\/03\/207665da-capture-decran-2026-03-11-a-16.12.01.png 926w, https:\/\/www.greenpeace.ch\/static\/planet4-switzerland-stateless\/2026\/03\/207665da-capture-decran-2026-03-11-a-16.12.01-230x300.png 230w, https:\/\/www.greenpeace.ch\/static\/planet4-switzerland-stateless\/2026\/03\/207665da-capture-decran-2026-03-11-a-16.12.01-784x1024.png 784w, https:\/\/www.greenpeace.ch\/static\/planet4-switzerland-stateless\/2026\/03\/207665da-capture-decran-2026-03-11-a-16.12.01-768x1004.png 768w, https:\/\/www.greenpeace.ch\/static\/planet4-switzerland-stateless\/2026\/03\/207665da-capture-decran-2026-03-11-a-16.12.01-260x340.png 260w\" sizes=\"auto, (max-width: 926px) 100vw, 926px\" data-image-size=\"post-thumbnail\" data-stateless-media-bucket=\"planet4-switzerland-stateless\" data-stateless-media-name=\"2026\/03\/207665da-capture-decran-2026-03-11-a-16.12.01.png\" \/><\/a><\/figure>\n\n\n<div class=\"wp-block-group is-layout-flow wp-block-group-is-layout-flow\">\n<div class=\"wp-block-group is-layout-flex wp-block-group-is-layout-flex\"><div class=\"wp-block-post-terms\"><a href=\"https:\/\/www.greenpeace.ch\/de\/publikation\/\">Publikation<\/a><\/div>\n\n<div class=\"taxonomy-post_tag wp-block-post-terms\"><a href=\"https:\/\/www.greenpeace.ch\/de\/tag\/ernaehrung\/\" rel=\"tag\">Ern\u00e4hrung<\/a><span class=\"wp-block-post-terms__separator\"> <\/span><a href=\"https:\/\/www.greenpeace.ch\/de\/tag\/konsum\/\" rel=\"tag\">Konsum<\/a><\/div><\/div>\n\n\n<h3 class=\"wp-block-post-title\"><a href=\"https:\/\/www.greenpeace.ch\/de\/publikation\/130092\/plant-ernahrungssystem-zukunft\/\" target=\"_self\" >PLANT: Das Ern\u00e4hrungssystem der Zukunft<\/a><\/h3>\n\n\n<div class=\"wp-block-group posts-list-meta is-layout-flow wp-block-group-is-layout-flow\"><div class=\"wp-block-post-date\"><time datetime=\"2026-03-23T00:01:00+01:00\">23. M\u00e4rz 2026<\/time><\/div><\/div>\n<\/div>\n<\/div>\n\n<\/li><li class=\"wp-block-post post-129580 post type-post status-publish format-standard has-post-thumbnail hentry category-unkategorisiert tag-zero-waste tag-konsum p4-page-type-publikation\">\n\n<div class=\"wp-block-columns is-layout-flex wp-container-core-columns-is-layout-9d6595d7 wp-block-columns-is-layout-flex\"><figure class=\"wp-block-post-featured-image\"><a href=\"https:\/\/www.greenpeace.ch\/de\/publikation\/129580\/schaem-dich-shein-2\/\" target=\"_self\"  ><img loading=\"lazy\" decoding=\"async\" width=\"938\" height=\"1122\" src=\"https:\/\/www.greenpeace.ch\/static\/planet4-switzerland-stateless\/2026\/03\/2c255d1c-capture-decran-2026-03-04-a-10.52.00.png\" class=\"attachment-post-thumbnail size-post-thumbnail wp-post-image wp-stateless-item\" alt=\"Sch\u00e4m dich, Shein II\" style=\"object-fit:cover;\" srcset=\"https:\/\/www.greenpeace.ch\/static\/planet4-switzerland-stateless\/2026\/03\/2c255d1c-capture-decran-2026-03-04-a-10.52.00.png 938w, https:\/\/www.greenpeace.ch\/static\/planet4-switzerland-stateless\/2026\/03\/2c255d1c-capture-decran-2026-03-04-a-10.52.00-251x300.png 251w, https:\/\/www.greenpeace.ch\/static\/planet4-switzerland-stateless\/2026\/03\/2c255d1c-capture-decran-2026-03-04-a-10.52.00-856x1024.png 856w, https:\/\/www.greenpeace.ch\/static\/planet4-switzerland-stateless\/2026\/03\/2c255d1c-capture-decran-2026-03-04-a-10.52.00-768x919.png 768w, https:\/\/www.greenpeace.ch\/static\/planet4-switzerland-stateless\/2026\/03\/2c255d1c-capture-decran-2026-03-04-a-10.52.00-284x340.png 284w\" sizes=\"auto, (max-width: 938px) 100vw, 938px\" data-image-size=\"post-thumbnail\" data-stateless-media-bucket=\"planet4-switzerland-stateless\" data-stateless-media-name=\"2026\/03\/2c255d1c-capture-decran-2026-03-04-a-10.52.00.png\" \/><\/a><\/figure>\n\n\n<div class=\"wp-block-group is-layout-flow wp-block-group-is-layout-flow\">\n<div class=\"wp-block-group is-layout-flex wp-block-group-is-layout-flex\"><div class=\"wp-block-post-terms\"><a href=\"https:\/\/www.greenpeace.ch\/de\/publikation\/\">Publikation<\/a><\/div>\n\n<div class=\"taxonomy-post_tag wp-block-post-terms\"><a href=\"https:\/\/www.greenpeace.ch\/de\/tag\/zero-waste\/\" rel=\"tag\">ZeroWaste<\/a><span class=\"wp-block-post-terms__separator\"> <\/span><a href=\"https:\/\/www.greenpeace.ch\/de\/tag\/konsum\/\" rel=\"tag\">Konsum<\/a><\/div><\/div>\n\n\n<h3 class=\"wp-block-post-title\"><a href=\"https:\/\/www.greenpeace.ch\/de\/publikation\/129580\/schaem-dich-shein-2\/\" target=\"_self\" >Sch\u00e4m dich, Shein II<\/a><\/h3>\n\n\n<div class=\"wp-block-group posts-list-meta is-layout-flow wp-block-group-is-layout-flow\"><div class=\"wp-block-post-date\"><time datetime=\"2026-03-05T12:50:00+01:00\">5. M\u00e4rz 2026<\/time><\/div><\/div>\n<\/div>\n<\/div>\n\n<\/li><li class=\"wp-block-post post-129070 post type-post status-publish format-standard has-post-thumbnail hentry category-consommationpublications-2 tag-ernaehrung tag-konsum p4-page-type-publikation\">\n\n<div class=\"wp-block-columns is-layout-flex wp-container-core-columns-is-layout-9d6595d7 wp-block-columns-is-layout-flex\"><figure class=\"wp-block-post-featured-image\"><a href=\"https:\/\/www.greenpeace.ch\/de\/publikation\/129070\/tierproteine-dominieren-supermarkte\/\" target=\"_self\"  ><img loading=\"lazy\" decoding=\"async\" width=\"940\" height=\"1216\" src=\"https:\/\/www.greenpeace.ch\/static\/planet4-switzerland-stateless\/2026\/02\/f3c0e941-capture-decran-2026-02-11-a-10.04.47.png\" class=\"attachment-post-thumbnail size-post-thumbnail wp-post-image wp-stateless-item\" alt=\"9 zu 1: Tierproteine dominieren das Angebot der Superm\u00e4rkte\" style=\"object-fit:cover;\" srcset=\"https:\/\/www.greenpeace.ch\/static\/planet4-switzerland-stateless\/2026\/02\/f3c0e941-capture-decran-2026-02-11-a-10.04.47.png 940w, https:\/\/www.greenpeace.ch\/static\/planet4-switzerland-stateless\/2026\/02\/f3c0e941-capture-decran-2026-02-11-a-10.04.47-232x300.png 232w, https:\/\/www.greenpeace.ch\/static\/planet4-switzerland-stateless\/2026\/02\/f3c0e941-capture-decran-2026-02-11-a-10.04.47-792x1024.png 792w, https:\/\/www.greenpeace.ch\/static\/planet4-switzerland-stateless\/2026\/02\/f3c0e941-capture-decran-2026-02-11-a-10.04.47-768x993.png 768w, https:\/\/www.greenpeace.ch\/static\/planet4-switzerland-stateless\/2026\/02\/f3c0e941-capture-decran-2026-02-11-a-10.04.47-263x340.png 263w\" sizes=\"auto, (max-width: 940px) 100vw, 940px\" data-image-size=\"post-thumbnail\" data-stateless-media-bucket=\"planet4-switzerland-stateless\" data-stateless-media-name=\"2026\/02\/f3c0e941-capture-decran-2026-02-11-a-10.04.47.png\" \/><\/a><\/figure>\n\n\n<div class=\"wp-block-group is-layout-flow wp-block-group-is-layout-flow\">\n<div class=\"wp-block-group is-layout-flex wp-block-group-is-layout-flex\"><div class=\"wp-block-post-terms\"><a href=\"https:\/\/www.greenpeace.ch\/de\/publikation\/\">Publikation<\/a><\/div>\n\n<div class=\"taxonomy-post_tag wp-block-post-terms\"><a href=\"https:\/\/www.greenpeace.ch\/de\/tag\/ernaehrung\/\" rel=\"tag\">Ern\u00e4hrung<\/a><span class=\"wp-block-post-terms__separator\"> <\/span><a href=\"https:\/\/www.greenpeace.ch\/de\/tag\/konsum\/\" rel=\"tag\">Konsum<\/a><\/div><\/div>\n\n\n<h3 class=\"wp-block-post-title\"><a href=\"https:\/\/www.greenpeace.ch\/de\/publikation\/129070\/tierproteine-dominieren-supermarkte\/\" target=\"_self\" >9 zu 1: Tierproteine dominieren das Angebot der Superm\u00e4rkte<\/a><\/h3>\n\n\n<div class=\"wp-block-group posts-list-meta is-layout-flow wp-block-group-is-layout-flow\"><div class=\"wp-block-post-date\"><time datetime=\"2026-02-19T00:01:00+01:00\">19. Februar 2026<\/time><\/div><\/div>\n<\/div>\n<\/div>\n\n<\/li><li class=\"wp-block-post post-127655 post type-post status-publish format-standard has-post-thumbnail hentry category-unkategorisiert tag-konsum p4-page-type-publikation\">\n\n<div class=\"wp-block-columns is-layout-flex wp-container-core-columns-is-layout-9d6595d7 wp-block-columns-is-layout-flex\"><figure class=\"wp-block-post-featured-image\"><a href=\"https:\/\/www.greenpeace.ch\/de\/publikation\/127655\/schaem-dich-shein\/\" target=\"_self\"  ><img loading=\"lazy\" decoding=\"async\" width=\"952\" height=\"1332\" src=\"https:\/\/www.greenpeace.ch\/static\/planet4-switzerland-stateless\/2025\/11\/5e965b6e-capture-decran-2025-11-18-a-09.04.37.png\" class=\"attachment-post-thumbnail size-post-thumbnail wp-post-image wp-stateless-item\" alt=\"Sch\u00e4m dich, Shein\" style=\"object-fit:cover;\" srcset=\"https:\/\/www.greenpeace.ch\/static\/planet4-switzerland-stateless\/2025\/11\/5e965b6e-capture-decran-2025-11-18-a-09.04.37.png 952w, https:\/\/www.greenpeace.ch\/static\/planet4-switzerland-stateless\/2025\/11\/5e965b6e-capture-decran-2025-11-18-a-09.04.37-214x300.png 214w, https:\/\/www.greenpeace.ch\/static\/planet4-switzerland-stateless\/2025\/11\/5e965b6e-capture-decran-2025-11-18-a-09.04.37-732x1024.png 732w, https:\/\/www.greenpeace.ch\/static\/planet4-switzerland-stateless\/2025\/11\/5e965b6e-capture-decran-2025-11-18-a-09.04.37-768x1075.png 768w, https:\/\/www.greenpeace.ch\/static\/planet4-switzerland-stateless\/2025\/11\/5e965b6e-capture-decran-2025-11-18-a-09.04.37-243x340.png 243w\" sizes=\"auto, (max-width: 952px) 100vw, 952px\" data-image-size=\"post-thumbnail\" data-stateless-media-bucket=\"planet4-switzerland-stateless\" data-stateless-media-name=\"2025\/11\/5e965b6e-capture-decran-2025-11-18-a-09.04.37.png\" \/><\/a><\/figure>\n\n\n<div class=\"wp-block-group is-layout-flow wp-block-group-is-layout-flow\">\n<div class=\"wp-block-group is-layout-flex wp-block-group-is-layout-flex\"><div class=\"wp-block-post-terms\"><a href=\"https:\/\/www.greenpeace.ch\/de\/publikation\/\">Publikation<\/a><\/div>\n\n<div class=\"taxonomy-post_tag wp-block-post-terms\"><a href=\"https:\/\/www.greenpeace.ch\/de\/tag\/konsum\/\" rel=\"tag\">Konsum<\/a><\/div><\/div>\n\n\n<h3 class=\"wp-block-post-title\"><a href=\"https:\/\/www.greenpeace.ch\/de\/publikation\/127655\/schaem-dich-shein\/\" target=\"_self\" >Sch\u00e4m dich, Shein<\/a><\/h3>\n\n\n<div class=\"wp-block-group posts-list-meta is-layout-flow wp-block-group-is-layout-flow\"><div class=\"wp-block-post-date\"><time datetime=\"2025-11-20T00:01:00+01:00\">20. November 2025<\/time><\/div><\/div>\n<\/div>\n<\/div>\n\n<\/li><\/ul>\n\n\n<div class=\"wp-block-buttons carousel-controls is-horizontal is-content-justification-space-between is-nowrap is-layout-flex wp-container-core-buttons-is-layout-044bd602 wp-block-buttons-is-layout-flex\">\n<div class=\"wp-block-button carousel-control-prev\"><button type=\"button\" class=\"wp-block-button__link wp-element-button\">Prev<\/button><\/div>\n\n\n\n<div class=\"wp-block-button carousel-control-next\"><button type=\"button\" class=\"wp-block-button__link wp-element-button\">Next<\/button><\/div>\n<\/div>\n\n\n<li class=\" wp-block-navigation-item see-all-link wp-block-navigation-link\"><a class=\"wp-block-navigation-item__content\"  href=\"http:\/\/www.greenpeace.ch\/de\/posts\/?tag=konsum&#038;post-type=publikation\"><span class=\"wp-block-navigation-item__label\">Alle Publikationen anzeigen<\/span><\/a><\/li><\/div>\n\n<p><\/p>\n","protected":false},"excerpt":{"rendered":"<p>Wir konsumieren zu viel: &nbsp;Mit dem \u00fcberm\u00e4ssigen Konsum beuten wir unsere Erde aus. Der globale Ressourcenverbrauch hat seit den 1970er Jahren um mehr als das dreifache zugenommen und steigt weiter an. Gleichzeitig wachsen die Abfallberge. Mit \u00fcber 700 kg pro Person produziert die Schweiz viel zu viel Abfall. Einwegverpackungen machen etwa einen Drittel dieser Abf\u00e4lle [&hellip;]<\/p>\n","protected":false},"author":50,"featured_media":80449,"parent":493,"menu_order":0,"comment_status":"closed","ping_status":"closed","template":"","meta":{"_acf_changed":false,"_planet4_optimize_post_is_variant":false,"_planet4_optimize_experiment_name":"","_planet4_optimize_variant_name":"","ep_exclude_from_search":false,"p4_hide_page_title_checkbox":"on","p4_title":"","p4_subtitle":"","p4_description":"","background_image_id":"","background_image":"","p4_button_title":"","p4_button_link":"","p4_button_link_checkbox":"","p4_og_title":"","p4_og_description":"","p4_og_image":"","p4_og_image_id":"","p4_seo_canonical_url":"","p4_campaign_name":"not set","p4_local_project":"not set","p4_basket_name":"not set","p4_department":"","footnotes":""},"categories":[48],"tags":[217],"class_list":["post-80409","page","type-page","status-publish","has-post-thumbnail","hentry","category-zero-waste","tag-konsum"],"acf":[],"_links":{"self":[{"href":"https:\/\/www.greenpeace.ch\/de\/wp-json\/wp\/v2\/pages\/80409","targetHints":{"allow":["GET"]}}],"collection":[{"href":"https:\/\/www.greenpeace.ch\/de\/wp-json\/wp\/v2\/pages"}],"about":[{"href":"https:\/\/www.greenpeace.ch\/de\/wp-json\/wp\/v2\/types\/page"}],"author":[{"embeddable":true,"href":"https:\/\/www.greenpeace.ch\/de\/wp-json\/wp\/v2\/users\/50"}],"replies":[{"embeddable":true,"href":"https:\/\/www.greenpeace.ch\/de\/wp-json\/wp\/v2\/comments?post=80409"}],"version-history":[{"count":20,"href":"https:\/\/www.greenpeace.ch\/de\/wp-json\/wp\/v2\/pages\/80409\/revisions"}],"predecessor-version":[{"id":131101,"href":"https:\/\/www.greenpeace.ch\/de\/wp-json\/wp\/v2\/pages\/80409\/revisions\/131101"}],"up":[{"embeddable":true,"href":"https:\/\/www.greenpeace.ch\/de\/wp-json\/wp\/v2\/pages\/493"}],"wp:featuredmedia":[{"embeddable":true,"href":"https:\/\/www.greenpeace.ch\/de\/wp-json\/wp\/v2\/media\/80449"}],"wp:attachment":[{"href":"https:\/\/www.greenpeace.ch\/de\/wp-json\/wp\/v2\/media?parent=80409"}],"wp:term":[{"taxonomy":"category","embeddable":true,"href":"https:\/\/www.greenpeace.ch\/de\/wp-json\/wp\/v2\/categories?post=80409"},{"taxonomy":"post_tag","embeddable":true,"href":"https:\/\/www.greenpeace.ch\/de\/wp-json\/wp\/v2\/tags?post=80409"}],"curies":[{"name":"wp","href":"https:\/\/api.w.org\/{rel}","templated":true}]}}