{"id":86234,"date":"2022-09-01T15:36:00","date_gmt":"2022-09-01T13:36:00","guid":{"rendered":"https:\/\/www.greenpeace.ch\/?page_id=86234"},"modified":"2025-12-15T09:55:47","modified_gmt":"2025-12-15T08:55:47","slug":"immobilie-vererben","status":"publish","type":"page","link":"https:\/\/www.greenpeace.ch\/de\/handeln\/spenden\/legate-erbschaften\/immobilie-vererben\/","title":{"rendered":"Eine Immobilie vererben"},"content":{"rendered":"\n\n<div class=\"wp-block-group alignfull is-layout-flow wp-block-group-is-layout-flow\">\n<div class=\"wp-block-group container is-layout-flow wp-block-group-is-layout-flow\">\n<div class=\"wp-block-media-text alignfull has-media-on-the-right is-stacked-on-mobile is-pattern-p4-page-header is-style-parallax\"><div class=\"wp-block-media-text__content\">\n<div class=\"wp-block-group is-layout-flow wp-block-group-is-layout-flow\">\n<h1 class=\"wp-block-heading has-white-background-color has-background\">\n                            Eine Immobilie vererben\n                        <\/h1>\n<\/div>\n<\/div><figure class=\"wp-block-media-text__media\"><img loading=\"lazy\" decoding=\"async\" width=\"799\" height=\"532\" src=\"https:\/\/www.greenpeace.ch\/static\/planet4-switzerland-stateless\/2024\/08\/f7f4ca00-gp0stpoe5_low-res-800px.jpg\" alt=\"\" sizes=\"auto, (min-width: 601px) 50vw, 100vw\" srcset=\"https:\/\/www.greenpeace.ch\/static\/planet4-switzerland-stateless\/2024\/08\/f7f4ca00-gp0stpoe5_low-res-800px.jpg 799w, https:\/\/www.greenpeace.ch\/static\/planet4-switzerland-stateless\/2024\/08\/f7f4ca00-gp0stpoe5_low-res-800px-300x200.jpg 300w, https:\/\/www.greenpeace.ch\/static\/planet4-switzerland-stateless\/2024\/08\/f7f4ca00-gp0stpoe5_low-res-800px-768x511.jpg 768w, https:\/\/www.greenpeace.ch\/static\/planet4-switzerland-stateless\/2024\/08\/f7f4ca00-gp0stpoe5_low-res-800px-510x340.jpg 510w\" class=\"wp-image-112589 size-full\"\/><\/figure><\/div>\n<\/div>\n<\/div>\n\n\n<div class=\"wp-block-group is-vertical is-layout-flex wp-container-core-group-is-layout-8cf370e7 wp-block-group-is-layout-flex\"><\/div>\n\n<div class=\"wp-block-columns is-layout-flex wp-container-core-columns-is-layout-9d6595d7 wp-block-columns-is-layout-flex\">\n<div class=\"wp-block-column is-layout-flow wp-block-column-is-layout-flow\">\n<p>Wenn Sie eine Wohnung, ein Haus oder Land besitzen, sollten Sie im Testament unbedingt festhalten, was damit geschehen soll. Sie k\u00f6nnen zum Beispiel das Nutzniessungsrecht an der Liegenschaft bestimmen und verf\u00fcgen, wie die Aufteilung unter den Erb:innen aussehen soll. Es gibt auch die M\u00f6glichkeit, den Verbleib der Liegenschaft in einem Legat zu bestimmen.<\/p>\n\n\n\n<p>Auch gemeinn\u00fctzige Organisationen wie Greenpeace erhalten immer wieder Immobilien im Rahmen einer Erbschaft. Aus Unabh\u00e4ngigkeitsgr\u00fcnden nimmt Greenpeace als Erbin oder Beschenkte Immobilien und Grundst\u00fccke nur dann an, wenn sie ver\u00e4ussert werden d\u00fcrfen. Damit wir Ihre W\u00fcnsche und unsere Vorgaben f\u00fcr alle korrekt abstimmen k\u00f6nnen, sind wir Kooperationen mit Casafair Schweiz und der Stiftung Edith Maryon eingegangen.<\/p>\n<\/div>\n\n\n\n<div class=\"wp-block-column is-layout-flow wp-block-column-is-layout-flow\">\n<figure class=\"wp-block-image size-full\"><img loading=\"lazy\" decoding=\"async\" width=\"800\" height=\"553\" src=\"https:\/\/www.greenpeace.ch\/static\/planet4-switzerland-stateless\/2022\/09\/5c012bb3-gp02v52_.jpg\" alt=\"\" class=\"wp-image-89822\" srcset=\"https:\/\/www.greenpeace.ch\/static\/planet4-switzerland-stateless\/2022\/09\/5c012bb3-gp02v52_.jpg 800w, https:\/\/www.greenpeace.ch\/static\/planet4-switzerland-stateless\/2022\/09\/5c012bb3-gp02v52_-300x207.jpg 300w, https:\/\/www.greenpeace.ch\/static\/planet4-switzerland-stateless\/2022\/09\/5c012bb3-gp02v52_-768x531.jpg 768w, https:\/\/www.greenpeace.ch\/static\/planet4-switzerland-stateless\/2022\/09\/5c012bb3-gp02v52_-492x340.jpg 492w\" sizes=\"auto, (max-width: 800px) 100vw, 800px\" \/><\/figure>\n<\/div>\n<\/div>\n\n<h2 class=\"wp-block-heading is-style-underline\"><strong><strong>Sozialer und \u00f6kologischer Verkauf<\/strong><\/strong><\/h2>\n\n<div class=\"wp-block-columns is-layout-flex wp-container-core-columns-is-layout-9d6595d7 wp-block-columns-is-layout-flex\">\n<div class=\"wp-block-column is-layout-flow wp-block-column-is-layout-flow\" style=\"flex-basis:66.66%\">\n<p>Viele Menschen haben ihr Haus \u00f6kologisch gebaut oder umgebaut, haben einen Biogarten oder einen alten Baumbestand und wollen sicherstellen, dass mit dem Haus in ihrem Sinne umgegangen wird \u2013 auch \u00fcber ihr Leben hinaus. In Zusammenarbeit mit Casafair Schweiz ist eine <a href=\"https:\/\/www.greenpeace.ch\/static\/planet4-switzerland-stateless\/2020\/06\/e72a3dba-rz_grp_checkliste-hausverein_02_06_20_d_korr_ohne_schnittz.pdf\">Wunscherkl\u00e4rung<\/a> entstanden, die m\u00f6gliche und realistische W\u00fcnsche hinsichtlich Immobilienverkauf beinhaltet. Greenpeace verpflichtet sich, im Erbfall Ihre Anliegen &#8211; so weit als m\u00f6glich &#8211; zu ber\u00fccksichtigen.<\/p>\n<\/div>\n\n\n\n<div class=\"wp-block-column is-layout-flow wp-block-column-is-layout-flow\" style=\"flex-basis:33.33%\">\n<figure class=\"wp-block-image size-full is-resized  caption-alignment-right\"><a href=\"https:\/\/casafair.ch\/\"><img loading=\"lazy\" decoding=\"async\" width=\"353\" height=\"266\" src=\"https:\/\/www.greenpeace.ch\/static\/planet4-switzerland-stateless\/2022\/09\/eccb377f-casafair_logo_rgb.jpg\" alt=\"\" class=\"wp-image-89523\" style=\"width:177px;height:133px\" srcset=\"https:\/\/www.greenpeace.ch\/static\/planet4-switzerland-stateless\/2022\/09\/eccb377f-casafair_logo_rgb.jpg 353w, https:\/\/www.greenpeace.ch\/static\/planet4-switzerland-stateless\/2022\/09\/eccb377f-casafair_logo_rgb-300x226.jpg 300w\" sizes=\"auto, (max-width: 353px) 100vw, 353px\" \/><\/a><\/figure>\n<\/div>\n<\/div>\n\n<p><strong>Wie vorgehen, wenn Sie Immobilien vererben m\u00f6chten?<\/strong><\/p>\n\n<ul class=\"wp-block-list\">\n<li>Pr\u00fcfen Sie die einzelnen Punkte der <a href=\"https:\/\/www.greenpeace.ch\/static\/planet4-switzerland-stateless\/2020\/06\/e72a3dba-rz_grp_checkliste-hausverein_02_06_20_d_korr_ohne_schnittz.pdf\">Wunscherkl\u00e4rung<\/a> und entscheiden Sie, welche f\u00fcr Sie besonders wichtig sind.<\/li>\n\n\n\n<li>Besprechen Sie Ihre W\u00fcnsche in einem pers\u00f6nlichen Gespr\u00e4ch mit Greenpeace (kostenlos).<\/li>\n\n\n\n<li>Lassen Sie sich durch eine regionale Fachperson von Casafair Schweiz beraten und definieren Sie Ihre W\u00fcnsche (nach den Tarifen von Casafair Schweiz).<\/li>\n<\/ul>\n\n<p><strong>Wie sicherstellen, dass Ihre W\u00fcnsche ber\u00fccksichtigt werden?<\/strong><\/p>\n\n<p>Kreuzen Sie Ihre W\u00fcnsche auf der Wunscherkl\u00e4rung an und legen Sie diese zu Ihrem Testament oder Erbvertrag. Auch wenn die Wunscherkl\u00e4rung nicht rechtsverbindlich ist (Formvorschrift), sichert Ihnen Greenpeace zu, sich f\u00fcr die Umsetzung Ihrer Anliegen einzusetzen.<\/p>\n\n<hr class=\"wp-block-separator has-alpha-channel-opacity\"\/>\n\n<p><strong>Hinweis:<\/strong> Greenpeace-Unterst\u00fctzer:innen erhalten unter Angabe Ihrer Mitgliedernummer eine Mitgliedschaft bei Casafair Schweiz zum halben Preis (gilt f\u00fcr das erste Kalenderjahr) und profitieren von einem vielf\u00e4ltigen Dienstleistungsangebot. Dazu geh\u00f6ren 15 Minuten Gratisberatung in allen Fragen rund ums Haus.<\/p>\n\n<p>Direktkontakt Casafair Schweiz: 031 311 50 55 oder <a href=\"http:\/\/casafair.ch\/mitgliedschaft\/\">casafair.ch\/mitgliedschaft\/<\/a><\/p>\n\n<hr class=\"wp-block-separator has-alpha-channel-opacity\"\/>\n\n<h2 class=\"wp-block-heading is-style-underline\"><strong>Soziale und \u00f6kologische Nutzung<\/strong><\/h2>\n\n<div class=\"wp-block-columns is-layout-flex wp-container-core-columns-is-layout-9d6595d7 wp-block-columns-is-layout-flex\">\n<div class=\"wp-block-column is-layout-flow wp-block-column-is-layout-flow\" style=\"flex-basis:66.66%\">\n<p>Die Stiftung Edith Maryon und Greenpeace streben beide die Erhaltung einer \u00f6kologischen und sozialen Zukunft an. Die Stiftung Edith Maryon widmet sich der Frage zur Art der Bodennutzung und erg\u00e4nzt damit die Ziele von Greenpeace, welche sich f\u00fcr die Schaffung einer Gesellschaft und einer Wirtschaft engagiert, die die Lebensgrundlagen respektieren und beh\u00fcten.<\/p>\n\n\n\n<p>Erblasser:innen und Spender:innen, die nicht m\u00f6chten, dass ihre Immobilie verkauft wird, k\u00f6nnen sie&nbsp;der Stiftung Edith Maryon hinterlassen&nbsp;und verf\u00fcgen, dass der Nettowert der Liegenschaft an Greenpeace gespendet wird.<\/p>\n<\/div>\n\n\n\n<div class=\"wp-block-column is-layout-flow wp-block-column-is-layout-flow\" style=\"flex-basis:33.33%\">\n<figure class=\"wp-block-image size-large\"><a href=\"https:\/\/maryon.ch\/\"><img decoding=\"async\" src=\"https:\/\/maryon.ch\/v2\/wp-content\/uploads\/SEM_logo_2017_CMYK.png\" alt=\"\"\/><\/a><\/figure>\n<\/div>\n<\/div>\n\n<p><strong>Wie vorgehen, wenn Sie Immobilien fix an Greenpeace vererben m\u00f6chten?<\/strong><\/p>\n\n<ul class=\"wp-block-list\">\n<li>Besprechen Sie Ihre W\u00fcnsche bez\u00fcglich des Testaments und Ihrer Liegenschaft in einem pers\u00f6nlichen Gespr\u00e4ch mit Greenpeace (kostenlos).<\/li>\n\n\n\n<li>Sollte sich bei diesem Gespr\u00e4ch herausstellen, dass Greenpeace Schweiz Ihre Bed\u00fcrfnisse nicht erf\u00fcllen kann, vermitteln wir gerne ein gemeinsames Gespr\u00e4ch mit unserer Partnerin Stiftung Edith Maryon.<\/li>\n<\/ul>\n\n<p>Weitere Informationen \u00fcber die Ziele und Projekte der Stiftung Edith Maryon finden Sie auf der <a href=\"https:\/\/maryon.ch\/\">Website der Stiftung Edith Maryon<\/a>.<\/p>\n\n<h2 class=\"wp-block-heading is-style-underline\">Haben Sie Fragen?<\/h2>\n\n<div class=\"wp-block-columns is-layout-flex wp-container-core-columns-is-layout-9d6595d7 wp-block-columns-is-layout-flex\">\n<div class=\"wp-block-column is-layout-flow wp-block-column-is-layout-flow\" style=\"flex-basis:66.66%\">\n<div class=\"wp-block-columns is-layout-flex wp-container-core-columns-is-layout-9d6595d7 wp-block-columns-is-layout-flex\">\n<div class=\"wp-block-column is-layout-flow wp-block-column-is-layout-flow\" style=\"flex-basis:33.33%\">\n<figure class=\"wp-block-image size-large is-resized\"><img decoding=\"async\" src=\"https:\/\/www.greenpeace.ch\/static\/planet4-switzerland-stateless\/2019\/06\/8214c6f6-claudia_steiger-1.jpg\" alt=\"\" style=\"width:195px;height:245px\"\/><\/figure>\n<\/div>\n\n\n\n<div class=\"wp-block-column is-layout-flow wp-block-column-is-layout-flow\" style=\"flex-basis:66.66%\">\n<p>Manchmal ist es einfacher, eine Situation kurz zu schildern und individuelle Fragestellungen direkt zu kl\u00e4ren. Bei Fragen d\u00fcrfen Sie sich gerne an mich wenden.<\/p>\n\n\n\n<p><\/p>\n\n\n\n<p><strong>Claudia Steiger<\/strong><br>Verantwortliche Erbschaften<br><a href=\"mailto:claudia.steiger@greenpeace.org\">claudia.steiger@greenpeace.org<\/a><br>044 447 41 79<\/p>\n<\/div>\n<\/div>\n<\/div>\n<\/div>\n\n<h2 class=\"wp-block-heading is-style-underline\">Testament-Rechner<\/h2>\n\n<p>Je nach famili\u00e4rer Situation ist die Quote, \u00fcber die Sie im Testament frei verf\u00fcgen k\u00f6nnen, unterschiedlich hoch. Denn es gibt gesetzliche Vorgaben, die Sie beachten m\u00fcssen. Anfang 2023 trat zudem das neue Erbrecht in Kraft. Dieses erm\u00f6glicht Ihnen mehr Handlungsspielraum, frei zu entscheiden, wer im Testament wie beg\u00fcnstigt werden soll.<\/p>\n\n<p>Pr\u00fcfen Sie jetzt mit unserem <a href=\"https:\/\/www.greenpeace.ch\/de\/handeln\/spenden\/legate-erbschaften-testament\/testament-rechner\/\">praktischen Testament-Rechner<\/a>, wie Ihre pers\u00f6nliche Erbsituation aussieht und wie hoch Ihre frei verf\u00fcgbare Quote ist.<\/p>\n\n<div class=\"wp-block-query posts-list p4-query-loop is-custom-layout-list is-layout-flow wp-block-query-is-layout-flow\">\n<div class=\"wp-block-group is-content-justification-space-between is-layout-flex wp-container-core-group-is-layout-3d213aab wp-block-group-is-layout-flex\">\n<h2 class=\"wp-block-heading\">Weitere Beitr\u00e4ge rund um Legate &amp; Erbschaften<\/h2>\n\n\n<li class=\" wp-block-navigation-item see-all-link wp-block-navigation-link\"><a class=\"wp-block-navigation-item__content\"  href=\"http:\/\/www.greenpeace.ch\/de\/posts\/\"><span class=\"wp-block-navigation-item__label\">See all stories<\/span><\/a><\/li><\/div>\n\n\n\n<p style=\"margin-top:24px;margin-bottom:36px\"><\/p>\n\n\n\n\n<ul class=\"wp-block-post-template is-layout-flow wp-block-post-template-is-layout-flow\"><li class=\"wp-block-post post-87250 post type-post status-publish format-standard has-post-thumbnail hentry category-unkategorisiert p4-page-type-story\">\n\n<div class=\"wp-block-columns is-layout-flex wp-container-core-columns-is-layout-9d6595d7 wp-block-columns-is-layout-flex\"><figure class=\"wp-block-post-featured-image\"><a href=\"https:\/\/www.greenpeace.ch\/de\/story\/87250\/digitaler-nachlass\/\" target=\"_self\"  ><img loading=\"lazy\" decoding=\"async\" width=\"799\" height=\"532\" src=\"https:\/\/www.greenpeace.ch\/static\/planet4-switzerland-stateless\/2022\/06\/48265ad8-gp0stpoe6_.jpg\" class=\"attachment-post-thumbnail size-post-thumbnail wp-post-image wp-stateless-item\" alt=\"Digitaler Nachlass \u2013 was geschieht damit?\" style=\"object-fit:cover;\" srcset=\"https:\/\/www.greenpeace.ch\/static\/planet4-switzerland-stateless\/2022\/06\/48265ad8-gp0stpoe6_.jpg 799w, https:\/\/www.greenpeace.ch\/static\/planet4-switzerland-stateless\/2022\/06\/48265ad8-gp0stpoe6_-300x200.jpg 300w, https:\/\/www.greenpeace.ch\/static\/planet4-switzerland-stateless\/2022\/06\/48265ad8-gp0stpoe6_-768x511.jpg 768w, https:\/\/www.greenpeace.ch\/static\/planet4-switzerland-stateless\/2022\/06\/48265ad8-gp0stpoe6_-510x340.jpg 510w\" sizes=\"auto, (max-width: 799px) 100vw, 799px\" data-image-size=\"post-thumbnail\" data-stateless-media-bucket=\"planet4-switzerland-stateless\" data-stateless-media-name=\"2022\/06\/48265ad8-gp0stpoe6_.jpg\" \/><\/a><\/figure>\n\n\n<div class=\"wp-block-group is-layout-flow wp-block-group-is-layout-flow\"><h3 class=\"wp-block-post-title\"><a href=\"https:\/\/www.greenpeace.ch\/de\/story\/87250\/digitaler-nachlass\/\" target=\"_self\" >Digitaler Nachlass \u2013 was geschieht damit?<\/a><\/h3>\n\n<div class=\"wp-block-post-excerpt\"><p class=\"wp-block-post-excerpt__excerpt\">Heute hinterlassen die allermeisten Menschen auch ein \u00abdigitales Erbe\u00bb. Dazu geh\u00f6ren virtuelle Daten wie der Zugang zu E-Mail-Konten, Social-Media-Profilen, digitalen Verm\u00f6genswerten und W\u00e4hrungen (Kryptow\u00e4hrungen), aber auch der Inhalt von physischen Datentr\u00e4gern wie Festplatten, Computern und Mobiltelefonen. <\/p><\/div><\/div>\n<\/div>\n\n<\/li><li class=\"wp-block-post post-86273 post type-post status-publish format-standard has-post-thumbnail hentry category-unkategorisiert p4-page-type-story\">\n\n<div class=\"wp-block-columns is-layout-flex wp-container-core-columns-is-layout-9d6595d7 wp-block-columns-is-layout-flex\"><figure class=\"wp-block-post-featured-image\"><a href=\"https:\/\/www.greenpeace.ch\/de\/story\/86273\/erbanteile-aufteilen\/\" target=\"_self\"  ><img loading=\"lazy\" decoding=\"async\" width=\"1024\" height=\"573\" src=\"https:\/\/www.greenpeace.ch\/static\/planet4-switzerland-stateless\/2022\/05\/9ad444d9-beitrag1.png\" class=\"attachment-post-thumbnail size-post-thumbnail wp-post-image wp-stateless-item\" alt=\"Erbanteile aufteilen \u2013 wer bekommt was?\" style=\"object-fit:cover;\" srcset=\"https:\/\/www.greenpeace.ch\/static\/planet4-switzerland-stateless\/2022\/05\/9ad444d9-beitrag1.png 1024w, https:\/\/www.greenpeace.ch\/static\/planet4-switzerland-stateless\/2022\/05\/9ad444d9-beitrag1-300x168.png 300w, https:\/\/www.greenpeace.ch\/static\/planet4-switzerland-stateless\/2022\/05\/9ad444d9-beitrag1-768x430.png 768w, https:\/\/www.greenpeace.ch\/static\/planet4-switzerland-stateless\/2022\/05\/9ad444d9-beitrag1-510x285.png 510w\" sizes=\"auto, (max-width: 1024px) 100vw, 1024px\" data-image-size=\"post-thumbnail\" data-stateless-media-bucket=\"planet4-switzerland-stateless\" data-stateless-media-name=\"2022\/05\/9ad444d9-beitrag1.png\" \/><\/a><\/figure>\n\n\n<div class=\"wp-block-group is-layout-flow wp-block-group-is-layout-flow\"><h3 class=\"wp-block-post-title\"><a href=\"https:\/\/www.greenpeace.ch\/de\/story\/86273\/erbanteile-aufteilen\/\" target=\"_self\" >Erbanteile aufteilen \u2013 wer bekommt was?<\/a><\/h3>\n\n<div class=\"wp-block-post-excerpt\"><p class=\"wp-block-post-excerpt__excerpt\">Immer mehr Menschen legen viel Wert auf Selbstbestimmung: Rund die H\u00e4lfte aller Personen in der Schweiz erstellt ein Testament \u2013 und entscheidet selbst, was mit dem Nachlass einmal geschehen soll.\u00a0 <\/p><\/div><\/div>\n<\/div>\n\n<\/li><li class=\"wp-block-post post-86268 post type-post status-publish format-standard has-post-thumbnail hentry category-unkategorisiert p4-page-type-story\">\n\n<div class=\"wp-block-columns is-layout-flex wp-container-core-columns-is-layout-9d6595d7 wp-block-columns-is-layout-flex\"><figure class=\"wp-block-post-featured-image\"><a href=\"https:\/\/www.greenpeace.ch\/de\/story\/86268\/vermaechtnis-erbschaft\/\" target=\"_self\"  ><img loading=\"lazy\" decoding=\"async\" width=\"800\" height=\"528\" src=\"https:\/\/www.greenpeace.ch\/static\/planet4-switzerland-stateless\/2022\/05\/25691ad4-gp03ed2_.jpg\" class=\"attachment-post-thumbnail size-post-thumbnail wp-post-image wp-stateless-item\" alt=\"Legat und Erbschaft &#8211; was ist der Unterschied?\" style=\"object-fit:cover;\" srcset=\"https:\/\/www.greenpeace.ch\/static\/planet4-switzerland-stateless\/2022\/05\/25691ad4-gp03ed2_.jpg 800w, https:\/\/www.greenpeace.ch\/static\/planet4-switzerland-stateless\/2022\/05\/25691ad4-gp03ed2_-300x198.jpg 300w, https:\/\/www.greenpeace.ch\/static\/planet4-switzerland-stateless\/2022\/05\/25691ad4-gp03ed2_-768x507.jpg 768w, https:\/\/www.greenpeace.ch\/static\/planet4-switzerland-stateless\/2022\/05\/25691ad4-gp03ed2_-510x337.jpg 510w\" sizes=\"auto, (max-width: 800px) 100vw, 800px\" data-image-size=\"post-thumbnail\" data-stateless-media-bucket=\"planet4-switzerland-stateless\" data-stateless-media-name=\"2022\/05\/25691ad4-gp03ed2_.jpg\" \/><\/a><\/figure>\n\n\n<div class=\"wp-block-group is-layout-flow wp-block-group-is-layout-flow\"><h3 class=\"wp-block-post-title\"><a href=\"https:\/\/www.greenpeace.ch\/de\/story\/86268\/vermaechtnis-erbschaft\/\" target=\"_self\" >Legat und Erbschaft &#8211; was ist der Unterschied?<\/a><\/h3>\n\n<div class=\"wp-block-post-excerpt\"><p class=\"wp-block-post-excerpt__excerpt\">Mit einem Verm\u00e4chtnis, auch Legat genannt, k\u00f6nnen Sie Greenpeace entweder einen festen Betrag oder bestimmte Sachwerte (Immobilien, Kunstwerke, Wertpapiere, eine Lebensversicherung oder andere Wertsachen) hinterlassen. In diesem Fall wird Greenpeace nicht Erbin. <\/p><\/div><\/div>\n<\/div>\n\n<\/li><li class=\"wp-block-post post-86261 post type-post status-publish format-standard has-post-thumbnail hentry category-unkategorisiert p4-page-type-story\">\n\n<div class=\"wp-block-columns is-layout-flex wp-container-core-columns-is-layout-9d6595d7 wp-block-columns-is-layout-flex\"><figure class=\"wp-block-post-featured-image\"><a href=\"https:\/\/www.greenpeace.ch\/de\/story\/86261\/neues-erbrecht-2023\/\" target=\"_self\"  ><img loading=\"lazy\" decoding=\"async\" width=\"800\" height=\"533\" src=\"https:\/\/www.greenpeace.ch\/static\/planet4-switzerland-stateless\/2022\/05\/7cd1d916-gp0stpwpr_.jpg\" class=\"attachment-post-thumbnail size-post-thumbnail wp-post-image wp-stateless-item\" alt=\"Neues Erbrecht ab 2023\" style=\"object-fit:cover;\" srcset=\"https:\/\/www.greenpeace.ch\/static\/planet4-switzerland-stateless\/2022\/05\/7cd1d916-gp0stpwpr_.jpg 800w, https:\/\/www.greenpeace.ch\/static\/planet4-switzerland-stateless\/2022\/05\/7cd1d916-gp0stpwpr_-300x200.jpg 300w, https:\/\/www.greenpeace.ch\/static\/planet4-switzerland-stateless\/2022\/05\/7cd1d916-gp0stpwpr_-768x512.jpg 768w, https:\/\/www.greenpeace.ch\/static\/planet4-switzerland-stateless\/2022\/05\/7cd1d916-gp0stpwpr_-510x340.jpg 510w\" sizes=\"auto, (max-width: 800px) 100vw, 800px\" data-image-size=\"post-thumbnail\" data-stateless-media-bucket=\"planet4-switzerland-stateless\" data-stateless-media-name=\"2022\/05\/7cd1d916-gp0stpwpr_.jpg\" \/><\/a><\/figure>\n\n\n<div class=\"wp-block-group is-layout-flow wp-block-group-is-layout-flow\"><h3 class=\"wp-block-post-title\"><a href=\"https:\/\/www.greenpeace.ch\/de\/story\/86261\/neues-erbrecht-2023\/\" target=\"_self\" >Neues Erbrecht ab 2023<\/a><\/h3>\n\n<div class=\"wp-block-post-excerpt\"><p class=\"wp-block-post-excerpt__excerpt\">Anfang 2023 trat das neue Erbrecht in Kraft. W\u00e4hrend die gesetzlichen Erbteile unver\u00e4ndert bleiben, gibt es eine Reduktion bei den Pflichtteilen. Das bedeutet, dass man einen gr\u00f6sseren Handlungsspielraum hat, wer beg\u00fcnstigt wird. <\/p><\/div><\/div>\n<\/div>\n\n<\/li><\/ul>\n\n\n<div class=\"wp-block-buttons carousel-controls is-horizontal is-content-justification-space-between is-nowrap is-layout-flex wp-container-core-buttons-is-layout-044bd602 wp-block-buttons-is-layout-flex\">\n<div class=\"wp-block-button carousel-control-prev\"><button type=\"button\" class=\"wp-block-button__link wp-element-button\">Prev<\/button><\/div>\n\n\n\n<div class=\"wp-block-button carousel-control-next\"><button type=\"button\" class=\"wp-block-button__link wp-element-button\">N\u00e4chste<\/button><\/div>\n<\/div>\n<\/div>\n","protected":false},"excerpt":{"rendered":"<p>Wenn Sie eine Wohnung, ein Haus oder Land besitzen, sollten Sie im Testament unbedingt festhalten, was damit geschehen soll. Sie k\u00f6nnen zum Beispiel das Nutzniessungsrecht an der Liegenschaft bestimmen und verf\u00fcgen, wie die Aufteilung unter den Erb:innen aussehen soll. Es gibt auch die M\u00f6glichkeit, den Verbleib der Liegenschaft in einem Legat zu bestimmen. Auch gemeinn\u00fctzige [&hellip;]<\/p>\n","protected":false},"author":99,"featured_media":112589,"parent":85446,"menu_order":0,"comment_status":"closed","ping_status":"closed","template":"","meta":{"_acf_changed":false,"_planet4_optimize_post_is_variant":false,"_planet4_optimize_experiment_name":"","_planet4_optimize_variant_name":"","ep_exclude_from_search":false,"p4_hide_page_title_checkbox":"on","p4_title":"","p4_subtitle":"","p4_description":"","background_image_id":"","background_image":"","p4_button_title":"","p4_button_link":"","p4_button_link_checkbox":"","p4_og_title":"","p4_og_description":"","p4_og_image":"","p4_og_image_id":"","p4_seo_canonical_url":"","p4_campaign_name":"not set","p4_local_project":"not set","p4_basket_name":"not set","p4_department":"","footnotes":""},"categories":[],"tags":[],"class_list":["post-86234","page","type-page","status-publish","has-post-thumbnail","hentry"],"acf":[],"_links":{"self":[{"href":"https:\/\/www.greenpeace.ch\/de\/wp-json\/wp\/v2\/pages\/86234","targetHints":{"allow":["GET"]}}],"collection":[{"href":"https:\/\/www.greenpeace.ch\/de\/wp-json\/wp\/v2\/pages"}],"about":[{"href":"https:\/\/www.greenpeace.ch\/de\/wp-json\/wp\/v2\/types\/page"}],"author":[{"embeddable":true,"href":"https:\/\/www.greenpeace.ch\/de\/wp-json\/wp\/v2\/users\/99"}],"replies":[{"embeddable":true,"href":"https:\/\/www.greenpeace.ch\/de\/wp-json\/wp\/v2\/comments?post=86234"}],"version-history":[{"count":12,"href":"https:\/\/www.greenpeace.ch\/de\/wp-json\/wp\/v2\/pages\/86234\/revisions"}],"predecessor-version":[{"id":128037,"href":"https:\/\/www.greenpeace.ch\/de\/wp-json\/wp\/v2\/pages\/86234\/revisions\/128037"}],"up":[{"embeddable":true,"href":"https:\/\/www.greenpeace.ch\/de\/wp-json\/wp\/v2\/pages\/85446"}],"wp:featuredmedia":[{"embeddable":true,"href":"https:\/\/www.greenpeace.ch\/de\/wp-json\/wp\/v2\/media\/112589"}],"wp:attachment":[{"href":"https:\/\/www.greenpeace.ch\/de\/wp-json\/wp\/v2\/media?parent=86234"}],"wp:term":[{"taxonomy":"category","embeddable":true,"href":"https:\/\/www.greenpeace.ch\/de\/wp-json\/wp\/v2\/categories?post=86234"},{"taxonomy":"post_tag","embeddable":true,"href":"https:\/\/www.greenpeace.ch\/de\/wp-json\/wp\/v2\/tags?post=86234"}],"curies":[{"name":"wp","href":"https:\/\/api.w.org\/{rel}","templated":true}]}}