{"id":33599,"date":"2019-04-11T17:01:21","date_gmt":"2019-04-11T15:01:21","guid":{"rendered":"https:\/\/www.greenpeace.ch\/a-notre-sujet\/nachhaltigkeit\/"},"modified":"2025-05-05T12:07:49","modified_gmt":"2025-05-05T10:07:49","slug":"durabilite","status":"publish","type":"page","link":"https:\/\/www.greenpeace.ch\/fr\/a-notre-sujet\/durabilite\/","title":{"rendered":"Durabilit\u00e9"},"content":{"rendered":"\n                \n                <div class=\"wp-block-group alignfull is-layout-flow wp-block-group-is-layout-flow\">\n                \n                <div class=\"wp-block-group container is-layout-flow wp-block-group-is-layout-flow\">\n                \n                <div class=\"wp-block-media-text alignfull has-media-on-the-right is-stacked-on-mobile is-pattern-p4-page-header is-style-parallax\">\n\n                <div class=\"wp-block-media-text__content\">\n                    <div class=\"wp-block-group is-layout-flow wp-block-group-is-layout-flow\">\n                    \n                        <h1 class=\"wp-block-heading has-white-background-color has-background\">\n                            Greenpeace durable\n                        <\/h1>\n                    <\/div>\n                \n\n                \n\n                \n\n                <\/div>\n                <figure class=\"wp-block-media-text__media\">\n                    <img loading=\"lazy\" decoding=\"async\" width=\"2600\" height=\"986\"\n                        src=\"https:\/\/www.greenpeace.ch\/static\/planet4-switzerland-stateless\/2019\/05\/c186916b-gp0stph1q.jpg\"\n                        alt=\"\"\n                        sizes=\"auto, (min-width: 601px) 50vw, 100vw\" srcset=\"https:\/\/www.greenpeace.ch\/static\/planet4-switzerland-stateless\/2019\/05\/c186916b-gp0stph1q.jpg 2600w, https:\/\/www.greenpeace.ch\/static\/planet4-switzerland-stateless\/2019\/05\/c186916b-gp0stph1q-300x114.jpg 300w, https:\/\/www.greenpeace.ch\/static\/planet4-switzerland-stateless\/2019\/05\/c186916b-gp0stph1q-768x291.jpg 768w, https:\/\/www.greenpeace.ch\/static\/planet4-switzerland-stateless\/2019\/05\/c186916b-gp0stph1q-1024x388.jpg 1024w, https:\/\/www.greenpeace.ch\/static\/planet4-switzerland-stateless\/2019\/05\/c186916b-gp0stph1q-2048x777.jpg 2048w, https:\/\/www.greenpeace.ch\/static\/planet4-switzerland-stateless\/2019\/05\/c186916b-gp0stph1q-510x193.jpg 510w\" class=\"wp-image-1664 size-full\"\n                    \/>\n                <\/figure>\n                <\/div>\n                \n                <\/div>\n                \n                <\/div>\n                \n                \n<h2 class=\"is-style-underline wp-block-heading\">Quels sont les avantages d&rsquo;un concept d&rsquo;\u00e9nergie durable ?<\/h2>\n\n<div class=\"wp-block-columns has-2-columns is-layout-flex wp-container-core-columns-is-layout-9d6595d7 wp-block-columns-is-layout-flex\">\n<div class=\"wp-block-column is-layout-flow wp-block-column-is-layout-flow\">\n<p>Par durabilit\u00e9, nous entendons une action et une gestion durables. Nous voulons inspirer le plus grand nombre de personnes possible \u00e0 se joindre \u00e0 nous pour fa\u00e7onner un avenir \u00e9nerg\u00e9tique propre.<\/p>\n\n\n\n<p>Le r\u00e9chauffement climatique est le plus grand d\u00e9fi environnemental mondial et donc l&rsquo;un des th\u00e8mes de campagne les plus importants pour Greenpeace. Selon les conclusions du Groupe d&rsquo;experts intergouvernemental sur l&rsquo;\u00e9volution du climat (GIEC) de septembre 2013, les cons\u00e9quences du r\u00e9chauffement climatique peuvent \u00eatre d\u00e9montr\u00e9es dans le monde entier. Les cons\u00e9quences pour les \u00e9cosyst\u00e8mes et donc pour nos moyens d&rsquo;existence sont de plus en plus claires : fonte des calottes glaciaires polaires, \u00e9l\u00e9vation du niveau de la mer et modification du bilan \u00e9nerg\u00e9tique des oc\u00e9ans, fonte du permafrost et retrait des glaciers, extension des d\u00e9serts et augmentation des p\u00e9riodes de s\u00e9cheresse, augmentation des ph\u00e9nom\u00e8nes m\u00e9t\u00e9orologiques extr\u00eames et bien plus encore.<\/p>\n\n\n\n<p>Les preuves scientifiques sont claires : notre prog\u00e9niture devra faire face \u00e0 des \u00e9cosyst\u00e8mes bris\u00e9s et \u00e0 des catastrophes naturelles mettant sa vie en danger si le climat continue de se r\u00e9chauffer incontr\u00f4l\u00e9.<\/p>\n\n\n\n<p>Greenpeace appelle \u00e0 une r\u00e9volution \u00e9nerg\u00e9tique mondiale avec les \u00e9nergies renouvelables et \u00e0 une r\u00e9duction significative de la consommation d&rsquo;\u00e9nergie gr\u00e2ce \u00e0 une utilisation efficace de l&rsquo;\u00e9nergie. Nous devons vivre le changement que nous voulons voir dans le monde. La r\u00e9volution \u00e9nerg\u00e9tique a besoin de notre contribution \u00e0 tous.<\/p>\n<\/div>\n\n\n\n<div class=\"wp-block-column is-layout-flow wp-block-column-is-layout-flow\">\n<figure class=\"wp-block-image\"><img loading=\"lazy\" decoding=\"async\" width=\"1024\" height=\"768\" src=\"https:\/\/www.greenpeace.ch\/static\/planet4-switzerland-stateless\/2019\/05\/9a7a6dbb-gp0strupw_high_res-1024x768.jpg\" alt=\"\" class=\"wp-image-28910\" srcset=\"https:\/\/www.greenpeace.ch\/static\/planet4-switzerland-stateless\/2019\/05\/9a7a6dbb-gp0strupw_high_res-1024x768.jpg 1024w, https:\/\/www.greenpeace.ch\/static\/planet4-switzerland-stateless\/2019\/05\/9a7a6dbb-gp0strupw_high_res-300x225.jpg 300w, https:\/\/www.greenpeace.ch\/static\/planet4-switzerland-stateless\/2019\/05\/9a7a6dbb-gp0strupw_high_res-768x576.jpg 768w, https:\/\/www.greenpeace.ch\/static\/planet4-switzerland-stateless\/2019\/05\/9a7a6dbb-gp0strupw_high_res-1821x1366.jpg 1821w, https:\/\/www.greenpeace.ch\/static\/planet4-switzerland-stateless\/2019\/05\/9a7a6dbb-gp0strupw_high_res-453x340.jpg 453w\" sizes=\"auto, (max-width: 1024px) 100vw, 1024px\" \/><\/figure>\n<\/div>\n<\/div>\n\n<hr class=\"wp-block-separator\"\/>\n\n<h2 class=\"is-style-default wp-block-heading\">La durabilit\u00e9 chez Greenpeace Suisse<\/h2>\n\n<div class=\"wp-block-columns has-2-columns is-layout-flex wp-container-core-columns-is-layout-9d6595d7 wp-block-columns-is-layout-flex\">\n<div class=\"wp-block-column is-layout-flow wp-block-column-is-layout-flow\">\n<p>M\u00eame dans ses anciens locaux, Greenpeace Suisse a tent\u00e9 d&rsquo;am\u00e9liorer l&rsquo;efficacit\u00e9 \u00e9nerg\u00e9tique en r\u00e9novant ses b\u00e2timents, par exemple en installant un syst\u00e8me de chauffage \u00e0 pellets ou en am\u00e9liorant l&rsquo;isolation de ses fen\u00eatres. Mais en tant que locataires, nous avions nos limites.<\/p>\n\n\n\n<p>Greenpeace Suisse emm\u00e9nagera donc dans ses bureaux dans le nouveau b\u00e2timent de la coop\u00e9rative Kalkbreite en \u00e9t\u00e9 2014. Le choix revient \u00e0 Kalkbreite parce que nous partageons les visions de ce projet durable et tourn\u00e9 vers l&rsquo;avenir. Greenpeace s&rsquo;est fix\u00e9 des objectifs clairs pour le d\u00e9m\u00e9nagement : Gr\u00e2ce au d\u00e9veloppement durable, \u00e0 Minergie-P et \u00e0 la soci\u00e9t\u00e9 \u00e0 2000 watts, la consommation par m\u00e8tre carr\u00e9 doit \u00eatre r\u00e9duite jusqu&rsquo;\u00e0 70 %. Gr\u00e2ce \u00e0 une meilleure isolation des murs ext\u00e9rieurs et \u00e0 une technique de construction \u00e9conome en \u00e9nergie, la consommation par m\u00e8tre carr\u00e9 est en fait r\u00e9duite de 70 % par rapport au niveau pr\u00e9c\u00e9dent. En passant d&rsquo;un poste de travail fixe \u00e0 un poste de travail flexible, nous avons \u00e9galement besoin de 33 % moins d&rsquo;espace par employ\u00e9. Conform\u00e9ment aux principes d&rsquo;efficacit\u00e9 et de suffisance soutenus par Greenpeace et Kalkbreite, nous r\u00e9duisons notre consommation d&rsquo;\u00e9nergie de chauffage d&rsquo;environ 80 %.<\/p>\n<\/div>\n\n\n\n<div class=\"wp-block-column is-layout-flow wp-block-column-is-layout-flow\">\n<p>En tant qu&rsquo;organisation environnementale, un concept d&rsquo;\u00e9nergie progressiste est important pour nous et cela fait partie de notre travail de montrer des solutions respectueuses de l&rsquo;environnement. C&rsquo;est pourquoi nous voulons montrer l&rsquo;exemple et montrer que la durabilit\u00e9 est \u00e9galement possible dans la vie quotidienne au bureau.<\/p>\n<\/div>\n<\/div>\n","protected":false},"excerpt":{"rendered":"<p>Quels sont les avantages d&rsquo;un concept d&rsquo;\u00e9nergie durable ? Par durabilit\u00e9, nous entendons une action et une gestion durables. Nous voulons inspirer le plus grand nombre de personnes possible \u00e0 se joindre \u00e0 nous pour fa\u00e7onner un avenir \u00e9nerg\u00e9tique propre. Le r\u00e9chauffement climatique est le plus grand d\u00e9fi environnemental mondial et donc l&rsquo;un des th\u00e8mes [&hellip;]<\/p>\n","protected":false},"author":25,"featured_media":0,"parent":33497,"menu_order":0,"comment_status":"closed","ping_status":"closed","template":"","meta":{"_acf_changed":false,"_planet4_optimize_post_is_variant":false,"_planet4_optimize_experiment_name":"","_planet4_optimize_variant_name":"","ep_exclude_from_search":false,"p4_hide_page_title_checkbox":"on","p4_title":"","p4_subtitle":"","p4_description":"","background_image_id":"","background_image":"","p4_button_title":"","p4_button_link":"","p4_button_link_checkbox":"","p4_og_title":"","p4_og_description":"","p4_og_image":"","p4_og_image_id":"","p4_seo_canonical_url":"","p4_campaign_name":"not set","p4_local_project":"","p4_basket_name":"not set","p4_department":"","footnotes":""},"categories":[],"tags":[],"class_list":["post-33599","page","type-page","status-publish","hentry"],"acf":[],"_links":{"self":[{"href":"https:\/\/www.greenpeace.ch\/fr\/wp-json\/wp\/v2\/pages\/33599","targetHints":{"allow":["GET"]}}],"collection":[{"href":"https:\/\/www.greenpeace.ch\/fr\/wp-json\/wp\/v2\/pages"}],"about":[{"href":"https:\/\/www.greenpeace.ch\/fr\/wp-json\/wp\/v2\/types\/page"}],"author":[{"embeddable":true,"href":"https:\/\/www.greenpeace.ch\/fr\/wp-json\/wp\/v2\/users\/25"}],"replies":[{"embeddable":true,"href":"https:\/\/www.greenpeace.ch\/fr\/wp-json\/wp\/v2\/comments?post=33599"}],"version-history":[{"count":2,"href":"https:\/\/www.greenpeace.ch\/fr\/wp-json\/wp\/v2\/pages\/33599\/revisions"}],"predecessor-version":[{"id":119899,"href":"https:\/\/www.greenpeace.ch\/fr\/wp-json\/wp\/v2\/pages\/33599\/revisions\/119899"}],"up":[{"embeddable":true,"href":"https:\/\/www.greenpeace.ch\/fr\/wp-json\/wp\/v2\/pages\/33497"}],"wp:attachment":[{"href":"https:\/\/www.greenpeace.ch\/fr\/wp-json\/wp\/v2\/media?parent=33599"}],"wp:term":[{"taxonomy":"category","embeddable":true,"href":"https:\/\/www.greenpeace.ch\/fr\/wp-json\/wp\/v2\/categories?post=33599"},{"taxonomy":"post_tag","embeddable":true,"href":"https:\/\/www.greenpeace.ch\/fr\/wp-json\/wp\/v2\/tags?post=33599"}],"curies":[{"name":"wp","href":"https:\/\/api.w.org\/{rel}","templated":true}]}}