{"id":33608,"date":"2019-04-11T17:00:42","date_gmt":"2019-04-11T15:00:42","guid":{"rendered":"https:\/\/www.greenpeace.ch\/a-notre-sujet\/greenpeace-weltweit-und-ihre-gruender\/"},"modified":"2025-05-05T12:07:53","modified_gmt":"2025-05-05T10:07:53","slug":"greenpeace-fondateurs","status":"publish","type":"page","link":"https:\/\/www.greenpeace.ch\/fr\/a-notre-sujet\/greenpeace-fondateurs\/","title":{"rendered":"Greenpeace dans le monde et ses fondateurs"},"content":{"rendered":"\n                \n                <div class=\"wp-block-group alignfull is-layout-flow wp-block-group-is-layout-flow\">\n                \n                <div class=\"wp-block-group container is-layout-flow wp-block-group-is-layout-flow\">\n                \n                <div class=\"wp-block-media-text alignfull has-media-on-the-right is-stacked-on-mobile is-pattern-p4-page-header is-style-parallax\">\n\n                <div class=\"wp-block-media-text__content\">\n                    <div class=\"wp-block-group is-layout-flow wp-block-group-is-layout-flow\">\n                    \n                        <h1 class=\"wp-block-heading has-white-background-color has-background\">\n                            Greenpeace dans le monde\n                        <\/h1>\n                    <\/div>\n                \n\n                \n\n                \n\n                <\/div>\n                <figure class=\"wp-block-media-text__media\">\n                    <img loading=\"lazy\" decoding=\"async\" width=\"2600\" height=\"1076\"\n                        src=\"https:\/\/www.greenpeace.ch\/static\/planet4-switzerland-stateless\/2019\/05\/936cb9ca-header_gp_weltweit.jpg\"\n                        alt=\"\"\n                        sizes=\"auto, (min-width: 601px) 50vw, 100vw\" srcset=\"https:\/\/www.greenpeace.ch\/static\/planet4-switzerland-stateless\/2019\/05\/936cb9ca-header_gp_weltweit.jpg 2600w, https:\/\/www.greenpeace.ch\/static\/planet4-switzerland-stateless\/2019\/05\/936cb9ca-header_gp_weltweit-300x124.jpg 300w, https:\/\/www.greenpeace.ch\/static\/planet4-switzerland-stateless\/2019\/05\/936cb9ca-header_gp_weltweit-768x318.jpg 768w, https:\/\/www.greenpeace.ch\/static\/planet4-switzerland-stateless\/2019\/05\/936cb9ca-header_gp_weltweit-1024x424.jpg 1024w, https:\/\/www.greenpeace.ch\/static\/planet4-switzerland-stateless\/2019\/05\/936cb9ca-header_gp_weltweit-2048x848.jpg 2048w, https:\/\/www.greenpeace.ch\/static\/planet4-switzerland-stateless\/2019\/05\/936cb9ca-header_gp_weltweit-510x211.jpg 510w\" class=\"wp-image-1464 size-full\"\n                    \/>\n                <\/figure>\n                <\/div>\n                \n                <\/div>\n                \n                <\/div>\n                \n                \n<h2 class=\"is-style-underline wp-block-heading\">Informations g\u00e9n\u00e9rales<\/h2>\n\n<div class=\"wp-block-columns has-2-columns is-layout-flex wp-container-core-columns-is-layout-9d6595d7 wp-block-columns-is-layout-flex\">\n<div class=\"wp-block-column is-layout-flow wp-block-column-is-layout-flow\">\n<p>72 bureaux nationaux et r\u00e9gionaux dans plus de 55 pays travaillent ensemble pour prot\u00e9ger notre environnement. Au total, Greenpeace compte environ 2500 employ\u00e9s et des milliers de b\u00e9n\u00e9voles sans qui le succ\u00e8s de l&rsquo;organisation n&rsquo;aurait pas \u00e9t\u00e9 possible. L&rsquo;organisation est financ\u00e9e par les dons de plus de 3 millions de donateurs et de fonds de dotation.<\/p>\n\n\n\n<p>Certains pays, dont la Suisse, sont des donateurs tr\u00e8s importants pour l&rsquo;organisation mondiale. Les dons sont r\u00e9partis entre les diff\u00e9rents bureaux de mani\u00e8re \u00e0 ce qu&rsquo;ils soient utilis\u00e9s de mani\u00e8re optimale pour nos objectifs de campagne. Les nouveaux bureaux, tels que Greenpeace Afrique, re\u00e7oivent le soutien dont ils ont besoin.<\/p>\n<\/div>\n\n\n\n<div class=\"wp-block-column is-layout-flow wp-block-column-is-layout-flow\">\n<figure class=\"wp-block-image\"><img loading=\"lazy\" decoding=\"async\" width=\"1024\" height=\"629\" src=\"https:\/\/www.greenpeace.ch\/static\/planet4-switzerland-stateless\/2019\/05\/738bcdec-greenpeace_weltkarte-1024x629.jpg\" alt=\"\" class=\"wp-image-1619\" srcset=\"https:\/\/www.greenpeace.ch\/static\/planet4-switzerland-stateless\/2019\/05\/738bcdec-greenpeace_weltkarte-1024x629.jpg 1024w, https:\/\/www.greenpeace.ch\/static\/planet4-switzerland-stateless\/2019\/05\/738bcdec-greenpeace_weltkarte-300x184.jpg 300w, https:\/\/www.greenpeace.ch\/static\/planet4-switzerland-stateless\/2019\/05\/738bcdec-greenpeace_weltkarte-768x472.jpg 768w, https:\/\/www.greenpeace.ch\/static\/planet4-switzerland-stateless\/2019\/05\/738bcdec-greenpeace_weltkarte-510x313.jpg 510w, https:\/\/www.greenpeace.ch\/static\/planet4-switzerland-stateless\/2019\/05\/738bcdec-greenpeace_weltkarte.jpg 1133w\" sizes=\"auto, (max-width: 1024px) 100vw, 1024px\" \/><\/figure>\n<\/div>\n<\/div>\n\n<div class=\"wp-block-columns has-2-columns is-layout-flex wp-container-core-columns-is-layout-9d6595d7 wp-block-columns-is-layout-flex\">\n<div class=\"wp-block-column is-layout-flow wp-block-column-is-layout-flow\">\n<h3 class=\"is-style-default wp-block-heading\">Fondation de Greenpeace<\/h3>\n\n\n\n<p>\u00ab\u00a0Un voyage pour la vie &#8211; et pour la paix.\u00a0\u00bb C&rsquo;est ainsi qu&rsquo;Irving Stowe, cofondateur de Greenpeace, a d\u00e9crit le plan visant \u00e0 mettre fin aux essais nucl\u00e9aires sur les \u00eeles Al\u00e9outiennes avec un petit navire. Il ne savait pas alors que le voyage prendrait des d\u00e9cennies et changerait le monde : Le voyage est devenu un mouvement.<\/p>\n\n\n\n<p>Ce sont les quakers, les pacifistes, les environnementalistes, les journalistes et les hippies qui ont fond\u00e9 Greenpeace. Avec leurs r\u00eaves, ils ont infect\u00e9 des milliers d&rsquo;autres personnes. Le d\u00e9but : Un concert au Pacific Coliseum \u00e0 Vancouver, o\u00f9 Joni Mitchell et James Taylor, entre autres, se sont produits. Les artistes ont renonc\u00e9 \u00e0 leurs honoraires, des milliers de personnes ont donn\u00e9 pour le voyage \u00e0 Amchitka\/Aleuten. Le navire, le Phyllis Cormack, pouvait appareiller et Greenpeace \u00e9tait n\u00e9.<\/p>\n<\/div>\n\n\n\n<div class=\"wp-block-column is-layout-flow wp-block-column-is-layout-flow\">\n<h3 class=\"wp-block-heading\">Une conversation sur l&rsquo;histoire<\/h3>\n\n\n\n<p>Plongez dans une conversation entre Kumi Naidoo et Rex Wheeler sur l&rsquo;histoire de Greenpeace.<\/p>\n\n\n\n<figure class=\"wp-block-embed-youtube wp-block-embed is-type-video is-provider-youtube wp-embed-aspect-16-9 wp-has-aspect-ratio\"><div class=\"wp-block-embed__wrapper\">\n<lite-youtube style=\"background-image: url('https:\/\/i.ytimg.com\/vi\/PqIfnWfRnUg\/hqdefault.jpg');\" videoid=\"PqIfnWfRnUg\" params=\"rel=0&#038;enablejsapi=1&#038;origin=https%3A%2F%2F&#038;cc_load_policy=1\"><\/lite-youtube>\n<\/div><\/figure>\n\n\n\n<p><br><\/p>\n<\/div>\n<\/div>\n\n<hr class=\"wp-block-separator\"\/>\n\n<h2 class=\"wp-block-heading\">Les fondateurs<\/h2>\n\n<div class=\"wp-block-columns has-2-columns is-layout-flex wp-container-core-columns-is-layout-9d6595d7 wp-block-columns-is-layout-flex\">\n<div class=\"wp-block-column is-layout-flow wp-block-column-is-layout-flow\">\n<h3 class=\"wp-block-heading\"><strong>Dorothy et Irving Stowe<\/strong><\/h3>\n\n\n\n<p>L&rsquo;avocat et juriste Irving Stowe du Rhode Island s&rsquo;installe \u00e0 Vancouver avec son \u00e9pouse Dorothy Stowe. Tous deux sont actifs dans le mouvement pour la paix et sont membres de la communaut\u00e9 quaker. En tant que travailleuse sociale, Dorothy subvient aux besoins de la famille avec deux enfants. Cela donne \u00e0 Irving l&rsquo;occasion de mettre toute son \u00e9nergie dans des activit\u00e9s politiques. Il organise le premier concert de solidarit\u00e9 de Greenpeace avec Joni Mitchell et James Taylor, jetant ainsi les bases de la future collecte de fonds de Greenpeace. Irving a pris sa retraite de Greenpeace en 1973 et est d\u00e9c\u00e9d\u00e9 d&rsquo;un cancer en 1974. Dorothy demeure active dans le mouvement pour la paix et l&rsquo;environnement jusqu&rsquo;\u00e0 sa mort en 2010.<\/p>\n<\/div>\n\n\n\n<div class=\"wp-block-column is-layout-flow wp-block-column-is-layout-flow\">\n<h3 class=\"wp-block-heading\"><strong>Paul Cote<\/strong><\/h3>\n\n\n\n<p>Pendant ses \u00e9tudes de droit, Paul Cote s&rsquo;est engag\u00e9 dans le mouvement pour la paix. Sa crainte qu&rsquo;une explosion de bombe nucl\u00e9aire dans la roche de la fosse Saint-Andr\u00e9 puisse provoquer un s\u00e9isme et un raz-de-mar\u00e9e l&rsquo;a pouss\u00e9 \u00e0 fonder avec Irving Stowe et Jim Bohlen le comit\u00e9 \u00ab\u00a0Don&rsquo;t Make a Wave\u00a0\u00bb. Ce marin enthousiaste n&rsquo;a pas particip\u00e9 \u00e0 l&rsquo;action contre les essais nucl\u00e9aires am\u00e9ricains sur les \u00eeles Al\u00e9outiennes car il s&rsquo;\u00e9tait qualifi\u00e9 pour les Jeux Olympiques de 1972. En 1973, il a pris sa retraite de Greenpeace et a v\u00e9cu comme agent immobilier \u00e0 Los Angeles. Il meurt en 2013.<\/p>\n<\/div>\n<\/div>\n\n<div class=\"wp-block-columns has-2-columns is-layout-flex wp-container-core-columns-is-layout-9d6595d7 wp-block-columns-is-layout-flex\">\n<div class=\"wp-block-column is-layout-flow wp-block-column-is-layout-flow\">\n<h3 class=\"wp-block-heading\"><strong>Marie et Jim Bohlen<\/strong><\/h3>\n\n\n\n<p>L&rsquo;ancien plongeur en haute mer et op\u00e9rateur radio de l&rsquo;US Navy, Jim Bohlen, a \u00e9t\u00e9 employ\u00e9 comme ing\u00e9nieur par le gouvernement am\u00e9ricain au d\u00e9but des ann\u00e9es 1970. Il vit \u00e0 Vancouver avec son \u00e9pouse Marie Bohlen et ses trois enfants. Jim est \u00e0 bord du Phyllis Cormack pour la premi\u00e8re action de Greenpeace contre les essais nucl\u00e9aires am\u00e9ricains. Apr\u00e8s son d\u00e9part temporaire de Greenpeace en 1974, lui et son \u00e9pouse Marie ont fond\u00e9 la Ferme exp\u00e9rimentale de Greenpeace sur l&rsquo;\u00eele Denman au Canada. Ils cherchent un moyen d&rsquo;acc\u00e9der \u00e0 un mode de vie plus ind\u00e9pendant de l&rsquo;\u00e9nergie. En 1979, Jim retourne \u00e0 Greenpeace comme militant du d\u00e9sarmement. De 1983 \u00e0 1993, il a accompagn\u00e9 les activit\u00e9s de l&rsquo;organisation \u00e0 titre de membre du conseil d&rsquo;administration de Greenpeace Canada. En 2010, il meurt \u00e0 l&rsquo;\u00e2ge de 84 ans.<\/p>\n<\/div>\n\n\n\n<div class=\"wp-block-column is-layout-flow wp-block-column-is-layout-flow\">\n<h3 class=\"wp-block-heading\"><strong>Bob Hunter<\/strong><\/h3>\n\n\n\n<p>En tant que journaliste au Vancouver Sun, Bob Hunter est \u00e9galement \u00e0 bord du Phyllis Cormack. Il rend compte directement des actions sur place. Plus tard, il dirige les campagnes de Greenpeace contre la chasse commerciale \u00e0 la baleine et l&rsquo;exp\u00e9dition de sauvetage des phoques de Terre-Neuve. Entre 1975 et 1977, il a \u00e9t\u00e9 pr\u00e9sident du conseil d&rsquo;administration de Greenpeace. Dans ses derni\u00e8res ann\u00e9es, il a v\u00e9cu \u00e0 Toronto et a travaill\u00e9 comme \u00e9crivain et journaliste pigiste \u00e0 la t\u00e9l\u00e9vision. Au fil des ans, il a publi\u00e9 plusieurs livres, dont \u00ab\u00a0Warriors of the Rainbow\u00a0\u00bb et \u00ab\u00a0To Save a Whale\u00a0\u00bb sur l&rsquo;histoire de Greenpeace. Bob Hunter d\u00e9c\u00e8de le 2 mai 2005.<\/p>\n\n\n\n<p><\/p>\n<\/div>\n<\/div>\n\n<div class=\"wp-block-columns has-2-columns is-layout-flex wp-container-core-columns-is-layout-9d6595d7 wp-block-columns-is-layout-flex\">\n<div class=\"wp-block-column is-layout-flow wp-block-column-is-layout-flow\">\n<h3 class=\"wp-block-heading\"><strong>Dorothy et Ben Metcalfe<\/strong><\/h3>\n\n\n\n<p>Le journaliste de la Canadian Broadcasting Company (CBC) Ben Metcalfe et son \u00e9pouse Dorothy Metcalfe organisent le travail des m\u00e9dias pendant l&rsquo;action devant les \u00eeles Al\u00e9outiennes. Dorothy est la premi\u00e8re porte-parole de Greenpeace. Au cours de leur travail, ils \u00e9tablissent des composantes importantes de la strat\u00e9gie de Greenpeace : intervention, publicit\u00e9 et scandales. De cette mani\u00e8re, des pressions seront exerc\u00e9es sur les responsables et des changements seront introduits. Pendant plusieurs ann\u00e9es, Ben a travaill\u00e9 comme journaliste et cin\u00e9aste ind\u00e9pendant sur l&rsquo;\u00eele de Vancouver. En 2003, \u00e0 l&rsquo;\u00e2ge de 83 ans, il meurt d&rsquo;une crise cardiaque. Dorothy a quitt\u00e9 Greenpeace en 1973 et a travaill\u00e9 jusqu&rsquo;\u00e0 sa mort comme porte-parole et directrice du documentaire pour la Vancouver Art Gallery.<\/p>\n<\/div>\n\n\n\n<div class=\"wp-block-column is-layout-flow wp-block-column-is-layout-flow\">\n<figure class=\"wp-block-image\"><img loading=\"lazy\" decoding=\"async\" width=\"1024\" height=\"830\" src=\"https:\/\/www.greenpeace.ch\/static\/planet4-switzerland-stateless\/2019\/05\/5b6a2e69-gp03ktq_high_res-1024x830.jpg\" alt=\"\" class=\"wp-image-28903\" srcset=\"https:\/\/www.greenpeace.ch\/static\/planet4-switzerland-stateless\/2019\/05\/5b6a2e69-gp03ktq_high_res-1024x830.jpg 1024w, https:\/\/www.greenpeace.ch\/static\/planet4-switzerland-stateless\/2019\/05\/5b6a2e69-gp03ktq_high_res-300x243.jpg 300w, https:\/\/www.greenpeace.ch\/static\/planet4-switzerland-stateless\/2019\/05\/5b6a2e69-gp03ktq_high_res-768x622.jpg 768w, https:\/\/www.greenpeace.ch\/static\/planet4-switzerland-stateless\/2019\/05\/5b6a2e69-gp03ktq_high_res-1686x1366.jpg 1686w, https:\/\/www.greenpeace.ch\/static\/planet4-switzerland-stateless\/2019\/05\/5b6a2e69-gp03ktq_high_res-420x340.jpg 420w\" sizes=\"auto, (max-width: 1024px) 100vw, 1024px\" \/><\/figure>\n<\/div>\n<\/div>\n\n<p><\/p>\n","protected":false},"excerpt":{"rendered":"<p>Informations g\u00e9n\u00e9rales 72 bureaux nationaux et r\u00e9gionaux dans plus de 55 pays travaillent ensemble pour prot\u00e9ger notre environnement. Au total, Greenpeace compte environ 2500 employ\u00e9s et des milliers de b\u00e9n\u00e9voles sans qui le succ\u00e8s de l&rsquo;organisation n&rsquo;aurait pas \u00e9t\u00e9 possible. L&rsquo;organisation est financ\u00e9e par les dons de plus de 3 millions de donateurs et de [&hellip;]<\/p>\n","protected":false},"author":25,"featured_media":0,"parent":33497,"menu_order":0,"comment_status":"closed","ping_status":"closed","template":"","meta":{"_acf_changed":false,"_planet4_optimize_post_is_variant":false,"_planet4_optimize_experiment_name":"","_planet4_optimize_variant_name":"","ep_exclude_from_search":false,"p4_hide_page_title_checkbox":"on","p4_title":"","p4_subtitle":"","p4_description":"","background_image_id":"","background_image":"","p4_button_title":"","p4_button_link":"","p4_button_link_checkbox":"","p4_og_title":"","p4_og_description":"","p4_og_image":"","p4_og_image_id":"","p4_seo_canonical_url":"","p4_campaign_name":"not set","p4_local_project":"","p4_basket_name":"not set","p4_department":"","footnotes":""},"categories":[],"tags":[],"class_list":["post-33608","page","type-page","status-publish","hentry"],"acf":[],"_links":{"self":[{"href":"https:\/\/www.greenpeace.ch\/fr\/wp-json\/wp\/v2\/pages\/33608","targetHints":{"allow":["GET"]}}],"collection":[{"href":"https:\/\/www.greenpeace.ch\/fr\/wp-json\/wp\/v2\/pages"}],"about":[{"href":"https:\/\/www.greenpeace.ch\/fr\/wp-json\/wp\/v2\/types\/page"}],"author":[{"embeddable":true,"href":"https:\/\/www.greenpeace.ch\/fr\/wp-json\/wp\/v2\/users\/25"}],"replies":[{"embeddable":true,"href":"https:\/\/www.greenpeace.ch\/fr\/wp-json\/wp\/v2\/comments?post=33608"}],"version-history":[{"count":2,"href":"https:\/\/www.greenpeace.ch\/fr\/wp-json\/wp\/v2\/pages\/33608\/revisions"}],"predecessor-version":[{"id":119901,"href":"https:\/\/www.greenpeace.ch\/fr\/wp-json\/wp\/v2\/pages\/33608\/revisions\/119901"}],"up":[{"embeddable":true,"href":"https:\/\/www.greenpeace.ch\/fr\/wp-json\/wp\/v2\/pages\/33497"}],"wp:attachment":[{"href":"https:\/\/www.greenpeace.ch\/fr\/wp-json\/wp\/v2\/media?parent=33608"}],"wp:term":[{"taxonomy":"category","embeddable":true,"href":"https:\/\/www.greenpeace.ch\/fr\/wp-json\/wp\/v2\/categories?post=33608"},{"taxonomy":"post_tag","embeddable":true,"href":"https:\/\/www.greenpeace.ch\/fr\/wp-json\/wp\/v2\/tags?post=33608"}],"curies":[{"name":"wp","href":"https:\/\/api.w.org\/{rel}","templated":true}]}}