{"id":40749,"date":"2019-12-17T12:52:46","date_gmt":"2019-12-17T10:52:46","guid":{"rendered":"https:\/\/www.greenpeace.ch\/agir\/fuer-eine-plastikfreie-zukunft\/fordere-deinen-supermarkt-zum-mitmachen-auf\/"},"modified":"2020-01-08T11:58:21","modified_gmt":"2020-01-08T09:58:21","slug":"invitez-supermarche-participer","status":"publish","type":"page","link":"https:\/\/www.greenpeace.ch\/fr\/agir\/pour-avenir-sans-plastique\/invitez-supermarche-participer\/","title":{"rendered":"Invitez votre supermarch\u00e9 \u00e0 participer"},"content":{"rendered":"\n<div class=\"wp-block-columns is-layout-flex wp-container-core-columns-is-layout-9d6595d7 wp-block-columns-is-layout-flex\">\n<div class=\"wp-block-column is-layout-flow wp-block-column-is-layout-flow\">\n<p>Regardez dans votre poubelle. Si vous \u00eates comme la plupart d\u2019entre nous, elle est pleine d\u2019emballages alimentaires. Dans ce domaine, il est malheureusement presque impossible d\u2019\u00e9viter le plastique. Pratiquement tous les produits sont emball\u00e9s dans ce mat\u00e9riau, et la plupart de ces emballages sont superflus.<\/p>\n\n\n\n<p>Avec un petit peu de r\u00e9flexion et d&rsquo;organisation, il est possible de changer les choses. <strong>Engagez le pari de la bo\u00eete r\u00e9utilisable et rejoignez un mouvement qui est d\u2019ores et d\u00e9j\u00e0 en train de transformer notre mani\u00e8re d\u2019acheter nos produits alimentaires. Un comportement appel\u00e9 \u00e0 devenir la r\u00e8gle&nbsp;!<\/strong><\/p>\n\n\n\n<h3 class=\"wp-block-heading\">Le pari de la bo\u00eete r\u00e9utilisable&nbsp;:<\/h3>\n\n\n\n<p>Vous \u00eates certainement d\u00e9j\u00e0 habitu\u00e9 \u00e0 faire vos courses avec un sac \u00e0 provisions r\u00e9utilisable. Mais vous pouvez aussi apporter votre bo\u00eete tupperware ou bento, pour le cas o\u00f9 votre magasin d\u2019alimentation a un bar \u00e0 salades, un rayon de plats pr\u00e9par\u00e9s ou de caf\u00e9 en grains en libre-service, ou tout autre rayon o\u00f9 les produits sont emball\u00e9s soit par vous soit par le personnel. Cela vous permettra de ne pas utiliser les sacs ou bo\u00eetes en plastique fournis par le magasin. Inutile d\u2019avoir des appr\u00e9hensions&nbsp;: <strong>la lutte contre le plastique jetable est une pratique beaucoup plus r\u00e9pandue que vous ne pensez&nbsp;!<\/strong><\/p>\n\n\n\n<p>&nbsp;La plupart des magasins seront\nheureux de vous voir utiliser votre propre emballage, d&rsquo;autres refuseront. Quoi\nqu\u2019il en soit, prenez une photo du r\u00e9cipient plein ou vide.\n\nPartagez-la sur les r\u00e9seaux\nsociaux, taguez le nom de l\u2019\u00e9tablissement et celui de Greenpeace, et utilisez les\nmots-cl\u00e9s #ReuseRevolution et #BreakFreeFromPlastic.\n\n\n\n<\/p>\n\n\n\n<p><\/p>\n\n\n\n<p>Ce n\u2019est pas par hasard si le mot d\u2019ordre du commerce est&nbsp;: Le client a toujours raison. Les commer\u00e7ants veulent que vous soyez satisfaits&nbsp;! Profitez-en pour leur faire savoir que la lutte contre le plastique jetable est une chose qui compte pour vous. <strong>Ensemble, nous pouvons faire en sorte que le jetable soit aussi d\u00e9pass\u00e9 que fumer au restaurant.<\/strong> <\/p>\n\n\n\n<p>Pr\u00eat \u00e0 faire plus encore&nbsp;? Demandez \u00e0 parler au responsable du magasin et faites-lui part de vos pr\u00e9occupations. <a href=\"https:\/\/docs.google.com\/document\/d\/13qsEj_sXt0FXyndu5yfYCU96V7-5tMIzEXcdWSK4XgY\/edit?usp=sharing\">Voici une lettre<\/a> que vous pouvez t\u00e9l\u00e9charger, personnaliser, signer et leur remettre. Mieux : faites la signer par toute la famille.&nbsp;<\/p>\n<\/div>\n\n\n\n<div class=\"wp-block-column is-layout-flow wp-block-column-is-layout-flow\">\n<figure class=\"wp-block-image size-large  caption-style-blue-overlay caption-alignment-center\"><img loading=\"lazy\" decoding=\"async\" width=\"768\" height=\"512\" src=\"https:\/\/www.greenpeace.ch\/static\/planet4-switzerland-stateless\/2019\/12\/d7d77dc8-gp0stoael-768x512.jpg\" alt=\"\" class=\"wp-image-40270\" srcset=\"https:\/\/www.greenpeace.ch\/static\/planet4-switzerland-stateless\/2019\/12\/d7d77dc8-gp0stoael-768x512.jpg 768w, https:\/\/www.greenpeace.ch\/static\/planet4-switzerland-stateless\/2019\/12\/d7d77dc8-gp0stoael-768x512-300x200.jpg 300w, https:\/\/www.greenpeace.ch\/static\/planet4-switzerland-stateless\/2019\/12\/d7d77dc8-gp0stoael-768x512-510x340.jpg 510w\" sizes=\"auto, (max-width: 768px) 100vw, 768px\" \/><figcaption>March\u00e9 avec vente libre de l\u00e9gumes et de fruits<\/figcaption><\/figure>\n\n\n\n<figure class=\"wp-block-image size-large  caption-style-blue-overlay caption-alignment-center\"><img loading=\"lazy\" decoding=\"async\" width=\"1024\" height=\"683\" src=\"https:\/\/www.greenpeace.ch\/static\/planet4-switzerland-stateless\/2019\/12\/822b2499-gp0stu71g_high_res-1024x683.jpg\" alt=\"\" class=\"wp-image-40268\" srcset=\"https:\/\/www.greenpeace.ch\/static\/planet4-switzerland-stateless\/2019\/12\/822b2499-gp0stu71g_high_res-1024x683.jpg 1024w, https:\/\/www.greenpeace.ch\/static\/planet4-switzerland-stateless\/2019\/12\/822b2499-gp0stu71g_high_res-300x200.jpg 300w, https:\/\/www.greenpeace.ch\/static\/planet4-switzerland-stateless\/2019\/12\/822b2499-gp0stu71g_high_res-768x512.jpg 768w, https:\/\/www.greenpeace.ch\/static\/planet4-switzerland-stateless\/2019\/12\/822b2499-gp0stu71g_high_res-1536x1024.jpg 1536w, https:\/\/www.greenpeace.ch\/static\/planet4-switzerland-stateless\/2019\/12\/822b2499-gp0stu71g_high_res-2048x1366.jpg 2048w, https:\/\/www.greenpeace.ch\/static\/planet4-switzerland-stateless\/2019\/12\/822b2499-gp0stu71g_high_res-510x340.jpg 510w\" sizes=\"auto, (max-width: 1024px) 100vw, 1024px\" \/><figcaption>Personne qui fait des achats avec son contenant consign\u00e9<\/figcaption><\/figure>\n<\/div>\n<\/div>\n\n<div class=\"wp-block-columns is-layout-flex wp-container-core-columns-is-layout-9d6595d7 wp-block-columns-is-layout-flex\">\n<div class=\"wp-block-column is-layout-flow wp-block-column-is-layout-flow\"><\/div>\n\n\n\n<div class=\"wp-block-column is-layout-flow wp-block-column-is-layout-flow\"><\/div>\n<\/div>\n<div data-render=\"planet4-blocks\/columns\" data-attributes=\"{&quot;attributes&quot;:{&quot;columns_block_style&quot;:&quot;image&quot;,&quot;columns_title&quot;:&quot;Plus de possibilit\\u00e9s d\\u2019action&quot;,&quot;columns&quot;:[{&quot;title&quot;:&quot;Tout savoir sur la pollution par le plastique&quot;,&quot;description&quot;:&quot;Le plastique pollue tous les coins de la terre. Que ce soit au fond de l\\u2019oc\\u00e9an, sur les sentiers forestiers isol\\u00e9s, sur la glace arctique ou sur les plages des \\u00eeles o\\u00f9 nichent les tortues g\\u00e9antes : les d\\u00e9chets plastiques sont partout.&quot;,&quot;attachment&quot;:&quot;https:\\\/\\\/www.greenpeace.ch\\\/static\\\/planet4-switzerland-stateless\\\/2019\\\/10\\\/e12d38b9-gp0stqs0e-510x340.jpg&quot;,&quot;cta_link&quot;:&quot;https:\\\/\\\/www.greenpeace.ch\\\/fr\\\/agir\\\/pour-avenir-sans-plastique\\\/tout-savoir-pollution-plastique\\\/&quot;,&quot;link_new_tab&quot;:false,&quot;cta_text&quot;:&quot;Agir&quot;,&quot;attachment_srcset&quot;:&quot;https:\\\/\\\/www.greenpeace.ch\\\/static\\\/planet4-switzerland-stateless\\\/2019\\\/10\\\/e12d38b9-gp0stqs0e-510x340.jpg 510w, https:\\\/\\\/www.greenpeace.ch\\\/static\\\/planet4-switzerland-stateless\\\/2019\\\/10\\\/e12d38b9-gp0stqs0e-300x200.jpg 300w, https:\\\/\\\/www.greenpeace.ch\\\/static\\\/planet4-switzerland-stateless\\\/2019\\\/10\\\/e12d38b9-gp0stqs0e-1024x683.jpg 1024w, https:\\\/\\\/www.greenpeace.ch\\\/static\\\/planet4-switzerland-stateless\\\/2019\\\/10\\\/e12d38b9-gp0stqs0e-768x512.jpg 768w, https:\\\/\\\/www.greenpeace.ch\\\/static\\\/planet4-switzerland-stateless\\\/2019\\\/10\\\/e12d38b9-gp0stqs0e.jpg 1200w&quot;},{&quot;title&quot;:&quot;Organiser un \\u00e9v\\u00e9nement z\\u00e9ro d\\u00e9chets&quot;,&quot;description&quot;:&quot;Qu\\u2019il s\\u2019agisse d\\u2019un d\\u00eener, d\\u2019un pique-nique en plein air ou d\\u2019une r\\u00e9union de grand groupe : se passer de plastique ne signifie pas se passer de plaisir. Au contraire : c\\u2019est une invitation \\u00e0 la cr\\u00e9ativit\\u00e9!&quot;,&quot;attachment&quot;:&quot;https:\\\/\\\/www.greenpeace.ch\\\/static\\\/planet4-switzerland-stateless\\\/2019\\\/10\\\/2cc46838-gp0sttm6m-510x340.jpg&quot;,&quot;cta_link&quot;:&quot;https:\\\/\\\/www.greenpeace.ch\\\/fr\\\/agir\\\/pour-avenir-sans-plastique\\\/evennement-zero-dechets\\\/&quot;,&quot;link_new_tab&quot;:false,&quot;cta_text&quot;:&quot;Agir&quot;,&quot;attachment_srcset&quot;:&quot;https:\\\/\\\/www.greenpeace.ch\\\/static\\\/planet4-switzerland-stateless\\\/2019\\\/10\\\/2cc46838-gp0sttm6m-510x340.jpg 510w, https:\\\/\\\/www.greenpeace.ch\\\/static\\\/planet4-switzerland-stateless\\\/2019\\\/10\\\/2cc46838-gp0sttm6m-300x200.jpg 300w, https:\\\/\\\/www.greenpeace.ch\\\/static\\\/planet4-switzerland-stateless\\\/2019\\\/10\\\/2cc46838-gp0sttm6m-1024x683.jpg 1024w, https:\\\/\\\/www.greenpeace.ch\\\/static\\\/planet4-switzerland-stateless\\\/2019\\\/10\\\/2cc46838-gp0sttm6m-768x512.jpg 768w, https:\\\/\\\/www.greenpeace.ch\\\/static\\\/planet4-switzerland-stateless\\\/2019\\\/10\\\/2cc46838-gp0sttm6m.jpg 1200w&quot;},{&quot;title&quot;:&quot;Misez sur les plats \\u00e0 emporter&quot;,&quot;description&quot;:&quot;Relevez le d\\u00e9fi des contenants r\\u00e9utilisables et faites partie du mouvement qui change nos habitudes alimentaires ! Ainsi, le r\\u00e9utilisable devient la voie normale.&quot;,&quot;attachment&quot;:&quot;https:\\\/\\\/www.greenpeace.ch\\\/static\\\/planet4-switzerland-stateless\\\/2019\\\/10\\\/adf7d427-gp0sttj65-510x340.jpg&quot;,&quot;cta_link&quot;:&quot;https:\\\/\\\/www.greenpeace.ch\\\/fr\\\/agir\\\/pour-avenir-sans-plastique\\\/misez-plats-emporter\\\/&quot;,&quot;link_new_tab&quot;:false,&quot;cta_text&quot;:&quot;Agir&quot;,&quot;attachment_srcset&quot;:&quot;https:\\\/\\\/www.greenpeace.ch\\\/static\\\/planet4-switzerland-stateless\\\/2019\\\/10\\\/adf7d427-gp0sttj65-510x340.jpg 510w, https:\\\/\\\/www.greenpeace.ch\\\/static\\\/planet4-switzerland-stateless\\\/2019\\\/10\\\/adf7d427-gp0sttj65-300x200.jpg 300w, https:\\\/\\\/www.greenpeace.ch\\\/static\\\/planet4-switzerland-stateless\\\/2019\\\/10\\\/adf7d427-gp0sttj65-1024x683.jpg 1024w, https:\\\/\\\/www.greenpeace.ch\\\/static\\\/planet4-switzerland-stateless\\\/2019\\\/10\\\/adf7d427-gp0sttj65-768x512.jpg 768w, https:\\\/\\\/www.greenpeace.ch\\\/static\\\/planet4-switzerland-stateless\\\/2019\\\/10\\\/adf7d427-gp0sttj65.jpg 1200w&quot;},{&quot;title&quot;:&quot;Participez au Mouvement d\\u2019audit des entreprises du plastique&quot;,&quot;description&quot;:&quot;Les b\\u00e9n\\u00e9voles nettoient les rives, les parcs et les plages locales et utilisent ces \\u00e9v\\u00e9nements pour identifier les entreprises responsables de la pollution plastique.&quot;,&quot;attachment&quot;:&quot;https:\\\/\\\/www.greenpeace.ch\\\/static\\\/planet4-switzerland-stateless\\\/2019\\\/12\\\/f96e4955-gp0sttylb-510x340-510x340.jpg&quot;,&quot;cta_link&quot;:&quot;https:\\\/\\\/www.greenpeace.ch\\\/fr\\\/agir\\\/pour-avenir-sans-plastique\\\/participez-audit-entreprises-plastique\\\/&quot;,&quot;cta_text&quot;:&quot;Agir&quot;,&quot;link_new_tab&quot;:false,&quot;attachment_srcset&quot;:&quot;https:\\\/\\\/www.greenpeace.ch\\\/static\\\/planet4-switzerland-stateless\\\/2019\\\/12\\\/f96e4955-gp0sttylb-510x340.jpg 510w, https:\\\/\\\/www.greenpeace.ch\\\/static\\\/planet4-switzerland-stateless\\\/2019\\\/12\\\/f96e4955-gp0sttylb-510x340-300x200.jpg 300w&quot;}]}}\"><\/div><div data-render=\"planet4-blocks\/columns\" data-attributes=\"{&quot;attributes&quot;:{&quot;columns_block_style&quot;:&quot;image&quot;,&quot;columns&quot;:[{&quot;title&quot;:&quot;&quot;,&quot;description&quot;:&quot;&quot;,&quot;attachment&quot;:&quot;https:\\\/\\\/www.greenpeace.ch\\\/static\\\/planet4-switzerland-stateless\\\/2019\\\/10\\\/20bc547b-gp0stqxo5-510x340.jpg&quot;,&quot;cta_link&quot;:&quot;&quot;,&quot;link_new_tab&quot;:false,&quot;cta_text&quot;:&quot;&quot;,&quot;attachment_srcset&quot;:&quot;https:\\\/\\\/www.greenpeace.ch\\\/static\\\/planet4-switzerland-stateless\\\/2019\\\/10\\\/20bc547b-gp0stqxo5-510x340.jpg 510w, https:\\\/\\\/www.greenpeace.ch\\\/static\\\/planet4-switzerland-stateless\\\/2019\\\/10\\\/20bc547b-gp0stqxo5-300x200.jpg 300w, https:\\\/\\\/www.greenpeace.ch\\\/static\\\/planet4-switzerland-stateless\\\/2019\\\/10\\\/20bc547b-gp0stqxo5-1024x683.jpg 1024w, https:\\\/\\\/www.greenpeace.ch\\\/static\\\/planet4-switzerland-stateless\\\/2019\\\/10\\\/20bc547b-gp0stqxo5-768x512.jpg 768w, https:\\\/\\\/www.greenpeace.ch\\\/static\\\/planet4-switzerland-stateless\\\/2019\\\/10\\\/20bc547b-gp0stqxo5.jpg 1200w&quot;},{&quot;title&quot;:&quot;&quot;,&quot;description&quot;:&quot;&quot;,&quot;attachment&quot;:&quot;https:\\\/\\\/www.greenpeace.ch\\\/static\\\/planet4-switzerland-stateless\\\/2019\\\/10\\\/f96e4955-gp0sttylb-510x340.jpg&quot;,&quot;cta_link&quot;:&quot;\\\/international\\\/campaign\\\/become-a-citizen-scientist\\\/&quot;,&quot;link_new_tab&quot;:false,&quot;cta_text&quot;:&quot;&quot;,&quot;attachment_srcset&quot;:&quot;https:\\\/\\\/www.greenpeace.ch\\\/static\\\/planet4-switzerland-stateless\\\/2019\\\/10\\\/f96e4955-gp0sttylb-510x340.jpg 510w, https:\\\/\\\/www.greenpeace.ch\\\/static\\\/planet4-switzerland-stateless\\\/2019\\\/10\\\/f96e4955-gp0sttylb-300x200.jpg 300w, https:\\\/\\\/www.greenpeace.ch\\\/static\\\/planet4-switzerland-stateless\\\/2019\\\/10\\\/f96e4955-gp0sttylb-1024x683.jpg 1024w, https:\\\/\\\/www.greenpeace.ch\\\/static\\\/planet4-switzerland-stateless\\\/2019\\\/10\\\/f96e4955-gp0sttylb-768x512.jpg 768w, https:\\\/\\\/www.greenpeace.ch\\\/static\\\/planet4-switzerland-stateless\\\/2019\\\/10\\\/f96e4955-gp0sttylb.jpg 1200w&quot;},{&quot;title&quot;:&quot;&quot;,&quot;link_new_tab&quot;:false,&quot;description&quot;:&quot;&quot;,&quot;attachment&quot;:&quot;https:\\\/\\\/www.greenpeace.ch\\\/static\\\/planet4-switzerland-stateless\\\/2019\\\/11\\\/dd239d7c-gp0stt4xm-510x340.jpg&quot;,&quot;cta_link&quot;:&quot;\\\/international\\\/campaign\\\/tools-for-teachers\\\/&quot;,&quot;cta_text&quot;:&quot;&quot;,&quot;attachment_srcset&quot;:&quot;https:\\\/\\\/www.greenpeace.ch\\\/static\\\/planet4-switzerland-stateless\\\/2019\\\/11\\\/dd239d7c-gp0stt4xm-510x340.jpg 510w, https:\\\/\\\/www.greenpeace.ch\\\/static\\\/planet4-switzerland-stateless\\\/2019\\\/11\\\/dd239d7c-gp0stt4xm-300x200.jpg 300w, https:\\\/\\\/www.greenpeace.ch\\\/static\\\/planet4-switzerland-stateless\\\/2019\\\/11\\\/dd239d7c-gp0stt4xm-1024x683.jpg 1024w, https:\\\/\\\/www.greenpeace.ch\\\/static\\\/planet4-switzerland-stateless\\\/2019\\\/11\\\/dd239d7c-gp0stt4xm-768x512.jpg 768w, https:\\\/\\\/www.greenpeace.ch\\\/static\\\/planet4-switzerland-stateless\\\/2019\\\/11\\\/dd239d7c-gp0stt4xm.jpg 1200w&quot;}]}}\"><\/div>","protected":false},"excerpt":{"rendered":"<p>Regardez dans votre poubelle. Si vous \u00eates comme la plupart d\u2019entre nous, elle est pleine d\u2019emballages alimentaires. Dans ce domaine, il est malheureusement presque impossible d\u2019\u00e9viter le plastique. Pratiquement tous les produits sont emball\u00e9s dans ce mat\u00e9riau, et la plupart de ces emballages sont superflus. Avec un petit peu de r\u00e9flexion et d&rsquo;organisation, il est [&hellip;]<\/p>\n","protected":false},"author":50,"featured_media":0,"parent":32836,"menu_order":0,"comment_status":"closed","ping_status":"closed","template":"","meta":{"_acf_changed":false,"_planet4_optimize_post_is_variant":false,"_planet4_optimize_experiment_name":"","_planet4_optimize_variant_name":"","ep_exclude_from_search":false,"p4_hide_page_title_checkbox":"","p4_title":"","p4_subtitle":"","p4_description":"","background_image_id":"","background_image":"","p4_button_title":"","p4_button_link":"","p4_button_link_checkbox":"","p4_og_title":"","p4_og_description":"","p4_og_image":"","p4_og_image_id":"","p4_seo_canonical_url":"","p4_campaign_name":"not set","p4_local_project":"","p4_basket_name":"not set","p4_department":"","footnotes":""},"categories":[],"tags":[74],"class_list":["post-40749","page","type-page","status-publish","hentry","tag-zero-dechet"],"acf":[],"_links":{"self":[{"href":"https:\/\/www.greenpeace.ch\/fr\/wp-json\/wp\/v2\/pages\/40749","targetHints":{"allow":["GET"]}}],"collection":[{"href":"https:\/\/www.greenpeace.ch\/fr\/wp-json\/wp\/v2\/pages"}],"about":[{"href":"https:\/\/www.greenpeace.ch\/fr\/wp-json\/wp\/v2\/types\/page"}],"author":[{"embeddable":true,"href":"https:\/\/www.greenpeace.ch\/fr\/wp-json\/wp\/v2\/users\/50"}],"replies":[{"embeddable":true,"href":"https:\/\/www.greenpeace.ch\/fr\/wp-json\/wp\/v2\/comments?post=40749"}],"version-history":[{"count":0,"href":"https:\/\/www.greenpeace.ch\/fr\/wp-json\/wp\/v2\/pages\/40749\/revisions"}],"up":[{"embeddable":true,"href":"https:\/\/www.greenpeace.ch\/fr\/wp-json\/wp\/v2\/pages\/32836"}],"wp:attachment":[{"href":"https:\/\/www.greenpeace.ch\/fr\/wp-json\/wp\/v2\/media?parent=40749"}],"wp:term":[{"taxonomy":"category","embeddable":true,"href":"https:\/\/www.greenpeace.ch\/fr\/wp-json\/wp\/v2\/categories?post=40749"},{"taxonomy":"post_tag","embeddable":true,"href":"https:\/\/www.greenpeace.ch\/fr\/wp-json\/wp\/v2\/tags?post=40749"}],"curies":[{"name":"wp","href":"https:\/\/api.w.org\/{rel}","templated":true}]}}