{"id":89727,"date":"2022-09-01T15:36:00","date_gmt":"2022-09-01T13:36:00","guid":{"rendered":"https:\/\/www.greenpeace.ch\/agir\/dons\/legs-heritage\/immobilie-vererben\/"},"modified":"2026-04-17T11:47:21","modified_gmt":"2026-04-17T09:47:21","slug":"leguer-immobilier","status":"publish","type":"page","link":"https:\/\/www.greenpeace.ch\/fr\/legs-heritage\/leguer-immobilier\/","title":{"rendered":"Comment l\u00e9guer un bien immobilier\u00a0?"},"content":{"rendered":"\n\n<div class=\"wp-block-group alignfull is-layout-flow wp-block-group-is-layout-flow\">\n<div class=\"wp-block-group container is-layout-flow wp-block-group-is-layout-flow\">\n<div class=\"wp-block-media-text alignfull has-media-on-the-right is-stacked-on-mobile is-pattern-p4-page-header is-style-parallax\"><div class=\"wp-block-media-text__content\">\n<div class=\"wp-block-group is-layout-flow wp-block-group-is-layout-flow\">\n<h1 class=\"wp-block-heading has-white-background-color has-background\">\n                            Comment l\u00e9guer un bien immobilier&nbsp;?\n                        <\/h1>\n<\/div>\n<\/div><figure class=\"wp-block-media-text__media\"><img loading=\"lazy\" decoding=\"async\" width=\"799\" height=\"532\" src=\"https:\/\/www.greenpeace.ch\/static\/planet4-switzerland-stateless\/2024\/08\/b45e4937-gp0stpoe5_low-res-800px.jpg\" alt=\"\" sizes=\"auto, (min-width: 601px) 50vw, 100vw\" srcset=\"https:\/\/www.greenpeace.ch\/static\/planet4-switzerland-stateless\/2024\/08\/b45e4937-gp0stpoe5_low-res-800px.jpg 799w, https:\/\/www.greenpeace.ch\/static\/planet4-switzerland-stateless\/2024\/08\/b45e4937-gp0stpoe5_low-res-800px-300x200.jpg 300w, https:\/\/www.greenpeace.ch\/static\/planet4-switzerland-stateless\/2024\/08\/b45e4937-gp0stpoe5_low-res-800px-768x511.jpg 768w, https:\/\/www.greenpeace.ch\/static\/planet4-switzerland-stateless\/2024\/08\/b45e4937-gp0stpoe5_low-res-800px-510x340.jpg 510w\" class=\"wp-image-112593 size-full\"\/><\/figure><\/div>\n<\/div>\n<\/div>\n\n\n<div class=\"wp-block-group is-vertical is-layout-flex wp-container-core-group-is-layout-8cf370e7 wp-block-group-is-layout-flex\"><\/div>\n\n<div class=\"wp-block-columns is-layout-flex wp-container-core-columns-is-layout-9d6595d7 wp-block-columns-is-layout-flex\">\n<div class=\"wp-block-column is-layout-flow wp-block-column-is-layout-flow\">\n<p>Si vous \u00eates propri\u00e9taire d\u2019un appartement, d\u2019une maison ou d\u2019un terrain, vous devez absolument indiquer dans votre testament ce que vous souhaitez qu\u2019il en advienne. Vous pouvez par exemple d\u00e9terminer qui en aura l\u2019usufruit et d\u00e9finir des modalit\u00e9s de partage entre les h\u00e9ritiers et h\u00e9riti\u00e8res. Il est \u00e9galement possible de choisir le devenir d\u2019un bien immobilier \u00e0 travers un legs.<\/p>\n\n\n\n<p>Les organisations \u00e0 but non lucratif telles que Greenpeace re\u00e7oivent r\u00e9guli\u00e8rement des biens immobiliers dans le cadre de successions. Que ces biens lui soient donn\u00e9s ou l\u00e9gu\u00e9s, Greenpeace n\u2019accepte que les immeubles ou les terrains qui peuvent \u00eatre vendus. Pour pouvoir concilier vos volont\u00e9s et nos obligations, nous coop\u00e9rons avec HabitatDurable Suisse et la fondation Edith Maryon.<\/p>\n<\/div>\n\n\n\n<div class=\"wp-block-column is-layout-flow wp-block-column-is-layout-flow\">\n<figure class=\"wp-block-image size-full\"><img loading=\"lazy\" decoding=\"async\" width=\"800\" height=\"553\" src=\"https:\/\/www.greenpeace.ch\/static\/planet4-switzerland-stateless\/2022\/09\/a7eacf01-gp02v52_.jpg\" alt=\"\" class=\"wp-image-89836\" srcset=\"https:\/\/www.greenpeace.ch\/static\/planet4-switzerland-stateless\/2022\/09\/a7eacf01-gp02v52_.jpg 800w, https:\/\/www.greenpeace.ch\/static\/planet4-switzerland-stateless\/2022\/09\/a7eacf01-gp02v52_-300x207.jpg 300w, https:\/\/www.greenpeace.ch\/static\/planet4-switzerland-stateless\/2022\/09\/a7eacf01-gp02v52_-768x531.jpg 768w, https:\/\/www.greenpeace.ch\/static\/planet4-switzerland-stateless\/2022\/09\/a7eacf01-gp02v52_-492x340.jpg 492w\" sizes=\"auto, (max-width: 800px) 100vw, 800px\" \/><\/figure>\n<\/div>\n<\/div>\n\n<h2 class=\"wp-block-heading is-style-underline\"><strong><strong>Vendre un bien immobilier \u00e0 des conditions \u00e9quitables et \u00e9cologiques<\/strong><\/strong><\/h2>\n\n<div class=\"wp-block-columns is-layout-flex wp-container-core-columns-is-layout-9d6595d7 wp-block-columns-is-layout-flex\">\n<div class=\"wp-block-column is-layout-flow wp-block-column-is-layout-flow\" style=\"flex-basis:66.66%\">\n<p>Beaucoup de gens ont construit ou r\u00e9nov\u00e9 leur maison dans le respect de l\u2019environnement, poss\u00e8dent un jardin biologique ou un terrain plant\u00e9 de vieux arbres, et veulent s\u2019assurer que leur bien leur survivra d\u2019une fa\u00e7on qui correspond \u00e0 leurs valeurs.<\/p>\n\n\n\n<p>En collaboration avec HabitatDurable, Greenpeace a dress\u00e9 une <a href=\"https:\/\/www.greenpeace.ch\/static\/planet4-switzerland-stateless\/2021\/12\/3ac75fc7-rz_grp_checkliste-hausverein_20211208_f.pdf\">liste des souhaits possibles<\/a> et r\u00e9alisables concernant la vente de biens immobiliers. En cas d\u2019h\u00e9ritage, Greenpeace s\u2019engage \u00e0 respecter vos volont\u00e9s autant que faire se peut.<\/p>\n<\/div>\n\n\n\n<div class=\"wp-block-column is-layout-flow wp-block-column-is-layout-flow\" style=\"flex-basis:33.33%\">\n<figure class=\"wp-block-image size-large is-resized  caption-alignment-right\"><a href=\"https:\/\/habitatdurable.ch\/adhesion\/\"><img loading=\"lazy\" decoding=\"async\" width=\"1024\" height=\"394\" src=\"https:\/\/www.greenpeace.ch\/static\/planet4-switzerland-stateless\/2022\/09\/e473822f-habitatdurable_logo_rgb_gross-1-1024x394.png\" alt=\"\" class=\"wp-image-89729\" style=\"width:256px;height:99px\" srcset=\"https:\/\/www.greenpeace.ch\/static\/planet4-switzerland-stateless\/2022\/09\/e473822f-habitatdurable_logo_rgb_gross-1-1024x394.png 1024w, https:\/\/www.greenpeace.ch\/static\/planet4-switzerland-stateless\/2022\/09\/e473822f-habitatdurable_logo_rgb_gross-1-300x115.png 300w, https:\/\/www.greenpeace.ch\/static\/planet4-switzerland-stateless\/2022\/09\/e473822f-habitatdurable_logo_rgb_gross-1-768x296.png 768w, https:\/\/www.greenpeace.ch\/static\/planet4-switzerland-stateless\/2022\/09\/e473822f-habitatdurable_logo_rgb_gross-1-510x196.png 510w, https:\/\/www.greenpeace.ch\/static\/planet4-switzerland-stateless\/2022\/09\/e473822f-habitatdurable_logo_rgb_gross-1.png 1190w\" sizes=\"auto, (max-width: 1024px) 100vw, 1024px\" \/><\/a><\/figure>\n<\/div>\n<\/div>\n\n<p><strong><strong>Vous souhaitez l\u00e9guer des biens immobiliers. Comment proc\u00e9der&nbsp;?<\/strong><\/strong><\/p>\n\n<ul class=\"wp-block-list\">\n<li>Examinez attentivement les souhaits figurant sur <a href=\"https:\/\/www.greenpeace.ch\/static\/planet4-switzerland-stateless\/2021\/12\/3ac75fc7-rz_grp_checkliste-hausverein_20211208_f.pdf\">la liste<\/a> et d\u00e9cidez lesquels sont particuli\u00e8rement importants pour vous.<\/li>\n\n\n\n<li>Faites part de vos souhaits \u00e0 Greenpeace lors d\u2019un entretien individuel (gratuit)<\/li>\n\n\n\n<li>Consultez un conseiller ou une conseill\u00e8re d\u2019HabitatDurable Suisse dans votre r\u00e9gion et d\u00e9terminez vos volont\u00e9s (consultation au tarif HabitatDurable Suisse).<\/li>\n<\/ul>\n\n<p><strong><strong>Comment vous assurer que vos volont\u00e9s seront respect\u00e9es&nbsp;?<\/strong><\/strong><\/p>\n\n<p>Cochez vos souhaits sur la liste et joignez celle-ci au testament ou au pacte successoral. Ce document n\u2019est pas juridiquement contraignant (exigence formelle), mais Greenpeace s\u2019engage \u00e0 tout mettre en \u0153uvre pour que vos volont\u00e9s soient respect\u00e9es.<\/p>\n\n<hr class=\"wp-block-separator has-alpha-channel-opacity\"\/>\n\n<p><strong><strong>Remarque&nbsp;:<\/strong> <\/strong>en indiquant leur num\u00e9ro de membre et le code \u00ab&nbsp;Greenpeace50&nbsp;\u00bb, les personnes qui soutiennent Greenpeace peuvent adh\u00e9rer \u00e0 HabitatDurable Suisse avec une r\u00e9duction de 50&nbsp;% sur la cotisation annuelle (adh\u00e9sion \u00e0 l\u2019essai, valable pour la premi\u00e8re ann\u00e9e civile). HabitatDurable leur propose une vaste palette de services dans le domaine de l\u2019habitat et leur offre une mini-consultation gratuite (15 minutes).<\/p>\n\n<p>Pour contacter directement HabitatDurable&nbsp;: 031 311 50 55 ou <a href=\"https:\/\/habitatdurable.ch\/adhesion\/\">habitatdurable.ch<\/a><\/p>\n\n<hr class=\"wp-block-separator has-alpha-channel-opacity\"\/>\n\n<h2 class=\"wp-block-heading is-style-underline\"><strong>Une affectation \u00e9cologique et sociale<\/strong><\/h2>\n\n<div class=\"wp-block-columns is-layout-flex wp-container-core-columns-is-layout-9d6595d7 wp-block-columns-is-layout-flex\">\n<div class=\"wp-block-column is-layout-flow wp-block-column-is-layout-flow\" style=\"flex-basis:66.66%\">\n<p>La fondation Edith Maryon et Greenpeace visent l\u2019une et l\u2019autre \u00e0 pr\u00e9server les ressources environnementales et sociales pour les g\u00e9n\u00e9rations futures. La fondation Edith Maryon se consacre \u00e0 la question de l\u2019utilisation des sols et son travail est donc compl\u00e9mentaire de celui de Greenpeace, qui s\u2019engage pour une soci\u00e9t\u00e9 et une \u00e9conomie respectueuses des ressources vitales et d\u00e9termin\u00e9es \u00e0 les prot\u00e9ger.<\/p>\n\n\n\n<p>Les testateurs et les donateurs qui ne souhaitent pas que leur bien immobilier soit vendu peuvent le l\u00e9guer \u00e0 la Fondation Edith Maryon et d\u00e9cider que la valeur nette du bien soit vers\u00e9e \u00e0 Greenpeace.<\/p>\n<\/div>\n\n\n\n<div class=\"wp-block-column is-layout-flow wp-block-column-is-layout-flow\" style=\"flex-basis:33.33%\">\n<figure class=\"wp-block-image size-large\"><a href=\"https:\/\/maryon.ch\/fr\/\"><img decoding=\"async\" src=\"https:\/\/maryon.ch\/v2\/wp-content\/uploads\/SEM_logo_2017_CMYK.png\" alt=\"\"\/><\/a><\/figure>\n<\/div>\n<\/div>\n\n<p><strong><strong>Comment proc\u00e9der pour l\u00e9guer vos biens immobiliers \u00e0 Greenpeace&nbsp;?<\/strong><\/strong><\/p>\n\n<ul class=\"wp-block-list\">\n<li>Faites part \u00e0 Greenpeace de vos souhaits concernant votre testament et votre immeuble lors d\u2019un entretien individuel (gratuit)<\/li>\n\n\n\n<li>S\u2019il appara\u00eet lors de cet entretien que Greenpeace ne peut pas remplir vos volont\u00e9s, nous vous mettons volontiers en contact avec notre partenaire, la fondation Edith Maryon.<\/li>\n<\/ul>\n\n<p>Vous trouverez de plus amples informations sur les objectifs et les projets de la fondation Edith Maryon sur son <a href=\"https:\/\/maryon.ch\/fr\/\">site Internet<\/a>.<\/p>\n\n<h2 class=\"wp-block-heading is-style-underline\">Des questions&nbsp;?<\/h2>\n\n<div class=\"wp-block-columns is-layout-flex wp-container-core-columns-is-layout-9d6595d7 wp-block-columns-is-layout-flex\">\n<div class=\"wp-block-column is-layout-flow wp-block-column-is-layout-flow\" style=\"flex-basis:66.66%\">\n<div class=\"wp-block-columns is-layout-flex wp-container-core-columns-is-layout-9d6595d7 wp-block-columns-is-layout-flex\">\n<div class=\"wp-block-column is-layout-flow wp-block-column-is-layout-flow\" style=\"flex-basis:33.33%\">\n<figure class=\"wp-block-image size-medium\"><img loading=\"lazy\" decoding=\"async\" width=\"200\" height=\"300\" src=\"https:\/\/www.greenpeace.ch\/static\/planet4-switzerland-stateless\/2026\/04\/db9e64b5-img_6418_mm_final-200x300.jpg\" alt=\"\" class=\"wp-image-131429\" srcset=\"https:\/\/www.greenpeace.ch\/static\/planet4-switzerland-stateless\/2026\/04\/db9e64b5-img_6418_mm_final-200x300.jpg 200w, https:\/\/www.greenpeace.ch\/static\/planet4-switzerland-stateless\/2026\/04\/db9e64b5-img_6418_mm_final-683x1024.jpg 683w, https:\/\/www.greenpeace.ch\/static\/planet4-switzerland-stateless\/2026\/04\/db9e64b5-img_6418_mm_final-768x1152.jpg 768w, https:\/\/www.greenpeace.ch\/static\/planet4-switzerland-stateless\/2026\/04\/db9e64b5-img_6418_mm_final-1024x1536.jpg 1024w, https:\/\/www.greenpeace.ch\/static\/planet4-switzerland-stateless\/2026\/04\/db9e64b5-img_6418_mm_final-1365x2048.jpg 1365w, https:\/\/www.greenpeace.ch\/static\/planet4-switzerland-stateless\/2026\/04\/db9e64b5-img_6418_mm_final-911x1366.jpg 911w, https:\/\/www.greenpeace.ch\/static\/planet4-switzerland-stateless\/2026\/04\/db9e64b5-img_6418_mm_final-227x340.jpg 227w, https:\/\/www.greenpeace.ch\/static\/planet4-switzerland-stateless\/2026\/04\/db9e64b5-img_6418_mm_final-scaled.jpg 1707w\" sizes=\"auto, (max-width: 200px) 100vw, 200px\" \/><\/figure>\n<\/div>\n\n\n\n<div class=\"wp-block-column is-layout-flow wp-block-column-is-layout-flow\" style=\"flex-basis:66.66%\">\n<p>Il est parfois plus simple de d\u00e9crire sa situation et de poser directement ses questions \u00e0 une personne qui vous donnera des conseils personnalis\u00e9s. N\u2019h\u00e9sitez pas \u00e0 nous contacter, nous vous renseigne volontiers.<\/p>\n\n\n\n<p><strong>Simone Fuhrmann<\/strong><br>Responsable philanthrope &amp; legs<br><a href=\"mailto:simone.fuhrmann@greenpeace.org\">simone.fuhrmann@greenpeace.org<\/a><br>044 447 41 80<\/p>\n<\/div>\n<\/div>\n<\/div>\n<\/div>\n\n<h2 class=\"wp-block-heading is-style-underline\">Un outil pratique&nbsp;: le calculateur de testament<\/h2>\n\n<p>Le montant de la quotit\u00e9 disponible que vous pouvez attribuer librement dans votre testament varie selon votre situation familiale. Il existe des exigences l\u00e9gales auxquelles vous devez vous conformer.<\/p>\n\n<p>Le nouveau droit successoral depuis d\u00e9but 2023. Il vous laisse une plus grande marge d\u2019action pour d\u00e9cider selon votre bon vouloir qui vous souhaitez favoriser, et comment, lorsque des membres de votre famille vous survivent&nbsp;: leur r\u00e9serve h\u00e9r\u00e9ditaire est dor\u00e9navant r\u00e9duite \u00e0 la moiti\u00e9 de leur droit l\u00e9gal \u00e0 la succession (contre trois quarts auparavant).<\/p>\n\n<p>V\u00e9rifiez d\u00e8s maintenant votre situation personnelle en mati\u00e8re de succession avec&nbsp;<a href=\"https:\/\/www.greenpeace.ch\/fr\/agir\/dons\/legs-heritage\/calculateur-testament\/\">notre calculateur de testament<\/a>, afin de d\u00e9terminer le montant dont vous pouvez disposer librement.<\/p>\n\n<h2 class=\"wp-block-heading\">Plus d&rsquo;articles sur les legs et les h\u00e9ritages<\/h2>\n\n<div class=\"wp-block-query posts-list p4-query-loop is-custom-layout-list is-layout-flow wp-block-query-is-layout-flow\">\n<div class=\"wp-block-group is-content-justification-space-between is-layout-flex wp-container-core-group-is-layout-3d213aab wp-block-group-is-layout-flex\">\n<h2 class=\"wp-block-heading\"><\/h2>\n\n\n<li class=\" wp-block-navigation-item see-all-link wp-block-navigation-link\"><a class=\"wp-block-navigation-item__content\"  href=\"http:\/\/www.greenpeace.ch\/de\/posts\/\"><span class=\"wp-block-navigation-item__label\">See all stories<\/span><\/a><\/li><\/div>\n\n\n\n<p style=\"margin-top:24px;margin-bottom:36px\"><\/p>\n\n\n\n\n<ul class=\"wp-block-post-template is-layout-flow wp-block-post-template-is-layout-flow\"><li class=\"wp-block-post post-89736 post type-post status-publish format-standard has-post-thumbnail hentry category-non-classifiee p4-page-type-story-fr\">\n\n<div class=\"wp-block-columns is-layout-flex wp-container-core-columns-is-layout-9d6595d7 wp-block-columns-is-layout-flex\"><figure class=\"wp-block-post-featured-image\"><a href=\"https:\/\/www.greenpeace.ch\/fr\/story-fr\/89736\/repartir-heritage\/\" target=\"_self\"  ><img loading=\"lazy\" decoding=\"async\" width=\"1024\" height=\"573\" src=\"https:\/\/www.greenpeace.ch\/static\/planet4-switzerland-stateless\/2022\/05\/9ad444d9-beitrag1.png\" class=\"attachment-post-thumbnail size-post-thumbnail wp-post-image wp-stateless-item\" alt=\"R\u00e9partir un h\u00e9ritage \u2013 qui re\u00e7oit quoi\u00a0?\" style=\"object-fit:cover;\" srcset=\"https:\/\/www.greenpeace.ch\/static\/planet4-switzerland-stateless\/2022\/05\/9ad444d9-beitrag1.png 1024w, https:\/\/www.greenpeace.ch\/static\/planet4-switzerland-stateless\/2022\/05\/9ad444d9-beitrag1-300x168.png 300w, https:\/\/www.greenpeace.ch\/static\/planet4-switzerland-stateless\/2022\/05\/9ad444d9-beitrag1-768x430.png 768w, https:\/\/www.greenpeace.ch\/static\/planet4-switzerland-stateless\/2022\/05\/9ad444d9-beitrag1-510x285.png 510w\" sizes=\"auto, (max-width: 1024px) 100vw, 1024px\" data-image-size=\"post-thumbnail\" data-stateless-media-bucket=\"planet4-switzerland-stateless\" data-stateless-media-name=\"2022\/05\/9ad444d9-beitrag1.png\" \/><\/a><\/figure>\n\n\n<div class=\"wp-block-group is-layout-flow wp-block-group-is-layout-flow\">\n<div class=\"wp-block-group is-layout-flex wp-block-group-is-layout-flex\"><div class=\"wp-block-post-terms\"><a href=\"https:\/\/www.greenpeace.ch\/fr\/story-fr\/\">Story<\/a><\/div>\n\n<div class=\"wp-block-post-terms\"><a href=\"https:\/\/www.greenpeace.ch\/fr\/story-fr\/\">Story<\/a><\/div>\n\n<\/div>\n\n\n<h3 class=\"wp-block-post-title\"><a href=\"https:\/\/www.greenpeace.ch\/fr\/story-fr\/89736\/repartir-heritage\/\" target=\"_self\" >R\u00e9partir un h\u00e9ritage \u2013 qui re\u00e7oit quoi\u00a0?<\/a><\/h3>\n\n<div class=\"wp-block-post-excerpt\"><p class=\"wp-block-post-excerpt__excerpt\">Aujourd\u2019hui, la plupart des gens poss\u00e8dent \u00e9galement un \u00ab patrimoine num\u00e9rique \u00bb. Celui-ci comprend des donn\u00e9es virtuelles telles que les e-mails, les profils sur les r\u00e9seaux sociaux, les valeurs patrimoniales et monnaies num\u00e9riques (cryptomonnaies), mais aussi les contenus de supports de donn\u00e9es physiques comme les disques durs, les ordinateurs et les t\u00e9l\u00e9phones portables. <\/p><\/div>\n\n\n<div class=\"wp-block-group posts-list-meta is-layout-flow wp-block-group-is-layout-flow\"><span class='article-list-item-author'>Greenpeace Schweiz<\/span>\n\n<div class=\"wp-block-post-date\"><time datetime=\"2022-09-01T10:13:00+02:00\">1. septembre 2022<\/time><\/div><\/div>\n<\/div>\n<\/div>\n\n<\/li><li class=\"wp-block-post post-89742 post type-post status-publish format-standard has-post-thumbnail hentry category-non-classifiee p4-page-type-story-fr\">\n\n<div class=\"wp-block-columns is-layout-flex wp-container-core-columns-is-layout-9d6595d7 wp-block-columns-is-layout-flex\"><figure class=\"wp-block-post-featured-image\"><a href=\"https:\/\/www.greenpeace.ch\/fr\/story-fr\/89742\/difference-legs-heritage\/\" target=\"_self\"  ><img loading=\"lazy\" decoding=\"async\" width=\"800\" height=\"528\" src=\"https:\/\/www.greenpeace.ch\/static\/planet4-switzerland-stateless\/2022\/05\/25691ad4-gp03ed2_.jpg\" class=\"attachment-post-thumbnail size-post-thumbnail wp-post-image wp-stateless-item\" alt=\"Legs et h\u00e9ritage \u2013 Quelle diff\u00e9rence\u00a0?\" style=\"object-fit:cover;\" srcset=\"https:\/\/www.greenpeace.ch\/static\/planet4-switzerland-stateless\/2022\/05\/25691ad4-gp03ed2_.jpg 800w, https:\/\/www.greenpeace.ch\/static\/planet4-switzerland-stateless\/2022\/05\/25691ad4-gp03ed2_-300x198.jpg 300w, https:\/\/www.greenpeace.ch\/static\/planet4-switzerland-stateless\/2022\/05\/25691ad4-gp03ed2_-768x507.jpg 768w, https:\/\/www.greenpeace.ch\/static\/planet4-switzerland-stateless\/2022\/05\/25691ad4-gp03ed2_-510x337.jpg 510w\" sizes=\"auto, (max-width: 800px) 100vw, 800px\" data-image-size=\"post-thumbnail\" data-stateless-media-bucket=\"planet4-switzerland-stateless\" data-stateless-media-name=\"2022\/05\/25691ad4-gp03ed2_.jpg\" \/><\/a><\/figure>\n\n\n<div class=\"wp-block-group is-layout-flow wp-block-group-is-layout-flow\">\n<div class=\"wp-block-group is-layout-flex wp-block-group-is-layout-flex\"><div class=\"wp-block-post-terms\"><a href=\"https:\/\/www.greenpeace.ch\/fr\/story-fr\/\">Story<\/a><\/div>\n\n<div class=\"wp-block-post-terms\"><a href=\"https:\/\/www.greenpeace.ch\/fr\/story-fr\/\">Story<\/a><\/div>\n\n<\/div>\n\n\n<h3 class=\"wp-block-post-title\"><a href=\"https:\/\/www.greenpeace.ch\/fr\/story-fr\/89742\/difference-legs-heritage\/\" target=\"_self\" >Legs et h\u00e9ritage \u2013 Quelle diff\u00e9rence\u00a0?<\/a><\/h3>\n\n<div class=\"wp-block-post-excerpt\"><p class=\"wp-block-post-excerpt__excerpt\">Vous pouvez l\u00e9guer \u00e0 Greenpeace une somme d\u2019argent d\u00e9termin\u00e9e ou des biens mat\u00e9riels (immeubles, \u0153uvres d\u2019art, titres, assurance-vie ou autres objets de valeur). Il s\u2019agit alors d\u2019un legs, et Greenpeace n\u2019est pas consid\u00e9r\u00e9e comme votre h\u00e9riti\u00e8re. <\/p><\/div>\n\n\n<div class=\"wp-block-group posts-list-meta is-layout-flow wp-block-group-is-layout-flow\"><span class='article-list-item-author'>Greenpeace Schweiz<\/span>\n\n<div class=\"wp-block-post-date\"><time datetime=\"2022-09-01T10:09:00+02:00\">1. septembre 2022<\/time><\/div><\/div>\n<\/div>\n<\/div>\n\n<\/li><li class=\"wp-block-post post-89739 post type-post status-publish format-standard has-post-thumbnail hentry category-non-classifiee p4-page-type-story-fr\">\n\n<div class=\"wp-block-columns is-layout-flex wp-container-core-columns-is-layout-9d6595d7 wp-block-columns-is-layout-flex\"><figure class=\"wp-block-post-featured-image\"><a href=\"https:\/\/www.greenpeace.ch\/fr\/story-fr\/89739\/patrimoine-numerique\/\" target=\"_self\"  ><img loading=\"lazy\" decoding=\"async\" width=\"799\" height=\"532\" src=\"https:\/\/www.greenpeace.ch\/static\/planet4-switzerland-stateless\/2022\/06\/48265ad8-gp0stpoe6_.jpg\" class=\"attachment-post-thumbnail size-post-thumbnail wp-post-image wp-stateless-item\" alt=\"Que va devenir votre patrimoine num\u00e9rique\u00a0?\" style=\"object-fit:cover;\" srcset=\"https:\/\/www.greenpeace.ch\/static\/planet4-switzerland-stateless\/2022\/06\/48265ad8-gp0stpoe6_.jpg 799w, https:\/\/www.greenpeace.ch\/static\/planet4-switzerland-stateless\/2022\/06\/48265ad8-gp0stpoe6_-300x200.jpg 300w, https:\/\/www.greenpeace.ch\/static\/planet4-switzerland-stateless\/2022\/06\/48265ad8-gp0stpoe6_-768x511.jpg 768w, https:\/\/www.greenpeace.ch\/static\/planet4-switzerland-stateless\/2022\/06\/48265ad8-gp0stpoe6_-510x340.jpg 510w\" sizes=\"auto, (max-width: 799px) 100vw, 799px\" data-image-size=\"post-thumbnail\" data-stateless-media-bucket=\"planet4-switzerland-stateless\" data-stateless-media-name=\"2022\/06\/48265ad8-gp0stpoe6_.jpg\" \/><\/a><\/figure>\n\n\n<div class=\"wp-block-group is-layout-flow wp-block-group-is-layout-flow\">\n<div class=\"wp-block-group is-layout-flex wp-block-group-is-layout-flex\"><div class=\"wp-block-post-terms\"><a href=\"https:\/\/www.greenpeace.ch\/fr\/story-fr\/\">Story<\/a><\/div>\n\n<div class=\"wp-block-post-terms\"><a href=\"https:\/\/www.greenpeace.ch\/fr\/story-fr\/\">Story<\/a><\/div>\n\n<\/div>\n\n\n<h3 class=\"wp-block-post-title\"><a href=\"https:\/\/www.greenpeace.ch\/fr\/story-fr\/89739\/patrimoine-numerique\/\" target=\"_self\" >Que va devenir votre patrimoine num\u00e9rique\u00a0?<\/a><\/h3>\n\n<div class=\"wp-block-post-excerpt\"><p class=\"wp-block-post-excerpt__excerpt\">Aujourd\u2019hui, la plupart des gens poss\u00e8dent \u00e9galement un \u00ab patrimoine num\u00e9rique \u00bb. Celui-ci comprend des donn\u00e9es virtuelles telles que les e-mails, les profils sur les r\u00e9seaux sociaux, les valeurs patrimoniales et monnaies num\u00e9riques (cryptomonnaies), mais aussi les contenus de supports de donn\u00e9es physiques comme les disques durs, les ordinateurs et les t\u00e9l\u00e9phones portables. <\/p><\/div>\n\n\n<div class=\"wp-block-group posts-list-meta is-layout-flow wp-block-group-is-layout-flow\"><span class='article-list-item-author'>Greenpeace Schweiz<\/span>\n\n<div class=\"wp-block-post-date\"><time datetime=\"2025-08-20T14:33:40+02:00\">20. ao\u00fbt 2025<\/time><\/div><\/div>\n<\/div>\n<\/div>\n\n<\/li><li class=\"wp-block-post post-89891 post type-post status-publish format-standard has-post-thumbnail hentry category-non-classifiee p4-page-type-story-fr\">\n\n<div class=\"wp-block-columns is-layout-flex wp-container-core-columns-is-layout-9d6595d7 wp-block-columns-is-layout-flex\"><figure class=\"wp-block-post-featured-image\"><a href=\"https:\/\/www.greenpeace.ch\/fr\/story-fr\/89891\/nouveau-droit-successions-2023\/\" target=\"_self\"  ><img loading=\"lazy\" decoding=\"async\" width=\"800\" height=\"533\" src=\"https:\/\/www.greenpeace.ch\/static\/planet4-switzerland-stateless\/2022\/05\/7cd1d916-gp0stpwpr_.jpg\" class=\"attachment-post-thumbnail size-post-thumbnail wp-post-image wp-stateless-item\" alt=\"Nouveau droit successoral en vigueur depuis 2023\" style=\"object-fit:cover;\" srcset=\"https:\/\/www.greenpeace.ch\/static\/planet4-switzerland-stateless\/2022\/05\/7cd1d916-gp0stpwpr_.jpg 800w, https:\/\/www.greenpeace.ch\/static\/planet4-switzerland-stateless\/2022\/05\/7cd1d916-gp0stpwpr_-300x200.jpg 300w, https:\/\/www.greenpeace.ch\/static\/planet4-switzerland-stateless\/2022\/05\/7cd1d916-gp0stpwpr_-768x512.jpg 768w, https:\/\/www.greenpeace.ch\/static\/planet4-switzerland-stateless\/2022\/05\/7cd1d916-gp0stpwpr_-510x340.jpg 510w\" sizes=\"auto, (max-width: 800px) 100vw, 800px\" data-image-size=\"post-thumbnail\" data-stateless-media-bucket=\"planet4-switzerland-stateless\" data-stateless-media-name=\"2022\/05\/7cd1d916-gp0stpwpr_.jpg\" \/><\/a><\/figure>\n\n\n<div class=\"wp-block-group is-layout-flow wp-block-group-is-layout-flow\">\n<div class=\"wp-block-group is-layout-flex wp-block-group-is-layout-flex\"><div class=\"wp-block-post-terms\"><a href=\"https:\/\/www.greenpeace.ch\/fr\/story-fr\/\">Story<\/a><\/div>\n\n<div class=\"wp-block-post-terms\"><a href=\"https:\/\/www.greenpeace.ch\/fr\/story-fr\/\">Story<\/a><\/div>\n\n<\/div>\n\n\n<h3 class=\"wp-block-post-title\"><a href=\"https:\/\/www.greenpeace.ch\/fr\/story-fr\/89891\/nouveau-droit-successions-2023\/\" target=\"_self\" >Nouveau droit successoral en vigueur depuis 2023<\/a><\/h3>\n\n<div class=\"wp-block-post-excerpt\"><p class=\"wp-block-post-excerpt__excerpt\">Le nouveau droit successoral depuis d\u00e9but 2023. Les parts d\u2019h\u00e9ritage l\u00e9gales ne sont pas modifi\u00e9es, mais les parts r\u00e9servataires diminuent. Cela signifie que vous avez davantage de libert\u00e9 pour favoriser les personnes ou les institutions de votre choix. <\/p><\/div>\n\n\n<div class=\"wp-block-group posts-list-meta is-layout-flow wp-block-group-is-layout-flow\"><span class='article-list-item-author'>Greenpeace Schweiz<\/span>\n\n<div class=\"wp-block-post-date\"><time datetime=\"2022-09-01T09:51:00+02:00\">1. septembre 2022<\/time><\/div><\/div>\n<\/div>\n<\/div>\n\n<\/li><\/ul>\n\n\n<div class=\"wp-block-buttons carousel-controls is-horizontal is-content-justification-space-between is-nowrap is-layout-flex wp-container-core-buttons-is-layout-044bd602 wp-block-buttons-is-layout-flex\">\n<div class=\"wp-block-button carousel-control-prev\"><button type=\"button\" class=\"wp-block-button__link wp-element-button\">Prev<\/button><\/div>\n\n\n\n<div class=\"wp-block-button carousel-control-next\"><button type=\"button\" class=\"wp-block-button__link wp-element-button\">N\u00e4chste<\/button><\/div>\n<\/div>\n\n\n<li class=\" wp-block-navigation-item see-all-link wp-block-navigation-link\"><a class=\"wp-block-navigation-item__content\"  href=\"http:\/\/www.greenpeace.ch\/de\/posts\/\"><span class=\"wp-block-navigation-item__label\">See all stories<\/span><\/a><\/li><\/div>\n","protected":false},"excerpt":{"rendered":"<p>Si vous \u00eates propri\u00e9taire d\u2019un appartement, d\u2019une maison ou d\u2019un terrain, vous devez absolument indiquer dans votre testament ce que vous souhaitez qu\u2019il en advienne. Vous pouvez par exemple d\u00e9terminer qui en aura l\u2019usufruit et d\u00e9finir des modalit\u00e9s de partage entre les h\u00e9ritiers et h\u00e9riti\u00e8res. Il est \u00e9galement possible de choisir le devenir d\u2019un bien [&hellip;]<\/p>\n","protected":false},"author":99,"featured_media":112590,"parent":89710,"menu_order":0,"comment_status":"closed","ping_status":"closed","template":"","meta":{"_acf_changed":false,"_planet4_optimize_post_is_variant":false,"_planet4_optimize_experiment_name":"","_planet4_optimize_variant_name":"","ep_exclude_from_search":false,"p4_hide_page_title_checkbox":"on","p4_title":"","p4_subtitle":"","p4_description":"","background_image_id":"","background_image":"","p4_button_title":"","p4_button_link":"","p4_button_link_checkbox":"","p4_og_title":"","p4_og_description":"","p4_og_image":"","p4_og_image_id":"","p4_seo_canonical_url":"","p4_campaign_name":"not set","p4_local_project":"not set","p4_basket_name":"not set","p4_department":"","footnotes":""},"categories":[],"tags":[],"class_list":["post-89727","page","type-page","status-publish","has-post-thumbnail","hentry"],"acf":[],"_links":{"self":[{"href":"https:\/\/www.greenpeace.ch\/fr\/wp-json\/wp\/v2\/pages\/89727","targetHints":{"allow":["GET"]}}],"collection":[{"href":"https:\/\/www.greenpeace.ch\/fr\/wp-json\/wp\/v2\/pages"}],"about":[{"href":"https:\/\/www.greenpeace.ch\/fr\/wp-json\/wp\/v2\/types\/page"}],"author":[{"embeddable":true,"href":"https:\/\/www.greenpeace.ch\/fr\/wp-json\/wp\/v2\/users\/99"}],"replies":[{"embeddable":true,"href":"https:\/\/www.greenpeace.ch\/fr\/wp-json\/wp\/v2\/comments?post=89727"}],"version-history":[{"count":11,"href":"https:\/\/www.greenpeace.ch\/fr\/wp-json\/wp\/v2\/pages\/89727\/revisions"}],"predecessor-version":[{"id":131442,"href":"https:\/\/www.greenpeace.ch\/fr\/wp-json\/wp\/v2\/pages\/89727\/revisions\/131442"}],"up":[{"embeddable":true,"href":"https:\/\/www.greenpeace.ch\/fr\/wp-json\/wp\/v2\/pages\/89710"}],"wp:featuredmedia":[{"embeddable":true,"href":"https:\/\/www.greenpeace.ch\/fr\/wp-json\/wp\/v2\/media\/112590"}],"wp:attachment":[{"href":"https:\/\/www.greenpeace.ch\/fr\/wp-json\/wp\/v2\/media?parent=89727"}],"wp:term":[{"taxonomy":"category","embeddable":true,"href":"https:\/\/www.greenpeace.ch\/fr\/wp-json\/wp\/v2\/categories?post=89727"},{"taxonomy":"post_tag","embeddable":true,"href":"https:\/\/www.greenpeace.ch\/fr\/wp-json\/wp\/v2\/tags?post=89727"}],"curies":[{"name":"wp","href":"https:\/\/api.w.org\/{rel}","templated":true}]}}